{"id":5786,"date":"2016-08-19T19:47:07","date_gmt":"2016-08-19T19:47:07","guid":{"rendered":"https:\/\/www.siedlungen.eu\/?p=5786"},"modified":"2021-08-02T21:13:24","modified_gmt":"2021-08-02T19:13:24","slug":"duesseldorf-unterbach","status":"publish","type":"db","link":"http:\/\/sdg21.eu\/en\/db\/duesseldorf-unterbach","title":{"rendered":"Eco-settlement D\u00fcsseldorf-Unterbach"},"content":{"rendered":"<figure id=\"attachment_28284\" aria-describedby=\"caption-attachment-28284\" style=\"width: 300px\" class=\"wp-caption alignleft\"><a href=\"http:\/\/sdg21.eu\/wp-content\/uploads\/2016\/08\/duesseldorf-unterbach_oekosiedlung_6-2018_GM-scaled.jpg\"><img loading=\"lazy\" decoding=\"async\" class=\"wp-image-28284\" title=\"\u00a9 Foto: Bundesverband Geb\u00e4udeGr\u00fcn\" src=\"http:\/\/sdg21.eu\/wp-content\/uploads\/2016\/08\/duesseldorf-unterbach_oekosiedlung_6-2018_GM-560x374.jpg\" alt=\"\" width=\"300\" height=\"201\" srcset=\"https:\/\/sdg21.eu\/wp-content\/uploads\/2016\/08\/duesseldorf-unterbach_oekosiedlung_6-2018_GM-560x374.jpg 560w, https:\/\/sdg21.eu\/wp-content\/uploads\/2016\/08\/duesseldorf-unterbach_oekosiedlung_6-2018_GM-1280x854.jpg 1280w, https:\/\/sdg21.eu\/wp-content\/uploads\/2016\/08\/duesseldorf-unterbach_oekosiedlung_6-2018_GM-250x167.jpg 250w, https:\/\/sdg21.eu\/wp-content\/uploads\/2016\/08\/duesseldorf-unterbach_oekosiedlung_6-2018_GM-768x512.jpg 768w, https:\/\/sdg21.eu\/wp-content\/uploads\/2016\/08\/duesseldorf-unterbach_oekosiedlung_6-2018_GM-1536x1025.jpg 1536w, https:\/\/sdg21.eu\/wp-content\/uploads\/2016\/08\/duesseldorf-unterbach_oekosiedlung_6-2018_GM-2048x1367.jpg 2048w, https:\/\/sdg21.eu\/wp-content\/uploads\/2016\/08\/duesseldorf-unterbach_oekosiedlung_6-2018_GM-16x12.jpg 16w, https:\/\/sdg21.eu\/wp-content\/uploads\/2016\/08\/duesseldorf-unterbach_oekosiedlung_6-2018_GM-1320x881.jpg 1320w\" sizes=\"auto, (max-width: 300px) 100vw, 300px\" \/><\/a><figcaption id=\"caption-attachment-28284\" class=\"wp-caption-text\">Die Siedlung im Jahr 2018<br class=\"clear\" \/>\u00a9 Foto: <a href=\"https:\/\/www.gebaeudegruen.info\/\" target=\"_blank\" rel=\"noopener\">Bundesverband Geb\u00e4udeGr\u00fcn<\/a><\/figcaption><\/figure>\n<p><strong>40627 D\u00fcsseldorf-Unterbach:<\/strong> \u00d6kosiedlung, Architekten: Bookhoff und Rentrop (Hannover), 30 WE, Gemeinschaftshaus, Gemeinschaftswerkst\u00e4tten, WW-Solaranlage, Versorgungsschacht begehbar unter den Hauszeilen, viel Eigenleistung, 750 Euro\/m\u00b2 Wohnfl\u00e4che + Gemeinschaftsanlagen, Bezug: 1988<br \/>\n<!--more--><\/p>\n<table style=\"width: 100%;\" border=\"0\" width=\"95%\" cellspacing=\"0\" cellpadding=\"0\">\n<tbody>\n<tr style=\"height: 41.6px;\">\n<td style=\"width: 2.09302%; vertical-align: top; height: 41.6px;\"><strong>Stra\u00dfe<\/strong><\/td>\n<td style=\"width: 31.907%; vertical-align: top; height: 41.6px;\">Am Langenfeldbusch 37<\/td>\n<td style=\"width: 17%; vertical-align: top; height: 318.6px; text-align: right;\" rowspan=\"6\"><a href=\"http:\/\/sdg21.eu\/wp-content\/uploads\/2021\/08\/Duesseldorf-Unterneustadt_Leitbilderstudie-1996.pdf\" target=\"_blank\" rel=\"noopener\">Ausf\u00fchrliche Projektbeschreibung<\/a><br \/>\nals pdf [Hinrichs et al. 1996]Fotos auf der<br \/>\nWebseite<br \/>\n&#8222;<a href=\"http:\/\/www.holzroute.de\/so115.php\" target=\"_blank\" rel=\"noopener noreferrer\">Europ\u00e4ische Holzroute&#8220;<\/a><\/td>\n<\/tr>\n<tr style=\"height: 65px;\">\n<td style=\"width: 2.09302%; vertical-align: top; height: 65px;\"><strong>Standort<\/strong><\/td>\n<td style=\"width: 31.907%; vertical-align: top; height: 65px;\">Stadtrandlage im kleinst\u00e4dtisch gepr\u00e4gtem Stadtteil Unterbach im S\u00fcdosten D\u00fcsseldorfs<\/td>\n<\/tr>\n<tr style=\"height: 89px;\">\n<td style=\"width: 2.09302%; vertical-align: top; height: 89px;\"><strong>Geb\u00e4udeart(en)<\/strong><\/td>\n<td style=\"width: 31.907%; vertical-align: top; height: 89px;\">Neubau-Siedlung mit zwei- bis dreigeschossigen Einfamilienreihenh\u00e4usern in Zeilenbauweise, ein Gemeinschaftshaus<\/td>\n<\/tr>\n<tr style=\"height: 41px;\">\n<td style=\"width: 2.09302%; vertical-align: top; height: 41px;\"><strong>Eigentumsform(en)<\/strong><\/td>\n<td style=\"width: 31.907%; vertical-align: top; height: 41px;\">Eigentum<\/td>\n<\/tr>\n<tr style=\"height: 41px;\">\n<td style=\"width: 2.09302%; vertical-align: top; height: 41px;\"><strong>Lage (Projekt)<\/strong><\/td>\n<td style=\"width: 31.907%; vertical-align: top; height: 41px;\">Wohngebiet<\/td>\n<\/tr>\n<tr style=\"height: 41px;\">\n<td style=\"width: 2.09302%; vertical-align: top; height: 41px;\"><strong>Gr\u00f6\u00dfe<\/strong><\/td>\n<td style=\"width: 31.907%; vertical-align: top; height: 41px;\">30\u00a0WE auf 1,1 ha<\/td>\n<\/tr>\n<tr style=\"height: 41px;\">\n<td style=\"width: 2.09302%; vertical-align: top; height: 41px;\"><strong>Bewohner<\/strong><\/td>\n<td style=\"width: 31.907%; vertical-align: top; height: 41px;\">ca. 120<\/td>\n<td style=\"width: 17%; vertical-align: top; height: 41px;\"><\/td>\n<\/tr>\n<tr style=\"height: 41px;\">\n<td style=\"width: 2.09302%; vertical-align: top; height: 41px;\"><strong>Bauzeit<\/strong><\/td>\n<td style=\"width: 31.907%; vertical-align: top; height: 41px;\">1987-1989\u00a0Planungsbeginn 1985<\/td>\n<td style=\"width: 17%; vertical-align: top; height: 41px;\"><\/td>\n<\/tr>\n<tr style=\"height: 41px;\">\n<td style=\"width: 2.09302%; vertical-align: top; height: 41px;\"><strong>\u00d6kologie<\/strong><\/td>\n<td style=\"width: 31.907%; vertical-align: top; height: 41px;\"><\/td>\n<td style=\"width: 17%; vertical-align: top; height: 41px;\"><\/td>\n<\/tr>\n<tr style=\"height: 41px;\">\n<td style=\"width: 2.09302%; vertical-align: top; height: 41px;\">Ab\/Wasser<\/td>\n<td style=\"width: 31.907%; vertical-align: top; height: 41px;\">Regenwasserversickerung<\/td>\n<td style=\"width: 17%; vertical-align: top; height: 41px;\"><\/td>\n<\/tr>\n<tr style=\"height: 41px;\">\n<td style=\"width: 2.09302%; vertical-align: top; height: 41px;\">Abfall<\/td>\n<td style=\"width: 31.907%; vertical-align: top; height: 41px;\">Kompostierung<\/td>\n<td style=\"width: 17%; vertical-align: top; height: 41px;\"><\/td>\n<\/tr>\n<tr style=\"height: 55px;\">\n<td style=\"width: 2.09302%; vertical-align: top; height: 55px;\">Energie\/Klima<\/td>\n<td style=\"width: 48.907%; vertical-align: top; height: 55px;\" colspan=\"2\">Niedrigenergiebauweise. Winterg\u00e4rten. 2 zentrale Heizungsanlagen mit Brennwerttechnik. Sonnenkollektoren f\u00fcr Warmwasser. Siedlungs\u00f6ffentliche Verbrauchsabrechnung.<\/td>\n<\/tr>\n<tr style=\"height: 41px;\">\n<td style=\"width: 2.09302%; vertical-align: top; height: 41px;\">Baubiologie<\/td>\n<td style=\"width: 48.907%; vertical-align: top; height: 41px;\" colspan=\"2\">Holzst\u00e4nderbauweise, Mineralwolle<\/td>\n<\/tr>\n<tr style=\"height: 41px;\">\n<td style=\"width: 2.09302%; vertical-align: top; height: 41px;\">Verkehr<\/td>\n<td style=\"width: 48.907%; vertical-align: top; height: 41px;\" colspan=\"2\">zentrale Parkanlage, autofreier Innenbereich\/autofreie Wohnwege<\/td>\n<\/tr>\n<tr style=\"height: 32px;\">\n<td style=\"width: 2.09302%; vertical-align: top; height: 32px;\">Au\u00dfenanlage<\/td>\n<td style=\"width: 48.907%; vertical-align: top; height: 32px;\" colspan=\"2\">Grasd\u00e4cher, wenig versieglte Fl\u00e4che, sehr verdichtetes Bauen. Naturnahe Freiraumgestaltung<\/td>\n<\/tr>\n<tr style=\"height: 41px;\">\n<td style=\"width: 2.09302%; vertical-align: top; height: 41px;\"><strong>\u00d6konomie<\/strong><\/td>\n<td style=\"width: 31.907%; vertical-align: top; height: 41px;\"><\/td>\n<td style=\"width: 17%; vertical-align: top; height: 41px;\"><\/td>\n<\/tr>\n<tr style=\"height: 90px;\">\n<td style=\"width: 2.09302%; vertical-align: top; height: 90px;\"><strong>Soziokulturelles<\/strong><\/td>\n<td style=\"width: 48.907%; vertical-align: top; height: 90px;\" colspan=\"2\">Enger Zusammenhalt der Bauherrengruppe in der Planungs- und Bauphase, intensive Nachbarschaft in der Nutzungsphase. Gemeinschaftshaus, Holzwerkstatt, \u00f6kol. Einkaufsgemeinschaft (Grashalm e.V.). Die Siedlung wurde von den Bewohnern aus dem Umfeld einer Waldorfschule initiiert.<\/td>\n<\/tr>\n<tr style=\"height: 65px;\">\n<td style=\"width: 2.09302%; vertical-align: top; height: 65px;\"><strong>Anmerkung<\/strong><\/td>\n<td style=\"width: 48.907%; vertical-align: top; height: 65px;\" colspan=\"2\"><a href=\"https:\/\/www1.wdr.de\/nachrichten\/rheinland\/oekosiedlung-unterbach-bekommt-umweltpreis-100.html\" target=\"_blank\" rel=\"noopener noreferrer\">Umweltspreis 2019<\/a> der Stadt D\u00fcsseldorf<br \/>\nF\u00f6rderpreis der Karl-K\u00fcbel-Stiftung.<br \/>\nFolgeprojekt von <a href=\"http:\/\/sdg21.eu\/db\/laher-wiesen-hannover\">Laher Wiesen<\/a><\/td>\n<\/tr>\n<tr style=\"height: 65px;\">\n<td style=\"width: 2.09302%; vertical-align: top; height: 65px;\"><strong>Ansprechpartner<\/strong><\/td>\n<td style=\"width: 48.907%; vertical-align: top; height: 65px;\" colspan=\"2\">B\u00fcrgerinitiative: Familie Priester, Am Langenfeldbusch 51, D\u00fcsseldorf<br \/>\nArchitekt: Bookhoff + Rentrop, Ewige Heide 1, 30161 Hannover<\/td>\n<\/tr>\n<tr style=\"height: 207px;\">\n<td style=\"width: 2.09302%; vertical-align: top; height: 207px;\"><strong>Literatur<\/strong><\/td>\n<td style=\"width: 48.907%; vertical-align: top; height: 207px;\" colspan=\"2\">Gay, Glory; Leine, Michelle; Winter, Maxmilian (2018): Das Leben in einem \u201e\u00d6kodorf\u201c als Ausdruck pr\u00e4figurativer Politik \u2013 Eine Analyse der Lebensweisen der BewohnerInnen einer \u00f6kologischen Siedlung in Nordrhein-Westfalen. Bochum <a href=\"https:\/\/engagementforschung.blogs.ruhr-uni-bochum.de\/?p=345\" target=\"_blank\" rel=\"noopener\">https:\/\/engagementforschung.blogs.ruhr-uni-bochum.de\/?p=345<\/a><br \/>\n&#8211; Hinrichs, Carl Friedrich; Hein, Sissy; Hoffmann, Birgit (1996): <a href=\"http:\/\/sdg21.eu\/wp-content\/uploads\/2021\/08\/Duesseldorf-Unterneustadt_Leitbilderstudie-1996.pdf\" target=\"_blank\" rel=\"noopener\">Leitbilder f\u00fcr \u00f6kologisches Bauen. Auswertung realisierter Siedlungen und Einzelh\u00e4user.\u00a0<\/a>S.39-49. Saarbr\u00fccken: Akademie f\u00fcr Bau\u00f6kologie, Hochschule f\u00fcr Technik und Wirtschaft des Saarlandes<br \/>\n&#8211; Karl K\u00fcbel Stiftung f\u00fcr Kind und Familie (Hg.) Familie und Wohnen. Dokumentation zum\u00a0Karl K\u00fcbel Preis 1996, Bensheim<br \/>\n&#8211; Arbeitsgemeinschaft Holz e.V. (1991): Informationsdienst Holz, in: Deutsche Bauzeitschrift, S.1-8.<br \/>\n&#8211; Deters, Karl 1991: Analyse ausgef\u00fchrter alternativ-\u00f6kologischer, kosteng\u00fcnstiger Geb\u00e4ude und ihrer Abh\u00e4ngigkeiten von den Randbedingungen der Grundst\u00fccke. S. 52-57. Hannover: Institut f\u00fcr Bauforschung &#8211; Mitschrift von Seminar und \u00d6kologischer Siedlungsbau in der BRD Uni\/GHS Essen 1989<\/td>\n<\/tr>\n<\/tbody>\n<\/table>\n","protected":false},"excerpt":{"rendered":"<p><strong><a href=\"http:\/\/sdg21.eu\/wp-content\/uploads\/2016\/08\/duesseldorf-unterbach_oekosiedlung_6-2018_GM-scaled.jpg\"><img loading=\"lazy\" decoding=\"async\" class=\"alignleft  wp-image-28284\" src=\"http:\/\/sdg21.eu\/wp-content\/uploads\/2016\/08\/duesseldorf-unterbach_oekosiedlung_6-2018_GM-560x374.jpg\" alt=\"\" width=\"300\" height=\"201\" srcset=\"https:\/\/sdg21.eu\/wp-content\/uploads\/2016\/08\/duesseldorf-unterbach_oekosiedlung_6-2018_GM-560x374.jpg 560w, https:\/\/sdg21.eu\/wp-content\/uploads\/2016\/08\/duesseldorf-unterbach_oekosiedlung_6-2018_GM-1280x854.jpg 1280w, https:\/\/sdg21.eu\/wp-content\/uploads\/2016\/08\/duesseldorf-unterbach_oekosiedlung_6-2018_GM-250x167.jpg 250w, https:\/\/sdg21.eu\/wp-content\/uploads\/2016\/08\/duesseldorf-unterbach_oekosiedlung_6-2018_GM-768x512.jpg 768w, https:\/\/sdg21.eu\/wp-content\/uploads\/2016\/08\/duesseldorf-unterbach_oekosiedlung_6-2018_GM-1536x1025.jpg 1536w, https:\/\/sdg21.eu\/wp-content\/uploads\/2016\/08\/duesseldorf-unterbach_oekosiedlung_6-2018_GM-2048x1367.jpg 2048w, https:\/\/sdg21.eu\/wp-content\/uploads\/2016\/08\/duesseldorf-unterbach_oekosiedlung_6-2018_GM-16x12.jpg 16w, https:\/\/sdg21.eu\/wp-content\/uploads\/2016\/08\/duesseldorf-unterbach_oekosiedlung_6-2018_GM-1320x881.jpg 1320w\" sizes=\"auto, (max-width: 300px) 100vw, 300px\" \/><\/a>40627 D\u00fcsseldorf-Unterbach:<\/strong> Eco-settlement, architects: Bookhoff und Rentrop (Hannover), 30 flats, community house, community workshops, WW solar system, supply shaft accessible under the house rows, much own work, 750 Euro\/m\u00b2 living space + community facilities, occupation: 1988<\/p>","protected":false},"featured_media":0,"template":"","meta":[],"tags":[],"planungsbuero":[192],"dekade":[497],"bundesland":[302],"nation":[406],"groesse":[396],"thema":[654,656,670,1038],"bewertung":[],"stadtregion":[280],"einzel-projekt":[],"typ":[1089],"holzbauweise":[],"geschoss":[],"charakteristik":[206,208,520,199,205],"class_list":{"0":"post-5786","1":"db","2":"type-db","3":"status-publish","5":"planungsbuero-boockhoff-rentrop","6":"dekade-1980-1989","7":"bundesland-nrw","8":"nation-de","9":"groesse-s","10":"thema-dachbegruenungen","11":"thema-eigenleistung","12":"thema-gemeinschaftsraeume","13":"thema-wintergarten","14":"stadtregion-duesseldorf-und-umland","15":"typ-siedlung","16":"charakteristik-1-bis-2-geschosse","17":"charakteristik-3-bis-4-geschosse","18":"charakteristik-oekosiedlung","19":"charakteristik-reihenhaus","20":"charakteristik-wohnhof","21":"gallery-content-unit","22":"czr-hentry"},"aioseo_notices":[],"_links":{"self":[{"href":"http:\/\/sdg21.eu\/en\/wp-json\/wp\/v2\/db\/5786","targetHints":{"allow":["GET"]}}],"collection":[{"href":"http:\/\/sdg21.eu\/en\/wp-json\/wp\/v2\/db"}],"about":[{"href":"http:\/\/sdg21.eu\/en\/wp-json\/wp\/v2\/types\/db"}],"wp:attachment":[{"href":"http:\/\/sdg21.eu\/en\/wp-json\/wp\/v2\/media?parent=5786"}],"wp:term":[{"taxonomy":"post_tag","embeddable":true,"href":"http:\/\/sdg21.eu\/en\/wp-json\/wp\/v2\/tags?post=5786"},{"taxonomy":"planungsbuero","embeddable":true,"href":"http:\/\/sdg21.eu\/en\/wp-json\/wp\/v2\/planungsbuero?post=5786"},{"taxonomy":"dekade","embeddable":true,"href":"http:\/\/sdg21.eu\/en\/wp-json\/wp\/v2\/dekade?post=5786"},{"taxonomy":"bundesland","embeddable":true,"href":"http:\/\/sdg21.eu\/en\/wp-json\/wp\/v2\/bundesland?post=5786"},{"taxonomy":"nation","embeddable":true,"href":"http:\/\/sdg21.eu\/en\/wp-json\/wp\/v2\/nation?post=5786"},{"taxonomy":"groesse","embeddable":true,"href":"http:\/\/sdg21.eu\/en\/wp-json\/wp\/v2\/groesse?post=5786"},{"taxonomy":"thema","embeddable":true,"href":"http:\/\/sdg21.eu\/en\/wp-json\/wp\/v2\/thema?post=5786"},{"taxonomy":"bewertung","embeddable":true,"href":"http:\/\/sdg21.eu\/en\/wp-json\/wp\/v2\/bewertung?post=5786"},{"taxonomy":"stadtregion","embeddable":true,"href":"http:\/\/sdg21.eu\/en\/wp-json\/wp\/v2\/stadtregion?post=5786"},{"taxonomy":"einzel-projekt","embeddable":true,"href":"http:\/\/sdg21.eu\/en\/wp-json\/wp\/v2\/einzel-projekt?post=5786"},{"taxonomy":"typ","embeddable":true,"href":"http:\/\/sdg21.eu\/en\/wp-json\/wp\/v2\/typ?post=5786"},{"taxonomy":"holzbauweise","embeddable":true,"href":"http:\/\/sdg21.eu\/en\/wp-json\/wp\/v2\/holzbauweise?post=5786"},{"taxonomy":"geschoss","embeddable":true,"href":"http:\/\/sdg21.eu\/en\/wp-json\/wp\/v2\/geschoss?post=5786"},{"taxonomy":"charakteristik","embeddable":true,"href":"http:\/\/sdg21.eu\/en\/wp-json\/wp\/v2\/charakteristik?post=5786"}],"curies":[{"name":"wp","href":"https:\/\/api.w.org\/{rel}","templated":true}]}}