{"id":16865,"date":"2019-07-13T18:23:27","date_gmt":"2019-07-13T18:23:27","guid":{"rendered":"https:\/\/siedlungen.eu\/?page_id=16865"},"modified":"2020-04-04T11:17:27","modified_gmt":"2020-04-04T10:17:27","slug":"s","status":"publish","type":"page","link":"http:\/\/sdg21.eu\/en\/projektgroesse\/s","title":{"rendered":"S"},"content":{"rendered":"<p>30 - 99 WE<br \/>\n<form autocomplete=\"off\" name=\"wpv-filter-21661-CATTR08eb36cdde0c83ef97bb74cb5cb1acdc\" action=\"\/en\/wp-json\/wp\/v2\/pages\/16865?wpv_view_count=21661-CATTR08eb36cdde0c83ef97bb74cb5cb1acdc\" method=\"get\" class=\"wpv-filter-form js-wpv-filter-form js-wpv-filter-form-21661-CATTR08eb36cdde0c83ef97bb74cb5cb1acdc js-wpv-form-full js-wpv-ajax-results-enabled\" data-viewnumber=\"21661-CATTR08eb36cdde0c83ef97bb74cb5cb1acdc\" data-viewid=\"21661\" data-viewhash=\"eyJuYW1lIjoiZ3JvZXNzZSIsIndwdmdyb2Vzc2UiOiJzIn0=\" data-viewwidgetid=\"0\" data-orderby=\"\" data-order=\"\" data-orderbyas=\"\" data-orderbysecond=\"\" data-ordersecond=\"\" data-parametric=\"{&quot;query&quot;:&quot;normal&quot;,&quot;id&quot;:&quot;21661&quot;,&quot;view_id&quot;:&quot;21661&quot;,&quot;widget_id&quot;:0,&quot;view_hash&quot;:&quot;21661-CATTR08eb36cdde0c83ef97bb74cb5cb1acdc&quot;,&quot;action&quot;:&quot;\\\/en\\\/wp-json\\\/wp\\\/v2\\\/pages\\\/16865?wpv_view_count=21661-CATTR08eb36cdde0c83ef97bb74cb5cb1acdc&quot;,&quot;sort&quot;:{&quot;orderby&quot;:&quot;&quot;,&quot;order&quot;:&quot;&quot;,&quot;orderby_as&quot;:&quot;&quot;,&quot;orderby_second&quot;:&quot;&quot;,&quot;order_second&quot;:&quot;&quot;},&quot;orderby&quot;:&quot;&quot;,&quot;order&quot;:&quot;&quot;,&quot;orderby_as&quot;:&quot;&quot;,&quot;orderby_second&quot;:&quot;&quot;,&quot;order_second&quot;:&quot;&quot;,&quot;ajax_form&quot;:&quot;&quot;,&quot;ajax_results&quot;:&quot;&quot;,&quot;effect&quot;:&quot;fade&quot;,&quot;prebefore&quot;:&quot;&quot;,&quot;before&quot;:&quot;&quot;,&quot;after&quot;:&quot;&quot;,&quot;attributes&quot;:{&quot;wpvgroesse&quot;:&quot;s&quot;},&quot;environment&quot;:{&quot;current_post_id&quot;:16865,&quot;parent_post_id&quot;:16865,&quot;parent_term_id&quot;:0,&quot;parent_user_id&quot;:0,&quot;archive&quot;:{&quot;type&quot;:&quot;&quot;,&quot;name&quot;:&quot;&quot;,&quot;data&quot;:[]}},&quot;loop&quot;:{&quot;type&quot;:&quot;&quot;,&quot;name&quot;:&quot;&quot;,&quot;data&quot;:[],&quot;id&quot;:0}}\" data-attributes=\"{&quot;wpvgroesse&quot;:&quot;s&quot;}\" data-environment=\"{&quot;current_post_id&quot;:16865,&quot;parent_post_id&quot;:16865,&quot;parent_term_id&quot;:0,&quot;parent_user_id&quot;:0,&quot;archive&quot;:{&quot;type&quot;:&quot;&quot;,&quot;name&quot;:&quot;&quot;,&quot;data&quot;:[]}}\" data-trp-original-action=\"\/en\/wp-json\/wp\/v2\/pages\/16865?wpv_view_count=21661-CATTR08eb36cdde0c83ef97bb74cb5cb1acdc\"><input type=\"hidden\" class=\"js-wpv-dps-filter-data js-wpv-filter-data-for-this-form\" data-action=\"\/en\/wp-json\/wp\/v2\/pages\/16865?wpv_view_count=21661-CATTR08eb36cdde0c83ef97bb74cb5cb1acdc\" data-page=\"1\" data-ajax=\"enable\" data-effect=\"fade\" data-maxpages=\"0\" data-ajaxprebefore=\"\" data-ajaxbefore=\"\" data-ajaxafter=\"\" \/><input class=\"wpv_view_count wpv_view_count-21661-CATTR08eb36cdde0c83ef97bb74cb5cb1acdc\" type=\"hidden\" name=\"wpv_view_count\" value=\"21661-CATTR08eb36cdde0c83ef97bb74cb5cb1acdc\" \/>\n\n<div class=\"su-spacer\" style=\"height:20px\"><\/div>\n<select name=\"wpv_sort_orderby\" class=\"wpv-sort-control-select wpv-sort-control-orderby js-wpv-sort-control-orderby\" data-viewnumber=\"21661-CATTR08eb36cdde0c83ef97bb74cb5cb1acdc\" autocomplete=\"off\"><option value=\"field-wpcf-wohneinheiten\"  selected='selected' data-orderbyas=\"numeric\" data-forceorder=\"desc\">Residential units<\/option><\/select>\nDisplayed: 80 projects\n<div class=\"su-spacer\" style=\"height:20px\"><\/div>  \n\n<input type=\"hidden\" name=\"trp-form-language\" value=\"en\"\/><\/form>\n<div id=\"wpv-view-layout-21661-CATTR08eb36cdde0c83ef97bb74cb5cb1acdc\" class=\"js-wpv-view-layout js-wpv-layout-responsive js-wpv-view-layout-21661-CATTR08eb36cdde0c83ef97bb74cb5cb1acdc\" data-viewnumber=\"21661-CATTR08eb36cdde0c83ef97bb74cb5cb1acdc\" data-pagination=\"{&quot;id&quot;:&quot;21661&quot;,&quot;query&quot;:&quot;normal&quot;,&quot;type&quot;:&quot;disabled&quot;,&quot;effect&quot;:&quot;fade&quot;,&quot;duration&quot;:500,&quot;speed&quot;:5,&quot;pause_on_hover&quot;:&quot;disabled&quot;,&quot;stop_rollover&quot;:&quot;false&quot;,&quot;cache_pages&quot;:&quot;enabled&quot;,&quot;preload_images&quot;:&quot;enabled&quot;,&quot;preload_pages&quot;:&quot;enabled&quot;,&quot;preload_reach&quot;:1,&quot;spinner&quot;:&quot;builtin&quot;,&quot;spinner_image&quot;:&quot;http:\/\/sdg21.eu\/wp-content\/plugins\/wp-views\/embedded\/res\/img\/ajax-loader.gif&quot;,&quot;callback_next&quot;:&quot;&quot;,&quot;manage_history&quot;:&quot;disabled&quot;,&quot;has_controls_in_form&quot;:&quot;disabled&quot;,&quot;infinite_tolerance&quot;:&quot;0&quot;,&quot;max_pages&quot;:0,&quot;page&quot;:1,&quot;base_permalink&quot;:&quot;\/en\/wp-json\/wp\/v2\/pages\/16865?wpv_view_count=21661-CATTR08eb36cdde0c83ef97bb74cb5cb1acdc&amp;wpv_paged=WPV_PAGE_NUM&quot;,&quot;loop&quot;:{&quot;type&quot;:&quot;&quot;,&quot;name&quot;:&quot;&quot;,&quot;data&quot;:[],&quot;id&quot;:0}}\" data-permalink=\"\/en\/wp-json\/wp\/v2\/pages\/16865?wpv_view_count=21661-CATTR08eb36cdde0c83ef97bb74cb5cb1acdc\">\n\n\t\n\t\n\t<ul class=\"wpv-loop js-wpv-loop\">\n\t\t\n\t\t\t<h2><a href=\"http:\/\/sdg21.eu\/en\/db\/eichenau-wohnquartier\">Eichenau residential area<\/a><\/h2> \n<span style=\"font-size: 8pt;\"><\/span>\n<strong>Size: <\/strong>96 CU . <strong>Plot: <\/strong> Hectare  \n<div class=\"su-spacer\" style=\"height:20px\"><\/div>\n<p><strong>82223 Eichenau:<\/strong> 96 flats, \"Wohnmodelle Bayern\", low-energy standard, common heating system, roof drainage via an infiltration system. Completion: 2003<\/p>\n\n<br class=\"clear\" \/>\n<br \/>\n<a href=\"http:\/\/sdg21.eu\/en\/db\/eichenau-wohnquartier\">Show more &gt;&gt; <\/a>\n<div class=\"su-spacer\" style=\"height:20px\"><\/div>\n<span>&#8211; &#8211; &#8211; &#8211; &#8211; &#8211; &#8211; &#8211; &#8211; &#8211; &#8211; &#8211; &#8211; &#8211; &#8211; &#8211; &#8211; &#8211;<\/span>\n\t\t\n\t\t\t<h2><a href=\"http:\/\/sdg21.eu\/en\/db\/mustersiedlung-fuer-oekologisches-bauen-in-bonn-tannenbusch\">Model settlement for ecological construction<\/a><\/h2> \n<span style=\"font-size: 8pt;\"><\/span>\n<strong>Size: <\/strong>90 CU . <strong>Plot: <\/strong> Hectare  \n<div class=\"su-spacer\" style=\"height:20px\"><\/div>\n<p><a href=\"http:\/\/sdg21.eu\/wp-content\/uploads\/2016\/08\/53_Bonn_Tannenbusch_jpg.jpg\"><img loading=\"lazy\" decoding=\"async\" class=\"alignleft wp-image-7954\" src=\"http:\/\/sdg21.eu\/wp-content\/uploads\/2016\/08\/53_Bonn_Tannenbusch_jpg-300x201.jpg\" alt=\"53_Bonn_Tannenbusch_jpg\" width=\"160\" height=\"107\" srcset=\"https:\/\/sdg21.eu\/wp-content\/uploads\/2016\/08\/53_Bonn_Tannenbusch_jpg-300x201.jpg 300w, https:\/\/sdg21.eu\/wp-content\/uploads\/2016\/08\/53_Bonn_Tannenbusch_jpg-560x375.jpg 560w, https:\/\/sdg21.eu\/wp-content\/uploads\/2016\/08\/53_Bonn_Tannenbusch_jpg-250x167.jpg 250w, https:\/\/sdg21.eu\/wp-content\/uploads\/2016\/08\/53_Bonn_Tannenbusch_jpg-768x514.jpg 768w, https:\/\/sdg21.eu\/wp-content\/uploads\/2016\/08\/53_Bonn_Tannenbusch_jpg-160x107.jpg 160w, https:\/\/sdg21.eu\/wp-content\/uploads\/2016\/08\/53_Bonn_Tannenbusch_jpg-1024x686.jpg 1024w, https:\/\/sdg21.eu\/wp-content\/uploads\/2016\/08\/53_Bonn_Tannenbusch_jpg-144x96.jpg 144w, https:\/\/sdg21.eu\/wp-content\/uploads\/2016\/08\/53_Bonn_Tannenbusch_jpg-100x67.jpg 100w, https:\/\/sdg21.eu\/wp-content\/uploads\/2016\/08\/53_Bonn_Tannenbusch_jpg.jpg 1196w\" sizes=\"auto, (max-width: 160px) 100vw, 160px\" \/><\/a><strong>53<span class=\"postal-code\">119<\/span> Bonn-Tannenbusch:<\/strong> Model settlement for ecological building and regenerative energies; planning: Joachim Eble Architektur, developer: ArchyNova, 90 units, cost-effective. The planning was not realized.<\/p>\n\n<br class=\"clear\" \/>\n<br \/>\n<a href=\"http:\/\/sdg21.eu\/en\/db\/mustersiedlung-fuer-oekologisches-bauen-in-bonn-tannenbusch\">Show more &gt;&gt; <\/a>\n<div class=\"su-spacer\" style=\"height:20px\"><\/div>\n<span>&#8211; &#8211; &#8211; &#8211; &#8211; &#8211; &#8211; &#8211; &#8211; &#8211; &#8211; &#8211; &#8211; &#8211; &#8211; &#8211; &#8211; &#8211;<\/span>\n\t\t\n\t\t\t<h2><a href=\"http:\/\/sdg21.eu\/en\/db\/obstbau-siedlung-eden\">Eden Orchard Settlement<\/a><\/h2> \n<span style=\"font-size: 8pt;\"><\/span>\n<strong>Size: <\/strong>90 CU . <strong>Plot: <\/strong> Hectare  \n<div class=\"su-spacer\" style=\"height:20px\"><\/div>\n<p><img loading=\"lazy\" decoding=\"async\" class=\"alignleft wp-image-6017\" src=\"http:\/\/sdg21.eu\/wp-content\/uploads\/2016\/08\/Eden-Logo.jpg\" alt=\"Eden-Logo\" width=\"160\" height=\"36\" srcset=\"https:\/\/sdg21.eu\/wp-content\/uploads\/2016\/08\/Eden-Logo.jpg 196w, https:\/\/sdg21.eu\/wp-content\/uploads\/2016\/08\/Eden-Logo-144x32.jpg 144w\" sizes=\"auto, (max-width: 160px) 100vw, 160px\" \/><strong>16515 Oranienburg:<\/strong> The Edensiedlung was founded in 1893 as \"Vegetarische Obstbaukolonie Eden e.G.m.b.H.\". The 18 founding members aspired to \"a cooperative settlement on a soil-reform basis, exclusively for vegetarians\". In 1901, the statutes were amended and since then anyone who \"adopts a healthy lifestyle\" can become a member of the cooperative. The Eden Garden Settlement developed a multi-layered horticulture. There is to this day a policy \"<a href=\"http:\/\/daten2.verwaltungsportal.de\/dateien\/seitengenerator\/richtlinien_oekolog_gartenbau.pdf\" target=\"_blank\" rel=\"noopener noreferrer\">Ecological horticulture\" <\/a>and specifications for the \"<a href=\"http:\/\/daten2.verwaltungsportal.de\/dateien\/seitengenerator\/anlage_4_eden_so.pdf\" target=\"_blank\" rel=\"noopener noreferrer\">Ecological building and settlement\".<\/a>. Completion: 1914<\/p>\n\n<br class=\"clear\" \/>\n<br \/>\n<a href=\"http:\/\/sdg21.eu\/en\/db\/obstbau-siedlung-eden\">Show more &gt;&gt; <\/a>\n<div class=\"su-spacer\" style=\"height:20px\"><\/div>\n<span>&#8211; &#8211; &#8211; &#8211; &#8211; &#8211; &#8211; &#8211; &#8211; &#8211; &#8211; &#8211; &#8211; &#8211; &#8211; &#8211; &#8211; &#8211;<\/span>\n\t\t\n\t\t\t<h2><a href=\"http:\/\/sdg21.eu\/en\/db\/oekologische-wohnsiedlung-in-amersfoort-nieuwland\">Ecological housing estate in Amersfoort Nieuwland<\/a><\/h2> \n<span style=\"font-size: 8pt;\"><\/span>\n<strong>Size: <\/strong>90 CU . <strong>Plot: <\/strong> Hectare  \n<div class=\"su-spacer\" style=\"height:20px\"><\/div>\n<p><a href=\"http:\/\/sdg21.eu\/wp-content\/uploads\/2020\/04\/nieuwland-01.jpg\"><img loading=\"lazy\" decoding=\"async\" class=\"alignleft size-medium wp-image-21921\" src=\"http:\/\/sdg21.eu\/wp-content\/uploads\/2020\/04\/nieuwland-01-300x203.jpg\" alt=\"\" width=\"300\" height=\"203\" srcset=\"https:\/\/sdg21.eu\/wp-content\/uploads\/2020\/04\/nieuwland-01-300x203.jpg 300w, https:\/\/sdg21.eu\/wp-content\/uploads\/2020\/04\/nieuwland-01-560x379.jpg 560w, https:\/\/sdg21.eu\/wp-content\/uploads\/2020\/04\/nieuwland-01-250x169.jpg 250w, https:\/\/sdg21.eu\/wp-content\/uploads\/2020\/04\/nieuwland-01-768x519.jpg 768w, https:\/\/sdg21.eu\/wp-content\/uploads\/2020\/04\/nieuwland-01-1024x693.jpg 1024w, https:\/\/sdg21.eu\/wp-content\/uploads\/2020\/04\/nieuwland-01-160x108.jpg 160w, https:\/\/sdg21.eu\/wp-content\/uploads\/2020\/04\/nieuwland-01-144x97.jpg 144w, https:\/\/sdg21.eu\/wp-content\/uploads\/2020\/04\/nieuwland-01.jpg 1196w\" sizes=\"auto, (max-width: 300px) 100vw, 300px\" \/><\/a><strong>NL - Amersfoort:<\/strong>  90 residential units as semi-detached and terraced houses. System construction with prefabricated elements. Use of ecological materials at low cost. Planning: Joachim Eble Architektur, T\u00fcbingen, project developer: Baufonds Woningbouw. Completion: 2000<\/p>\n\n<br class=\"clear\" \/>\n<br \/>\n<a href=\"http:\/\/sdg21.eu\/en\/db\/oekologische-wohnsiedlung-in-amersfoort-nieuwland\">Show more &gt;&gt; <\/a>\n<div class=\"su-spacer\" style=\"height:20px\"><\/div>\n<span>&#8211; &#8211; &#8211; &#8211; &#8211; &#8211; &#8211; &#8211; &#8211; &#8211; &#8211; &#8211; &#8211; &#8211; &#8211; &#8211; &#8211; &#8211;<\/span>\n\t\t\n\t\t\t<h2><a href=\"http:\/\/sdg21.eu\/en\/db\/unterneustadt-kassel\">Lower Neustadt Kassel<\/a><\/h2> \n<span style=\"font-size: 8pt;\"><\/span>\n<strong>Size: <\/strong>87 CU . <strong>Plot: <\/strong> Hectare  \n<div class=\"su-spacer\" style=\"height:20px\"><\/div>\n<p><a href=\"http:\/\/sdg21.eu\/wp-content\/uploads\/2016\/08\/Unterneustadt-Kassel.jpg\"><img loading=\"lazy\" decoding=\"async\" class=\"wp-image-12837 size-medium alignleft\" src=\"http:\/\/sdg21.eu\/wp-content\/uploads\/2016\/08\/Unterneustadt-Kassel-300x140.jpg\" alt=\"\" width=\"300\" height=\"140\" srcset=\"https:\/\/sdg21.eu\/wp-content\/uploads\/2016\/08\/Unterneustadt-Kassel-300x140.jpg 300w, https:\/\/sdg21.eu\/wp-content\/uploads\/2016\/08\/Unterneustadt-Kassel-560x261.jpg 560w, https:\/\/sdg21.eu\/wp-content\/uploads\/2016\/08\/Unterneustadt-Kassel-250x117.jpg 250w, https:\/\/sdg21.eu\/wp-content\/uploads\/2016\/08\/Unterneustadt-Kassel-160x75.jpg 160w, https:\/\/sdg21.eu\/wp-content\/uploads\/2016\/08\/Unterneustadt-Kassel-144x67.jpg 144w, https:\/\/sdg21.eu\/wp-content\/uploads\/2016\/08\/Unterneustadt-Kassel.jpg 675w\" sizes=\"auto, (max-width: 300px) 100vw, 300px\" \/><\/a><strong>34123 Kassel-Unterneustadt:<\/strong> Re-foundation of the Unterneustadt district. High building density with GFZ 2.0. Size: 29 buildings with a total of 87 WEs. Of which 73 are publicly subsidised and 65 WEs with a parking space number of 0.1 PkWs\/WE. Completion: 2001<\/p>\n\n<br class=\"clear\" \/>\n<br \/>\n<a href=\"http:\/\/sdg21.eu\/en\/db\/unterneustadt-kassel\">Show more &gt;&gt; <\/a>\n<div class=\"su-spacer\" style=\"height:20px\"><\/div>\n<span>&#8211; &#8211; &#8211; &#8211; &#8211; &#8211; &#8211; &#8211; &#8211; &#8211; &#8211; &#8211; &#8211; &#8211; &#8211; &#8211; &#8211; &#8211;<\/span>\n\t\t\n\t\t\t<h2><a href=\"http:\/\/sdg21.eu\/en\/db\/mika-eg\">MIKA eG<\/a><\/h2> \n<span style=\"font-size: 8pt;\"><\/span>\n<strong>Size: <\/strong>86 CU . <strong>Plot: <\/strong> Hectare  \n<div class=\"su-spacer\" style=\"height:20px\"><\/div>\n<p><strong><a href=\"http:\/\/sdg21.eu\/wp-content\/uploads\/2016\/08\/MIKA-KA.jpg\"><img loading=\"lazy\" decoding=\"async\" class=\"alignleft  wp-image-26572\" src=\"http:\/\/sdg21.eu\/wp-content\/uploads\/2016\/08\/MIKA-KA-560x364.jpg\" alt=\"\" width=\"300\" height=\"195\" srcset=\"https:\/\/sdg21.eu\/wp-content\/uploads\/2016\/08\/MIKA-KA-560x364.jpg 560w, https:\/\/sdg21.eu\/wp-content\/uploads\/2016\/08\/MIKA-KA-1280x831.jpg 1280w, https:\/\/sdg21.eu\/wp-content\/uploads\/2016\/08\/MIKA-KA-250x162.jpg 250w, https:\/\/sdg21.eu\/wp-content\/uploads\/2016\/08\/MIKA-KA-768x499.jpg 768w, https:\/\/sdg21.eu\/wp-content\/uploads\/2016\/08\/MIKA-KA-1320x857.jpg 1320w, https:\/\/sdg21.eu\/wp-content\/uploads\/2016\/08\/MIKA-KA.jpg 1531w\" sizes=\"auto, (max-width: 300px) 100vw, 300px\" \/><\/a>76149 Karlsruhe-Nordstadt:<\/strong> MIKA stands for \"Tenants Initiative Karlsruhe\", barracks conversion with a lot of own work. 86 flats, completion: 1999<\/p>\n\n<br class=\"clear\" \/>\n<br \/>\n<a href=\"http:\/\/sdg21.eu\/en\/db\/mika-eg\">Show more &gt;&gt; <\/a>\n<div class=\"su-spacer\" style=\"height:20px\"><\/div>\n<span>&#8211; &#8211; &#8211; &#8211; &#8211; &#8211; &#8211; &#8211; &#8211; &#8211; &#8211; &#8211; &#8211; &#8211; &#8211; &#8211; &#8211; &#8211;<\/span>\n\t\t\n\t\t\t<h2><a href=\"http:\/\/sdg21.eu\/en\/db\/oekologischer-wohnpark-zeulenroda\">Ecological residential park Zeulenroda<\/a><\/h2> \n<span style=\"font-size: 8pt;\"><\/span>\n<strong>Size: <\/strong>86 CU . <strong>Plot: <\/strong> Hectare  \n<div class=\"su-spacer\" style=\"height:20px\"><\/div>\n<p><a href=\"#gallery-15193\"><img loading=\"lazy\" decoding=\"async\" class=\"alignleft wp-image-15195 size-medium\" src=\"http:\/\/sdg21.eu\/wp-content\/uploads\/2018\/04\/IMG_1456-300x225.jpg\" alt=\"Foto: Reimund Stewen, K\u00f6ln\" width=\"300\" height=\"225\" srcset=\"https:\/\/sdg21.eu\/wp-content\/uploads\/2018\/04\/IMG_1456-300x225.jpg 300w, https:\/\/sdg21.eu\/wp-content\/uploads\/2018\/04\/IMG_1456-560x420.jpg 560w, https:\/\/sdg21.eu\/wp-content\/uploads\/2018\/04\/IMG_1456-250x188.jpg 250w, https:\/\/sdg21.eu\/wp-content\/uploads\/2018\/04\/IMG_1456-160x120.jpg 160w, https:\/\/sdg21.eu\/wp-content\/uploads\/2018\/04\/IMG_1456-144x108.jpg 144w, https:\/\/sdg21.eu\/wp-content\/uploads\/2018\/04\/IMG_1456.jpg 640w\" sizes=\"auto, (max-width: 300px) 100vw, 300px\" \/><\/a><\/p>\n<p><strong>07937 Zeulenroda - Stadtbachring:<\/strong> Architecture: Reimund Stewen, Cologne; 87 units, low-growth house, building biology, timber frame construction<\/p>\n\n<br class=\"clear\" \/>\n<br \/>\n<a href=\"http:\/\/sdg21.eu\/en\/db\/oekologischer-wohnpark-zeulenroda\">Show more &gt;&gt; <\/a>\n<div class=\"su-spacer\" style=\"height:20px\"><\/div>\n<span>&#8211; &#8211; &#8211; &#8211; &#8211; &#8211; &#8211; &#8211; &#8211; &#8211; &#8211; &#8211; &#8211; &#8211; &#8211; &#8211; &#8211; &#8211;<\/span>\n\t\t\n\t\t\t<h2><a href=\"http:\/\/sdg21.eu\/en\/db\/beginenhof-bremen\">Beguinage<\/a><\/h2> \n<span style=\"font-size: 8pt;\"><\/span>\n<strong>Size: <\/strong>85 CU . <strong>Plot: <\/strong> Hectare  \n<div class=\"su-spacer\" style=\"height:20px\"><\/div>\n<p><strong><a href=\"http:\/\/sdg21.eu\/wp-content\/uploads\/2016\/08\/Beginenhof-Bremen.jpg\"><img loading=\"lazy\" decoding=\"async\" class=\"alignleft size-medium wp-image-16908\" src=\"http:\/\/sdg21.eu\/wp-content\/uploads\/2016\/08\/Beginenhof-Bremen-300x200.jpg\" alt=\"\" width=\"300\" height=\"200\" srcset=\"https:\/\/sdg21.eu\/wp-content\/uploads\/2016\/08\/Beginenhof-Bremen-300x200.jpg 300w, https:\/\/sdg21.eu\/wp-content\/uploads\/2016\/08\/Beginenhof-Bremen-560x374.jpg 560w, https:\/\/sdg21.eu\/wp-content\/uploads\/2016\/08\/Beginenhof-Bremen-1280x854.jpg 1280w, https:\/\/sdg21.eu\/wp-content\/uploads\/2016\/08\/Beginenhof-Bremen-250x167.jpg 250w, https:\/\/sdg21.eu\/wp-content\/uploads\/2016\/08\/Beginenhof-Bremen-768x512.jpg 768w, https:\/\/sdg21.eu\/wp-content\/uploads\/2016\/08\/Beginenhof-Bremen-1536x1025.jpg 1536w, https:\/\/sdg21.eu\/wp-content\/uploads\/2016\/08\/Beginenhof-Bremen-2048x1367.jpg 2048w, https:\/\/sdg21.eu\/wp-content\/uploads\/2016\/08\/Beginenhof-Bremen-1320x881.jpg 1320w, https:\/\/sdg21.eu\/wp-content\/uploads\/2016\/08\/Beginenhof-Bremen-160x107.jpg 160w, https:\/\/sdg21.eu\/wp-content\/uploads\/2016\/08\/Beginenhof-Bremen-1024x683.jpg 1024w, https:\/\/sdg21.eu\/wp-content\/uploads\/2016\/08\/Beginenhof-Bremen-144x96.jpg 144w\" sizes=\"auto, (max-width: 300px) 100vw, 300px\" \/><\/a>28201 Bremen:<\/strong> A housing and economic project for women. Women from different generations and life situations live and manage under one roof to increase the quality of their everyday life. Realisation under Feng Shui and Geomancy aspects. Expo 2000 project. Completion: 2001<\/p>\n\n<br class=\"clear\" \/>\n<br \/>\n<a href=\"http:\/\/sdg21.eu\/en\/db\/beginenhof-bremen\">Show more &gt;&gt; <\/a>\n<div class=\"su-spacer\" style=\"height:20px\"><\/div>\n<span>&#8211; &#8211; &#8211; &#8211; &#8211; &#8211; &#8211; &#8211; &#8211; &#8211; &#8211; &#8211; &#8211; &#8211; &#8211; &#8211; &#8211; &#8211;<\/span>\n\t\t\n\t\t\t<h2><a href=\"http:\/\/sdg21.eu\/en\/db\/arkadien-asperg\">Arcadia Asperg<\/a><\/h2> \n<span style=\"font-size: 8pt;\"><\/span>\n<strong>Size: <\/strong>84 CU . <strong>Plot: <\/strong> Hectare  \n<div class=\"su-spacer\" style=\"height:20px\"><\/div>\n<p><strong><a href=\"http:\/\/sdg21.eu\/wp-content\/uploads\/2016\/08\/Arkadien-aspern.jpg\"><img loading=\"lazy\" decoding=\"async\" class=\"alignleft wp-image-8186 size-medium\" title=\"Photo: Johann Hartl, Munich\" src=\"http:\/\/sdg21.eu\/wp-content\/uploads\/2016\/08\/Arkadien-aspern-300x188.jpg\" alt=\"Arkadien-aspern\" width=\"300\" height=\"188\" srcset=\"https:\/\/sdg21.eu\/wp-content\/uploads\/2016\/08\/Arkadien-aspern-300x188.jpg 300w, https:\/\/sdg21.eu\/wp-content\/uploads\/2016\/08\/Arkadien-aspern-560x350.jpg 560w, https:\/\/sdg21.eu\/wp-content\/uploads\/2016\/08\/Arkadien-aspern-250x156.jpg 250w, https:\/\/sdg21.eu\/wp-content\/uploads\/2016\/08\/Arkadien-aspern-768x480.jpg 768w, https:\/\/sdg21.eu\/wp-content\/uploads\/2016\/08\/Arkadien-aspern-100x63.jpg 100w, https:\/\/sdg21.eu\/wp-content\/uploads\/2016\/08\/Arkadien-aspern-144x90.jpg 144w, https:\/\/sdg21.eu\/wp-content\/uploads\/2016\/08\/Arkadien-aspern.jpg 960w\" sizes=\"auto, (max-width: 300px) 100vw, 300px\" \/><\/a>71679 Asperg<\/strong> 84 units, total area 1.4 ha, Joachim Eble architecture. Strenger Real Estate. Completion: 2002<\/p>\n\n<br class=\"clear\" \/>\n<br \/>\n<a href=\"http:\/\/sdg21.eu\/en\/db\/arkadien-asperg\">Show more &gt;&gt; <\/a>\n<div class=\"su-spacer\" style=\"height:20px\"><\/div>\n<span>&#8211; &#8211; &#8211; &#8211; &#8211; &#8211; &#8211; &#8211; &#8211; &#8211; &#8211; &#8211; &#8211; &#8211; &#8211; &#8211; &#8211; &#8211;<\/span>\n\t\t\n\t\t\t<h2><a href=\"http:\/\/sdg21.eu\/en\/db\/gut-buchholz-in-berlin-pankow\">KOKONI ONE housing estate (formerly \"Gut Buchholz\") in Berlin-Pankow<\/a><\/h2> \n<span style=\"font-size: 8pt;\"><\/span>\n<strong>Size: <\/strong>84 CU . <strong>Plot: <\/strong>2.3 hectare  \n<div class=\"su-spacer\" style=\"height:20px\"><\/div>\n<p><strong><a href=\"http:\/\/sdg21.eu\/wp-content\/uploads\/2021\/12\/Kokoni_3-1.jpg\"><img loading=\"lazy\" decoding=\"async\" class=\"alignleft wp-image-28400\" src=\"http:\/\/sdg21.eu\/wp-content\/uploads\/2021\/12\/Kokoni_3-1-560x364.jpg\" alt=\"\" width=\"300\" height=\"195\" srcset=\"https:\/\/sdg21.eu\/wp-content\/uploads\/2021\/12\/Kokoni_3-1-560x364.jpg 560w, https:\/\/sdg21.eu\/wp-content\/uploads\/2021\/12\/Kokoni_3-1-250x163.jpg 250w, https:\/\/sdg21.eu\/wp-content\/uploads\/2021\/12\/Kokoni_3-1-768x500.jpg 768w, https:\/\/sdg21.eu\/wp-content\/uploads\/2021\/12\/Kokoni_3-1-18x12.jpg 18w, https:\/\/sdg21.eu\/wp-content\/uploads\/2021\/12\/Kokoni_3-1.jpg 1280w\" sizes=\"auto, (max-width: 300px) 100vw, 300px\" \/><\/a><img loading=\"lazy\" decoding=\"async\" class=\"alignleft size-thumbnail wp-image-9350\" src=\"http:\/\/sdg21.eu\/wp-content\/uploads\/2016\/09\/In-Entstehung_gr100px_200dpi-25x100.jpg\" alt=\"In-Entstehung_gr100px_200dpi\" width=\"25\" height=\"100\" \/>D - 13127 Berlin-Pankow: <\/strong>On a 23,000 sqm plot in Pankow-Franz\u00f6sisch Buchholz, a housing estate with 84 residential units with a total living space of approx. 12,000 sqm plus a community house will be built. Predominantly renewable and healthy building materials such as wood and cellulose with positive CO<sub>2<\/sub>-balance sheet. In the centre of the settlement there is an orchard with a community house. The heat and electricity generation in the settlement is fossil-free. Start of construction\/completion (planned): 2022\/2024<br class=\"clear\" \/><\/p>\n\n<br class=\"clear\" \/>\n<br \/>\n<a href=\"http:\/\/sdg21.eu\/en\/db\/gut-buchholz-in-berlin-pankow\">Show more &gt;&gt; <\/a>\n<div class=\"su-spacer\" style=\"height:20px\"><\/div>\n<span>&#8211; &#8211; &#8211; &#8211; &#8211; &#8211; &#8211; &#8211; &#8211; &#8211; &#8211; &#8211; &#8211; &#8211; &#8211; &#8211; &#8211; &#8211;<\/span>\n\t\t\n\t\t\t<h2><a href=\"http:\/\/sdg21.eu\/en\/db\/gruenes-wohnen-an-der-baldenau\">Green living on the Baldenau<\/a><\/h2> \n<span style=\"font-size: 8pt;\"><\/span>\n<strong>Size: <\/strong>82 CU . <strong>Plot: <\/strong> Hectare  \n<div class=\"su-spacer\" style=\"height:20px\"><\/div>\n<p><strong> <a href=\"http:\/\/sdg21.eu\/wp-content\/uploads\/2020\/11\/Rastatt_Stadtvillen.jpg\"><img loading=\"lazy\" decoding=\"async\" class=\"alignleft wp-image-24378 size-medium\" src=\"http:\/\/sdg21.eu\/wp-content\/uploads\/2020\/11\/Rastatt_Stadtvillen-300x225.jpg\" alt=\"\" width=\"300\" height=\"225\" srcset=\"https:\/\/sdg21.eu\/wp-content\/uploads\/2020\/11\/Rastatt_Stadtvillen-300x225.jpg 300w, https:\/\/sdg21.eu\/wp-content\/uploads\/2020\/11\/Rastatt_Stadtvillen-560x420.jpg 560w, https:\/\/sdg21.eu\/wp-content\/uploads\/2020\/11\/Rastatt_Stadtvillen-250x187.jpg 250w, https:\/\/sdg21.eu\/wp-content\/uploads\/2020\/11\/Rastatt_Stadtvillen-768x575.jpg 768w, https:\/\/sdg21.eu\/wp-content\/uploads\/2020\/11\/Rastatt_Stadtvillen-1024x767.jpg 1024w, https:\/\/sdg21.eu\/wp-content\/uploads\/2020\/11\/Rastatt_Stadtvillen-160x120.jpg 160w, https:\/\/sdg21.eu\/wp-content\/uploads\/2020\/11\/Rastatt_Stadtvillen.jpg 1280w\" sizes=\"auto, (max-width: 300px) 100vw, 300px\" \/><\/a>76437 Rastatt:<\/strong> six urban villas with 82 apartments and a commercial unit that can also be used as a home office. Total area of 52,000 m\u00b2. Rainwater concept, green roofs, CHP connection, KfW 70 standard, healthy building materials. Completion: 2019<\/p>\n\n<br class=\"clear\" \/>\n<br \/>\n<a href=\"http:\/\/sdg21.eu\/en\/db\/gruenes-wohnen-an-der-baldenau\">Show more &gt;&gt; <\/a>\n<div class=\"su-spacer\" style=\"height:20px\"><\/div>\n<span>&#8211; &#8211; &#8211; &#8211; &#8211; &#8211; &#8211; &#8211; &#8211; &#8211; &#8211; &#8211; &#8211; &#8211; &#8211; &#8211; &#8211; &#8211;<\/span>\n\t\t\n\t\t\t<h2><a href=\"http:\/\/sdg21.eu\/en\/db\/solarsiedlung-gelsenkirchen\">Solar settlement Gelsenkirchen<\/a><\/h2> \n<span style=\"font-size: 8pt;\"><\/span>\n<strong>Size: <\/strong>77 CU . <strong>Plot: <\/strong> Hectare  \n<div class=\"su-spacer\" style=\"height:20px\"><\/div>\n<p><a href=\"http:\/\/sdg21.eu\/wp-content\/uploads\/2018\/05\/Solarsiedlung-Gelsenkirchen-1_bea.jpg\"><img loading=\"lazy\" decoding=\"async\" class=\"alignleft size-medium wp-image-15812\" src=\"http:\/\/sdg21.eu\/wp-content\/uploads\/2018\/05\/Solarsiedlung-Gelsenkirchen-1_bea-300x140.jpg\" alt=\"\" width=\"300\" height=\"140\" srcset=\"https:\/\/sdg21.eu\/wp-content\/uploads\/2018\/05\/Solarsiedlung-Gelsenkirchen-1_bea-300x140.jpg 300w, https:\/\/sdg21.eu\/wp-content\/uploads\/2018\/05\/Solarsiedlung-Gelsenkirchen-1_bea-560x262.jpg 560w, https:\/\/sdg21.eu\/wp-content\/uploads\/2018\/05\/Solarsiedlung-Gelsenkirchen-1_bea-1280x599.jpg 1280w, https:\/\/sdg21.eu\/wp-content\/uploads\/2018\/05\/Solarsiedlung-Gelsenkirchen-1_bea-250x117.jpg 250w, https:\/\/sdg21.eu\/wp-content\/uploads\/2018\/05\/Solarsiedlung-Gelsenkirchen-1_bea-768x359.jpg 768w, https:\/\/sdg21.eu\/wp-content\/uploads\/2018\/05\/Solarsiedlung-Gelsenkirchen-1_bea-1536x719.jpg 1536w, https:\/\/sdg21.eu\/wp-content\/uploads\/2018\/05\/Solarsiedlung-Gelsenkirchen-1_bea-2048x958.jpg 2048w, https:\/\/sdg21.eu\/wp-content\/uploads\/2018\/05\/Solarsiedlung-Gelsenkirchen-1_bea-1320x618.jpg 1320w, https:\/\/sdg21.eu\/wp-content\/uploads\/2018\/05\/Solarsiedlung-Gelsenkirchen-1_bea-160x75.jpg 160w, https:\/\/sdg21.eu\/wp-content\/uploads\/2018\/05\/Solarsiedlung-Gelsenkirchen-1_bea-1024x479.jpg 1024w, https:\/\/sdg21.eu\/wp-content\/uploads\/2018\/05\/Solarsiedlung-Gelsenkirchen-1_bea-144x67.jpg 144w\" sizes=\"auto, (max-width: 300px) 100vw, 300px\" \/><\/a> <strong>45879 Gelsenkirchen-Biskmarck:<\/strong> 71 units, 1st solar housing estate in the Ruhr area and in the development programme \"50 solar housing estates NRW\", completion: 2001<\/p>\n\n<br class=\"clear\" \/>\n<br \/>\n<a href=\"http:\/\/sdg21.eu\/en\/db\/solarsiedlung-gelsenkirchen\">Show more &gt;&gt; <\/a>\n<div class=\"su-spacer\" style=\"height:20px\"><\/div>\n<span>&#8211; &#8211; &#8211; &#8211; &#8211; &#8211; &#8211; &#8211; &#8211; &#8211; &#8211; &#8211; &#8211; &#8211; &#8211; &#8211; &#8211; &#8211;<\/span>\n\t\t\n\t\t\t<h2><a href=\"http:\/\/sdg21.eu\/en\/db\/wohnprojekt-ro70-eg-in-weimar\">Ro70 eG housing project in Weimar<\/a><\/h2> \n<span style=\"font-size: 8pt;\"><\/span>\n<strong>Size: <\/strong>76 CU . <strong>Plot: <\/strong>2.2 hectare  \n<div class=\"su-spacer\" style=\"height:20px\"><\/div>\n<p><strong><a href=\"http:\/\/sdg21.eu\/wp-content\/uploads\/2021\/03\/ro70_Weimar-11.jpg\"><img loading=\"lazy\" decoding=\"async\" class=\"alignleft  wp-image-27738\" src=\"http:\/\/sdg21.eu\/wp-content\/uploads\/2021\/03\/ro70_Weimar-11-560x420.jpg\" alt=\"\" width=\"300\" height=\"225\" srcset=\"https:\/\/sdg21.eu\/wp-content\/uploads\/2021\/03\/ro70_Weimar-11-560x420.jpg 560w, https:\/\/sdg21.eu\/wp-content\/uploads\/2021\/03\/ro70_Weimar-11-250x188.jpg 250w, https:\/\/sdg21.eu\/wp-content\/uploads\/2021\/03\/ro70_Weimar-11-768x576.jpg 768w, https:\/\/sdg21.eu\/wp-content\/uploads\/2021\/03\/ro70_Weimar-11-16x12.jpg 16w, https:\/\/sdg21.eu\/wp-content\/uploads\/2021\/03\/ro70_Weimar-11.jpg 1280w\" sizes=\"auto, (max-width: 300px) 100vw, 300px\" \/><\/a>99425 Weimar:<\/strong> In the cooperative \"Wohnprojekt Ro70 eG\" committed people have come together to transform a former hospital in Weimar into <strong>Thuringia's largest intergenerational housing project <\/strong>to transform. As of 2020, nearly 130 adults and 70 children live here together in a vibrant neighborhood. Completion: 2020<\/p>\n\n<br class=\"clear\" \/>\n<br \/>\n<a href=\"http:\/\/sdg21.eu\/en\/db\/wohnprojekt-ro70-eg-in-weimar\">Show more &gt;&gt; <\/a>\n<div class=\"su-spacer\" style=\"height:20px\"><\/div>\n<span>&#8211; &#8211; &#8211; &#8211; &#8211; &#8211; &#8211; &#8211; &#8211; &#8211; &#8211; &#8211; &#8211; &#8211; &#8211; &#8211; &#8211; &#8211;<\/span>\n\t\t\n\t\t\t<h2><a href=\"http:\/\/sdg21.eu\/en\/db\/biosolare-wohnanlage-zuffenhausen\">Biosolar residential complex Zuffenhausen<\/a><\/h2> \n<span style=\"font-size: 8pt;\"><\/span>\n<strong>Size: <\/strong>75 CU . <strong>Plot: <\/strong> Hectare  \n<div class=\"su-spacer\" style=\"height:20px\"><\/div>\n<p><strong><a href=\"http:\/\/sdg21.eu\/wp-content\/uploads\/2016\/08\/70_Zuff.jpg\"><img loading=\"lazy\" decoding=\"async\" class=\"alignleft wp-image-8177 size-medium\" src=\"http:\/\/sdg21.eu\/wp-content\/uploads\/2016\/08\/70_Zuff-300x203.jpg\" alt=\"70_Zuff\" width=\"300\" height=\"203\" srcset=\"https:\/\/sdg21.eu\/wp-content\/uploads\/2016\/08\/70_Zuff-300x203.jpg 300w, https:\/\/sdg21.eu\/wp-content\/uploads\/2016\/08\/70_Zuff-250x169.jpg 250w, https:\/\/sdg21.eu\/wp-content\/uploads\/2016\/08\/70_Zuff-100x68.jpg 100w, https:\/\/sdg21.eu\/wp-content\/uploads\/2016\/08\/70_Zuff-144x97.jpg 144w, https:\/\/sdg21.eu\/wp-content\/uploads\/2016\/08\/70_Zuff.jpg 418w\" sizes=\"auto, (max-width: 300px) 100vw, 300px\" \/><\/a>70435 Stuttgart-Zuffenhausen:<\/strong> Biosolar residential complex \"Am Stadtpark\", 73 units, organic residential courtyard concept; Joachim Eble Architektur, completion: 1991<\/p>\n\n<br class=\"clear\" \/>\n<br \/>\n<a href=\"http:\/\/sdg21.eu\/en\/db\/biosolare-wohnanlage-zuffenhausen\">Show more &gt;&gt; <\/a>\n<div class=\"su-spacer\" style=\"height:20px\"><\/div>\n<span>&#8211; &#8211; &#8211; &#8211; &#8211; &#8211; &#8211; &#8211; &#8211; &#8211; &#8211; &#8211; &#8211; &#8211; &#8211; &#8211; &#8211; &#8211;<\/span>\n\t\t\n\t\t\t<h2><a href=\"http:\/\/sdg21.eu\/en\/db\/schmetterlingshaeuser-siedlung-pennmoor\">Group self-help settlement Pennmoor<\/a><\/h2> \n<span style=\"font-size: 8pt;\"><\/span>\n<strong>Size: <\/strong>75 CU . <strong>Plot: <\/strong> Hectare  \n<div class=\"su-spacer\" style=\"height:20px\"><\/div>\n<p><a href=\"http:\/\/sdg21.eu\/wp-content\/uploads\/2016\/08\/Pennmoor.jpg\"><img loading=\"lazy\" decoding=\"async\" class=\"alignleft size-medium wp-image-21906\" src=\"http:\/\/sdg21.eu\/wp-content\/uploads\/2016\/08\/Pennmoor-300x232.jpg\" alt=\"\" width=\"300\" height=\"232\" srcset=\"https:\/\/sdg21.eu\/wp-content\/uploads\/2016\/08\/Pennmoor-300x232.jpg 300w, https:\/\/sdg21.eu\/wp-content\/uploads\/2016\/08\/Pennmoor-560x434.jpg 560w, https:\/\/sdg21.eu\/wp-content\/uploads\/2016\/08\/Pennmoor-250x194.jpg 250w, https:\/\/sdg21.eu\/wp-content\/uploads\/2016\/08\/Pennmoor-160x124.jpg 160w, https:\/\/sdg21.eu\/wp-content\/uploads\/2016\/08\/Pennmoor-144x112.jpg 144w, https:\/\/sdg21.eu\/wp-content\/uploads\/2016\/08\/Pennmoor.jpg 692w\" sizes=\"auto, (max-width: 300px) 100vw, 300px\" \/><\/a><strong>23500 L\u00fcbeck-Moisling: <\/strong>New construction of 75 apartments as DHH (30x) and RHH (5x) in timber construction. A special feature was a high share of own work, which was credited instead of equity. Some of the houses were built as so-called \"butterfly houses\". The construction costs were less than 1000 Euro per sqm living space. Completion: 1999<\/p>\n\n<br class=\"clear\" \/>\n<br \/>\n<a href=\"http:\/\/sdg21.eu\/en\/db\/schmetterlingshaeuser-siedlung-pennmoor\">Show more &gt;&gt; <\/a>\n<div class=\"su-spacer\" style=\"height:20px\"><\/div>\n<span>&#8211; &#8211; &#8211; &#8211; &#8211; &#8211; &#8211; &#8211; &#8211; &#8211; &#8211; &#8211; &#8211; &#8211; &#8211; &#8211; &#8211; &#8211;<\/span>\n\t\t\n\t\t\t<h2><a href=\"http:\/\/sdg21.eu\/en\/db\/aktiv-stadthaus-in-frankfurt\">Active townhouse in Frankfurt<\/a><\/h2> \n<span style=\"font-size: 8pt;\"><\/span>\n<strong>Size: <\/strong>74 CU . <strong>Plot: <\/strong> Hectare  \n<div class=\"su-spacer\" style=\"height:20px\"><\/div>\n<p><a href=\"http:\/\/sdg21.eu\/wp-content\/uploads\/2016\/08\/3470_2_BS997-007.jpg\"><img loading=\"lazy\" decoding=\"async\" class=\"alignleft wp-image-15099 size-medium\" src=\"http:\/\/sdg21.eu\/wp-content\/uploads\/2016\/08\/3470_2_BS997-007-300x175.jpg\" alt=\"Foto: ABG FRANKFURT HOLDING\" width=\"300\" height=\"175\" srcset=\"https:\/\/sdg21.eu\/wp-content\/uploads\/2016\/08\/3470_2_BS997-007-300x175.jpg 300w, https:\/\/sdg21.eu\/wp-content\/uploads\/2016\/08\/3470_2_BS997-007-560x327.jpg 560w, https:\/\/sdg21.eu\/wp-content\/uploads\/2016\/08\/3470_2_BS997-007-250x146.jpg 250w, https:\/\/sdg21.eu\/wp-content\/uploads\/2016\/08\/3470_2_BS997-007-768x449.jpg 768w, https:\/\/sdg21.eu\/wp-content\/uploads\/2016\/08\/3470_2_BS997-007-160x93.jpg 160w, https:\/\/sdg21.eu\/wp-content\/uploads\/2016\/08\/3470_2_BS997-007.jpg 1024w, https:\/\/sdg21.eu\/wp-content\/uploads\/2016\/08\/3470_2_BS997-007-144x84.jpg 144w\" sizes=\"auto, (max-width: 300px) 100vw, 300px\" \/><\/a><\/p>\n<p><strong>60327 Frankfurt:<\/strong> Energy-plus building, BMUB-supported. 74 residential units and 2 commercial units, gross floor area: 11,700 m\u00b2. The building itself generates the energy required by the residents for heating, ventilation, water heating, household, elevator and general electricity. The energy supply including electricity is included in the flat rate rent. Surpluses can be used by the residents for e-mobility. Completion: 2015<\/p>\n\n<br class=\"clear\" \/>\n<br \/>\n<a href=\"http:\/\/sdg21.eu\/en\/db\/aktiv-stadthaus-in-frankfurt\">Show more &gt;&gt; <\/a>\n<div class=\"su-spacer\" style=\"height:20px\"><\/div>\n<span>&#8211; &#8211; &#8211; &#8211; &#8211; &#8211; &#8211; &#8211; &#8211; &#8211; &#8211; &#8211; &#8211; &#8211; &#8211; &#8211; &#8211; &#8211;<\/span>\n\t\t\n\t\t\t<h2><a href=\"http:\/\/sdg21.eu\/en\/db\/oekologische-siedlung-lilienthal\">Ecological settlement Lilienthal<\/a><\/h2> \n<span style=\"font-size: 8pt;\"><\/span>\n<strong>Size: <\/strong>70 CU . <strong>Plot: <\/strong> Hectare  \n<div class=\"su-spacer\" style=\"height:20px\"><\/div>\n<p><a href=\"http:\/\/sdg21.eu\/wp-content\/uploads\/2016\/08\/2.jpg\"><img loading=\"lazy\" decoding=\"async\" class=\"alignleft wp-image-6149 size-medium\" src=\"http:\/\/sdg21.eu\/wp-content\/uploads\/2016\/08\/2-300x199.jpg\" alt=\"2\" width=\"300\" height=\"199\" srcset=\"https:\/\/sdg21.eu\/wp-content\/uploads\/2016\/08\/2-300x199.jpg 300w, https:\/\/sdg21.eu\/wp-content\/uploads\/2016\/08\/2-250x166.jpg 250w, https:\/\/sdg21.eu\/wp-content\/uploads\/2016\/08\/2-144x95.jpg 144w, https:\/\/sdg21.eu\/wp-content\/uploads\/2016\/08\/2.jpg 527w\" sizes=\"auto, (max-width: 300px) 100vw, 300px\" \/><\/a><strong>28865 Lilienthal:<\/strong> Lebensraum Lilienthal e.V.; approx. 100 inhabitants: families and single parents with children, couples and singles between primary school age and early 70's. Completion: 1998 <\/p>\n\n<br class=\"clear\" \/>\n<br \/>\n<a href=\"http:\/\/sdg21.eu\/en\/db\/oekologische-siedlung-lilienthal\">Show more &gt;&gt; <\/a>\n<div class=\"su-spacer\" style=\"height:20px\"><\/div>\n<span>&#8211; &#8211; &#8211; &#8211; &#8211; &#8211; &#8211; &#8211; &#8211; &#8211; &#8211; &#8211; &#8211; &#8211; &#8211; &#8211; &#8211; &#8211;<\/span>\n\t\t\n\t\t\t<h2><a href=\"http:\/\/sdg21.eu\/en\/db\/solares-nahwaermenetz-in-moosach\">Solar local heating network in Moosach<\/a><\/h2> \n<span style=\"font-size: 8pt;\"><\/span>\n<strong>Size: <\/strong>70 CU . <strong>Plot: <\/strong> Hectare  \n<div class=\"su-spacer\" style=\"height:20px\"><\/div>\n<p><strong><a href=\"http:\/\/sdg21.eu\/wp-content\/uploads\/2020\/10\/Solarfeld_-Moosach_2020-06__654_kl.jpg\"><img loading=\"lazy\" decoding=\"async\" class=\"wp-image-23710 size-medium alignleft\" src=\"http:\/\/sdg21.eu\/wp-content\/uploads\/2020\/10\/Solarfeld_-Moosach_2020-06__654_kl-300x169.jpg\" alt=\"\" width=\"300\" height=\"169\" srcset=\"https:\/\/sdg21.eu\/wp-content\/uploads\/2020\/10\/Solarfeld_-Moosach_2020-06__654_kl-300x169.jpg 300w, https:\/\/sdg21.eu\/wp-content\/uploads\/2020\/10\/Solarfeld_-Moosach_2020-06__654_kl-560x316.jpg 560w, https:\/\/sdg21.eu\/wp-content\/uploads\/2020\/10\/Solarfeld_-Moosach_2020-06__654_kl-1280x721.jpg 1280w, https:\/\/sdg21.eu\/wp-content\/uploads\/2020\/10\/Solarfeld_-Moosach_2020-06__654_kl-250x141.jpg 250w, https:\/\/sdg21.eu\/wp-content\/uploads\/2020\/10\/Solarfeld_-Moosach_2020-06__654_kl-768x433.jpg 768w, https:\/\/sdg21.eu\/wp-content\/uploads\/2020\/10\/Solarfeld_-Moosach_2020-06__654_kl-1536x866.jpg 1536w, https:\/\/sdg21.eu\/wp-content\/uploads\/2020\/10\/Solarfeld_-Moosach_2020-06__654_kl-1320x744.jpg 1320w, https:\/\/sdg21.eu\/wp-content\/uploads\/2020\/10\/Solarfeld_-Moosach_2020-06__654_kl-1024x577.jpg 1024w, https:\/\/sdg21.eu\/wp-content\/uploads\/2020\/10\/Solarfeld_-Moosach_2020-06__654_kl-160x90.jpg 160w, https:\/\/sdg21.eu\/wp-content\/uploads\/2020\/10\/Solarfeld_-Moosach_2020-06__654_kl-144x81.jpg 144w, https:\/\/sdg21.eu\/wp-content\/uploads\/2020\/10\/Solarfeld_-Moosach_2020-06__654_kl.jpg 1824w\" sizes=\"auto, (max-width: 300px) 100vw, 300px\" \/><\/a>85665 Moosach:<\/strong> In the community of Moosach, the cooperative Regenerative Energie Ebersberg eG and the company NATURSTROM AG have implemented a solar local heating network with a collector field of 1067 sqm and a buffer storage of 100 cubic meters. If the sun is not enough, a biomass boiler supports the energy supply. This is fed with wood chips from the region of maximum 40 kilometers. Completion: 2018<\/p>\n\n<br class=\"clear\" \/>\n<br \/>\n<a href=\"http:\/\/sdg21.eu\/en\/db\/solares-nahwaermenetz-in-moosach\">Show more &gt;&gt; <\/a>\n<div class=\"su-spacer\" style=\"height:20px\"><\/div>\n<span>&#8211; &#8211; &#8211; &#8211; &#8211; &#8211; &#8211; &#8211; &#8211; &#8211; &#8211; &#8211; &#8211; &#8211; &#8211; &#8211; &#8211; &#8211;<\/span>\n\t\t\n\t\t\t<h2><a href=\"http:\/\/sdg21.eu\/en\/db\/laher-wiesen-hannover\">Grass-roofed housing estate \"Laher Wiesen\" in Hanover<\/a><\/h2> \n<span style=\"font-size: 8pt;\"><\/span>\n<strong>Size: <\/strong>69 CU . <strong>Plot: <\/strong> Hectare  \n<div class=\"su-spacer\" style=\"height:20px\"><\/div>\n<p><a href=\"http:\/\/sdg21.eu\/wp-content\/uploads\/2020\/07\/Grasdachsiedlung-Hannover-09.jpg\"><img loading=\"lazy\" decoding=\"async\" class=\"alignleft size-medium wp-image-23487\" src=\"http:\/\/sdg21.eu\/wp-content\/uploads\/2020\/07\/Grasdachsiedlung-Hannover-09-300x225.jpg\" alt=\"\" width=\"300\" height=\"225\" srcset=\"https:\/\/sdg21.eu\/wp-content\/uploads\/2020\/07\/Grasdachsiedlung-Hannover-09-300x225.jpg 300w, https:\/\/sdg21.eu\/wp-content\/uploads\/2020\/07\/Grasdachsiedlung-Hannover-09-560x420.jpg 560w, https:\/\/sdg21.eu\/wp-content\/uploads\/2020\/07\/Grasdachsiedlung-Hannover-09-1280x960.jpg 1280w, https:\/\/sdg21.eu\/wp-content\/uploads\/2020\/07\/Grasdachsiedlung-Hannover-09-250x188.jpg 250w, https:\/\/sdg21.eu\/wp-content\/uploads\/2020\/07\/Grasdachsiedlung-Hannover-09-768x576.jpg 768w, https:\/\/sdg21.eu\/wp-content\/uploads\/2020\/07\/Grasdachsiedlung-Hannover-09-1320x990.jpg 1320w, https:\/\/sdg21.eu\/wp-content\/uploads\/2020\/07\/Grasdachsiedlung-Hannover-09-1024x768.jpg 1024w, https:\/\/sdg21.eu\/wp-content\/uploads\/2020\/07\/Grasdachsiedlung-Hannover-09-160x120.jpg 160w, https:\/\/sdg21.eu\/wp-content\/uploads\/2020\/07\/Grasdachsiedlung-Hannover-09-144x108.jpg 144w, https:\/\/sdg21.eu\/wp-content\/uploads\/2020\/07\/Grasdachsiedlung-Hannover-09.jpg 1500w\" sizes=\"auto, (max-width: 300px) 100vw, 300px\" \/><\/a><strong><span class=\"postal-code\">30659<\/span> Hanover-Bothfeld<\/strong>Planning: Bookhoff und Rentrop, 69 flats, very high share of own work, grass roof, construction costs: 550 Euro\/m\u00b2 (without own work share), total construction costs: 950 Euro\/m\u00b2, occupation: 1984 to 1987<\/p>\n\n<br class=\"clear\" \/>\n<br \/>\n<a href=\"http:\/\/sdg21.eu\/en\/db\/laher-wiesen-hannover\">Show more &gt;&gt; <\/a>\n<div class=\"su-spacer\" style=\"height:20px\"><\/div>\n<span>&#8211; &#8211; &#8211; &#8211; &#8211; &#8211; &#8211; &#8211; &#8211; &#8211; &#8211; &#8211; &#8211; &#8211; &#8211; &#8211; &#8211; &#8211;<\/span>\n\t\t\n\t\t\t<h2><a href=\"http:\/\/sdg21.eu\/en\/db\/wohnanlage-am-dorf\">Low-energy house residential complex \"Am Dorf<\/a><\/h2> \n<span style=\"font-size: 8pt;\"><\/span>\n<strong>Size: <\/strong>68 CU . <strong>Plot: <\/strong> Hectare  \n<div class=\"su-spacer\" style=\"height:20px\"><\/div>\n<p><strong><a href=\"http:\/\/sdg21.eu\/wp-content\/uploads\/2016\/09\/am-dorf.jpg\"><img loading=\"lazy\" decoding=\"async\" class=\"alignleft wp-image-9660 size-medium\" title=\"Photo: J.Brauch\/A.J.Junker , Karlsruhe\" src=\"http:\/\/sdg21.eu\/wp-content\/uploads\/2016\/09\/am-dorf-300x225.jpg\" alt=\"am-dorf\" width=\"300\" height=\"225\" srcset=\"https:\/\/sdg21.eu\/wp-content\/uploads\/2016\/09\/am-dorf-300x225.jpg 300w, https:\/\/sdg21.eu\/wp-content\/uploads\/2016\/09\/am-dorf-250x187.jpg 250w, https:\/\/sdg21.eu\/wp-content\/uploads\/2016\/09\/am-dorf-160x120.jpg 160w, https:\/\/sdg21.eu\/wp-content\/uploads\/2016\/09\/am-dorf-144x108.jpg 144w, https:\/\/sdg21.eu\/wp-content\/uploads\/2016\/09\/am-dorf.jpg 363w\" sizes=\"auto, (max-width: 300px) 100vw, 300px\" \/><\/a>69115 Heidelberg:<\/strong> 68 rental apartments with a heating energy requirement of less than 50 (kWh\/m2a). Architect: Gerstner. Project participants: ifeu-Institut, eb\u00f6k, among others. High standard under narrow margin of rent control in social housing. 170 m\u00b2 solar thermal system, 200 m\u00b2 solar power system with 23 kW. Building materials: materials containing PVC and CFCs as well as tropical wood were avoided. Wooden windows were installed, in heavily used areas wood-aluminium composite windows. Occupation: 1996<\/p>\n\n<br class=\"clear\" \/>\n<br \/>\n<a href=\"http:\/\/sdg21.eu\/en\/db\/wohnanlage-am-dorf\">Show more &gt;&gt; <\/a>\n<div class=\"su-spacer\" style=\"height:20px\"><\/div>\n<span>&#8211; &#8211; &#8211; &#8211; &#8211; &#8211; &#8211; &#8211; &#8211; &#8211; &#8211; &#8211; &#8211; &#8211; &#8211; &#8211; &#8211; &#8211;<\/span>\n\t\t\n\t\t\t<h2><a href=\"http:\/\/sdg21.eu\/en\/db\/baugruppe-stadt-frau-rieselfeld\">Building group Stadt &amp; Frau Rieselfeld<\/a><\/h2> \n<span style=\"font-size: 8pt;\"><\/span>\n<strong>Size: <\/strong>67 CU . <strong>Plot: <\/strong> Hectare  \n<div class=\"su-spacer\" style=\"height:20px\"><\/div>\n<p><strong> <img loading=\"lazy\" decoding=\"async\" class=\"alignleft\" src=\"http:\/\/sdg21.eu\/wp-content\/uploads\/2016\/09\/Blick_vom_Spielplatz-300x200.jpg\" alt=\"Blick_vom_Spielplatz\" width=\"300\" height=\"199\" \/>79111 Freiburg-Rieselfeld <\/strong>(Project No. 2)<strong>:  <\/strong>67 apartments, 3 commercial units. Extensive consideration of gender aspects, barrier-free construction, common use of various rooms, spacious arcades. Mixing: in the first building mainly single mothers, in the second building young families and in the third building a mixed resident structure. Construction: 1996 - 2001<\/p>\n\n<br class=\"clear\" \/>\n<br \/>\n<a href=\"http:\/\/sdg21.eu\/en\/db\/baugruppe-stadt-frau-rieselfeld\">Show more &gt;&gt; <\/a>\n<div class=\"su-spacer\" style=\"height:20px\"><\/div>\n<span>&#8211; &#8211; &#8211; &#8211; &#8211; &#8211; &#8211; &#8211; &#8211; &#8211; &#8211; &#8211; &#8211; &#8211; &#8211; &#8211; &#8211; &#8211;<\/span>\n\t\t\n\t\t\t<h2><a href=\"http:\/\/sdg21.eu\/en\/db\/fuggerei-in-augsburg\">Fuggerei in Augsburg<\/a><\/h2> \n<span style=\"font-size: 8pt;\"><\/span>\n<strong>Size: <\/strong>67 CU . <strong>Plot: <\/strong>1.5 hectare  \n<div class=\"su-spacer\" style=\"height:20px\"><\/div>\n<p><strong>86152 Augsburg:<\/strong> For 500 years, the residents of Augsburg's Fuggerei have been paying as much cold rent as their previous tenants: 88 cents, which is equivalent to one guilder. In addition, they pay about 85 euros per month for utilities such as electricity, water and heating. The Fuggerei is considered the oldest social housing estate in the world. Completion: 1521<\/p>\n\n<br class=\"clear\" \/>\n<br \/>\n<a href=\"http:\/\/sdg21.eu\/en\/db\/fuggerei-in-augsburg\">Show more &gt;&gt; <\/a>\n<div class=\"su-spacer\" style=\"height:20px\"><\/div>\n<span>&#8211; &#8211; &#8211; &#8211; &#8211; &#8211; &#8211; &#8211; &#8211; &#8211; &#8211; &#8211; &#8211; &#8211; &#8211; &#8211; &#8211; &#8211;<\/span>\n\t\t\n\t\t\t<h2><a href=\"http:\/\/sdg21.eu\/en\/db\/gemeinsam-wohnen-im-karmelkloster\">Living together in the Carmel Monastery<\/a><\/h2> \n<span style=\"font-size: 8pt;\"><\/span>\n<strong>Size: <\/strong>66 CU . <strong>Plot: <\/strong> Hectare  \n<div class=\"su-spacer\" style=\"height:20px\"><\/div>\n<p style=\"text-align: left;\"><strong><a href=\"http:\/\/sdg21.eu\/wp-content\/uploads\/2016\/08\/DSC_3405.jpg\"><img loading=\"lazy\" decoding=\"async\" class=\"alignleft wp-image-9792 size-medium\" src=\"http:\/\/sdg21.eu\/wp-content\/uploads\/2016\/08\/DSC_3405-300x200.jpg\" alt=\"dsc_3405\" width=\"300\" height=\"200\" srcset=\"https:\/\/sdg21.eu\/wp-content\/uploads\/2016\/08\/DSC_3405-300x200.jpg 300w, https:\/\/sdg21.eu\/wp-content\/uploads\/2016\/08\/DSC_3405-560x374.jpg 560w, https:\/\/sdg21.eu\/wp-content\/uploads\/2016\/08\/DSC_3405-1280x854.jpg 1280w, https:\/\/sdg21.eu\/wp-content\/uploads\/2016\/08\/DSC_3405-250x167.jpg 250w, https:\/\/sdg21.eu\/wp-content\/uploads\/2016\/08\/DSC_3405-768x512.jpg 768w, https:\/\/sdg21.eu\/wp-content\/uploads\/2016\/08\/DSC_3405-1536x1025.jpg 1536w, https:\/\/sdg21.eu\/wp-content\/uploads\/2016\/08\/DSC_3405-2048x1367.jpg 2048w, https:\/\/sdg21.eu\/wp-content\/uploads\/2016\/08\/DSC_3405-1320x881.jpg 1320w, https:\/\/sdg21.eu\/wp-content\/uploads\/2016\/08\/DSC_3405-160x107.jpg 160w, https:\/\/sdg21.eu\/wp-content\/uploads\/2016\/08\/DSC_3405-1024x683.jpg 1024w, https:\/\/sdg21.eu\/wp-content\/uploads\/2016\/08\/DSC_3405-144x96.jpg 144w\" sizes=\"auto, (max-width: 300px) 100vw, 300px\" \/><\/a>53229 Bonn:<\/strong> Conversion of a former monastery building with 29 residential units, a community room and 2 offices. Complementary new development with 16 terraced houses and a multi-family house with 21 flats (total: 66 flats), plot: approx. 10,000 m\u00b2. Completion: 2003<\/p>\n\n<br class=\"clear\" \/>\n<br \/>\n<a href=\"http:\/\/sdg21.eu\/en\/db\/gemeinsam-wohnen-im-karmelkloster\">Show more &gt;&gt; <\/a>\n<div class=\"su-spacer\" style=\"height:20px\"><\/div>\n<span>&#8211; &#8211; &#8211; &#8211; &#8211; &#8211; &#8211; &#8211; &#8211; &#8211; &#8211; &#8211; &#8211; &#8211; &#8211; &#8211; &#8211; &#8211;<\/span>\n\t\t\n\t\t\t<h2><a href=\"http:\/\/sdg21.eu\/en\/db\/modellprojekt-integriertes-wohnen-kempten\">Model Project Integrated Living Kempten<\/a><\/h2> \n<span style=\"font-size: 8pt;\"><\/span>\n<strong>Size: <\/strong>64 CU . <strong>Plot: <\/strong> Hectare  \n<div class=\"su-spacer\" style=\"height:20px\"><\/div>\n<p><strong>87435 Kempten:<\/strong> 64 units, nationwide model project of the Experimental Housing and Urban Development Programme of the Federal Government and the State of Bavaria, architecture: Gruppe 4+. Participation: Wohnbund. Common area, guest apartment, student apartments, day care, assisted living community with the aim of integrating elderly and disabled people and integrating and upgrading the entire urban quarter. Several awards, including the German Urban Development Prize. Completion: 1994<\/p>\n\n<br class=\"clear\" \/>\n<br \/>\n<a href=\"http:\/\/sdg21.eu\/en\/db\/modellprojekt-integriertes-wohnen-kempten\">Show more &gt;&gt; <\/a>\n<div class=\"su-spacer\" style=\"height:20px\"><\/div>\n<span>&#8211; &#8211; &#8211; &#8211; &#8211; &#8211; &#8211; &#8211; &#8211; &#8211; &#8211; &#8211; &#8211; &#8211; &#8211; &#8211; &#8211; &#8211;<\/span>\n\t\t\n\t\t\t<h2><a href=\"http:\/\/sdg21.eu\/en\/db\/dorf-in-der-stadt\">\"Village in the city\" in Heidenheim<\/a><\/h2> \n<span style=\"font-size: 8pt;\"><\/span>\n<strong>Size: <\/strong>63 CU . <strong>Plot: <\/strong> Hectare  \n<div class=\"su-spacer\" style=\"height:20px\"><\/div>\n<p><strong><img loading=\"lazy\" decoding=\"async\" class=\"alignleft wp-image-6798\" src=\"http:\/\/sdg21.eu\/wp-content\/uploads\/2016\/08\/DorfinderStadt_logo.png\" alt=\"DorfinderStadt_logo\" width=\"160\" height=\"107\" srcset=\"https:\/\/sdg21.eu\/wp-content\/uploads\/2016\/08\/DorfinderStadt_logo.png 224w, https:\/\/sdg21.eu\/wp-content\/uploads\/2016\/08\/DorfinderStadt_logo-160x107.png 160w, https:\/\/sdg21.eu\/wp-content\/uploads\/2016\/08\/DorfinderStadt_logo-144x96.png 144w\" sizes=\"auto, (max-width: 160px) 100vw, 160px\" \/>89518 Heidenheim:<\/strong> 63 units of intergenerational living in the city with high ecological standards. The first residents moved in in 2004. By the end of 2009, just over 100 people from babies to the elderly were already living in the project. The group of houses is located on the outskirts of Heidenheim, rich in forests and meadows, in the direct vicinity of a Demeter farm.<\/p>\n\n<br class=\"clear\" \/>\n<br \/>\n<a href=\"http:\/\/sdg21.eu\/en\/db\/dorf-in-der-stadt\">Show more &gt;&gt; <\/a>\n<div class=\"su-spacer\" style=\"height:20px\"><\/div>\n<span>&#8211; &#8211; &#8211; &#8211; &#8211; &#8211; &#8211; &#8211; &#8211; &#8211; &#8211; &#8211; &#8211; &#8211; &#8211; &#8211; &#8211; &#8211;<\/span>\n\t\t\n\t\t\t<h2><a href=\"http:\/\/sdg21.eu\/en\/db\/soziales-wohnprojekt-aegidienhof-in-luebeck\">Aegidienhof\" social housing project in L\u00fcbeck<\/a><\/h2> \n<span style=\"font-size: 8pt;\"><\/span>\n<strong>Size: <\/strong>63 CU . <strong>Plot: <\/strong> Hectare  \n<div class=\"su-spacer\" style=\"height:20px\"><\/div>\n<p><strong><a href=\"http:\/\/sdg21.eu\/wp-content\/uploads\/2020\/04\/07-07-21_DED_HL_008-Pano-scaled.jpg\"><img loading=\"lazy\" decoding=\"async\" class=\"alignleft wp-image-22010 size-medium\" src=\"http:\/\/sdg21.eu\/wp-content\/uploads\/2020\/04\/07-07-21_DED_HL_008-Pano-300x144.jpg\" alt=\"\" width=\"300\" height=\"144\" srcset=\"https:\/\/sdg21.eu\/wp-content\/uploads\/2020\/04\/07-07-21_DED_HL_008-Pano-300x144.jpg 300w, https:\/\/sdg21.eu\/wp-content\/uploads\/2020\/04\/07-07-21_DED_HL_008-Pano-560x268.jpg 560w, https:\/\/sdg21.eu\/wp-content\/uploads\/2020\/04\/07-07-21_DED_HL_008-Pano-1280x613.jpg 1280w, https:\/\/sdg21.eu\/wp-content\/uploads\/2020\/04\/07-07-21_DED_HL_008-Pano-250x120.jpg 250w, https:\/\/sdg21.eu\/wp-content\/uploads\/2020\/04\/07-07-21_DED_HL_008-Pano-768x368.jpg 768w, https:\/\/sdg21.eu\/wp-content\/uploads\/2020\/04\/07-07-21_DED_HL_008-Pano-1536x735.jpg 1536w, https:\/\/sdg21.eu\/wp-content\/uploads\/2020\/04\/07-07-21_DED_HL_008-Pano-2048x980.jpg 2048w, https:\/\/sdg21.eu\/wp-content\/uploads\/2020\/04\/07-07-21_DED_HL_008-Pano-1320x632.jpg 1320w, https:\/\/sdg21.eu\/wp-content\/uploads\/2020\/04\/07-07-21_DED_HL_008-Pano-1024x490.jpg 1024w, https:\/\/sdg21.eu\/wp-content\/uploads\/2020\/04\/07-07-21_DED_HL_008-Pano-160x77.jpg 160w, https:\/\/sdg21.eu\/wp-content\/uploads\/2020\/04\/07-07-21_DED_HL_008-Pano-144x69.jpg 144w\" sizes=\"auto, (max-width: 300px) 100vw, 300px\" \/><\/a>23552 L\u00fcbeck:<\/strong> At the time, the Aegidienhof was the largest social housing project in Schleswig-Holstein. Here, young and old, people without and with disabilities, single people and families, live and work together in a new urban mix. The architectural firm Meyer Steffens Architekten+Stadtplaner BDA carefully renovated and converted twelve different old town houses around a large common courtyard in the complex around the Aegidienhof, which is significant in terms of architectural and cultural history. The result is 65 apartments as well as 9 studios, practices, offices, workshops and a caf\u00e9. Completion (modernization): 2003<\/p>\n\n<br class=\"clear\" \/>\n<br \/>\n<a href=\"http:\/\/sdg21.eu\/en\/db\/soziales-wohnprojekt-aegidienhof-in-luebeck\">Show more &gt;&gt; <\/a>\n<div class=\"su-spacer\" style=\"height:20px\"><\/div>\n<span>&#8211; &#8211; &#8211; &#8211; &#8211; &#8211; &#8211; &#8211; &#8211; &#8211; &#8211; &#8211; &#8211; &#8211; &#8211; &#8211; &#8211; &#8211;<\/span>\n\t\t\n\t\t\t<h2><a href=\"http:\/\/sdg21.eu\/en\/db\/wohnsiedlung-am-kalander\">Housing estate Am Kalander<\/a><\/h2> \n<span style=\"font-size: 8pt;\"><\/span>\n<strong>Size: <\/strong>62 CU . <strong>Plot: <\/strong> Hectare  \n<div class=\"su-spacer\" style=\"height:20px\"><\/div>\n<p><strong>84478 Waldkraiburg:<\/strong> A housing estate with 62 apartments, 2 shops, 2 offices and an underground car park with 54 parking spaces, in the concept of a garden city. Completion: 1994\/95<\/p>\n\n<br class=\"clear\" \/>\n<br \/>\n<a href=\"http:\/\/sdg21.eu\/en\/db\/wohnsiedlung-am-kalander\">Show more &gt;&gt; <\/a>\n<div class=\"su-spacer\" style=\"height:20px\"><\/div>\n<span>&#8211; &#8211; &#8211; &#8211; &#8211; &#8211; &#8211; &#8211; &#8211; &#8211; &#8211; &#8211; &#8211; &#8211; &#8211; &#8211; &#8211; &#8211;<\/span>\n\t\t\n\t\t\t<h2><a href=\"http:\/\/sdg21.eu\/en\/db\/hundertwassersiedlung-wohnen-unterm-regenturm\">Hundertwasser housing estate \"Living under the rain tower<\/a><\/h2> \n<span style=\"font-size: 8pt;\"><\/span>\n<strong>Size: <\/strong>62 CU . <strong>Plot: <\/strong> Hectare  \n<div class=\"su-spacer\" style=\"height:20px\"><\/div>\n<p><strong><a href=\"http:\/\/sdg21.eu\/wp-content\/uploads\/2016\/08\/hunterwasser-plochingen.jpg\"><img loading=\"lazy\" decoding=\"async\" class=\"alignleft wp-image-7931 size-medium\" src=\"http:\/\/sdg21.eu\/wp-content\/uploads\/2016\/08\/hunterwasser-plochingen-300x204.jpg\" alt=\"hunterwasser-plochingen\" width=\"300\" height=\"204\" srcset=\"https:\/\/sdg21.eu\/wp-content\/uploads\/2016\/08\/hunterwasser-plochingen-300x204.jpg 300w, https:\/\/sdg21.eu\/wp-content\/uploads\/2016\/08\/hunterwasser-plochingen-560x381.jpg 560w, https:\/\/sdg21.eu\/wp-content\/uploads\/2016\/08\/hunterwasser-plochingen-250x170.jpg 250w, https:\/\/sdg21.eu\/wp-content\/uploads\/2016\/08\/hunterwasser-plochingen-768x522.jpg 768w, https:\/\/sdg21.eu\/wp-content\/uploads\/2016\/08\/hunterwasser-plochingen-160x109.jpg 160w, https:\/\/sdg21.eu\/wp-content\/uploads\/2016\/08\/hunterwasser-plochingen-1024x696.jpg 1024w, https:\/\/sdg21.eu\/wp-content\/uploads\/2016\/08\/hunterwasser-plochingen-144x98.jpg 144w, https:\/\/sdg21.eu\/wp-content\/uploads\/2016\/08\/hunterwasser-plochingen-100x68.jpg 100w, https:\/\/sdg21.eu\/wp-content\/uploads\/2016\/08\/hunterwasser-plochingen.jpg 1196w\" sizes=\"auto, (max-width: 300px) 100vw, 300px\" \/><\/a>73207 Plochingen:<\/strong> residential complex designed according to Hundertwasser, green roof, water features, residential courtyard, many tourists. 62 apartments, 16 commercial units, 2,300 sqm area for a shopping market. 1.5 hectares of land. Construction time: 1991-1994<\/p>\n\n<br class=\"clear\" \/>\n<br \/>\n<a href=\"http:\/\/sdg21.eu\/en\/db\/hundertwassersiedlung-wohnen-unterm-regenturm\">Show more &gt;&gt; <\/a>\n<div class=\"su-spacer\" style=\"height:20px\"><\/div>\n<span>&#8211; &#8211; &#8211; &#8211; &#8211; &#8211; &#8211; &#8211; &#8211; &#8211; &#8211; &#8211; &#8211; &#8211; &#8211; &#8211; &#8211; &#8211;<\/span>\n\t\t\n\t\t\t<h2><a href=\"http:\/\/sdg21.eu\/en\/db\/lebensgarten-steyerberg\">Life Garden Steyerberg<\/a><\/h2> \n<span style=\"font-size: 8pt;\"><\/span>\n<strong>Size: <\/strong>62 CU . <strong>Plot: <\/strong> Hectare  \n<div class=\"su-spacer\" style=\"height:20px\"><\/div>\n<p><strong><a href=\"http:\/\/sdg21.eu\/wp-content\/uploads\/2016\/08\/DSCN1246_CS.jpg\"><img loading=\"lazy\" decoding=\"async\" class=\"alignleft wp-image-9763 size-medium\" title=\"Photo: Carsten Sperling\" src=\"http:\/\/sdg21.eu\/wp-content\/uploads\/2016\/08\/DSCN1246_CS-300x225.jpg\" alt=\"dscn1246_cs\" width=\"300\" height=\"225\" srcset=\"https:\/\/sdg21.eu\/wp-content\/uploads\/2016\/08\/DSCN1246_CS-300x225.jpg 300w, https:\/\/sdg21.eu\/wp-content\/uploads\/2016\/08\/DSCN1246_CS-560x420.jpg 560w, https:\/\/sdg21.eu\/wp-content\/uploads\/2016\/08\/DSCN1246_CS-1280x960.jpg 1280w, https:\/\/sdg21.eu\/wp-content\/uploads\/2016\/08\/DSCN1246_CS-250x187.jpg 250w, https:\/\/sdg21.eu\/wp-content\/uploads\/2016\/08\/DSCN1246_CS-768x576.jpg 768w, https:\/\/sdg21.eu\/wp-content\/uploads\/2016\/08\/DSCN1246_CS-1536x1152.jpg 1536w, https:\/\/sdg21.eu\/wp-content\/uploads\/2016\/08\/DSCN1246_CS-1320x990.jpg 1320w, https:\/\/sdg21.eu\/wp-content\/uploads\/2016\/08\/DSCN1246_CS-160x120.jpg 160w, https:\/\/sdg21.eu\/wp-content\/uploads\/2016\/08\/DSCN1246_CS-1024x768.jpg 1024w, https:\/\/sdg21.eu\/wp-content\/uploads\/2016\/08\/DSCN1246_CS-144x108.jpg 144w, https:\/\/sdg21.eu\/wp-content\/uploads\/2016\/08\/DSCN1246_CS.jpg 1575w\" sizes=\"auto, (max-width: 300px) 100vw, 300px\" \/><\/a>31595 Steyerberg:<\/strong> the Lebensgarten Steyerberg e. V. is a settlement community with 62 terraced houses, which was founded in 1984 and which is characterized by the spiritual <a href=\"http:\/\/www.findhorn.org\/\" target=\"_blank\" rel=\"noopener noreferrer\">Findhorn Community<\/a> in Scotland. The settlement community is united by the desire to live in harmony with each other and with the surrounding nature. Not far from Hanover, it was an Expo 2000 project.<\/p>\n\n<br class=\"clear\" \/>\n<br \/>\n<a href=\"http:\/\/sdg21.eu\/en\/db\/lebensgarten-steyerberg\">Show more &gt;&gt; <\/a>\n<div class=\"su-spacer\" style=\"height:20px\"><\/div>\n<span>&#8211; &#8211; &#8211; &#8211; &#8211; &#8211; &#8211; &#8211; &#8211; &#8211; &#8211; &#8211; &#8211; &#8211; &#8211; &#8211; &#8211; &#8211;<\/span>\n\t\t\n\t\t\t<h2><a href=\"http:\/\/sdg21.eu\/en\/db\/prisma-nuernberg\">Gewerbehof \"Prisma\" Nuremberg<\/a><\/h2> \n<span style=\"font-size: 8pt;\"><\/span>\n<strong>Size: <\/strong>61 CU . <strong>Plot: <\/strong> Hectare  \n<div class=\"su-spacer\" style=\"height:20px\"><\/div>\n<p><span class=\"postal-code\"><a href=\"http:\/\/sdg21.eu\/wp-content\/uploads\/2016\/09\/2-Wintergarten-Innen-2.jpg\"><img loading=\"lazy\" decoding=\"async\" class=\"alignleft wp-image-9722 size-medium\" src=\"http:\/\/sdg21.eu\/wp-content\/uploads\/2016\/09\/2-Wintergarten-Innen-2-204x300.jpg\" alt=\"2-wintergarten-innen-2\" width=\"204\" height=\"300\" srcset=\"https:\/\/sdg21.eu\/wp-content\/uploads\/2016\/09\/2-Wintergarten-Innen-2-204x300.jpg 204w, https:\/\/sdg21.eu\/wp-content\/uploads\/2016\/09\/2-Wintergarten-Innen-2-381x560.jpg 381w, https:\/\/sdg21.eu\/wp-content\/uploads\/2016\/09\/2-Wintergarten-Innen-2-170x250.jpg 170w, https:\/\/sdg21.eu\/wp-content\/uploads\/2016\/09\/2-Wintergarten-Innen-2-768x1128.jpg 768w, https:\/\/sdg21.eu\/wp-content\/uploads\/2016\/09\/2-Wintergarten-Innen-2-109x160.jpg 109w, https:\/\/sdg21.eu\/wp-content\/uploads\/2016\/09\/2-Wintergarten-Innen-2-697x1024.jpg 697w, https:\/\/sdg21.eu\/wp-content\/uploads\/2016\/09\/2-Wintergarten-Innen-2-98x144.jpg 98w, https:\/\/sdg21.eu\/wp-content\/uploads\/2016\/09\/2-Wintergarten-Innen-2.jpg 814w\" sizes=\"auto, (max-width: 204px) 100vw, 204px\" \/><\/a><strong>90443<\/strong><\/span> <span class=\"locality\"><strong>Nuremberg:<\/strong> Planning: <\/span>Joachim Eble Architecture. Developer: Karlsruher Lebensversicherung AG. Exceptional colour design. \"Urban oasis\" in an intensively urbanized and sealed urban district. Natural air conditioning with water concept (Ramboll Studio Dreiseitl). Offices and commercial on the lower floors. One storey residential building and maisonette apartments on the ground floor with a total of 61 units. Partly in board stack construction, high building biology standard. Completion: 1997<\/p>\n\n<br class=\"clear\" \/>\n<br \/>\n<a href=\"http:\/\/sdg21.eu\/en\/db\/prisma-nuernberg\">Show more &gt;&gt; <\/a>\n<div class=\"su-spacer\" style=\"height:20px\"><\/div>\n<span>&#8211; &#8211; &#8211; &#8211; &#8211; &#8211; &#8211; &#8211; &#8211; &#8211; &#8211; &#8211; &#8211; &#8211; &#8211; &#8211; &#8211; &#8211;<\/span>\n\t\t\n\t\t\t<h2><a href=\"http:\/\/sdg21.eu\/en\/db\/tes-energy-facade\">TES-Energy-Facade for the Gr\u00fcntenstra\u00dfe in Augsburg<\/a><\/h2> \n<span style=\"font-size: 8pt;\"><\/span>\n<strong>Size: <\/strong>60 CU . <strong>Plot: <\/strong> Hectare  \n<div class=\"su-spacer\" style=\"height:20px\"><\/div>\n<p><strong><a href=\"http:\/\/sdg21.eu\/wp-content\/uploads\/2016\/08\/Gruentenstr_Saniert_Ost.jpg\"><img loading=\"lazy\" decoding=\"async\" class=\"alignleft wp-image-10895 size-medium\" title=\"Photography: Eckhart Matth\u00e4us\" src=\"http:\/\/sdg21.eu\/wp-content\/uploads\/2016\/08\/Gruentenstr_Saniert_Ost-300x199.jpg\" alt=\"gruentenstr_saniert_ost\" width=\"300\" height=\"199\" srcset=\"https:\/\/sdg21.eu\/wp-content\/uploads\/2016\/08\/Gruentenstr_Saniert_Ost-300x199.jpg 300w, https:\/\/sdg21.eu\/wp-content\/uploads\/2016\/08\/Gruentenstr_Saniert_Ost-560x372.jpg 560w, https:\/\/sdg21.eu\/wp-content\/uploads\/2016\/08\/Gruentenstr_Saniert_Ost-250x166.jpg 250w, https:\/\/sdg21.eu\/wp-content\/uploads\/2016\/08\/Gruentenstr_Saniert_Ost-160x106.jpg 160w, https:\/\/sdg21.eu\/wp-content\/uploads\/2016\/08\/Gruentenstr_Saniert_Ost-144x96.jpg 144w, https:\/\/sdg21.eu\/wp-content\/uploads\/2016\/08\/Gruentenstr_Saniert_Ost.jpg 635w\" sizes=\"auto, (max-width: 300px) 100vw, 300px\" \/><\/a>86163 Augsburg:<\/strong> Refurbishment of a six-storey rental apartment building from the 1960s with prefabricated timber frame elements (TES-Energy-Facade). Refurbishment in occupied condition. 60 apartments, usable floor space 6,300 m\u00b2, architect: lattkearchitekten (Augsburg), built: 2012<\/p>\n\n<br class=\"clear\" \/>\n<br \/>\n<a href=\"http:\/\/sdg21.eu\/en\/db\/tes-energy-facade\">Show more &gt;&gt; <\/a>\n<div class=\"su-spacer\" style=\"height:20px\"><\/div>\n<span>&#8211; &#8211; &#8211; &#8211; &#8211; &#8211; &#8211; &#8211; &#8211; &#8211; &#8211; &#8211; &#8211; &#8211; &#8211; &#8211; &#8211; &#8211;<\/span>\n\t\t\n\t\t\t<h2><a href=\"http:\/\/sdg21.eu\/en\/db\/neungeschossiges-holzhybridhaus\">SKAIO - the highest wooden house in Germany<\/a><\/h2> \n<span style=\"font-size: 8pt;\"><\/span>\n<strong>Size: <\/strong>60 CU . <strong>Plot: <\/strong> Hectare  \n<div class=\"su-spacer\" style=\"height:20px\"><\/div>\n<p><a href=\"#gallery-11120\"><img loading=\"lazy\" decoding=\"async\" class=\"alignleft wp-image-11118 size-thumbnail\" title=\"Fig.: Kaden and Lager, Berlin\" src=\"http:\/\/sdg21.eu\/wp-content\/uploads\/2016\/08\/HH_Heilbron_Cam_1_09_kl-113x160.jpg\" alt=\"Abb.: Kaden und Lager, Berlin\" width=\"113\" height=\"160\" srcset=\"https:\/\/sdg21.eu\/wp-content\/uploads\/2016\/08\/HH_Heilbron_Cam_1_09_kl-113x160.jpg 113w, https:\/\/sdg21.eu\/wp-content\/uploads\/2016\/08\/HH_Heilbron_Cam_1_09_kl-396x560.jpg 396w, https:\/\/sdg21.eu\/wp-content\/uploads\/2016\/08\/HH_Heilbron_Cam_1_09_kl-905x1280.jpg 905w, https:\/\/sdg21.eu\/wp-content\/uploads\/2016\/08\/HH_Heilbron_Cam_1_09_kl-177x250.jpg 177w, https:\/\/sdg21.eu\/wp-content\/uploads\/2016\/08\/HH_Heilbron_Cam_1_09_kl-768x1086.jpg 768w, https:\/\/sdg21.eu\/wp-content\/uploads\/2016\/08\/HH_Heilbron_Cam_1_09_kl-1086x1536.jpg 1086w, https:\/\/sdg21.eu\/wp-content\/uploads\/2016\/08\/HH_Heilbron_Cam_1_09_kl-212x300.jpg 212w, https:\/\/sdg21.eu\/wp-content\/uploads\/2016\/08\/HH_Heilbron_Cam_1_09_kl-724x1024.jpg 724w, https:\/\/sdg21.eu\/wp-content\/uploads\/2016\/08\/HH_Heilbron_Cam_1_09_kl-102x144.jpg 102w, https:\/\/sdg21.eu\/wp-content\/uploads\/2016\/08\/HH_Heilbron_Cam_1_09_kl.jpg 1240w\" sizes=\"auto, (max-width: 113px) 100vw, 113px\" \/><\/a><strong>74076 Heilbronn:<\/strong> The architects Kaden &amp; Lager from Berlin are building 60 rental apartments in Heilbronn on the J1 site on behalf of Stadtsiedlung Heilbronn, a ten-storey timber hybrid house.<\/p>\n\n<br class=\"clear\" \/>\n<br \/>\n<a href=\"http:\/\/sdg21.eu\/en\/db\/neungeschossiges-holzhybridhaus\">Show more &gt;&gt; <\/a>\n<div class=\"su-spacer\" style=\"height:20px\"><\/div>\n<span>&#8211; &#8211; &#8211; &#8211; &#8211; &#8211; &#8211; &#8211; &#8211; &#8211; &#8211; &#8211; &#8211; &#8211; &#8211; &#8211; &#8211; &#8211;<\/span>\n\t\t\n\t\t\t<h2><a href=\"http:\/\/sdg21.eu\/en\/db\/neue-hoefe-duerwiss\">\"Neue H\u00f6fe D\u00fcrwi\u00df\"<\/a><\/h2> \n<span style=\"font-size: 8pt;\"><\/span>\n<strong>Size: <\/strong>60 CU . <strong>Plot: <\/strong> Hectare  \n<div class=\"su-spacer\" style=\"height:20px\"><\/div>\n<p><strong><a href=\"http:\/\/sdg21.eu\/wp-content\/uploads\/2016\/08\/logo-neue-hoefe-duerwiss.jpg\"><img loading=\"lazy\" decoding=\"async\" class=\"alignleft wp-image-8142\" src=\"http:\/\/sdg21.eu\/wp-content\/uploads\/2016\/08\/logo-neue-hoefe-duerwiss.jpg\" alt=\"logo-neue-hoefe-duerwiss\" width=\"160\" height=\"44\" srcset=\"https:\/\/sdg21.eu\/wp-content\/uploads\/2016\/08\/logo-neue-hoefe-duerwiss.jpg 250w, https:\/\/sdg21.eu\/wp-content\/uploads\/2016\/08\/logo-neue-hoefe-duerwiss-100x28.jpg 100w, https:\/\/sdg21.eu\/wp-content\/uploads\/2016\/08\/logo-neue-hoefe-duerwiss-144x40.jpg 144w\" sizes=\"auto, (max-width: 160px) 100vw, 160px\" \/><\/a><a href=\"http:\/\/sdg21.eu\/wp-content\/uploads\/2016\/09\/In-Entstehung_gr100px_200dpi.jpg\"><img loading=\"lazy\" decoding=\"async\" class=\"alignleft size-full wp-image-9350\" src=\"http:\/\/sdg21.eu\/wp-content\/uploads\/2016\/09\/In-Entstehung_gr100px_200dpi.jpg\" alt=\"In-Entstehung_gr100px_200dpi\" width=\"25\" height=\"100\" \/><\/a>52249 Eschweiler-D\u00fcrwi\u00df: <\/strong> Model settlement for resource-efficient construction. 60 plots on 3.7 ha of open space. The city of Eschweiler is developing a resource-efficient residential area together with RWE Power AG and the Aachen-based Kathy Beys Foundation. Single-family and multi-family houses, multi-generation houses, residential courtyards, etc. are to be built with a wide range of living space for families, residential communities, individualists, senior citizens, etc.<\/p>\n\n<br class=\"clear\" \/>\n<br \/>\n<a href=\"http:\/\/sdg21.eu\/en\/db\/neue-hoefe-duerwiss\">Show more &gt;&gt; <\/a>\n<div class=\"su-spacer\" style=\"height:20px\"><\/div>\n<span>&#8211; &#8211; &#8211; &#8211; &#8211; &#8211; &#8211; &#8211; &#8211; &#8211; &#8211; &#8211; &#8211; &#8211; &#8211; &#8211; &#8211; &#8211;<\/span>\n\t\t\n\t\t\t<h2><a href=\"http:\/\/sdg21.eu\/en\/db\/oekodorf-sieben-linden\">Ecovillage Sieben Linden<\/a><\/h2> \n<span style=\"font-size: 8pt;\"><\/span>\n<strong>Size: <\/strong>60 CU . <strong>Plot: <\/strong> Hectare  \n<div class=\"su-spacer\" style=\"height:20px\"><\/div>\n<p class=\"Text\" style=\"text-align: left;\" align=\"left\"><a href=\"#gallery-11786\"><img loading=\"lazy\" decoding=\"async\" class=\"alignleft wp-image-11795 size-medium\" title=\"Photo: satoshi-photography.com\" src=\"http:\/\/sdg21.eu\/wp-content\/uploads\/2016\/11\/siebenlinden_luftaufnahme_2016-300x194.jpg\" alt=\"\" width=\"300\" height=\"194\" srcset=\"https:\/\/sdg21.eu\/wp-content\/uploads\/2016\/11\/siebenlinden_luftaufnahme_2016-300x194.jpg 300w, https:\/\/sdg21.eu\/wp-content\/uploads\/2016\/11\/siebenlinden_luftaufnahme_2016-560x363.jpg 560w, https:\/\/sdg21.eu\/wp-content\/uploads\/2016\/11\/siebenlinden_luftaufnahme_2016-1280x829.jpg 1280w, https:\/\/sdg21.eu\/wp-content\/uploads\/2016\/11\/siebenlinden_luftaufnahme_2016-250x162.jpg 250w, https:\/\/sdg21.eu\/wp-content\/uploads\/2016\/11\/siebenlinden_luftaufnahme_2016-768x497.jpg 768w, https:\/\/sdg21.eu\/wp-content\/uploads\/2016\/11\/siebenlinden_luftaufnahme_2016-1536x994.jpg 1536w, https:\/\/sdg21.eu\/wp-content\/uploads\/2016\/11\/siebenlinden_luftaufnahme_2016-1320x855.jpg 1320w, https:\/\/sdg21.eu\/wp-content\/uploads\/2016\/11\/siebenlinden_luftaufnahme_2016-160x104.jpg 160w, https:\/\/sdg21.eu\/wp-content\/uploads\/2016\/11\/siebenlinden_luftaufnahme_2016-1024x663.jpg 1024w, https:\/\/sdg21.eu\/wp-content\/uploads\/2016\/11\/siebenlinden_luftaufnahme_2016-144x93.jpg 144w, https:\/\/sdg21.eu\/wp-content\/uploads\/2016\/11\/siebenlinden_luftaufnahme_2016.jpg 1642w\" sizes=\"auto, (max-width: 300px) 100vw, 300px\" \/><\/a><strong><img loading=\"lazy\" decoding=\"async\" class=\"alignleft size-full wp-image-9350\" src=\"http:\/\/sdg21.eu\/wp-content\/uploads\/2016\/09\/In-Entstehung_gr100px_200dpi.jpg\" alt=\"In-Entstehung_gr100px_200dpi\" width=\"25\" height=\"100\" \/>D - 38489 Beetzendorf-Poppau:<\/strong> Here a new village for 300 inhabitants has been built since 1997. With currently 150 residents (approx. 60 units), a new self-sufficient village has been built since 1997, which enables people to live a sustainable lifestyle. There are 8 residential buildings plus the Regiohaus\/Seminarzentrum, built in low-energy to passive house standards, in Sieben Linden (as of 10\/2016). A straw-built guest house with 15 guest rooms is to be built in 2017\/18.<\/p>\n\n<br class=\"clear\" \/>\n<br \/>\n<a href=\"http:\/\/sdg21.eu\/en\/db\/oekodorf-sieben-linden\">Show more &gt;&gt; <\/a>\n<div class=\"su-spacer\" style=\"height:20px\"><\/div>\n<span>&#8211; &#8211; &#8211; &#8211; &#8211; &#8211; &#8211; &#8211; &#8211; &#8211; &#8211; &#8211; &#8211; &#8211; &#8211; &#8211; &#8211; &#8211;<\/span>\n\t\t\n\t\t\t<h2><a href=\"http:\/\/sdg21.eu\/en\/db\/klimaschutzsiedlung-am-kornweg\">Climate protection settlement \"Am Kornweg<\/a><\/h2> \n<span style=\"font-size: 8pt;\"><\/span>\n<strong>Size: <\/strong>60 CU . <strong>Plot: <\/strong> Hectare  \n<div class=\"su-spacer\" style=\"height:20px\"><\/div>\n<p><a href=\"http:\/\/sdg21.eu\/wp-content\/uploads\/2016\/08\/HH-Borstel.jpg\"><img loading=\"lazy\" decoding=\"async\" class=\"alignleft size-thumbnail wp-image-11706\" src=\"http:\/\/sdg21.eu\/wp-content\/uploads\/2016\/08\/HH-Borstel-160x52.jpg\" alt=\"hh-borstel\" width=\"160\" height=\"52\" srcset=\"https:\/\/sdg21.eu\/wp-content\/uploads\/2016\/08\/HH-Borstel-160x52.jpg 160w, https:\/\/sdg21.eu\/wp-content\/uploads\/2016\/08\/HH-Borstel-560x182.jpg 560w, https:\/\/sdg21.eu\/wp-content\/uploads\/2016\/08\/HH-Borstel-250x81.jpg 250w, https:\/\/sdg21.eu\/wp-content\/uploads\/2016\/08\/HH-Borstel-300x97.jpg 300w, https:\/\/sdg21.eu\/wp-content\/uploads\/2016\/08\/HH-Borstel-144x47.jpg 144w, https:\/\/sdg21.eu\/wp-content\/uploads\/2016\/08\/HH-Borstel.jpg 616w\" sizes=\"auto, (max-width: 160px) 100vw, 160px\" \/><\/a><strong>22769 Hamburg-Klein Borstel:<\/strong> 60 residential units, usable floor space 2,820 m<sup>2<\/sup>, approx. 160 inhabitants, car-free settlement with food co-op, bicycle fleet, bicycle city and car sharing. Number of parking spaces: 0.2 cars\/WE. Planning: NeuStadtArchitekten (Hamburg). Completion date: 2008<\/p>\n\n<br class=\"clear\" \/>\n<br \/>\n<a href=\"http:\/\/sdg21.eu\/en\/db\/klimaschutzsiedlung-am-kornweg\">Show more &gt;&gt; <\/a>\n<div class=\"su-spacer\" style=\"height:20px\"><\/div>\n<span>&#8211; &#8211; &#8211; &#8211; &#8211; &#8211; &#8211; &#8211; &#8211; &#8211; &#8211; &#8211; &#8211; &#8211; &#8211; &#8211; &#8211; &#8211;<\/span>\n\t\t\n\t\t\t<h2><a href=\"http:\/\/sdg21.eu\/en\/db\/weinmeisterhornweg\">Berlin \"Weinmeisterhornweg<\/a><\/h2> \n<span style=\"font-size: 8pt;\"><\/span>\n<strong>Size: <\/strong>60 CU . <strong>Plot: <\/strong>1 hectare  \n<div class=\"su-spacer\" style=\"height:20px\"><\/div>\n<p><a href=\"http:\/\/sdg21.eu\/wp-content\/uploads\/2016\/08\/solarhaus-1.jpg\"><img loading=\"lazy\" decoding=\"async\" class=\"alignleft wp-image-11912 size-medium\" title=\"Photo: H. Wolpensinger\" src=\"http:\/\/sdg21.eu\/wp-content\/uploads\/2016\/08\/solarhaus-1-300x207.jpg\" alt=\"Solarhaus\" width=\"300\" height=\"207\" srcset=\"https:\/\/sdg21.eu\/wp-content\/uploads\/2016\/08\/solarhaus-1-300x207.jpg 300w, https:\/\/sdg21.eu\/wp-content\/uploads\/2016\/08\/solarhaus-1-560x386.jpg 560w, https:\/\/sdg21.eu\/wp-content\/uploads\/2016\/08\/solarhaus-1-250x172.jpg 250w, https:\/\/sdg21.eu\/wp-content\/uploads\/2016\/08\/solarhaus-1-768x529.jpg 768w, https:\/\/sdg21.eu\/wp-content\/uploads\/2016\/08\/solarhaus-1-160x110.jpg 160w, https:\/\/sdg21.eu\/wp-content\/uploads\/2016\/08\/solarhaus-1-1024x705.jpg 1024w, https:\/\/sdg21.eu\/wp-content\/uploads\/2016\/08\/solarhaus-1-144x99.jpg 144w, https:\/\/sdg21.eu\/wp-content\/uploads\/2016\/08\/solarhaus-1.jpg 1196w\" sizes=\"auto, (max-width: 300px) 100vw, 300px\" \/><\/a><strong>10963 Berlin-Spandau<\/strong>: 60 WE, solar air wall collector, size: 60 WE, completion: 1993<\/p>\n\n<br class=\"clear\" \/>\n<br \/>\n<a href=\"http:\/\/sdg21.eu\/en\/db\/weinmeisterhornweg\">Show more &gt;&gt; <\/a>\n<div class=\"su-spacer\" style=\"height:20px\"><\/div>\n<span>&#8211; &#8211; &#8211; &#8211; &#8211; &#8211; &#8211; &#8211; &#8211; &#8211; &#8211; &#8211; &#8211; &#8211; &#8211; &#8211; &#8211; &#8211;<\/span>\n\t\t\n\t\t\t<h2><a href=\"http:\/\/sdg21.eu\/en\/db\/solarsiedlung-am-schlierberg\">Solar settlement \"Am Schlierberg<\/a><\/h2> \n<span style=\"font-size: 8pt;\"><\/span>\n<strong>Size: <\/strong>59 CU . <strong>Plot: <\/strong> Hectare  \n<div class=\"su-spacer\" style=\"height:20px\"><\/div>\n<p><a href=\"http:\/\/sdg21.eu\/wp-content\/uploads\/2016\/08\/Schlierberg.jpg\"><br \/>\n<\/a><a href=\"http:\/\/sdg21.eu\/wp-content\/uploads\/2019\/12\/freiburg-86-scaled.jpg\"><img loading=\"lazy\" decoding=\"async\" class=\"alignleft size-medium wp-image-20183\" src=\"http:\/\/sdg21.eu\/wp-content\/uploads\/2019\/12\/freiburg-86-300x175.jpg\" alt=\"\" width=\"300\" height=\"175\" srcset=\"https:\/\/sdg21.eu\/wp-content\/uploads\/2019\/12\/freiburg-86-300x175.jpg 300w, https:\/\/sdg21.eu\/wp-content\/uploads\/2019\/12\/freiburg-86-560x328.jpg 560w, https:\/\/sdg21.eu\/wp-content\/uploads\/2019\/12\/freiburg-86-1280x749.jpg 1280w, https:\/\/sdg21.eu\/wp-content\/uploads\/2019\/12\/freiburg-86-250x146.jpg 250w, https:\/\/sdg21.eu\/wp-content\/uploads\/2019\/12\/freiburg-86-768x449.jpg 768w, https:\/\/sdg21.eu\/wp-content\/uploads\/2019\/12\/freiburg-86-1536x899.jpg 1536w, https:\/\/sdg21.eu\/wp-content\/uploads\/2019\/12\/freiburg-86-2048x1198.jpg 2048w, https:\/\/sdg21.eu\/wp-content\/uploads\/2019\/12\/freiburg-86-1320x772.jpg 1320w, https:\/\/sdg21.eu\/wp-content\/uploads\/2019\/12\/freiburg-86-1024x599.jpg 1024w, https:\/\/sdg21.eu\/wp-content\/uploads\/2019\/12\/freiburg-86-160x94.jpg 160w, https:\/\/sdg21.eu\/wp-content\/uploads\/2019\/12\/freiburg-86-144x84.jpg 144w\" sizes=\"auto, (max-width: 300px) 100vw, 300px\" \/><\/a><strong>79100 Freiburg-Vauban<\/strong>59 UNITS. Architecture: Rolf Disch; plus energy houses with 81 to 210 m<sup>2<\/sup> and variable floor plan design; cost savings during construction due to pre-assembly of building services systems and wooden elements; south-facing orientation; main fa\u00e7ade glazing total k-value o.5; CHP for energy supply; Expo 2000 project. Completion: 2006<\/p>\n\n<br class=\"clear\" \/>\n<br \/>\n<a href=\"http:\/\/sdg21.eu\/en\/db\/solarsiedlung-am-schlierberg\">Show more &gt;&gt; <\/a>\n<div class=\"su-spacer\" style=\"height:20px\"><\/div>\n<span>&#8211; &#8211; &#8211; &#8211; &#8211; &#8211; &#8211; &#8211; &#8211; &#8211; &#8211; &#8211; &#8211; &#8211; &#8211; &#8211; &#8211; &#8211;<\/span>\n\t\t\n\t\t\t<h2><a href=\"http:\/\/sdg21.eu\/en\/db\/realisierungswettbewerb-das-gesunde-haus\">Realisation competition \"The Healthy House\" of the city of Hamm<\/a><\/h2> \n<span style=\"font-size: 8pt;\"><\/span>\n<strong>Size: <\/strong>56 CU . <strong>Plot: <\/strong>0.95 hectare  \n<div class=\"su-spacer\" style=\"height:20px\"><\/div>\n<p><strong><span class=\"postal-code\">59075<\/span> Hamm:<\/strong> The realisation competition for \"The Healthy House\" in the city of Hamm was won by a North Rhine-Westphalian-Danish architects' association. For the realization of the winning design, the city of Hamm provided an approx. 9,500 m2 plot of land on Hohenh\u00f6veler Stra\u00dfe in Bockum-H\u00f6vel.<\/p>\n\n<br class=\"clear\" \/>\n<br \/>\n<a href=\"http:\/\/sdg21.eu\/en\/db\/realisierungswettbewerb-das-gesunde-haus\">Show more &gt;&gt; <\/a>\n<div class=\"su-spacer\" style=\"height:20px\"><\/div>\n<span>&#8211; &#8211; &#8211; &#8211; &#8211; &#8211; &#8211; &#8211; &#8211; &#8211; &#8211; &#8211; &#8211; &#8211; &#8211; &#8211; &#8211; &#8211;<\/span>\n\t\t\n\t\t\t<h2><a href=\"http:\/\/sdg21.eu\/en\/db\/gruene-zitadelle-in-magdeburg\">Green Citadel in Magdeburg by Friedensreich Hundertwasser<\/a><\/h2> \n<span style=\"font-size: 8pt;\"><\/span>\n<strong>Size: <\/strong>55 CU . <strong>Plot: <\/strong> Hectare  \n<div class=\"su-spacer\" style=\"height:20px\"><\/div>\n<p><strong><a href=\"http:\/\/sdg21.eu\/wp-content\/uploads\/2020\/01\/gr\u00fcne-zitadelle-magdeburg-34.jpg\"><img loading=\"lazy\" decoding=\"async\" class=\"alignleft wp-image-20410 size-medium\" src=\"http:\/\/sdg21.eu\/wp-content\/uploads\/2020\/01\/gr\u00fcne-zitadelle-magdeburg-34-300x200.jpg\" alt=\"Foto: Juri Czabanowski, Kunst- &amp; Architekturhistoriker\" width=\"300\" height=\"200\" srcset=\"https:\/\/sdg21.eu\/wp-content\/uploads\/2020\/01\/gr\u00fcne-zitadelle-magdeburg-34-300x200.jpg 300w, https:\/\/sdg21.eu\/wp-content\/uploads\/2020\/01\/gr\u00fcne-zitadelle-magdeburg-34-560x373.jpg 560w, https:\/\/sdg21.eu\/wp-content\/uploads\/2020\/01\/gr\u00fcne-zitadelle-magdeburg-34-1280x853.jpg 1280w, https:\/\/sdg21.eu\/wp-content\/uploads\/2020\/01\/gr\u00fcne-zitadelle-magdeburg-34-250x167.jpg 250w, https:\/\/sdg21.eu\/wp-content\/uploads\/2020\/01\/gr\u00fcne-zitadelle-magdeburg-34-768x512.jpg 768w, https:\/\/sdg21.eu\/wp-content\/uploads\/2020\/01\/gr\u00fcne-zitadelle-magdeburg-34-1320x880.jpg 1320w, https:\/\/sdg21.eu\/wp-content\/uploads\/2020\/01\/gr\u00fcne-zitadelle-magdeburg-34-1024x683.jpg 1024w, https:\/\/sdg21.eu\/wp-content\/uploads\/2020\/01\/gr\u00fcne-zitadelle-magdeburg-34-160x107.jpg 160w, https:\/\/sdg21.eu\/wp-content\/uploads\/2020\/01\/gr\u00fcne-zitadelle-magdeburg-34-144x96.jpg 144w, https:\/\/sdg21.eu\/wp-content\/uploads\/2020\/01\/gr\u00fcne-zitadelle-magdeburg-34.jpg 1368w\" sizes=\"auto, (max-width: 300px) 100vw, 300px\" \/><\/a>39104 Magdeburg:<\/strong> Mixed-use residential and commercial building with shops, event rooms, hotel with 42 rooms, theatre, offices, medical practices and a kindergarten. Usable area 11,300 m\u00b2, 55 apartments, 33-metre high tower, \"window right\" and \"tree obligation\". Completion: 2005<\/p>\n\n<br class=\"clear\" \/>\n<br \/>\n<a href=\"http:\/\/sdg21.eu\/en\/db\/gruene-zitadelle-in-magdeburg\">Show more &gt;&gt; <\/a>\n<div class=\"su-spacer\" style=\"height:20px\"><\/div>\n<span>&#8211; &#8211; &#8211; &#8211; &#8211; &#8211; &#8211; &#8211; &#8211; &#8211; &#8211; &#8211; &#8211; &#8211; &#8211; &#8211; &#8211; &#8211;<\/span>\n\t\t\n\t\t\t<h2><a href=\"http:\/\/sdg21.eu\/en\/db\/solarsiedlung-erftstadt-lechenich\">Solar housing estate Erftstadt-Lechenich<\/a><\/h2> \n<span style=\"font-size: 8pt;\"><\/span>\n<strong>Size: <\/strong>53 CU . <strong>Plot: <\/strong> Hectare  \n<div class=\"su-spacer\" style=\"height:20px\"><\/div>\n<p><strong>50374 Erftstadt:<\/strong> New construction, 2 developers, 53 units (32 units in detached and semi-detached houses; 21 units in multi-family houses (subsidized housing), building area: 5 ha. Completion: 2015<\/p>\n\n<br class=\"clear\" \/>\n<br \/>\n<a href=\"http:\/\/sdg21.eu\/en\/db\/solarsiedlung-erftstadt-lechenich\">Show more &gt;&gt; <\/a>\n<div class=\"su-spacer\" style=\"height:20px\"><\/div>\n<span>&#8211; &#8211; &#8211; &#8211; &#8211; &#8211; &#8211; &#8211; &#8211; &#8211; &#8211; &#8211; &#8211; &#8211; &#8211; &#8211; &#8211; &#8211;<\/span>\n\t\t\n\t\t\t<h2><a href=\"http:\/\/sdg21.eu\/en\/db\/we-house-life-quartier-baakenhafen-hamburg\">we-house.life Baakenhafen Quarter (Hamburg)<\/a><\/h2> \n<span style=\"font-size: 8pt;\"><\/span>\n<strong>Size: <\/strong>52 CU . <strong>Plot: <\/strong> Hectare  \n<div class=\"su-spacer\" style=\"height:20px\"><\/div>\n<p><strong> <a href=\"http:\/\/sdg21.eu\/wp-content\/uploads\/2020\/09\/We-house_Baakenhafen_01.jpg\"><img loading=\"lazy\" decoding=\"async\" class=\"wp-image-23610 size-medium alignleft\" src=\"http:\/\/sdg21.eu\/wp-content\/uploads\/2020\/09\/We-house_Baakenhafen_01-300x188.jpg\" alt=\"Fotos: Eble Messerschmidt Partner\" width=\"300\" height=\"188\" srcset=\"https:\/\/sdg21.eu\/wp-content\/uploads\/2020\/09\/We-house_Baakenhafen_01-300x188.jpg 300w, https:\/\/sdg21.eu\/wp-content\/uploads\/2020\/09\/We-house_Baakenhafen_01-560x351.jpg 560w, https:\/\/sdg21.eu\/wp-content\/uploads\/2020\/09\/We-house_Baakenhafen_01-1280x801.jpg 1280w, https:\/\/sdg21.eu\/wp-content\/uploads\/2020\/09\/We-house_Baakenhafen_01-250x157.jpg 250w, https:\/\/sdg21.eu\/wp-content\/uploads\/2020\/09\/We-house_Baakenhafen_01-768x481.jpg 768w, https:\/\/sdg21.eu\/wp-content\/uploads\/2020\/09\/We-house_Baakenhafen_01-1536x962.jpg 1536w, https:\/\/sdg21.eu\/wp-content\/uploads\/2020\/09\/We-house_Baakenhafen_01-1320x826.jpg 1320w, https:\/\/sdg21.eu\/wp-content\/uploads\/2020\/09\/We-house_Baakenhafen_01-1024x641.jpg 1024w, https:\/\/sdg21.eu\/wp-content\/uploads\/2020\/09\/We-house_Baakenhafen_01-160x100.jpg 160w, https:\/\/sdg21.eu\/wp-content\/uploads\/2020\/09\/We-house_Baakenhafen_01-144x90.jpg 144w, https:\/\/sdg21.eu\/wp-content\/uploads\/2020\/09\/We-house_Baakenhafen_01.jpg 1653w\" sizes=\"auto, (max-width: 300px) 100vw, 300px\" \/><\/a>D - 20457 Hamburg Baakenhafen:<\/strong> das achtgeschossige Stadthaus in der Hamburger Hafencity wird mit 52 Wohnungen als \u00f6kologisch-sozialer Gesamtorganismus f\u00fcr ca. 180 Bewohner realisiert. Die konsequente \u00f6kologische Ausrichtung des Geb\u00e4udekonzepts sorgt f\u00fcr einen niedrigen \u00f6kologischen Fu\u00dfabdruck \u00fcber den gesamten Lebenszyklus: Massivholzbauweise (Brettstapel), Solarstromanlagen an Fassade und auf dem Dach, Wasser- und Biomassekreislaufsysteme mit Grauwasserrecycling und Terra-Preta-Produktion, intensive Fassadenbegr\u00fcnung und das Gew\u00e4chshaus zum Gem\u00fcseanbau auf dem Dach. Der Entwurf wurde im we-house Realisierungswettbewerb Baakenhafen mit dem ersten Preis ausgezeichnet. Fertigstellung: 2025\/2026<\/p>\n\n<br class=\"clear\" \/>\n<br \/>\n<a href=\"http:\/\/sdg21.eu\/en\/db\/we-house-life-quartier-baakenhafen-hamburg\">Show more &gt;&gt; <\/a>\n<div class=\"su-spacer\" style=\"height:20px\"><\/div>\n<span>&#8211; &#8211; &#8211; &#8211; &#8211; &#8211; &#8211; &#8211; &#8211; &#8211; &#8211; &#8211; &#8211; &#8211; &#8211; &#8211; &#8211; &#8211;<\/span>\n\t\t\n\t\t\t<h2><a href=\"http:\/\/sdg21.eu\/en\/db\/trier-castelnau\">Trier Castelnau<\/a><\/h2> \n<span style=\"font-size: 8pt;\"><\/span>\n<strong>Size: <\/strong>50 CU . <strong>Plot: <\/strong> Hectare  \n<div class=\"su-spacer\" style=\"height:20px\"><\/div>\n<p><strong><a href=\"http:\/\/sdg21.eu\/wp-content\/uploads\/2016\/08\/Trier_CastelnauII_Lageplan.jpg\"><img loading=\"lazy\" decoding=\"async\" class=\"alignleft wp-image-10189 size-medium\" title=\"Illustration: Joachim Eble Architecture (T\u00fcbingen)\" src=\"http:\/\/sdg21.eu\/wp-content\/uploads\/2016\/08\/Trier_CastelnauII_Lageplan-300x300.jpg\" alt=\"trier_castelnauii_lageplan\" width=\"300\" height=\"300\" srcset=\"https:\/\/sdg21.eu\/wp-content\/uploads\/2016\/08\/Trier_CastelnauII_Lageplan-300x300.jpg 300w, https:\/\/sdg21.eu\/wp-content\/uploads\/2016\/08\/Trier_CastelnauII_Lageplan-560x560.jpg 560w, https:\/\/sdg21.eu\/wp-content\/uploads\/2016\/08\/Trier_CastelnauII_Lageplan-250x250.jpg 250w, https:\/\/sdg21.eu\/wp-content\/uploads\/2016\/08\/Trier_CastelnauII_Lageplan-768x768.jpg 768w, https:\/\/sdg21.eu\/wp-content\/uploads\/2016\/08\/Trier_CastelnauII_Lageplan-160x160.jpg 160w, https:\/\/sdg21.eu\/wp-content\/uploads\/2016\/08\/Trier_CastelnauII_Lageplan-144x144.jpg 144w, https:\/\/sdg21.eu\/wp-content\/uploads\/2016\/08\/Trier_CastelnauII_Lageplan.jpg 787w\" sizes=\"auto, (max-width: 300px) 100vw, 300px\" \/><\/a>54294 Trier-Feyen:<\/strong> Residential estate on a slope with approx. 24 plots. Urban design concept by Ramboll Studio Dreiseitl and Joachim Eble Architektur as basis. Start of construction: 2017, completion: 2020<\/p>\n\n<br class=\"clear\" \/>\n<br \/>\n<a href=\"http:\/\/sdg21.eu\/en\/db\/trier-castelnau\">Show more &gt;&gt; <\/a>\n<div class=\"su-spacer\" style=\"height:20px\"><\/div>\n<span>&#8211; &#8211; &#8211; &#8211; &#8211; &#8211; &#8211; &#8211; &#8211; &#8211; &#8211; &#8211; &#8211; &#8211; &#8211; &#8211; &#8211; &#8211;<\/span>\n\t\t\n\t\t\t<h2><a href=\"http:\/\/sdg21.eu\/en\/db\/hamburg-hafenstrasse\">Hamburg Hafenstrasse<\/a><\/h2> \n<span style=\"font-size: 8pt;\"><\/span>\n<strong>Size: <\/strong>50 CU . <strong>Plot: <\/strong> Hectare  \n<div class=\"su-spacer\" style=\"height:20px\"><\/div>\n<p><strong><a href=\"http:\/\/sdg21.eu\/wp-content\/uploads\/2016\/08\/Hafenstrasse-Hamburg.jpg\"><img loading=\"lazy\" decoding=\"async\" class=\"alignleft size-medium wp-image-16914\" src=\"http:\/\/sdg21.eu\/wp-content\/uploads\/2016\/08\/Hafenstrasse-Hamburg-300x200.jpg\" alt=\"\" width=\"300\" height=\"200\" srcset=\"https:\/\/sdg21.eu\/wp-content\/uploads\/2016\/08\/Hafenstrasse-Hamburg-300x200.jpg 300w, https:\/\/sdg21.eu\/wp-content\/uploads\/2016\/08\/Hafenstrasse-Hamburg-560x374.jpg 560w, https:\/\/sdg21.eu\/wp-content\/uploads\/2016\/08\/Hafenstrasse-Hamburg-1280x854.jpg 1280w, https:\/\/sdg21.eu\/wp-content\/uploads\/2016\/08\/Hafenstrasse-Hamburg-250x167.jpg 250w, https:\/\/sdg21.eu\/wp-content\/uploads\/2016\/08\/Hafenstrasse-Hamburg-768x512.jpg 768w, https:\/\/sdg21.eu\/wp-content\/uploads\/2016\/08\/Hafenstrasse-Hamburg-1536x1025.jpg 1536w, https:\/\/sdg21.eu\/wp-content\/uploads\/2016\/08\/Hafenstrasse-Hamburg-2048x1367.jpg 2048w, https:\/\/sdg21.eu\/wp-content\/uploads\/2016\/08\/Hafenstrasse-Hamburg-1320x881.jpg 1320w, https:\/\/sdg21.eu\/wp-content\/uploads\/2016\/08\/Hafenstrasse-Hamburg-160x107.jpg 160w, https:\/\/sdg21.eu\/wp-content\/uploads\/2016\/08\/Hafenstrasse-Hamburg-1024x683.jpg 1024w, https:\/\/sdg21.eu\/wp-content\/uploads\/2016\/08\/Hafenstrasse-Hamburg-144x96.jpg 144w\" sizes=\"auto, (max-width: 300px) 100vw, 300px\" \/><\/a>20<span class=\"postal-code\">359<\/span> Hamburg:<\/strong> Renovation of old buildings and ecological everyday design in one of the most famous formerly occupied houses in Europe.<\/p>\n\n<br class=\"clear\" \/>\n<br \/>\n<a href=\"http:\/\/sdg21.eu\/en\/db\/hamburg-hafenstrasse\">Show more &gt;&gt; <\/a>\n<div class=\"su-spacer\" style=\"height:20px\"><\/div>\n<span>&#8211; &#8211; &#8211; &#8211; &#8211; &#8211; &#8211; &#8211; &#8211; &#8211; &#8211; &#8211; &#8211; &#8211; &#8211; &#8211; &#8211; &#8211;<\/span>\n\t\t\n\t\t\t<h2><a href=\"http:\/\/sdg21.eu\/en\/db\/faktor-x-siedlung-luetzeler-hof\">Factor X housing estate \"L\u00fctzeler Hof<\/a><\/h2> \n<span style=\"font-size: 8pt;\"><\/span>\n<strong>Size: <\/strong>50 CU . <strong>Plot: <\/strong> Hectare  \n<div class=\"su-spacer\" style=\"height:20px\"><\/div>\n<p><strong><a href=\"http:\/\/sdg21.eu\/wp-content\/uploads\/2016\/09\/In-Entstehung_gr100px_200dpi.jpg\"><img loading=\"lazy\" decoding=\"async\" class=\"alignleft size-full wp-image-9350\" src=\"http:\/\/sdg21.eu\/wp-content\/uploads\/2016\/09\/In-Entstehung_gr100px_200dpi.jpg\" alt=\"\" width=\"25\" height=\"100\" \/><\/a>D - 52459 Inden-Altdorf:<\/strong> The municipality of Inden has designated a further Factor X housing estate with 50 plots in the development plan. Construction of the first houses can begin as early as April. Resource-efficient single-family homes, semi-detached houses or terraced houses based on the Factor X concept will be built. RWE Power is the land owner and developer. The development was completed in spring 2019.<\/p>\n\n<br class=\"clear\" \/>\n<br \/>\n<a href=\"http:\/\/sdg21.eu\/en\/db\/faktor-x-siedlung-luetzeler-hof\">Show more &gt;&gt; <\/a>\n<div class=\"su-spacer\" style=\"height:20px\"><\/div>\n<span>&#8211; &#8211; &#8211; &#8211; &#8211; &#8211; &#8211; &#8211; &#8211; &#8211; &#8211; &#8211; &#8211; &#8211; &#8211; &#8211; &#8211; &#8211;<\/span>\n\t\t\n\t\t\t<h2><a href=\"http:\/\/sdg21.eu\/en\/db\/faktor-x-siedlung-voeckelsberg\">Factor X settlement \"V\u00f6ckelsberg<\/a><\/h2> \n<span style=\"font-size: 8pt;\"><\/span>\n<strong>Size: <\/strong>50 CU . <strong>Plot: <\/strong> Hectare  \n<div class=\"su-spacer\" style=\"height:20px\"><\/div>\n<p><strong><a href=\"http:\/\/sdg21.eu\/wp-content\/uploads\/2016\/09\/In-Entstehung_gr100px_200dpi.jpg\"><img loading=\"lazy\" decoding=\"async\" class=\"alignleft size-full wp-image-9350\" src=\"http:\/\/sdg21.eu\/wp-content\/uploads\/2016\/09\/In-Entstehung_gr100px_200dpi.jpg\" alt=\"\" width=\"25\" height=\"100\" \/><\/a>D - 52249 Eschweiler:<\/strong> the municipality of Eschweiler has designated a second Factor X housing estate with 34 plots on 3.1 hectares in the development plan. Construction of the first houses can begin as early as April. Resource- and energy-efficient single-family houses will be built on around 30 plots and four multi-family houses will be built according to the Factor X concept. Further elements of sustainable urban development, such as extensively greened roofs and a central heat supply using wood pellets, are planned. RWE Power is the landowner and developer. The development was completed in spring 2019.<\/p>\n\n<br class=\"clear\" \/>\n<br \/>\n<a href=\"http:\/\/sdg21.eu\/en\/db\/faktor-x-siedlung-voeckelsberg\">Show more &gt;&gt; <\/a>\n<div class=\"su-spacer\" style=\"height:20px\"><\/div>\n<span>&#8211; &#8211; &#8211; &#8211; &#8211; &#8211; &#8211; &#8211; &#8211; &#8211; &#8211; &#8211; &#8211; &#8211; &#8211; &#8211; &#8211; &#8211;<\/span>\n\t\t\n\t\t\t<h2><a href=\"http:\/\/sdg21.eu\/en\/db\/hundertwasserhaus-in-wien\">Hundertwasser House in Vienna<\/a><\/h2> \n<span style=\"font-size: 8pt;\"><\/span>\n<strong>Size: <\/strong>50 CU . <strong>Plot: <\/strong> Hectare  \n<div class=\"su-spacer\" style=\"height:20px\"><\/div>\n<p><strong><a href=\"http:\/\/sdg21.eu\/wp-content\/uploads\/2020\/05\/Hundertwasserhaus-2.jpg\"><img loading=\"lazy\" decoding=\"async\" class=\"wp-image-21971 size-medium alignleft\" src=\"http:\/\/sdg21.eu\/wp-content\/uploads\/2020\/05\/Hundertwasserhaus-2-300x265.jpg\" alt=\"\u00a9 Foto: Thomas Meier\" width=\"300\" height=\"265\" srcset=\"https:\/\/sdg21.eu\/wp-content\/uploads\/2020\/05\/Hundertwasserhaus-2-300x265.jpg 300w, https:\/\/sdg21.eu\/wp-content\/uploads\/2020\/05\/Hundertwasserhaus-2-560x495.jpg 560w, https:\/\/sdg21.eu\/wp-content\/uploads\/2020\/05\/Hundertwasserhaus-2-250x221.jpg 250w, https:\/\/sdg21.eu\/wp-content\/uploads\/2020\/05\/Hundertwasserhaus-2-768x679.jpg 768w, https:\/\/sdg21.eu\/wp-content\/uploads\/2020\/05\/Hundertwasserhaus-2-160x141.jpg 160w, https:\/\/sdg21.eu\/wp-content\/uploads\/2020\/05\/Hundertwasserhaus-2-144x127.jpg 144w, https:\/\/sdg21.eu\/wp-content\/uploads\/2020\/05\/Hundertwasserhaus-2.jpg 938w\" sizes=\"auto, (max-width: 300px) 100vw, 300px\" \/><\/a>AT - 1030 Vienna:<\/strong> it is the first house built according to the ideas and designs of the painter Friedensreich Hundertwasser. The house contains 50 apartments, four business premises and a doctor's practice. About 250 trees and bushes were planted on the 16 private and three communal roof terraces and on the roofs. Completion: 1986<\/p>\n\n<br class=\"clear\" \/>\n<br \/>\n<a href=\"http:\/\/sdg21.eu\/en\/db\/hundertwasserhaus-in-wien\">Show more &gt;&gt; <\/a>\n<div class=\"su-spacer\" style=\"height:20px\"><\/div>\n<span>&#8211; &#8211; &#8211; &#8211; &#8211; &#8211; &#8211; &#8211; &#8211; &#8211; &#8211; &#8211; &#8211; &#8211; &#8211; &#8211; &#8211; &#8211;<\/span>\n\t\t\n\t\t\t<h2><a href=\"http:\/\/sdg21.eu\/en\/db\/oekosiedlung-cherbonhof\">Ecological settlement Cherbonhof<\/a><\/h2> \n<span style=\"font-size: 8pt;\"><\/span>\n<strong>Size: <\/strong>49 CU . <strong>Plot: <\/strong> Hectare  \n<div class=\"su-spacer\" style=\"height:20px\"><\/div>\n<p><a href=\"http:\/\/sdg21.eu\/wp-content\/uploads\/2016\/08\/Cherbonhof-Luftbild.jpg\"><img loading=\"lazy\" decoding=\"async\" class=\"alignleft wp-image-8737 size-medium\" title=\"Photo: Theodor Henzler\" src=\"http:\/\/sdg21.eu\/wp-content\/uploads\/2016\/08\/Cherbonhof-Luftbild-300x213.jpg\" alt=\"Cherbonhof-Luftbild\" width=\"300\" height=\"213\" srcset=\"https:\/\/sdg21.eu\/wp-content\/uploads\/2016\/08\/Cherbonhof-Luftbild-300x213.jpg 300w, https:\/\/sdg21.eu\/wp-content\/uploads\/2016\/08\/Cherbonhof-Luftbild-560x397.jpg 560w, https:\/\/sdg21.eu\/wp-content\/uploads\/2016\/08\/Cherbonhof-Luftbild-1280x907.jpg 1280w, https:\/\/sdg21.eu\/wp-content\/uploads\/2016\/08\/Cherbonhof-Luftbild-250x177.jpg 250w, https:\/\/sdg21.eu\/wp-content\/uploads\/2016\/08\/Cherbonhof-Luftbild-768x544.jpg 768w, https:\/\/sdg21.eu\/wp-content\/uploads\/2016\/08\/Cherbonhof-Luftbild-1320x936.jpg 1320w, https:\/\/sdg21.eu\/wp-content\/uploads\/2016\/08\/Cherbonhof-Luftbild-100x71.jpg 100w, https:\/\/sdg21.eu\/wp-content\/uploads\/2016\/08\/Cherbonhof-Luftbild-1024x726.jpg 1024w, https:\/\/sdg21.eu\/wp-content\/uploads\/2016\/08\/Cherbonhof-Luftbild-144x102.jpg 144w, https:\/\/sdg21.eu\/wp-content\/uploads\/2016\/08\/Cherbonhof-Luftbild.jpg 1484w\" sizes=\"auto, (max-width: 300px) 100vw, 300px\" \/><\/a><strong>96047 Bamberg:<\/strong> 49, sqm, occupancy 1988, planning: architect Theodor Henzler<\/p>\n\n<br class=\"clear\" \/>\n<br \/>\n<a href=\"http:\/\/sdg21.eu\/en\/db\/oekosiedlung-cherbonhof\">Show more &gt;&gt; <\/a>\n<div class=\"su-spacer\" style=\"height:20px\"><\/div>\n<span>&#8211; &#8211; &#8211; &#8211; &#8211; &#8211; &#8211; &#8211; &#8211; &#8211; &#8211; &#8211; &#8211; &#8211; &#8211; &#8211; &#8211; &#8211;<\/span>\n\t\t\n\t\t\t<h2><a href=\"http:\/\/sdg21.eu\/en\/db\/frauen-wohn-und-baugenossenschaft\">Women's housing and building cooperative<\/a><\/h2> \n<span style=\"font-size: 8pt;\"><\/span>\n<strong>Size: <\/strong>49 CU . <strong>Plot: <\/strong> Hectare  \n<div class=\"su-spacer\" style=\"height:20px\"><\/div>\n<p><strong><b>81829<\/b> Munich-Riem:<\/strong> 49 apartments, common rooms as well as a commercial unit, ultra-low energy house with passive house standard, controlled living space ventilation, barrier-free planning<\/p>\n\n<br class=\"clear\" \/>\n<br \/>\n<a href=\"http:\/\/sdg21.eu\/en\/db\/frauen-wohn-und-baugenossenschaft\">Show more &gt;&gt; <\/a>\n<div class=\"su-spacer\" style=\"height:20px\"><\/div>\n<span>&#8211; &#8211; &#8211; &#8211; &#8211; &#8211; &#8211; &#8211; &#8211; &#8211; &#8211; &#8211; &#8211; &#8211; &#8211; &#8211; &#8211; &#8211;<\/span>\n\t\t\n\t\t\t<h2><a href=\"http:\/\/sdg21.eu\/en\/db\/s-u-s-i\">S.U.S.I.<\/a><\/h2> \n<span style=\"font-size: 8pt;\"><\/span>\n<strong>Size: <\/strong>45 CU . <strong>Plot: <\/strong> Hectare  \n<div class=\"su-spacer\" style=\"height:20px\"><\/div>\n<p><strong><a href=\"http:\/\/sdg21.eu\/wp-content\/uploads\/2016\/08\/1-6.jpg\"><img loading=\"lazy\" decoding=\"async\" class=\"alignleft  wp-image-27183\" src=\"http:\/\/sdg21.eu\/wp-content\/uploads\/2016\/08\/1-6-560x384.jpg\" alt=\"\" width=\"300\" height=\"206\" srcset=\"https:\/\/sdg21.eu\/wp-content\/uploads\/2016\/08\/1-6-560x384.jpg 560w, https:\/\/sdg21.eu\/wp-content\/uploads\/2016\/08\/1-6-250x172.jpg 250w, https:\/\/sdg21.eu\/wp-content\/uploads\/2016\/08\/1-6-768x527.jpg 768w, https:\/\/sdg21.eu\/wp-content\/uploads\/2016\/08\/1-6.jpg 1196w\" sizes=\"auto, (max-width: 300px) 100vw, 300px\" \/><\/a>79100 Freiburg-Vauban<\/strong> (Project No. 1): 285 adults, children and young people in 45 flats which are mainly divided into shared flats. Former barracks buildings converted with a lot of own work, modelled on the Cherysee barracks in Constance; creation of low-cost living space; biodiesel CHP local heat supply, clay interior plastering, cellulose insulation etc., partly very large shared flats; food coop, first occupancy after renovation with ecological building materials: 1993.<\/p>\n\n<br class=\"clear\" \/>\n<br \/>\n<a href=\"http:\/\/sdg21.eu\/en\/db\/s-u-s-i\">Show more &gt;&gt; <\/a>\n<div class=\"su-spacer\" style=\"height:20px\"><\/div>\n<span>&#8211; &#8211; &#8211; &#8211; &#8211; &#8211; &#8211; &#8211; &#8211; &#8211; &#8211; &#8211; &#8211; &#8211; &#8211; &#8211; &#8211; &#8211;<\/span>\n\t\t\n\t\t\t<h2><a href=\"http:\/\/sdg21.eu\/en\/db\/biosolare-wohnsiedlung-amorbach\">Biosolar housing estate Amorbach<\/a><\/h2> \n<span style=\"font-size: 8pt;\"><\/span>\n<strong>Size: <\/strong>45 CU . <strong>Plot: <\/strong> Hectare  \n<div class=\"su-spacer\" style=\"height:20px\"><\/div>\n<p><strong>74172 Neckarsulm- Amorbach:<\/strong> 45 units as single, double and multi-family houses, date of occupancy: 1999<\/p>\n\n<br class=\"clear\" \/>\n<br \/>\n<a href=\"http:\/\/sdg21.eu\/en\/db\/biosolare-wohnsiedlung-amorbach\">Show more &gt;&gt; <\/a>\n<div class=\"su-spacer\" style=\"height:20px\"><\/div>\n<span>&#8211; &#8211; &#8211; &#8211; &#8211; &#8211; &#8211; &#8211; &#8211; &#8211; &#8211; &#8211; &#8211; &#8211; &#8211; &#8211; &#8211; &#8211;<\/span>\n\t\t\n\t\t\t<h2><a href=\"http:\/\/sdg21.eu\/en\/db\/wohnprojekt-rittergut-mydlinghoven\">Residential project Rittergut Mydlinghoven<\/a><\/h2> \n<span style=\"font-size: 8pt;\"><\/span>\n<strong>Size: <\/strong>45 CU . <strong>Plot: <\/strong>77 hectares  \n<div class=\"su-spacer\" style=\"height:20px\"><\/div>\n<p><strong><a href=\"http:\/\/sdg21.eu\/wp-content\/uploads\/2016\/08\/logo-wir-vom-gut.jpg\"><img loading=\"lazy\" decoding=\"async\" class=\"alignleft wp-image-8018\" src=\"http:\/\/sdg21.eu\/wp-content\/uploads\/2016\/08\/logo-wir-vom-gut.jpg\" alt=\"logo-wir-vom-gut\" width=\"160\" height=\"102\" srcset=\"https:\/\/sdg21.eu\/wp-content\/uploads\/2016\/08\/logo-wir-vom-gut.jpg 197w, https:\/\/sdg21.eu\/wp-content\/uploads\/2016\/08\/logo-wir-vom-gut-100x64.jpg 100w, https:\/\/sdg21.eu\/wp-content\/uploads\/2016\/08\/logo-wir-vom-gut-144x92.jpg 144w\" sizes=\"auto, (max-width: 160px) 100vw, 160px\" \/><\/a>40629 Dusseldorf:<\/strong> Multi-generational project \"Alternative living - naturally together on the estate with 45 apartments, many communal areas and a co-working space. The facility operator is \"Wir vom Gut eG\". Core renovation 1998. Completion: 2018<\/p>\n\n<br class=\"clear\" \/>\n<br \/>\n<a href=\"http:\/\/sdg21.eu\/en\/db\/wohnprojekt-rittergut-mydlinghoven\">Show more &gt;&gt; <\/a>\n<div class=\"su-spacer\" style=\"height:20px\"><\/div>\n<span>&#8211; &#8211; &#8211; &#8211; &#8211; &#8211; &#8211; &#8211; &#8211; &#8211; &#8211; &#8211; &#8211; &#8211; &#8211; &#8211; &#8211; &#8211;<\/span>\n\t\t\n\t\t\t<h2><a href=\"http:\/\/sdg21.eu\/en\/db\/solarsiedlung-aachen-laurensberg\">Solar settlement Aachen-Laurensberg<\/a><\/h2> \n<span style=\"font-size: 8pt;\"><\/span>\n<strong>Size: <\/strong>43 CU . <strong>Plot: <\/strong> Hectare  \n<div class=\"su-spacer\" style=\"height:20px\"><\/div>\n<p><strong><span class=\"postal-code\">52072<\/span> Aachen-Laurensberg:<\/strong> \"Solarsiedlung Teichstra\u00dfe\", 43 residential buildings in 27 terraced and 16 semi-detached houses, as well as two office buildings in passive house standard, on 2.5 hectares of land; partly wood pellet heating, 60 % coverage via solar thermal collectors, PV system or geothermal system. Completion: 2003<\/p>\n\n<br class=\"clear\" \/>\n<br \/>\n<a href=\"http:\/\/sdg21.eu\/en\/db\/solarsiedlung-aachen-laurensberg\">Show more &gt;&gt; <\/a>\n<div class=\"su-spacer\" style=\"height:20px\"><\/div>\n<span>&#8211; &#8211; &#8211; &#8211; &#8211; &#8211; &#8211; &#8211; &#8211; &#8211; &#8211; &#8211; &#8211; &#8211; &#8211; &#8211; &#8211; &#8211;<\/span>\n\t\t\n\t\t\t<h2><a href=\"http:\/\/sdg21.eu\/en\/db\/hamburg-braamwisch\">Braamwisch eG<\/a><\/h2> \n<span style=\"font-size: 8pt;\"><\/span>\n<strong>Size: <\/strong>42 CU . <strong>Plot: <\/strong> Hectare  \n<div class=\"su-spacer\" style=\"height:20px\"><\/div>\n<p><a href=\"#gallery-11302\"><img loading=\"lazy\" decoding=\"async\" class=\"alignleft wp-image-6201 size-medium\" src=\"http:\/\/sdg21.eu\/wp-content\/uploads\/2016\/08\/braamwisch-th-300x188.jpg\" alt=\"braamwisch-th\" width=\"300\" height=\"188\" srcset=\"https:\/\/sdg21.eu\/wp-content\/uploads\/2016\/08\/braamwisch-th-300x188.jpg 300w, https:\/\/sdg21.eu\/wp-content\/uploads\/2016\/08\/braamwisch-th-560x350.jpg 560w, https:\/\/sdg21.eu\/wp-content\/uploads\/2016\/08\/braamwisch-th-250x156.jpg 250w, https:\/\/sdg21.eu\/wp-content\/uploads\/2016\/08\/braamwisch-th-768x480.jpg 768w, https:\/\/sdg21.eu\/wp-content\/uploads\/2016\/08\/braamwisch-th-144x90.jpg 144w, https:\/\/sdg21.eu\/wp-content\/uploads\/2016\/08\/braamwisch-th.jpg 960w\" sizes=\"auto, (max-width: 300px) 100vw, 300px\" \/><\/a><strong>2<span class=\"postal-code\">2175<\/span> Hamburg-Bramfeld:<\/strong> Braamwisch eG, 42 dwelling units, occupancy: 1997<\/p>\n\n<br class=\"clear\" \/>\n<br \/>\n<a href=\"http:\/\/sdg21.eu\/en\/db\/hamburg-braamwisch\">Show more &gt;&gt; <\/a>\n<div class=\"su-spacer\" style=\"height:20px\"><\/div>\n<span>&#8211; &#8211; &#8211; &#8211; &#8211; &#8211; &#8211; &#8211; &#8211; &#8211; &#8211; &#8211; &#8211; &#8211; &#8211; &#8211; &#8211; &#8211;<\/span>\n\t\t\n\t\t\t<h2><a href=\"http:\/\/sdg21.eu\/en\/db\/studierendenwohnheim-in-holzbauweise\">Student dormitory in timber construction<\/a><\/h2> \n<span style=\"font-size: 8pt;\"><\/span>\n<strong>Size: <\/strong>42 CU . <strong>Plot: <\/strong> Hectare  \n<div class=\"su-spacer\" style=\"height:20px\"><\/div>\n<p><strong><a href=\"http:\/\/sdg21.eu\/wp-content\/uploads\/2018\/05\/Konstanz-2018-40.jpg\"><img loading=\"lazy\" decoding=\"async\" class=\"alignleft wp-image-15525 size-medium\" src=\"http:\/\/sdg21.eu\/wp-content\/uploads\/2018\/05\/Konstanz-2018-40-300x199.jpg\" alt=\"\" width=\"300\" height=\"199\" srcset=\"https:\/\/sdg21.eu\/wp-content\/uploads\/2018\/05\/Konstanz-2018-40-300x199.jpg 300w, https:\/\/sdg21.eu\/wp-content\/uploads\/2018\/05\/Konstanz-2018-40-560x372.jpg 560w, https:\/\/sdg21.eu\/wp-content\/uploads\/2018\/05\/Konstanz-2018-40-1280x849.jpg 1280w, https:\/\/sdg21.eu\/wp-content\/uploads\/2018\/05\/Konstanz-2018-40-250x166.jpg 250w, https:\/\/sdg21.eu\/wp-content\/uploads\/2018\/05\/Konstanz-2018-40-768x510.jpg 768w, https:\/\/sdg21.eu\/wp-content\/uploads\/2018\/05\/Konstanz-2018-40-1320x876.jpg 1320w, https:\/\/sdg21.eu\/wp-content\/uploads\/2018\/05\/Konstanz-2018-40-160x106.jpg 160w, https:\/\/sdg21.eu\/wp-content\/uploads\/2018\/05\/Konstanz-2018-40-1024x679.jpg 1024w, https:\/\/sdg21.eu\/wp-content\/uploads\/2018\/05\/Konstanz-2018-40-144x96.jpg 144w, https:\/\/sdg21.eu\/wp-content\/uploads\/2018\/05\/Konstanz-2018-40.jpg 1388w\" sizes=\"auto, (max-width: 300px) 100vw, 300px\" \/><\/a>78404 Constance:<\/strong> Architecture: Schaudt. 102 student rooms and common rooms in 17 semi-detached houses (approx. 42 units). Timber construction: post and beam construction. Client: Constance Student Union. Completion: 1992<\/p>\n\n<br class=\"clear\" \/>\n<br \/>\n<a href=\"http:\/\/sdg21.eu\/en\/db\/studierendenwohnheim-in-holzbauweise\">Show more &gt;&gt; <\/a>\n<div class=\"su-spacer\" style=\"height:20px\"><\/div>\n<span>&#8211; &#8211; &#8211; &#8211; &#8211; &#8211; &#8211; &#8211; &#8211; &#8211; &#8211; &#8211; &#8211; &#8211; &#8211; &#8211; &#8211; &#8211;<\/span>\n\t\t\n\t\t\t<h2><a href=\"http:\/\/sdg21.eu\/en\/db\/steinfurth-borghorst\">NRW Solar Settlement \"Steinfurt-Borghorst<\/a><\/h2> \n<span style=\"font-size: 8pt;\"><\/span>\n<strong>Size: <\/strong>42 CU . <strong>Plot: <\/strong> Hectare  \n<div class=\"su-spacer\" style=\"height:20px\"><\/div>\n<p><strong><a href=\"#gallery-11288\"><img loading=\"lazy\" decoding=\"async\" class=\"alignleft wp-image-11291 size-medium\" src=\"http:\/\/sdg21.eu\/wp-content\/uploads\/2016\/10\/03-1-300x224.jpg\" alt=\"03\" width=\"300\" height=\"224\" srcset=\"https:\/\/sdg21.eu\/wp-content\/uploads\/2016\/10\/03-1-300x224.jpg 300w, https:\/\/sdg21.eu\/wp-content\/uploads\/2016\/10\/03-1-250x187.jpg 250w, https:\/\/sdg21.eu\/wp-content\/uploads\/2016\/10\/03-1-160x120.jpg 160w, https:\/\/sdg21.eu\/wp-content\/uploads\/2016\/10\/03-1-144x108.jpg 144w, https:\/\/sdg21.eu\/wp-content\/uploads\/2016\/10\/03-1.jpg 431w\" sizes=\"auto, (max-width: 300px) 100vw, 300px\" \/><\/a>48565 Steinfurt-Borghorst:<\/strong> 42 units, project with solar local heating and seasonal storage (1st project of \"50 Solar Housing Estates NRW\"). Completion: 2000<\/p>\n\n<br class=\"clear\" \/>\n<br \/>\n<a href=\"http:\/\/sdg21.eu\/en\/db\/steinfurth-borghorst\">Show more &gt;&gt; <\/a>\n<div class=\"su-spacer\" style=\"height:20px\"><\/div>\n<span>&#8211; &#8211; &#8211; &#8211; &#8211; &#8211; &#8211; &#8211; &#8211; &#8211; &#8211; &#8211; &#8211; &#8211; &#8211; &#8211; &#8211; &#8211;<\/span>\n\t\t\n\t\t\t<h2><a href=\"http:\/\/sdg21.eu\/en\/db\/klimaschutz-quartier-mit-kalter-nahwaerme\">Climate protection district with \"cold local heating<\/a><\/h2> \n<span style=\"font-size: 8pt;\"><\/span>\n<strong>Size: <\/strong>41 CU . <strong>Plot: <\/strong> Hectare  \n<div class=\"su-spacer\" style=\"height:20px\"><\/div>\n<p><strong><a href=\"http:\/\/sdg21.eu\/wp-content\/uploads\/2019\/07\/naturstromNetzwaerme.jpg\"><img loading=\"lazy\" decoding=\"async\" class=\"alignleft size-medium wp-image-16702\" src=\"http:\/\/sdg21.eu\/wp-content\/uploads\/2019\/07\/naturstromNetzwaerme-300x164.jpg\" alt=\"\" width=\"300\" height=\"164\" srcset=\"https:\/\/sdg21.eu\/wp-content\/uploads\/2019\/07\/naturstromNetzwaerme-300x164.jpg 300w, https:\/\/sdg21.eu\/wp-content\/uploads\/2019\/07\/naturstromNetzwaerme-560x305.jpg 560w, https:\/\/sdg21.eu\/wp-content\/uploads\/2019\/07\/naturstromNetzwaerme-250x136.jpg 250w, https:\/\/sdg21.eu\/wp-content\/uploads\/2019\/07\/naturstromNetzwaerme-768x419.jpg 768w, https:\/\/sdg21.eu\/wp-content\/uploads\/2019\/07\/naturstromNetzwaerme-160x87.jpg 160w, https:\/\/sdg21.eu\/wp-content\/uploads\/2019\/07\/naturstromNetzwaerme-144x79.jpg 144w, https:\/\/sdg21.eu\/wp-content\/uploads\/2019\/07\/naturstromNetzwaerme.jpg 770w\" sizes=\"auto, (max-width: 300px) 100vw, 300px\" \/><\/a>D - 73262 Reichenbach an der Fils: <\/strong>In the Esslingen district of Baden-W\u00fcrttemberg, a new development is being built with a so-called \"cold local heating network\", which will not only heat the 41 houses in an environmentally friendly way in the future, but also contribute to the temperature control in summer. Photovoltaic systems including storage, which will supply the quarter with home-generated solar power around the clock, round off the energy concept. The focus is on an innovative local heating supply based on geothermal energy.<\/p>\n\n<br class=\"clear\" \/>\n<br \/>\n<a href=\"http:\/\/sdg21.eu\/en\/db\/klimaschutz-quartier-mit-kalter-nahwaerme\">Show more &gt;&gt; <\/a>\n<div class=\"su-spacer\" style=\"height:20px\"><\/div>\n<span>&#8211; &#8211; &#8211; &#8211; &#8211; &#8211; &#8211; &#8211; &#8211; &#8211; &#8211; &#8211; &#8211; &#8211; &#8211; &#8211; &#8211; &#8211;<\/span>\n\t\t\n\t\t\t<h2><a href=\"http:\/\/sdg21.eu\/en\/db\/oekologische-siedlung-geroldsaecker\">Ecological settlement Gerolds\u00e4cker<\/a><\/h2> \n<span style=\"font-size: 8pt;\"><\/span>\n<strong>Size: <\/strong>40 CU . <strong>Plot: <\/strong> Hectare  \n<div class=\"su-spacer\" style=\"height:20px\"><\/div>\n<p><strong><a href=\"#gallery-9284\"><img loading=\"lazy\" decoding=\"async\" class=\"alignleft wp-image-9265 size-medium\" title=\"Photo: Anna Franchi 2003\" src=\"http:\/\/sdg21.eu\/wp-content\/uploads\/2016\/09\/Dorfplatz_1-300x202.jpg\" alt=\"Dorfplatz_1\" width=\"300\" height=\"202\" srcset=\"https:\/\/sdg21.eu\/wp-content\/uploads\/2016\/09\/Dorfplatz_1-300x202.jpg 300w, https:\/\/sdg21.eu\/wp-content\/uploads\/2016\/09\/Dorfplatz_1-560x377.jpg 560w, https:\/\/sdg21.eu\/wp-content\/uploads\/2016\/09\/Dorfplatz_1-250x168.jpg 250w, https:\/\/sdg21.eu\/wp-content\/uploads\/2016\/09\/Dorfplatz_1-768x517.jpg 768w, https:\/\/sdg21.eu\/wp-content\/uploads\/2016\/09\/Dorfplatz_1-160x108.jpg 160w, https:\/\/sdg21.eu\/wp-content\/uploads\/2016\/09\/Dorfplatz_1-144x97.jpg 144w, https:\/\/sdg21.eu\/wp-content\/uploads\/2016\/09\/Dorfplatz_1-100x67.jpg 100w, https:\/\/sdg21.eu\/wp-content\/uploads\/2016\/09\/Dorfplatz_1.jpg 886w\" sizes=\"auto, (max-width: 300px) 100vw, 300px\" \/><\/a>76137 Karlsruhe:<\/strong> 40 dwelling units, planning: P.I.A. L\u00f6ffler &amp; Schneider, differentiated urban concept, workhouse, community house, food co-op, fairground, car-free settlement area, playground, 1,250 Euro\/m\u00b2 solar architecture, occupation: 1993<\/p>\n\n<br class=\"clear\" \/>\n<br \/>\n<a href=\"http:\/\/sdg21.eu\/en\/db\/oekologische-siedlung-geroldsaecker\">Show more &gt;&gt; <\/a>\n<div class=\"su-spacer\" style=\"height:20px\"><\/div>\n<span>&#8211; &#8211; &#8211; &#8211; &#8211; &#8211; &#8211; &#8211; &#8211; &#8211; &#8211; &#8211; &#8211; &#8211; &#8211; &#8211; &#8211; &#8211;<\/span>\n\t\t\n\t\t\t<h2><a href=\"http:\/\/sdg21.eu\/en\/db\/wohnhoefe-auerberg-bonn\">Residential yards Auerberg Bonn<\/a><\/h2> \n<span style=\"font-size: 8pt;\"><\/span>\n<strong>Size: <\/strong>40 CU . <strong>Plot: <\/strong> Hectare  \n<div class=\"su-spacer\" style=\"height:20px\"><\/div>\n<p><strong><a href=\"https:\/\/informationsdienst-holz.de\/index.php?id=66&amp;tx_stores_pi1%5BlocationUid%5D=61&amp;tx_stores_pi1%5Baction%5D=show\" target=\"_blank\" rel=\"noopener noreferrer\"><img loading=\"lazy\" decoding=\"async\" class=\"alignleft wp-image-8103 size-medium\" title=\"Photo: Thomas Koculak\" src=\"http:\/\/sdg21.eu\/wp-content\/uploads\/2016\/08\/csm_Wohnhoefe_Auerberg_0_5d6be3b9b4-300x202.jpg\" alt=\"Wohnh\u00f6fe Auerberg\" width=\"300\" height=\"202\" srcset=\"https:\/\/sdg21.eu\/wp-content\/uploads\/2016\/08\/csm_Wohnhoefe_Auerberg_0_5d6be3b9b4-300x202.jpg 300w, https:\/\/sdg21.eu\/wp-content\/uploads\/2016\/08\/csm_Wohnhoefe_Auerberg_0_5d6be3b9b4-560x377.jpg 560w, https:\/\/sdg21.eu\/wp-content\/uploads\/2016\/08\/csm_Wohnhoefe_Auerberg_0_5d6be3b9b4-250x168.jpg 250w, https:\/\/sdg21.eu\/wp-content\/uploads\/2016\/08\/csm_Wohnhoefe_Auerberg_0_5d6be3b9b4-100x67.jpg 100w, https:\/\/sdg21.eu\/wp-content\/uploads\/2016\/08\/csm_Wohnhoefe_Auerberg_0_5d6be3b9b4-144x97.jpg 144w, https:\/\/sdg21.eu\/wp-content\/uploads\/2016\/08\/csm_Wohnhoefe_Auerberg_0_5d6be3b9b4.jpg 628w\" sizes=\"auto, (max-width: 300px) 100vw, 300px\" \/><\/a>53117 Bonn-Auerberg:<\/strong> 40 rental detached houses organized in two courtyards. Solid construction with facades in timber construction, ceiling above ground floor in timber construction. For ecological reasons as well as for longer durability of the roof structure, the 'warm roof' (the so-called 'unventilated roof') was extensively greened. Completion: 2003<\/p>\n\n<br class=\"clear\" \/>\n<br \/>\n<a href=\"http:\/\/sdg21.eu\/en\/db\/wohnhoefe-auerberg-bonn\">Show more &gt;&gt; <\/a>\n<div class=\"su-spacer\" style=\"height:20px\"><\/div>\n<span>&#8211; &#8211; &#8211; &#8211; &#8211; &#8211; &#8211; &#8211; &#8211; &#8211; &#8211; &#8211; &#8211; &#8211; &#8211; &#8211; &#8211; &#8211;<\/span>\n\t\t\n\t\t\t<h2><a href=\"http:\/\/sdg21.eu\/en\/db\/wohnsinn-darmstadt\">Wohnsinn eG Darmstadt<\/a><\/h2> \n<span style=\"font-size: 8pt;\"><\/span>\n<strong>Size: <\/strong>39 CU . <strong>Plot: <\/strong> Hectare  \n<div class=\"su-spacer\" style=\"height:20px\"><\/div>\n<p><strong><a href=\"http:\/\/sdg21.eu\/wp-content\/uploads\/2020\/12\/Wohnsinn-eG-04.jpg\"><img loading=\"lazy\" decoding=\"async\" class=\"alignleft  wp-image-26518\" src=\"http:\/\/sdg21.eu\/wp-content\/uploads\/2020\/12\/Wohnsinn-eG-04-560x420.jpg\" alt=\"\" width=\"300\" height=\"225\" srcset=\"https:\/\/sdg21.eu\/wp-content\/uploads\/2020\/12\/Wohnsinn-eG-04-560x420.jpg 560w, https:\/\/sdg21.eu\/wp-content\/uploads\/2020\/12\/Wohnsinn-eG-04-1280x960.jpg 1280w, https:\/\/sdg21.eu\/wp-content\/uploads\/2020\/12\/Wohnsinn-eG-04-250x187.jpg 250w, https:\/\/sdg21.eu\/wp-content\/uploads\/2020\/12\/Wohnsinn-eG-04-768x576.jpg 768w, https:\/\/sdg21.eu\/wp-content\/uploads\/2020\/12\/Wohnsinn-eG-04-1536x1152.jpg 1536w, https:\/\/sdg21.eu\/wp-content\/uploads\/2020\/12\/Wohnsinn-eG-04-1320x990.jpg 1320w, https:\/\/sdg21.eu\/wp-content\/uploads\/2020\/12\/Wohnsinn-eG-04.jpg 2039w\" sizes=\"auto, (max-width: 300px) 100vw, 300px\" \/><\/a>64289 Darmstadt-Kranichstein:<\/strong> K6 Wohnsinn eG: Passive house residential project. Completion: 2005<\/p>\n\n<br class=\"clear\" \/>\n<br \/>\n<a href=\"http:\/\/sdg21.eu\/en\/db\/wohnsinn-darmstadt\">Show more &gt;&gt; <\/a>\n<div class=\"su-spacer\" style=\"height:20px\"><\/div>\n<span>&#8211; &#8211; &#8211; &#8211; &#8211; &#8211; &#8211; &#8211; &#8211; &#8211; &#8211; &#8211; &#8211; &#8211; &#8211; &#8211; &#8211; &#8211;<\/span>\n\t\t\n\t\t\t<h2><a href=\"http:\/\/sdg21.eu\/en\/db\/wohnprojekt-neue-wege\">New Ways\" housing project<\/a><\/h2> \n<span style=\"font-size: 8pt;\"><\/span>\n<strong>Size: <\/strong>38 CU . <strong>Plot: <\/strong> Hectare  \n<div class=\"su-spacer\" style=\"height:20px\"><\/div>\n<p><a href=\"#gallery-13649\"><img loading=\"lazy\" decoding=\"async\" class=\"alignleft wp-image-13648 size-medium\" src=\"http:\/\/sdg21.eu\/wp-content\/uploads\/2016\/08\/0325_179-300x225.jpg\" alt=\"Foto: Johann Hartl, 3\/2017\" width=\"300\" height=\"225\" srcset=\"https:\/\/sdg21.eu\/wp-content\/uploads\/2016\/08\/0325_179-300x225.jpg 300w, https:\/\/sdg21.eu\/wp-content\/uploads\/2016\/08\/0325_179-560x420.jpg 560w, https:\/\/sdg21.eu\/wp-content\/uploads\/2016\/08\/0325_179-1280x960.jpg 1280w, https:\/\/sdg21.eu\/wp-content\/uploads\/2016\/08\/0325_179-250x188.jpg 250w, https:\/\/sdg21.eu\/wp-content\/uploads\/2016\/08\/0325_179-768x576.jpg 768w, https:\/\/sdg21.eu\/wp-content\/uploads\/2016\/08\/0325_179-1536x1152.jpg 1536w, https:\/\/sdg21.eu\/wp-content\/uploads\/2016\/08\/0325_179-1320x990.jpg 1320w, https:\/\/sdg21.eu\/wp-content\/uploads\/2016\/08\/0325_179-160x120.jpg 160w, https:\/\/sdg21.eu\/wp-content\/uploads\/2016\/08\/0325_179-1024x768.jpg 1024w, https:\/\/sdg21.eu\/wp-content\/uploads\/2016\/08\/0325_179-144x108.jpg 144w, https:\/\/sdg21.eu\/wp-content\/uploads\/2016\/08\/0325_179.jpg 1613w\" sizes=\"auto, (max-width: 300px) 100vw, 300px\" \/><\/a><\/p>\n<p><strong>86150 Augsburg:<\/strong> Hausgemeinschaft Neue Wege, 38 flats. The Augsburg model project takes into account different life situations and ages and is able to vary apartments according to changed needs. Occupancy: 2000<\/p>\n\n<br class=\"clear\" \/>\n<br \/>\n<a href=\"http:\/\/sdg21.eu\/en\/db\/wohnprojekt-neue-wege\">Show more &gt;&gt; <\/a>\n<div class=\"su-spacer\" style=\"height:20px\"><\/div>\n<span>&#8211; &#8211; &#8211; &#8211; &#8211; &#8211; &#8211; &#8211; &#8211; &#8211; &#8211; &#8211; &#8211; &#8211; &#8211; &#8211; &#8211; &#8211;<\/span>\n\t\t\n\t\t\t<h2><a href=\"http:\/\/sdg21.eu\/en\/db\/kubistische-baumhaeuser-in-rotterdam\">Cubist tree houses in Rotterdam<\/a><\/h2> \n<span style=\"font-size: 8pt;\"><\/span>\n<strong>Size: <\/strong>38 CU . <strong>Plot: <\/strong> Hectare  \n<div class=\"su-spacer\" style=\"height:20px\"><\/div>\n<p><a href=\"http:\/\/sdg21.eu\/wp-content\/uploads\/2020\/02\/Kubushaeuser-Rotterdam-Piet-Blom-01.jpg\"><img loading=\"lazy\" decoding=\"async\" class=\"alignleft size-medium wp-image-21268\" src=\"http:\/\/sdg21.eu\/wp-content\/uploads\/2020\/02\/Kubushaeuser-Rotterdam-Piet-Blom-01-266x300.jpg\" alt=\"\" width=\"266\" height=\"300\" srcset=\"https:\/\/sdg21.eu\/wp-content\/uploads\/2020\/02\/Kubushaeuser-Rotterdam-Piet-Blom-01-266x300.jpg 266w, https:\/\/sdg21.eu\/wp-content\/uploads\/2020\/02\/Kubushaeuser-Rotterdam-Piet-Blom-01-497x560.jpg 497w, https:\/\/sdg21.eu\/wp-content\/uploads\/2020\/02\/Kubushaeuser-Rotterdam-Piet-Blom-01-222x250.jpg 222w, https:\/\/sdg21.eu\/wp-content\/uploads\/2020\/02\/Kubushaeuser-Rotterdam-Piet-Blom-01-142x160.jpg 142w, https:\/\/sdg21.eu\/wp-content\/uploads\/2020\/02\/Kubushaeuser-Rotterdam-Piet-Blom-01-128x144.jpg 128w, https:\/\/sdg21.eu\/wp-content\/uploads\/2020\/02\/Kubushaeuser-Rotterdam-Piet-Blom-01.jpg 736w\" sizes=\"auto, (max-width: 266px) 100vw, 266px\" \/><\/a><strong>NL - Rotterdam: <\/strong>the cube or tree house housing estate with 38 apartments was designed by architect Piet Blom and has become an architectural classic. The floor area without trunk is approximately 100 m\u00b2, a cube has an edge length of 7.5 meters. The outer walls of the apartments were built using a wooden skeleton construction made of pine wood, the supporting structure and the floor slabs are made of in-situ concrete. Completion: 1984<\/p>\n\n<br class=\"clear\" \/>\n<br \/>\n<a href=\"http:\/\/sdg21.eu\/en\/db\/kubistische-baumhaeuser-in-rotterdam\">Show more &gt;&gt; <\/a>\n<div class=\"su-spacer\" style=\"height:20px\"><\/div>\n<span>&#8211; &#8211; &#8211; &#8211; &#8211; &#8211; &#8211; &#8211; &#8211; &#8211; &#8211; &#8211; &#8211; &#8211; &#8211; &#8211; &#8211; &#8211;<\/span>\n\t\t\n\t\t\t<h2><a href=\"http:\/\/sdg21.eu\/en\/db\/genova-eg\">Genova eG<\/a><\/h2> \n<span style=\"font-size: 8pt;\"><\/span>\n<strong>Size: <\/strong>37 CU . <strong>Plot: <\/strong> Hectare  \n<div class=\"su-spacer\" style=\"height:20px\"><\/div>\n<p><a href=\"http:\/\/sdg21.eu\/wp-content\/uploads\/2016\/08\/genova-DSCN0159.jpg\"><img loading=\"lazy\" decoding=\"async\" class=\"alignleft wp-image-7388 size-medium\" title=\"Photo: Brindusa I. Barca\" src=\"http:\/\/sdg21.eu\/wp-content\/uploads\/2016\/08\/genova-DSCN0159-300x225.jpg\" alt=\"genova-DSCN0159\" width=\"300\" height=\"225\" srcset=\"https:\/\/sdg21.eu\/wp-content\/uploads\/2016\/08\/genova-DSCN0159-300x225.jpg 300w, https:\/\/sdg21.eu\/wp-content\/uploads\/2016\/08\/genova-DSCN0159-560x420.jpg 560w, https:\/\/sdg21.eu\/wp-content\/uploads\/2016\/08\/genova-DSCN0159-250x188.jpg 250w, https:\/\/sdg21.eu\/wp-content\/uploads\/2016\/08\/genova-DSCN0159-768x576.jpg 768w, https:\/\/sdg21.eu\/wp-content\/uploads\/2016\/08\/genova-DSCN0159-100x75.jpg 100w, https:\/\/sdg21.eu\/wp-content\/uploads\/2016\/08\/genova-DSCN0159.jpg 1024w, https:\/\/sdg21.eu\/wp-content\/uploads\/2016\/08\/genova-DSCN0159-144x108.jpg 144w\" sizes=\"auto, (max-width: 300px) 100vw, 300px\" \/><\/a><strong>79100 Freiburg-Vauban<\/strong> (project no. 4): 37 units, new building on former barracks site, compact construction, solar energy systems, low-energy standard, combined heat and power plant, completion: 1999<\/p>\n\n<br class=\"clear\" \/>\n<br \/>\n<a href=\"http:\/\/sdg21.eu\/en\/db\/genova-eg\">Show more &gt;&gt; <\/a>\n<div class=\"su-spacer\" style=\"height:20px\"><\/div>\n<span>&#8211; &#8211; &#8211; &#8211; &#8211; &#8211; &#8211; &#8211; &#8211; &#8211; &#8211; &#8211; &#8211; &#8211; &#8211; &#8211; &#8211; &#8211;<\/span>\n\t\t\n\t\t\t<h2><a href=\"http:\/\/sdg21.eu\/en\/db\/oekosiedlung-am-wasserturm\">Eco-settlement \"Frasenweg<\/a><\/h2> \n<span style=\"font-size: 8pt;\"><\/span>\n<strong>Size: <\/strong>36 CU . <strong>Plot: <\/strong> Hectare  \n<div class=\"su-spacer\" style=\"height:20px\"><\/div>\n<p style=\"text-align: left;\"><strong><a href=\"#gallery-11453\"><img loading=\"lazy\" decoding=\"async\" class=\"alignleft wp-image-11455 size-medium\" src=\"http:\/\/sdg21.eu\/wp-content\/uploads\/2016\/10\/Frasenweg-01-300x225.jpg\" alt=\"frasenweg-01\" width=\"300\" height=\"225\" srcset=\"https:\/\/sdg21.eu\/wp-content\/uploads\/2016\/10\/Frasenweg-01-300x225.jpg 300w, https:\/\/sdg21.eu\/wp-content\/uploads\/2016\/10\/Frasenweg-01-560x420.jpg 560w, https:\/\/sdg21.eu\/wp-content\/uploads\/2016\/10\/Frasenweg-01-250x188.jpg 250w, https:\/\/sdg21.eu\/wp-content\/uploads\/2016\/10\/Frasenweg-01-160x120.jpg 160w, https:\/\/sdg21.eu\/wp-content\/uploads\/2016\/10\/Frasenweg-01-144x108.jpg 144w, https:\/\/sdg21.eu\/wp-content\/uploads\/2016\/10\/Frasenweg-01.jpg 600w\" sizes=\"auto, (max-width: 300px) 100vw, 300px\" \/><\/a>34128 Kassel:<\/strong> Ecological settlement \"Frasenweg\", Hegger, Hegger-Luhnen, Prof. Gernot Minke, Kassel, 36 dwelling units, GFZ 0.7, loam and timber frame construction, consistent use of recyclable and energy-saving building materials, green roofs, mound houses, rainwater harvesting, conservatories<\/p>\n\n<br class=\"clear\" \/>\n<br \/>\n<a href=\"http:\/\/sdg21.eu\/en\/db\/oekosiedlung-am-wasserturm\">Show more &gt;&gt; <\/a>\n<div class=\"su-spacer\" style=\"height:20px\"><\/div>\n<span>&#8211; &#8211; &#8211; &#8211; &#8211; &#8211; &#8211; &#8211; &#8211; &#8211; &#8211; &#8211; &#8211; &#8211; &#8211; &#8211; &#8211; &#8211;<\/span>\n\t\t\n\t\t\t<h2><a href=\"http:\/\/sdg21.eu\/en\/db\/inden-seeviertel\">Factor X settlement Inden-Seeviertel<\/a><\/h2> \n<span style=\"font-size: 8pt;\"><\/span>\n<strong>Size: <\/strong>36 CU . <strong>Plot: <\/strong> Hectare  \n<div class=\"su-spacer\" style=\"height:20px\"><\/div>\n<p><strong><a href=\"http:\/\/sdg21.eu\/wp-content\/uploads\/2016\/08\/inden-sseviertel.jpg\" target=\"_blank\" rel=\"noopener noreferrer\"><img loading=\"lazy\" decoding=\"async\" class=\"alignleft wp-image-8149 size-medium\" src=\"http:\/\/sdg21.eu\/wp-content\/uploads\/2016\/08\/inden-sseviertel-300x164.jpg\" alt=\"inden-sseviertel\" width=\"300\" height=\"164\" srcset=\"https:\/\/sdg21.eu\/wp-content\/uploads\/2016\/08\/inden-sseviertel-300x164.jpg 300w, https:\/\/sdg21.eu\/wp-content\/uploads\/2016\/08\/inden-sseviertel-560x307.jpg 560w, https:\/\/sdg21.eu\/wp-content\/uploads\/2016\/08\/inden-sseviertel-250x137.jpg 250w, https:\/\/sdg21.eu\/wp-content\/uploads\/2016\/08\/inden-sseviertel-768x421.jpg 768w, https:\/\/sdg21.eu\/wp-content\/uploads\/2016\/08\/inden-sseviertel-100x55.jpg 100w, https:\/\/sdg21.eu\/wp-content\/uploads\/2016\/08\/inden-sseviertel-144x79.jpg 144w, https:\/\/sdg21.eu\/wp-content\/uploads\/2016\/08\/inden-sseviertel.jpg 931w\" sizes=\"auto, (max-width: 300px) 100vw, 300px\" \/><\/a>52459 Inden:<\/strong> The aim of the settlement development was to use valuable resources more efficiently by a factor of 2 when building and living. Raw materials and building constructions were selected according to their environmental consumption and long-term costs. Regional building materials, timeless architecture, durable and maintenance-friendly constructions were given priority. Completion: 2018<\/p>\n\n<br class=\"clear\" \/>\n<br \/>\n<a href=\"http:\/\/sdg21.eu\/en\/db\/inden-seeviertel\">Show more &gt;&gt; <\/a>\n<div class=\"su-spacer\" style=\"height:20px\"><\/div>\n<span>&#8211; &#8211; &#8211; &#8211; &#8211; &#8211; &#8211; &#8211; &#8211; &#8211; &#8211; &#8211; &#8211; &#8211; &#8211; &#8211; &#8211; &#8211;<\/span>\n\t\t\n\t\t\t<h2><a href=\"http:\/\/sdg21.eu\/en\/db\/wohnanlage-blessensahl-luebeck\">Housing estate Blessensahl L\u00fcbeck<\/a><\/h2> \n<span style=\"font-size: 8pt;\"><\/span>\n<strong>Size: <\/strong>36 CU . <strong>Plot: <\/strong> Hectare  \n<div class=\"su-spacer\" style=\"height:20px\"><\/div>\n<p><strong>23569 L\u00fcbeck<\/strong>Residential complex Blessensahl. Architect: G\u00fcnter zur Nieden, L\u00fcbeck, Completion: 1998<\/p>\n\n<br class=\"clear\" \/>\n<br \/>\n<a href=\"http:\/\/sdg21.eu\/en\/db\/wohnanlage-blessensahl-luebeck\">Show more &gt;&gt; <\/a>\n<div class=\"su-spacer\" style=\"height:20px\"><\/div>\n<span>&#8211; &#8211; &#8211; &#8211; &#8211; &#8211; &#8211; &#8211; &#8211; &#8211; &#8211; &#8211; &#8211; &#8211; &#8211; &#8211; &#8211; &#8211;<\/span>\n\t\t\n\t\t\t<h2><a href=\"http:\/\/sdg21.eu\/en\/db\/luebeck-moisling\">Pilot Project Ecological Housing L\u00fcbeck-Blessensahl<\/a><\/h2> \n<span style=\"font-size: 8pt;\"><\/span>\n<strong>Size: <\/strong>36 CU . <strong>Plot: <\/strong> Hectare  \n<div class=\"su-spacer\" style=\"height:20px\"><\/div>\n<p><a href=\"http:\/\/sdg21.eu\/wp-content\/uploads\/2016\/08\/Blessensahl.jpg\"><img loading=\"lazy\" decoding=\"async\" class=\"alignleft size-medium wp-image-21911\" src=\"http:\/\/sdg21.eu\/wp-content\/uploads\/2016\/08\/Blessensahl-300x169.jpg\" alt=\"\" width=\"300\" height=\"169\" srcset=\"https:\/\/sdg21.eu\/wp-content\/uploads\/2016\/08\/Blessensahl-300x169.jpg 300w, https:\/\/sdg21.eu\/wp-content\/uploads\/2016\/08\/Blessensahl-560x316.jpg 560w, https:\/\/sdg21.eu\/wp-content\/uploads\/2016\/08\/Blessensahl-250x141.jpg 250w, https:\/\/sdg21.eu\/wp-content\/uploads\/2016\/08\/Blessensahl-768x433.jpg 768w, https:\/\/sdg21.eu\/wp-content\/uploads\/2016\/08\/Blessensahl-160x90.jpg 160w, https:\/\/sdg21.eu\/wp-content\/uploads\/2016\/08\/Blessensahl-144x81.jpg 144w, https:\/\/sdg21.eu\/wp-content\/uploads\/2016\/08\/Blessensahl.jpg 787w\" sizes=\"auto, (max-width: 300px) 100vw, 300px\" \/><\/a><strong>23569 L\u00fcbeck-K\u00fccknitz:<\/strong> 36 social housing units in 3 buildings in low-energy and timber construction with a total living space of 2,213 m\u00b2. Pilot project as part of the \"Resource-saving construction\" programme funded by the state of Schleswig-Holstein. The main premise in the implementation of this pilot project was the synthesis of healthy living, energy and cost-saving construction with child and family-friendly floor plans. Completion: 1998<\/p>\n\n<br class=\"clear\" \/>\n<br \/>\n<a href=\"http:\/\/sdg21.eu\/en\/db\/luebeck-moisling\">Show more &gt;&gt; <\/a>\n<div class=\"su-spacer\" style=\"height:20px\"><\/div>\n<span>&#8211; &#8211; &#8211; &#8211; &#8211; &#8211; &#8211; &#8211; &#8211; &#8211; &#8211; &#8211; &#8211; &#8211; &#8211; &#8211; &#8211; &#8211;<\/span>\n\t\t\n\t\t\t<h2><a href=\"http:\/\/sdg21.eu\/en\/db\/wohnpark-harckesheyde\">Harckesheyde residential park<\/a><\/h2> \n<span style=\"font-size: 8pt;\"><\/span>\n<strong>Size: <\/strong>36 CU . <strong>Plot: <\/strong> Hectare  \n<div class=\"su-spacer\" style=\"height:20px\"><\/div>\n<p><strong>22844 Norderstedt:<\/strong> 36 terraced houses in low-energy construction, all roofs are completely greened, combined heat and power plant. Completion: ~2002<\/p>\n\n<br class=\"clear\" \/>\n<br \/>\n<a href=\"http:\/\/sdg21.eu\/en\/db\/wohnpark-harckesheyde\">Show more &gt;&gt; <\/a>\n<div class=\"su-spacer\" style=\"height:20px\"><\/div>\n<span>&#8211; &#8211; &#8211; &#8211; &#8211; &#8211; &#8211; &#8211; &#8211; &#8211; &#8211; &#8211; &#8211; &#8211; &#8211; &#8211; &#8211; &#8211;<\/span>\n\t\t\n\t\t\t<h2><a href=\"http:\/\/sdg21.eu\/en\/db\/allermoehe\">Eco-settlement Allerm\u00f6he<\/a><\/h2> \n<span style=\"font-size: 8pt;\"><\/span>\n<strong>Size: <\/strong>36 CU . <strong>Plot: <\/strong> Hectare  \n<div class=\"su-spacer\" style=\"height:20px\"><\/div>\n<p><a href=\"#gallery-11484\"><img loading=\"lazy\" decoding=\"async\" class=\"alignleft wp-image-11482 size-medium\" src=\"http:\/\/sdg21.eu\/wp-content\/uploads\/2016\/08\/01-1-300x225.jpg\" alt=\"01\" width=\"300\" height=\"225\" srcset=\"https:\/\/sdg21.eu\/wp-content\/uploads\/2016\/08\/01-1-300x225.jpg 300w, https:\/\/sdg21.eu\/wp-content\/uploads\/2016\/08\/01-1-560x420.jpg 560w, https:\/\/sdg21.eu\/wp-content\/uploads\/2016\/08\/01-1-250x188.jpg 250w, https:\/\/sdg21.eu\/wp-content\/uploads\/2016\/08\/01-1-160x120.jpg 160w, https:\/\/sdg21.eu\/wp-content\/uploads\/2016\/08\/01-1-144x108.jpg 144w, https:\/\/sdg21.eu\/wp-content\/uploads\/2016\/08\/01-1.jpg 600w\" sizes=\"auto, (max-width: 300px) 100vw, 300px\" \/><\/a><strong>21035 Hamburg-Allerm\u00f6he:<\/strong> 36 completed units in semi-detached and terraced houses, one of the older ecological housing estates in Germany; largely built from 1985-96, the last house was built in 2003. Compost toilets, reed sewage treatment plant, biological building materials. \"Interessengemeinschaft \u00d6kologisches Bauen Allerm\u00f6he\", planning\/construction management: J. Lupp architect; Vollbracht und B\u00e4umer architects; T. Keidel, M. Uhlenhaut, Hamburg; Cordes, Rotenburg\/ W\u00fcmme. Awards Timber Construction Prize Northern Germany 1988.<\/p>\n\n<br class=\"clear\" \/>\n<br \/>\n<a href=\"http:\/\/sdg21.eu\/en\/db\/allermoehe\">Show more &gt;&gt; <\/a>\n<div class=\"su-spacer\" style=\"height:20px\"><\/div>\n<span>&#8211; &#8211; &#8211; &#8211; &#8211; &#8211; &#8211; &#8211; &#8211; &#8211; &#8211; &#8211; &#8211; &#8211; &#8211; &#8211; &#8211; &#8211;<\/span>\n\t\t\n\t\t\t<h2><a href=\"http:\/\/sdg21.eu\/en\/db\/selbsthilfeprojekt-arminiusstrasse\">Self-help project \"Arminiusstrasse<\/a><\/h2> \n<span style=\"font-size: 8pt;\"><\/span>\n<strong>Size: <\/strong>35 CU . <strong>Plot: <\/strong> Hectare  \n<div class=\"su-spacer\" style=\"height:20px\"><\/div>\n<p><strong><a href=\"http:\/\/sdg21.eu\/wp-content\/uploads\/2016\/08\/DIE-II-Ansicht-Stra\u00dfe-1.jpg\"><img loading=\"lazy\" decoding=\"async\" class=\"alignleft wp-image-9864 size-medium\" src=\"http:\/\/sdg21.eu\/wp-content\/uploads\/2016\/08\/DIE-II-Ansicht-Stra\u00dfe-1-300x201.jpg\" alt=\"die-ii-ansicht-strasse-1\" width=\"300\" height=\"201\" srcset=\"https:\/\/sdg21.eu\/wp-content\/uploads\/2016\/08\/DIE-II-Ansicht-Stra\u00dfe-1-300x201.jpg 300w, https:\/\/sdg21.eu\/wp-content\/uploads\/2016\/08\/DIE-II-Ansicht-Stra\u00dfe-1-560x375.jpg 560w, https:\/\/sdg21.eu\/wp-content\/uploads\/2016\/08\/DIE-II-Ansicht-Stra\u00dfe-1-1280x857.jpg 1280w, https:\/\/sdg21.eu\/wp-content\/uploads\/2016\/08\/DIE-II-Ansicht-Stra\u00dfe-1-250x167.jpg 250w, https:\/\/sdg21.eu\/wp-content\/uploads\/2016\/08\/DIE-II-Ansicht-Stra\u00dfe-1-768x514.jpg 768w, https:\/\/sdg21.eu\/wp-content\/uploads\/2016\/08\/DIE-II-Ansicht-Stra\u00dfe-1-1536x1028.jpg 1536w, https:\/\/sdg21.eu\/wp-content\/uploads\/2016\/08\/DIE-II-Ansicht-Stra\u00dfe-1-1320x884.jpg 1320w, https:\/\/sdg21.eu\/wp-content\/uploads\/2016\/08\/DIE-II-Ansicht-Stra\u00dfe-1-160x107.jpg 160w, https:\/\/sdg21.eu\/wp-content\/uploads\/2016\/08\/DIE-II-Ansicht-Stra\u00dfe-1-1024x685.jpg 1024w, https:\/\/sdg21.eu\/wp-content\/uploads\/2016\/08\/DIE-II-Ansicht-Stra\u00dfe-1-144x96.jpg 144w, https:\/\/sdg21.eu\/wp-content\/uploads\/2016\/08\/DIE-II-Ansicht-Stra\u00dfe-1.jpg 1600w\" sizes=\"auto, (max-width: 300px) 100vw, 300px\" \/><\/a>63128 Dietzenbach-Steinberg:<\/strong> \"Arminiusstrasse\" Architecture: Baufr\u00f6sche (Kassel), terraced houses in self-help with a high proportion of own work; experimental housing construction, 1984-88; 35 units<\/p>\n\n<br class=\"clear\" \/>\n<br \/>\n<a href=\"http:\/\/sdg21.eu\/en\/db\/selbsthilfeprojekt-arminiusstrasse\">Show more &gt;&gt; <\/a>\n<div class=\"su-spacer\" style=\"height:20px\"><\/div>\n<span>&#8211; &#8211; &#8211; &#8211; &#8211; &#8211; &#8211; &#8211; &#8211; &#8211; &#8211; &#8211; &#8211; &#8211; &#8211; &#8211; &#8211; &#8211;<\/span>\n\t\t\n\t\t\t<h2><a href=\"http:\/\/sdg21.eu\/en\/db\/block-9\">Block 9<\/a><\/h2> \n<span style=\"font-size: 8pt;\"><\/span>\n<strong>Size: <\/strong>34 CU . <strong>Plot: <\/strong> Hectare  \n<div class=\"su-spacer\" style=\"height:20px\"><\/div>\n<p><a href=\"http:\/\/sdg21.eu\/wp-content\/uploads\/2016\/08\/Block-9-10.jpg\"><img loading=\"lazy\" decoding=\"async\" class=\"alignleft wp-image-28574\" src=\"http:\/\/sdg21.eu\/wp-content\/uploads\/2016\/08\/Block-9-10-560x373.jpg\" alt=\"\" width=\"300\" height=\"200\" srcset=\"https:\/\/sdg21.eu\/wp-content\/uploads\/2016\/08\/Block-9-10-560x373.jpg 560w, https:\/\/sdg21.eu\/wp-content\/uploads\/2016\/08\/Block-9-10-250x167.jpg 250w, https:\/\/sdg21.eu\/wp-content\/uploads\/2016\/08\/Block-9-10-768x512.jpg 768w, https:\/\/sdg21.eu\/wp-content\/uploads\/2016\/08\/Block-9-10-18x12.jpg 18w, https:\/\/sdg21.eu\/wp-content\/uploads\/2016\/08\/Block-9-10.jpg 1250w\" sizes=\"auto, (max-width: 300px) 100vw, 300px\" \/><\/a><strong>72072 T\u00fcbingen-French Quarter:<\/strong> Residential and commercial space: 3,186 m\u00b2. 34 residential units in two to three-storey maisonettes and 6 commercial units. Joachim Eble architecture. Arcade access to the upper apartments. Apartment partition ceilings in board-stack concrete composite construction; toxically harmless building materials. Water play area in the residential courtyard. Total construction costs (gross): 4,650,000 euros, land costs: 550,000 euros. No basement. Completion date: 2000<\/p>\n\n<br class=\"clear\" \/>\n<br \/>\n<a href=\"http:\/\/sdg21.eu\/en\/db\/block-9\">Show more &gt;&gt; <\/a>\n<div class=\"su-spacer\" style=\"height:20px\"><\/div>\n<span>&#8211; &#8211; &#8211; &#8211; &#8211; &#8211; &#8211; &#8211; &#8211; &#8211; &#8211; &#8211; &#8211; &#8211; &#8211; &#8211; &#8211; &#8211;<\/span>\n\t\t\n\t\t\t<h2><a href=\"http:\/\/sdg21.eu\/en\/db\/aussiedlerdorf\">Aussiedlerdorf<\/a><\/h2> \n<span style=\"font-size: 8pt;\"><\/span>\n<strong>Size: <\/strong>32 CU . <strong>Plot: <\/strong> Hectare  \n<div class=\"su-spacer\" style=\"height:20px\"><\/div>\n<p><strong><a href=\"http:\/\/sdg21.eu\/wp-content\/uploads\/2016\/09\/DSCF9070a.jpg\"><img loading=\"lazy\" decoding=\"async\" class=\"alignleft wp-image-9448 size-medium\" src=\"http:\/\/sdg21.eu\/wp-content\/uploads\/2016\/09\/DSCF9070a-300x200.jpg\" alt=\"dscf9070a\" width=\"300\" height=\"200\" srcset=\"https:\/\/sdg21.eu\/wp-content\/uploads\/2016\/09\/DSCF9070a-300x200.jpg 300w, https:\/\/sdg21.eu\/wp-content\/uploads\/2016\/09\/DSCF9070a-560x374.jpg 560w, https:\/\/sdg21.eu\/wp-content\/uploads\/2016\/09\/DSCF9070a-250x167.jpg 250w, https:\/\/sdg21.eu\/wp-content\/uploads\/2016\/09\/DSCF9070a-768x512.jpg 768w, https:\/\/sdg21.eu\/wp-content\/uploads\/2016\/09\/DSCF9070a-160x107.jpg 160w, https:\/\/sdg21.eu\/wp-content\/uploads\/2016\/09\/DSCF9070a.jpg 1024w, https:\/\/sdg21.eu\/wp-content\/uploads\/2016\/09\/DSCF9070a-144x96.jpg 144w, https:\/\/sdg21.eu\/wp-content\/uploads\/2016\/09\/DSCF9070a-100x67.jpg 100w\" sizes=\"auto, (max-width: 300px) 100vw, 300px\" \/><\/a>72070 T\u00fcbingen:<\/strong> Architecture: Peter H\u00fcbner (plus+, Neckartenzlingen), \"cube settlement\" with village character, \"village square\" as centre; each apartment with own entrance<\/p>\n\n<br class=\"clear\" \/>\n<br \/>\n<a href=\"http:\/\/sdg21.eu\/en\/db\/aussiedlerdorf\">Show more &gt;&gt; <\/a>\n<div class=\"su-spacer\" style=\"height:20px\"><\/div>\n<span>&#8211; &#8211; &#8211; &#8211; &#8211; &#8211; &#8211; &#8211; &#8211; &#8211; &#8211; &#8211; &#8211; &#8211; &#8211; &#8211; &#8211; &#8211;<\/span>\n\t\t\n\t\t\t<h2><a href=\"http:\/\/sdg21.eu\/en\/db\/amaryllis-eg\">Multigenerational housing project Amaryllis eG<\/a><\/h2> \n<span style=\"font-size: 8pt;\"><\/span>\n<strong>Size: <\/strong>32 CU . <strong>Plot: <\/strong> Hectare  \n<div class=\"su-spacer\" style=\"height:20px\"><\/div>\n<p style=\"text-align: left;\"><strong><a href=\"http:\/\/sdg21.eu\/wp-content\/uploads\/2016\/08\/Amaryllis-04-2020.jpg\"><img loading=\"lazy\" decoding=\"async\" class=\"alignleft size-medium wp-image-21710\" src=\"http:\/\/sdg21.eu\/wp-content\/uploads\/2016\/08\/Amaryllis-04-2020-300x162.jpg\" alt=\"\" width=\"300\" height=\"162\" srcset=\"https:\/\/sdg21.eu\/wp-content\/uploads\/2016\/08\/Amaryllis-04-2020-300x162.jpg 300w, https:\/\/sdg21.eu\/wp-content\/uploads\/2016\/08\/Amaryllis-04-2020-560x301.jpg 560w, https:\/\/sdg21.eu\/wp-content\/uploads\/2016\/08\/Amaryllis-04-2020-1280x689.jpg 1280w, https:\/\/sdg21.eu\/wp-content\/uploads\/2016\/08\/Amaryllis-04-2020-250x135.jpg 250w, https:\/\/sdg21.eu\/wp-content\/uploads\/2016\/08\/Amaryllis-04-2020-768x413.jpg 768w, https:\/\/sdg21.eu\/wp-content\/uploads\/2016\/08\/Amaryllis-04-2020-1320x711.jpg 1320w, https:\/\/sdg21.eu\/wp-content\/uploads\/2016\/08\/Amaryllis-04-2020-1024x551.jpg 1024w, https:\/\/sdg21.eu\/wp-content\/uploads\/2016\/08\/Amaryllis-04-2020-160x86.jpg 160w, https:\/\/sdg21.eu\/wp-content\/uploads\/2016\/08\/Amaryllis-04-2020-144x78.jpg 144w, https:\/\/sdg21.eu\/wp-content\/uploads\/2016\/08\/Amaryllis-04-2020.jpg 1447w\" sizes=\"auto, (max-width: 300px) 100vw, 300px\" \/><\/a>53229 Bonn Vilich-M\u00fcldorf:<\/strong> 32 units, multi-generation residential project, number of parking spaces 0.5 PkWs\/WE, completion: 2008<\/p>\n\n<br class=\"clear\" \/>\n<br \/>\n<a href=\"http:\/\/sdg21.eu\/en\/db\/amaryllis-eg\">Show more &gt;&gt; <\/a>\n<div class=\"su-spacer\" style=\"height:20px\"><\/div>\n<span>&#8211; &#8211; &#8211; &#8211; &#8211; &#8211; &#8211; &#8211; &#8211; &#8211; &#8211; &#8211; &#8211; &#8211; &#8211; &#8211; &#8211; &#8211;<\/span>\n\t\t\n\t\t\t<h2><a href=\"http:\/\/sdg21.eu\/en\/db\/siedlung-lummerland\">Settlement Lummerland<\/a><\/h2> \n<span style=\"font-size: 8pt;\"><\/span>\n<strong>Size: <\/strong>32 CU . <strong>Plot: <\/strong> Hectare  \n<div class=\"su-spacer\" style=\"height:20px\"><\/div>\n<p><a href=\"http:\/\/sdg21.eu\/wp-content\/uploads\/2016\/08\/lummerlund.jpg\"><img loading=\"lazy\" decoding=\"async\" class=\"alignleft wp-image-6167 size-medium\" src=\"http:\/\/sdg21.eu\/wp-content\/uploads\/2016\/08\/lummerlund-300x188.jpg\" alt=\"Foto: Johann Hartl, M\u00fcnchen\" width=\"300\" height=\"188\" srcset=\"https:\/\/sdg21.eu\/wp-content\/uploads\/2016\/08\/lummerlund-300x188.jpg 300w, https:\/\/sdg21.eu\/wp-content\/uploads\/2016\/08\/lummerlund-250x157.jpg 250w, https:\/\/sdg21.eu\/wp-content\/uploads\/2016\/08\/lummerlund-144x90.jpg 144w, https:\/\/sdg21.eu\/wp-content\/uploads\/2016\/08\/lummerlund.jpg 450w\" sizes=\"auto, (max-width: 300px) 100vw, 300px\" \/><\/a><strong><span class=\"postal-code\">30539<\/span> Hanover-Kronsberg:<\/strong> 32 terraced houses in 4 rows, construction costs: \u20ac 195,000, developer: Rasch und Partner, Darmstadt. Completion: 1999<\/p>\n\n<br class=\"clear\" \/>\n<br \/>\n<a href=\"http:\/\/sdg21.eu\/en\/db\/siedlung-lummerland\">Show more &gt;&gt; <\/a>\n<div class=\"su-spacer\" style=\"height:20px\"><\/div>\n<span>&#8211; &#8211; &#8211; &#8211; &#8211; &#8211; &#8211; &#8211; &#8211; &#8211; &#8211; &#8211; &#8211; &#8211; &#8211; &#8211; &#8211; &#8211;<\/span>\n\t\t\n\t\t\t<h2><a href=\"http:\/\/sdg21.eu\/en\/db\/plusenergiesiedlung-tobel\">Plusenergiesiedlung, Tobel<\/a><\/h2> \n<span style=\"font-size: 8pt;\"><\/span>\n<strong>Size: <\/strong>32 CU . <strong>Plot: <\/strong> Hectare  \n<div class=\"su-spacer\" style=\"height:20px\"><\/div>\n<p><strong><a href=\"http:\/\/sdg21.eu\/wp-content\/uploads\/2019\/08\/Wx_27L0Q.jpeg\"><img loading=\"lazy\" decoding=\"async\" class=\"alignleft size-medium wp-image-16967\" src=\"http:\/\/sdg21.eu\/wp-content\/uploads\/2019\/08\/Wx_27L0Q-300x126.jpeg\" alt=\"\" width=\"300\" height=\"126\" srcset=\"https:\/\/sdg21.eu\/wp-content\/uploads\/2019\/08\/Wx_27L0Q-300x126.jpeg 300w, https:\/\/sdg21.eu\/wp-content\/uploads\/2019\/08\/Wx_27L0Q-560x235.jpeg 560w, https:\/\/sdg21.eu\/wp-content\/uploads\/2019\/08\/Wx_27L0Q-1280x537.jpeg 1280w, https:\/\/sdg21.eu\/wp-content\/uploads\/2019\/08\/Wx_27L0Q-250x105.jpeg 250w, https:\/\/sdg21.eu\/wp-content\/uploads\/2019\/08\/Wx_27L0Q-768x322.jpeg 768w, https:\/\/sdg21.eu\/wp-content\/uploads\/2019\/08\/Wx_27L0Q-1536x645.jpeg 1536w, https:\/\/sdg21.eu\/wp-content\/uploads\/2019\/08\/Wx_27L0Q-2048x859.jpeg 2048w, https:\/\/sdg21.eu\/wp-content\/uploads\/2019\/08\/Wx_27L0Q-1320x554.jpeg 1320w, https:\/\/sdg21.eu\/wp-content\/uploads\/2019\/08\/Wx_27L0Q-160x67.jpeg 160w, https:\/\/sdg21.eu\/wp-content\/uploads\/2019\/08\/Wx_27L0Q-1024x430.jpeg 1024w, https:\/\/sdg21.eu\/wp-content\/uploads\/2019\/08\/Wx_27L0Q-144x60.jpeg 144w\" sizes=\"auto, (max-width: 300px) 100vw, 300px\" \/><\/a>CH - Tobel:<\/strong> The PlusEnergy development in the Thurgau municipality of Tobel with three multi-family houses (MFH) and 32 apartments was built to the Minergie-P standard. The PV system has an installed capacity of 351 kWp. They generate a solar power surplus of 76'000 kWh\/a with which each apartment can use a solar-powered electric car which can drive 12'000 km CO2-free per year. Unique are the rents, which are 20% below the quarterly rents for comparable apartments in the Wil\/SG region. Swiss Eurosolar Prize 2018. Completion: 2017<\/p>\n\n<br class=\"clear\" \/>\n<br \/>\n<a href=\"http:\/\/sdg21.eu\/en\/db\/plusenergiesiedlung-tobel\">Show more &gt;&gt; <\/a>\n<div class=\"su-spacer\" style=\"height:20px\"><\/div>\n<span>&#8211; &#8211; &#8211; &#8211; &#8211; &#8211; &#8211; &#8211; &#8211; &#8211; &#8211; &#8211; &#8211; &#8211; &#8211; &#8211; &#8211; &#8211;<\/span>\n\t\t\n\t\t\t<h2><a href=\"http:\/\/sdg21.eu\/en\/db\/generationsuebergreifendes-wohnprojekt-kiel-pries\">Intergenerational housing project \"Hof Pries\" in Kiel<\/a><\/h2> \n<span style=\"font-size: 8pt;\"><\/span>\n<strong>Size: <\/strong>31 CU . <strong>Plot: <\/strong>1.8 hectare  \n<div class=\"su-spacer\" style=\"height:20px\"><\/div>\n<p><strong>24159 Kiel-Pries:<\/strong> In 7 buildings around a car-free courtyard of approx. 6,500 m\u00b2, a total of 27 apartments between approx. 40 and approx. 125 m\u00b2 living space and a community house with a grass roof, as well as an organic food store in an existing building have been created in a space-saving architecture. Four of the buildings are new constructions, in the other two buildings old building substance was redeveloped. Completion: 2003<\/p>\n\n<br class=\"clear\" \/>\n<br \/>\n<a href=\"http:\/\/sdg21.eu\/en\/db\/generationsuebergreifendes-wohnprojekt-kiel-pries\">Show more &gt;&gt; <\/a>\n<div class=\"su-spacer\" style=\"height:20px\"><\/div>\n<span>&#8211; &#8211; &#8211; &#8211; &#8211; &#8211; &#8211; &#8211; &#8211; &#8211; &#8211; &#8211; &#8211; &#8211; &#8211; &#8211; &#8211; &#8211;<\/span>\n\t\t\n\t\t\t<h2><a href=\"http:\/\/sdg21.eu\/en\/db\/einfach-und-selber-bauen\">Simple and do it yourself<\/a><\/h2> \n<span style=\"font-size: 8pt;\"><\/span>\n<strong>Size: <\/strong>30 CU . <strong>Plot: <\/strong> Hectare  \n<div class=\"su-spacer\" style=\"height:20px\"><\/div>\n<p><a href=\"http:\/\/sdg21.eu\/wp-content\/uploads\/2016\/08\/44532_Luenen_IBA.jpg\"><img loading=\"lazy\" decoding=\"async\" class=\"alignleft wp-image-9402 size-medium\" title=\"Photo: am-calversbach.net\" src=\"http:\/\/sdg21.eu\/wp-content\/uploads\/2016\/08\/44532_Luenen_IBA-300x225.jpg\" alt=\"44532_luenen_iba\" width=\"300\" height=\"225\" srcset=\"https:\/\/sdg21.eu\/wp-content\/uploads\/2016\/08\/44532_Luenen_IBA-300x225.jpg 300w, https:\/\/sdg21.eu\/wp-content\/uploads\/2016\/08\/44532_Luenen_IBA-250x188.jpg 250w, https:\/\/sdg21.eu\/wp-content\/uploads\/2016\/08\/44532_Luenen_IBA-100x75.jpg 100w, https:\/\/sdg21.eu\/wp-content\/uploads\/2016\/08\/44532_Luenen_IBA-144x108.jpg 144w, https:\/\/sdg21.eu\/wp-content\/uploads\/2016\/08\/44532_Luenen_IBA.jpg 533w\" sizes=\"auto, (max-width: 300px) 100vw, 300px\" \/><\/a><strong>44532 L\u00fcnen-Brambauer<\/strong>: a project of the IBA Emscher Park, architect: Peter H\u00fcbner, 30 dwelling units, occupation 1998<\/p>\n\n<br class=\"clear\" \/>\n<br \/>\n<a href=\"http:\/\/sdg21.eu\/en\/db\/einfach-und-selber-bauen\">Show more &gt;&gt; <\/a>\n<div class=\"su-spacer\" style=\"height:20px\"><\/div>\n<span>&#8211; &#8211; &#8211; &#8211; &#8211; &#8211; &#8211; &#8211; &#8211; &#8211; &#8211; &#8211; &#8211; &#8211; &#8211; &#8211; &#8211; &#8211;<\/span>\n\t\t\n\t\t\t<h2><a href=\"http:\/\/sdg21.eu\/en\/db\/duesseldorf-unterbach\">Eco-settlement D\u00fcsseldorf-Unterbach<\/a><\/h2> \n<span style=\"font-size: 8pt;\"><\/span>\n<strong>Size: <\/strong>30 CU . <strong>Plot: <\/strong> Hectare  \n<div class=\"su-spacer\" style=\"height:20px\"><\/div>\n<p><strong><a href=\"http:\/\/sdg21.eu\/wp-content\/uploads\/2016\/08\/duesseldorf-unterbach_oekosiedlung_6-2018_GM-scaled.jpg\"><img loading=\"lazy\" decoding=\"async\" class=\"alignleft  wp-image-28284\" src=\"http:\/\/sdg21.eu\/wp-content\/uploads\/2016\/08\/duesseldorf-unterbach_oekosiedlung_6-2018_GM-560x374.jpg\" alt=\"\" width=\"300\" height=\"201\" srcset=\"https:\/\/sdg21.eu\/wp-content\/uploads\/2016\/08\/duesseldorf-unterbach_oekosiedlung_6-2018_GM-560x374.jpg 560w, https:\/\/sdg21.eu\/wp-content\/uploads\/2016\/08\/duesseldorf-unterbach_oekosiedlung_6-2018_GM-1280x854.jpg 1280w, https:\/\/sdg21.eu\/wp-content\/uploads\/2016\/08\/duesseldorf-unterbach_oekosiedlung_6-2018_GM-250x167.jpg 250w, https:\/\/sdg21.eu\/wp-content\/uploads\/2016\/08\/duesseldorf-unterbach_oekosiedlung_6-2018_GM-768x512.jpg 768w, https:\/\/sdg21.eu\/wp-content\/uploads\/2016\/08\/duesseldorf-unterbach_oekosiedlung_6-2018_GM-1536x1025.jpg 1536w, https:\/\/sdg21.eu\/wp-content\/uploads\/2016\/08\/duesseldorf-unterbach_oekosiedlung_6-2018_GM-2048x1367.jpg 2048w, https:\/\/sdg21.eu\/wp-content\/uploads\/2016\/08\/duesseldorf-unterbach_oekosiedlung_6-2018_GM-16x12.jpg 16w, https:\/\/sdg21.eu\/wp-content\/uploads\/2016\/08\/duesseldorf-unterbach_oekosiedlung_6-2018_GM-1320x881.jpg 1320w\" sizes=\"auto, (max-width: 300px) 100vw, 300px\" \/><\/a>40627 D\u00fcsseldorf-Unterbach:<\/strong> Eco-settlement, architects: Bookhoff und Rentrop (Hannover), 30 flats, community house, community workshops, WW solar system, supply shaft accessible under the house rows, much own work, 750 Euro\/m\u00b2 living space + community facilities, occupation: 1988<\/p>\n\n<br class=\"clear\" \/>\n<br \/>\n<a href=\"http:\/\/sdg21.eu\/en\/db\/duesseldorf-unterbach\">Show more &gt;&gt; <\/a>\n<div class=\"su-spacer\" style=\"height:20px\"><\/div>\n<span>&#8211; &#8211; &#8211; &#8211; &#8211; &#8211; &#8211; &#8211; &#8211; &#8211; &#8211; &#8211; &#8211; &#8211; &#8211; &#8211; &#8211; &#8211;<\/span>\n\t\t\n\t\t\t<h2><a href=\"http:\/\/sdg21.eu\/en\/db\/wohnen-mit-kindern-wmk3\">Living with children - wmk3<\/a><\/h2> \n<span style=\"font-size: 8pt;\"><\/span>\n<strong>Size: <\/strong>30 CU . <strong>Plot: <\/strong> Hectare  \n<div class=\"su-spacer\" style=\"height:20px\"><\/div>\n<p><strong><img loading=\"lazy\" decoding=\"async\" class=\"alignleft wp-image-8023\" src=\"http:\/\/sdg21.eu\/wp-content\/uploads\/2016\/08\/wmk3-logo-300x100.png\" alt=\"wmk3-logo\" width=\"159\" height=\"53\" srcset=\"https:\/\/sdg21.eu\/wp-content\/uploads\/2016\/08\/wmk3-logo.png 300w, https:\/\/sdg21.eu\/wp-content\/uploads\/2016\/08\/wmk3-logo-250x83.png 250w, https:\/\/sdg21.eu\/wp-content\/uploads\/2016\/08\/wmk3-logo-100x33.png 100w, https:\/\/sdg21.eu\/wp-content\/uploads\/2016\/08\/wmk3-logo-144x48.png 144w\" sizes=\"auto, (max-width: 159px) 100vw, 159px\" \/>40625 D\u00fcsseldorf-Gerresheim:<\/strong> the wmk assembly<sup>3 <\/sup>is located on the \"Am Quellenbusch\" site in the D\u00fcsseldorf district of Gerresheim. In the entire construction area, 800 residential units will be built. The completion of the 30 wmk3 apartments was in 2017.<\/p>\n\n<br class=\"clear\" \/>\n<br \/>\n<a href=\"http:\/\/sdg21.eu\/en\/db\/wohnen-mit-kindern-wmk3\">Show more &gt;&gt; <\/a>\n<div class=\"su-spacer\" style=\"height:20px\"><\/div>\n<span>&#8211; &#8211; &#8211; &#8211; &#8211; &#8211; &#8211; &#8211; &#8211; &#8211; &#8211; &#8211; &#8211; &#8211; &#8211; &#8211; &#8211; &#8211;<\/span>\n\t\t\n\t\t\t<h2><a href=\"http:\/\/sdg21.eu\/en\/db\/stranddorf-augustenhof\">Baltic Sea Beach Village Augustenhof<\/a><\/h2> \n<span style=\"font-size: 8pt;\"><\/span>\n<strong>Size: <\/strong>30 CU . <strong>Plot: <\/strong> Hectare  \n<div class=\"su-spacer\" style=\"height:20px\"><\/div>\n<p><a href=\"http:\/\/sdg21.eu\/wp-content\/uploads\/2016\/08\/feriendorf.jpg\"><img loading=\"lazy\" decoding=\"async\" class=\"alignleft wp-image-9484 size-medium\" src=\"http:\/\/sdg21.eu\/wp-content\/uploads\/2016\/08\/feriendorf-300x106.jpg\" alt=\"feriendorf\" width=\"300\" height=\"106\" srcset=\"https:\/\/sdg21.eu\/wp-content\/uploads\/2016\/08\/feriendorf-300x106.jpg 300w, https:\/\/sdg21.eu\/wp-content\/uploads\/2016\/08\/feriendorf-560x197.jpg 560w, https:\/\/sdg21.eu\/wp-content\/uploads\/2016\/08\/feriendorf-250x88.jpg 250w, https:\/\/sdg21.eu\/wp-content\/uploads\/2016\/08\/feriendorf-160x56.jpg 160w, https:\/\/sdg21.eu\/wp-content\/uploads\/2016\/08\/feriendorf-144x51.jpg 144w, https:\/\/sdg21.eu\/wp-content\/uploads\/2016\/08\/feriendorf.jpg 625w\" sizes=\"auto, (max-width: 300px) 100vw, 300px\" \/><\/a><strong>23749 Grube:<\/strong> get to know ecological-sustainable building standards during their Baltic Sea holiday or do not have to do without them. 30 wooden buildings with green roofs, clay interior plaster, wood pellet heating, solar systems, separate toilets. Community house. Sauna.<\/p>\n\n<br class=\"clear\" \/>\n<br \/>\n<a href=\"http:\/\/sdg21.eu\/en\/db\/stranddorf-augustenhof\">Show more &gt;&gt; <\/a>\n<div class=\"su-spacer\" style=\"height:20px\"><\/div>\n<span>&#8211; &#8211; &#8211; &#8211; &#8211; &#8211; &#8211; &#8211; &#8211; &#8211; &#8211; &#8211; &#8211; &#8211; &#8211; &#8211; &#8211; &#8211;<\/span>\n\t\t\n\t\t\t<h2><a href=\"http:\/\/sdg21.eu\/en\/db\/fluechtlingswohngebaeude-in-ahrensburg\">Refugee housing in Ahrensburg<\/a><\/h2> \n<span style=\"font-size: 8pt;\"><\/span>\n<strong>Size: <\/strong>30 CU . <strong>Plot: <\/strong> Hectare  \n<div class=\"su-spacer\" style=\"height:20px\"><\/div>\n<p><strong>22926 Ahrensburg:<\/strong> A total of four two-storey refugee residential buildings in timber construction were built at three locations. The construction time was twelve weeks. Size of the houses: 240 square meters of living space for 25 people. Architects: H\u00f6rnes architectural office, Ahrensburg. Completion: 2016<\/p>\n\n<br class=\"clear\" \/>\n<br \/>\n<a href=\"http:\/\/sdg21.eu\/en\/db\/fluechtlingswohngebaeude-in-ahrensburg\">Show more &gt;&gt; <\/a>\n<div class=\"su-spacer\" style=\"height:20px\"><\/div>\n<span>&#8211; &#8211; &#8211; &#8211; &#8211; &#8211; &#8211; &#8211; &#8211; &#8211; &#8211; &#8211; &#8211; &#8211; &#8211; &#8211; &#8211; &#8211;<\/span>\n\t\t\n\t<\/ul>\n\t\n\t\n\t\n<\/div>","protected":false},"excerpt":{"rendered":"<p>30 - 99 WE<\/p>","protected":false},"author":1,"featured_media":0,"parent":16820,"menu_order":0,"comment_status":"closed","ping_status":"closed","template":"","meta":{"footnotes":""},"categories":[],"class_list":{"0":"post-16865","1":"page","2":"type-page","3":"status-publish","5":"gallery-content-unit","6":"czr-hentry"},"aioseo_notices":[],"_links":{"self":[{"href":"http:\/\/sdg21.eu\/en\/wp-json\/wp\/v2\/pages\/16865","targetHints":{"allow":["GET"]}}],"collection":[{"href":"http:\/\/sdg21.eu\/en\/wp-json\/wp\/v2\/pages"}],"about":[{"href":"http:\/\/sdg21.eu\/en\/wp-json\/wp\/v2\/types\/page"}],"author":[{"embeddable":true,"href":"http:\/\/sdg21.eu\/en\/wp-json\/wp\/v2\/users\/1"}],"replies":[{"embeddable":true,"href":"http:\/\/sdg21.eu\/en\/wp-json\/wp\/v2\/comments?post=16865"}],"version-history":[{"count":0,"href":"http:\/\/sdg21.eu\/en\/wp-json\/wp\/v2\/pages\/16865\/revisions"}],"up":[{"embeddable":true,"href":"http:\/\/sdg21.eu\/en\/wp-json\/wp\/v2\/pages\/16820"}],"wp:attachment":[{"href":"http:\/\/sdg21.eu\/en\/wp-json\/wp\/v2\/media?parent=16865"}],"wp:term":[{"taxonomy":"category","embeddable":true,"href":"http:\/\/sdg21.eu\/en\/wp-json\/wp\/v2\/categories?post=16865"}],"curies":[{"name":"wp","href":"https:\/\/api.w.org\/{rel}","templated":true}]}}