{"id":16823,"date":"2019-07-13T16:44:44","date_gmt":"2019-07-13T16:44:44","guid":{"rendered":"https:\/\/siedlungen.eu\/?page_id=16823"},"modified":"2020-04-04T11:17:07","modified_gmt":"2020-04-04T10:17:07","slug":"xs","status":"publish","type":"page","link":"https:\/\/sdg21.eu\/en\/projektgroesse\/xs","title":{"rendered":"XS"},"content":{"rendered":"<p>3 - 29 WE<br \/>\n<form autocomplete=\"off\" name=\"wpv-filter-21661-CATTRc38b6be42d4770f3cc252ff887fa99c2\" action=\"\/en\/wp-json\/wp\/v2\/pages\/16823?wpv_view_count=21661-CATTRc38b6be42d4770f3cc252ff887fa99c2\" method=\"get\" class=\"wpv-filter-form js-wpv-filter-form js-wpv-filter-form-21661-CATTRc38b6be42d4770f3cc252ff887fa99c2 js-wpv-form-full js-wpv-ajax-results-enabled\" data-viewnumber=\"21661-CATTRc38b6be42d4770f3cc252ff887fa99c2\" data-viewid=\"21661\" data-viewhash=\"eyJuYW1lIjoiZ3JvZXNzZSIsIndwdmdyb2Vzc2UiOiJ4cyJ9\" data-viewwidgetid=\"0\" data-orderby=\"\" data-order=\"\" data-orderbyas=\"\" data-orderbysecond=\"\" data-ordersecond=\"\" data-parametric=\"{&quot;query&quot;:&quot;normal&quot;,&quot;id&quot;:&quot;21661&quot;,&quot;view_id&quot;:&quot;21661&quot;,&quot;widget_id&quot;:0,&quot;view_hash&quot;:&quot;21661-CATTRc38b6be42d4770f3cc252ff887fa99c2&quot;,&quot;action&quot;:&quot;\\\/en\\\/wp-json\\\/wp\\\/v2\\\/pages\\\/16823?wpv_view_count=21661-CATTRc38b6be42d4770f3cc252ff887fa99c2&quot;,&quot;sort&quot;:{&quot;orderby&quot;:&quot;&quot;,&quot;order&quot;:&quot;&quot;,&quot;orderby_as&quot;:&quot;&quot;,&quot;orderby_second&quot;:&quot;&quot;,&quot;order_second&quot;:&quot;&quot;},&quot;orderby&quot;:&quot;&quot;,&quot;order&quot;:&quot;&quot;,&quot;orderby_as&quot;:&quot;&quot;,&quot;orderby_second&quot;:&quot;&quot;,&quot;order_second&quot;:&quot;&quot;,&quot;ajax_form&quot;:&quot;&quot;,&quot;ajax_results&quot;:&quot;&quot;,&quot;effect&quot;:&quot;fade&quot;,&quot;prebefore&quot;:&quot;&quot;,&quot;before&quot;:&quot;&quot;,&quot;after&quot;:&quot;&quot;,&quot;attributes&quot;:{&quot;wpvgroesse&quot;:&quot;xs&quot;},&quot;environment&quot;:{&quot;current_post_id&quot;:16823,&quot;parent_post_id&quot;:16823,&quot;parent_term_id&quot;:0,&quot;parent_user_id&quot;:0,&quot;archive&quot;:{&quot;type&quot;:&quot;&quot;,&quot;name&quot;:&quot;&quot;,&quot;data&quot;:[]}},&quot;loop&quot;:{&quot;type&quot;:&quot;&quot;,&quot;name&quot;:&quot;&quot;,&quot;data&quot;:[],&quot;id&quot;:0}}\" data-attributes=\"{&quot;wpvgroesse&quot;:&quot;xs&quot;}\" data-environment=\"{&quot;current_post_id&quot;:16823,&quot;parent_post_id&quot;:16823,&quot;parent_term_id&quot;:0,&quot;parent_user_id&quot;:0,&quot;archive&quot;:{&quot;type&quot;:&quot;&quot;,&quot;name&quot;:&quot;&quot;,&quot;data&quot;:[]}}\" data-trp-original-action=\"\/en\/wp-json\/wp\/v2\/pages\/16823?wpv_view_count=21661-CATTRc38b6be42d4770f3cc252ff887fa99c2\"><input type=\"hidden\" class=\"js-wpv-dps-filter-data js-wpv-filter-data-for-this-form\" data-action=\"\/en\/wp-json\/wp\/v2\/pages\/16823?wpv_view_count=21661-CATTRc38b6be42d4770f3cc252ff887fa99c2\" data-page=\"1\" data-ajax=\"enable\" data-effect=\"fade\" data-maxpages=\"0\" data-ajaxprebefore=\"\" data-ajaxbefore=\"\" data-ajaxafter=\"\" \/><input class=\"wpv_view_count wpv_view_count-21661-CATTRc38b6be42d4770f3cc252ff887fa99c2\" type=\"hidden\" name=\"wpv_view_count\" value=\"21661-CATTRc38b6be42d4770f3cc252ff887fa99c2\" \/>\n\n<div class=\"su-spacer\" style=\"height:20px\"><\/div>\n<select name=\"wpv_sort_orderby\" class=\"wpv-sort-control-select wpv-sort-control-orderby js-wpv-sort-control-orderby\" data-viewnumber=\"21661-CATTRc38b6be42d4770f3cc252ff887fa99c2\" autocomplete=\"off\"><option value=\"field-wpcf-wohneinheiten\"  selected='selected' data-orderbyas=\"numeric\" data-forceorder=\"desc\">Residential units<\/option><\/select>\nDisplayed: 97 projects\n<div class=\"su-spacer\" style=\"height:20px\"><\/div>  \n\n<input type=\"hidden\" name=\"trp-form-language\" value=\"en\"\/><\/form>\n<div id=\"wpv-view-layout-21661-CATTRc38b6be42d4770f3cc252ff887fa99c2\" class=\"js-wpv-view-layout js-wpv-layout-responsive js-wpv-view-layout-21661-CATTRc38b6be42d4770f3cc252ff887fa99c2\" data-viewnumber=\"21661-CATTRc38b6be42d4770f3cc252ff887fa99c2\" data-pagination=\"{&quot;id&quot;:&quot;21661&quot;,&quot;query&quot;:&quot;normal&quot;,&quot;type&quot;:&quot;disabled&quot;,&quot;effect&quot;:&quot;fade&quot;,&quot;duration&quot;:500,&quot;speed&quot;:5,&quot;pause_on_hover&quot;:&quot;disabled&quot;,&quot;stop_rollover&quot;:&quot;false&quot;,&quot;cache_pages&quot;:&quot;enabled&quot;,&quot;preload_images&quot;:&quot;enabled&quot;,&quot;preload_pages&quot;:&quot;enabled&quot;,&quot;preload_reach&quot;:1,&quot;spinner&quot;:&quot;builtin&quot;,&quot;spinner_image&quot;:&quot;https:\/\/sdg21.eu\/wp-content\/plugins\/wp-views\/embedded\/res\/img\/ajax-loader.gif&quot;,&quot;callback_next&quot;:&quot;&quot;,&quot;manage_history&quot;:&quot;disabled&quot;,&quot;has_controls_in_form&quot;:&quot;disabled&quot;,&quot;infinite_tolerance&quot;:&quot;0&quot;,&quot;max_pages&quot;:0,&quot;page&quot;:1,&quot;base_permalink&quot;:&quot;\/en\/wp-json\/wp\/v2\/pages\/16823?wpv_view_count=21661-CATTRc38b6be42d4770f3cc252ff887fa99c2&amp;wpv_paged=WPV_PAGE_NUM&quot;,&quot;loop&quot;:{&quot;type&quot;:&quot;&quot;,&quot;name&quot;:&quot;&quot;,&quot;data&quot;:[],&quot;id&quot;:0}}\" data-permalink=\"\/en\/wp-json\/wp\/v2\/pages\/16823?wpv_view_count=21661-CATTRc38b6be42d4770f3cc252ff887fa99c2\">\n\n\t\n\t\n\t<ul class=\"wpv-loop js-wpv-loop\">\n\t\t\n\t\t\t<h2><a href=\"https:\/\/sdg21.eu\/en\/db\/wohnhof-maintal-hochstadt\">Residential yard Maintal-Hochstadt<\/a><\/h2> \n<span style=\"font-size: 8pt;\"><\/span>\n<strong>Size: <\/strong>29 CU . <strong>Plot: <\/strong> Hectare  \n<div class=\"su-spacer\" style=\"height:20px\"><\/div>\n<p><a href=\"#gallery-8790\"><img loading=\"lazy\" decoding=\"async\" class=\"alignleft\" src=\"http:\/\/sdg21.eu\/wp-content\/uploads\/2016\/09\/Strassen_Ansicht-300x206.jpg\" alt=\"Strassen_Ansicht\" width=\"300\" height=\"206\" \/><\/a><strong>63477 Maintal-Hochstadt:<\/strong> 29 WEs, architecture: Baufr\u00f6sche (Kassel). Completion: 1993<\/p>\n\n<br class=\"clear\" \/>\n<br \/>\n<a href=\"https:\/\/sdg21.eu\/en\/db\/wohnhof-maintal-hochstadt\">Show more &gt;&gt; <\/a>\n<div class=\"su-spacer\" style=\"height:20px\"><\/div>\n<span>&#8211; &#8211; &#8211; &#8211; &#8211; &#8211; &#8211; &#8211; &#8211; &#8211; &#8211; &#8211; &#8211; &#8211; &#8211; &#8211; &#8211; &#8211;<\/span>\n\t\t\n\t\t\t<h2><a href=\"https:\/\/sdg21.eu\/en\/db\/wohnprojekt-inklusion-trifft-oekologie\">Inclusion meets ecology\" housing project in Soest<\/a><\/h2> \n<span style=\"font-size: 8pt;\"><\/span>\n<strong>Size: <\/strong>29 CU . <strong>Plot: <\/strong> Hectare  \n<div class=\"su-spacer\" style=\"height:20px\"><\/div>\n<p><a href=\"#gallery-12652\"><img loading=\"lazy\" decoding=\"async\" class=\"alignleft wp-image-12655 size-medium\" src=\"http:\/\/sdg21.eu\/wp-content\/uploads\/2017\/02\/DSCF2722-kleim_-300x156.jpg\" alt=\"\" width=\"300\" height=\"156\" srcset=\"https:\/\/sdg21.eu\/wp-content\/uploads\/2017\/02\/DSCF2722-kleim_-300x156.jpg 300w, https:\/\/sdg21.eu\/wp-content\/uploads\/2017\/02\/DSCF2722-kleim_-560x292.jpg 560w, https:\/\/sdg21.eu\/wp-content\/uploads\/2017\/02\/DSCF2722-kleim_-1280x668.jpg 1280w, https:\/\/sdg21.eu\/wp-content\/uploads\/2017\/02\/DSCF2722-kleim_-250x130.jpg 250w, https:\/\/sdg21.eu\/wp-content\/uploads\/2017\/02\/DSCF2722-kleim_-768x401.jpg 768w, https:\/\/sdg21.eu\/wp-content\/uploads\/2017\/02\/DSCF2722-kleim_-1536x801.jpg 1536w, https:\/\/sdg21.eu\/wp-content\/uploads\/2017\/02\/DSCF2722-kleim_-2048x1068.jpg 2048w, https:\/\/sdg21.eu\/wp-content\/uploads\/2017\/02\/DSCF2722-kleim_-1320x688.jpg 1320w, https:\/\/sdg21.eu\/wp-content\/uploads\/2017\/02\/DSCF2722-kleim_-160x83.jpg 160w, https:\/\/sdg21.eu\/wp-content\/uploads\/2017\/02\/DSCF2722-kleim_-1024x534.jpg 1024w, https:\/\/sdg21.eu\/wp-content\/uploads\/2017\/02\/DSCF2722-kleim_-144x75.jpg 144w\" sizes=\"auto, (max-width: 300px) 100vw, 300px\" \/><\/a><strong>59494 Soest:<\/strong> 29 units, legal form: cooperative and WEG, architecture: Oliver Marxen (Soest). Completion: 2016<\/p>\n\n<br class=\"clear\" \/>\n<br \/>\n<a href=\"https:\/\/sdg21.eu\/en\/db\/wohnprojekt-inklusion-trifft-oekologie\">Show more &gt;&gt; <\/a>\n<div class=\"su-spacer\" style=\"height:20px\"><\/div>\n<span>&#8211; &#8211; &#8211; &#8211; &#8211; &#8211; &#8211; &#8211; &#8211; &#8211; &#8211; &#8211; &#8211; &#8211; &#8211; &#8211; &#8211; &#8211;<\/span>\n\t\t\n\t\t\t<h2><a href=\"https:\/\/sdg21.eu\/en\/db\/biosolare-wohnanlage-ravensburg-eichwiesen\">Biosolar residential complex Ravensburg-Eichwiesen<\/a><\/h2> \n<span style=\"font-size: 8pt;\"><\/span>\n<strong>Size: <\/strong>29 CU . <strong>Plot: <\/strong> Hectare  \n<div class=\"su-spacer\" style=\"height:20px\"><\/div>\n<p><a href=\"http:\/\/sdg21.eu\/wp-content\/uploads\/2016\/08\/e3-1.jpg\"><img loading=\"lazy\" decoding=\"async\" class=\"alignleft wp-image-6845 size-medium\" src=\"http:\/\/sdg21.eu\/wp-content\/uploads\/2016\/08\/e3-1-300x202.jpg\" alt=\"e3\" width=\"300\" height=\"202\" srcset=\"https:\/\/sdg21.eu\/wp-content\/uploads\/2016\/08\/e3-1-300x202.jpg 300w, https:\/\/sdg21.eu\/wp-content\/uploads\/2016\/08\/e3-1-560x377.jpg 560w, https:\/\/sdg21.eu\/wp-content\/uploads\/2016\/08\/e3-1-250x168.jpg 250w, https:\/\/sdg21.eu\/wp-content\/uploads\/2016\/08\/e3-1-768x517.jpg 768w, https:\/\/sdg21.eu\/wp-content\/uploads\/2016\/08\/e3-1-1024x689.jpg 1024w, https:\/\/sdg21.eu\/wp-content\/uploads\/2016\/08\/e3-1-144x97.jpg 144w, https:\/\/sdg21.eu\/wp-content\/uploads\/2016\/08\/e3-1.jpg 1196w\" sizes=\"auto, (max-width: 300px) 100vw, 300px\" \/><\/a><strong>88212 Ravensburg:<\/strong> Building biology terraced housing estate, 29 units, completion: 1993, architecture: Joachim Eble, client: Siedlungswerk Gemeinn\u00fctzige Gesellschaft f\u00fcr Wohnungs- und St\u00e4dtebau, Stuttgart. Solar-assisted local heating supply and first collective collector system (115 m\u00b2 as a pilot project in Baden-W\u00fcrttemberg) generate 50 % of hot water with 5 m\u00b3 short-term heat storage. Price reduction of 50% compared to individual systems on each house.<\/p>\n\n<br class=\"clear\" \/>\n<br \/>\n<a href=\"https:\/\/sdg21.eu\/en\/db\/biosolare-wohnanlage-ravensburg-eichwiesen\">Show more &gt;&gt; <\/a>\n<div class=\"su-spacer\" style=\"height:20px\"><\/div>\n<span>&#8211; &#8211; &#8211; &#8211; &#8211; &#8211; &#8211; &#8211; &#8211; &#8211; &#8211; &#8211; &#8211; &#8211; &#8211; &#8211; &#8211; &#8211;<\/span>\n\t\t\n\t\t\t<h2><a href=\"https:\/\/sdg21.eu\/en\/db\/caroline-herschel-strasse-wogeno-muenchen-eg\">Caroline-Herschel-Stra\u00dfe Wogeno M\u00fcnchen eG<\/a><\/h2> \n<span style=\"font-size: 8pt;\"><\/span>\n<strong>Size: <\/strong>28 CU . <strong>Plot: <\/strong> Hectare  \n<div class=\"su-spacer\" style=\"height:20px\"><\/div>\n<p><strong>81829 Munich, Messestadt Riem:<\/strong> 28 apartments, including 6 maisonettes, in 2 houses, low-energy construction. Completion 2001<\/p>\n\n<br class=\"clear\" \/>\n<br \/>\n<a href=\"https:\/\/sdg21.eu\/en\/db\/caroline-herschel-strasse-wogeno-muenchen-eg\">Show more &gt;&gt; <\/a>\n<div class=\"su-spacer\" style=\"height:20px\"><\/div>\n<span>&#8211; &#8211; &#8211; &#8211; &#8211; &#8211; &#8211; &#8211; &#8211; &#8211; &#8211; &#8211; &#8211; &#8211; &#8211; &#8211; &#8211; &#8211;<\/span>\n\t\t\n\t\t\t<h2><a href=\"https:\/\/sdg21.eu\/en\/db\/drachenbau\">Housing project \"Dragon building<\/a><\/h2> \n<span style=\"font-size: 8pt;\"><\/span>\n<strong>Size: <\/strong>28 CU . <strong>Plot: <\/strong> Hectare  \n<div class=\"su-spacer\" style=\"height:20px\"><\/div>\n<p><a href=\"http:\/\/sdg21.eu\/wp-content\/uploads\/2016\/08\/Drachenbau-1.jpg\"><img loading=\"lazy\" decoding=\"async\" class=\"alignleft size-medium wp-image-21452\" src=\"http:\/\/sdg21.eu\/wp-content\/uploads\/2016\/08\/Drachenbau-1-300x225.jpg\" alt=\"\" width=\"300\" height=\"225\" srcset=\"https:\/\/sdg21.eu\/wp-content\/uploads\/2016\/08\/Drachenbau-1-300x225.jpg 300w, https:\/\/sdg21.eu\/wp-content\/uploads\/2016\/08\/Drachenbau-1-560x420.jpg 560w, https:\/\/sdg21.eu\/wp-content\/uploads\/2016\/08\/Drachenbau-1-250x188.jpg 250w, https:\/\/sdg21.eu\/wp-content\/uploads\/2016\/08\/Drachenbau-1-768x576.jpg 768w, https:\/\/sdg21.eu\/wp-content\/uploads\/2016\/08\/Drachenbau-1-160x120.jpg 160w, https:\/\/sdg21.eu\/wp-content\/uploads\/2016\/08\/Drachenbau-1-144x108.jpg 144w, https:\/\/sdg21.eu\/wp-content\/uploads\/2016\/08\/Drachenbau-1.jpg 1024w\" sizes=\"auto, (max-width: 300px) 100vw, 300px\" \/><\/a><strong>20099 Hamburg<\/strong>Drachenbau St. Georg Wohngenossenschaft eG, in 4 buildings 28 residential units + 1 commercial unit, approx. 66 residents, first occupancy: 1988<\/p>\n\n<br class=\"clear\" \/>\n<br \/>\n<a href=\"https:\/\/sdg21.eu\/en\/db\/drachenbau\">Show more &gt;&gt; <\/a>\n<div class=\"su-spacer\" style=\"height:20px\"><\/div>\n<span>&#8211; &#8211; &#8211; &#8211; &#8211; &#8211; &#8211; &#8211; &#8211; &#8211; &#8211; &#8211; &#8211; &#8211; &#8211; &#8211; &#8211; &#8211;<\/span>\n\t\t\n\t\t\t<h2><a href=\"https:\/\/sdg21.eu\/en\/db\/siedlung-ochsenanger\">Settlement Ochsenanger<\/a><\/h2> \n<span style=\"font-size: 8pt;\"><\/span>\n<strong>Size: <\/strong>28 CU . <strong>Plot: <\/strong> Hectare  \n<div class=\"su-spacer\" style=\"height:20px\"><\/div>\n<p><a href=\"http:\/\/sdg21.eu\/wp-content\/uploads\/2016\/08\/ochsenanger2001.jpg\"><img loading=\"lazy\" decoding=\"async\" class=\"alignleft size-thumbnail wp-image-11216\" src=\"http:\/\/sdg21.eu\/wp-content\/uploads\/2016\/08\/ochsenanger2001-160x107.jpg\" alt=\"ochsenanger2001\" width=\"160\" height=\"107\" srcset=\"https:\/\/sdg21.eu\/wp-content\/uploads\/2016\/08\/ochsenanger2001-160x107.jpg 160w, https:\/\/sdg21.eu\/wp-content\/uploads\/2016\/08\/ochsenanger2001-250x168.jpg 250w, https:\/\/sdg21.eu\/wp-content\/uploads\/2016\/08\/ochsenanger2001-300x201.jpg 300w, https:\/\/sdg21.eu\/wp-content\/uploads\/2016\/08\/ochsenanger2001-144x97.jpg 144w, https:\/\/sdg21.eu\/wp-content\/uploads\/2016\/08\/ochsenanger2001.jpg 447w\" sizes=\"auto, (max-width: 160px) 100vw, 160px\" \/><\/a><strong>96049 Bamberg:<\/strong> Densified, car-free wooden housing estate, 28 semi-detached and triplex houses of various sizes, completion: 2000<\/p>\n\n<br class=\"clear\" \/>\n<br \/>\n<a href=\"https:\/\/sdg21.eu\/en\/db\/siedlung-ochsenanger\">Show more &gt;&gt; <\/a>\n<div class=\"su-spacer\" style=\"height:20px\"><\/div>\n<span>&#8211; &#8211; &#8211; &#8211; &#8211; &#8211; &#8211; &#8211; &#8211; &#8211; &#8211; &#8211; &#8211; &#8211; &#8211; &#8211; &#8211; &#8211;<\/span>\n\t\t\n\t\t\t<h2><a href=\"https:\/\/sdg21.eu\/en\/db\/zwei-stadthaeuser-in-holzhybridbauweise\">Two townhouses in timber hybrid construction<\/a><\/h2> \n<span style=\"font-size: 8pt;\"><\/span>\n<strong>Size: <\/strong>28 CU . <strong>Plot: <\/strong> Hectare  \n<div class=\"su-spacer\" style=\"height:20px\"><\/div>\n<p><strong><a href=\"#gallery-17527\"><img loading=\"lazy\" decoding=\"async\" class=\"alignleft size-medium wp-image-17526\" src=\"http:\/\/sdg21.eu\/wp-content\/uploads\/2019\/08\/iba-zentrale-bauaustellung-30-300x200.jpg\" alt=\"\" width=\"300\" height=\"200\" \/><\/a>21109 Hamburg-Wilhelmsburg:<\/strong> In two identical, five-storey buildings with staggered floors, 28 apartments were built on Kurt-Emmerich-Platz on sloping terrain as part of the entrance complex at Inselpark. Completion: 2013<\/p>\n\n<br class=\"clear\" \/>\n<br \/>\n<a href=\"https:\/\/sdg21.eu\/en\/db\/zwei-stadthaeuser-in-holzhybridbauweise\">Show more &gt;&gt; <\/a>\n<div class=\"su-spacer\" style=\"height:20px\"><\/div>\n<span>&#8211; &#8211; &#8211; &#8211; &#8211; &#8211; &#8211; &#8211; &#8211; &#8211; &#8211; &#8211; &#8211; &#8211; &#8211; &#8211; &#8211; &#8211;<\/span>\n\t\t\n\t\t\t<h2><a href=\"https:\/\/sdg21.eu\/en\/db\/passau-neustift\">Passau-Neustift<\/a><\/h2> \n<span style=\"font-size: 8pt;\"><\/span>\n<strong>Size: <\/strong>27 CU . <strong>Plot: <\/strong> Hectare  \n<div class=\"su-spacer\" style=\"height:20px\"><\/div>\n<p><strong>94036 Passau:<\/strong> Apartment house 27 flats, car-free settlement, occupation 1988<\/p>\n\n<br class=\"clear\" \/>\n<br \/>\n<a href=\"https:\/\/sdg21.eu\/en\/db\/passau-neustift\">Show more &gt;&gt; <\/a>\n<div class=\"su-spacer\" style=\"height:20px\"><\/div>\n<span>&#8211; &#8211; &#8211; &#8211; &#8211; &#8211; &#8211; &#8211; &#8211; &#8211; &#8211; &#8211; &#8211; &#8211; &#8211; &#8211; &#8211; &#8211;<\/span>\n\t\t\n\t\t\t<h2><a href=\"https:\/\/sdg21.eu\/en\/db\/frauen-planen-und-bauen-fuer-frauen\">Women planning and building for women<\/a><\/h2> \n<span style=\"font-size: 8pt;\"><\/span>\n<strong>Size: <\/strong>27 CU . <strong>Plot: <\/strong> Hectare  \n<div class=\"su-spacer\" style=\"height:20px\"><\/div>\n<p><strong>59192 Bergkamen:<\/strong> 27 WE, \"Women planning and building for women\" Ebertstr. A project of the IBA Emscher Park<\/p>\n\n<br class=\"clear\" \/>\n<br \/>\n<a href=\"https:\/\/sdg21.eu\/en\/db\/frauen-planen-und-bauen-fuer-frauen\">Show more &gt;&gt; <\/a>\n<div class=\"su-spacer\" style=\"height:20px\"><\/div>\n<span>&#8211; &#8211; &#8211; &#8211; &#8211; &#8211; &#8211; &#8211; &#8211; &#8211; &#8211; &#8211; &#8211; &#8211; &#8211; &#8211; &#8211; &#8211;<\/span>\n\t\t\n\t\t\t<h2><a href=\"https:\/\/sdg21.eu\/en\/db\/wohnen-in-holzbauweise\">Living in wooden construction<\/a><\/h2> \n<span style=\"font-size: 8pt;\"><\/span>\n<strong>Size: <\/strong>27 CU . <strong>Plot: <\/strong> Hectare  \n<div class=\"su-spacer\" style=\"height:20px\"><\/div>\n<p><strong>82140 Olching:<\/strong> Project of the Bavarian model project \"Living in timber construction\", two-storey complex with 27 apartments. Compact construction, which - despite the relatively dense arrangement of the buildings to each other - allows well usable private garden areas for the residents. Completion: 1997(?)<\/p>\n\n<br class=\"clear\" \/>\n<br \/>\n<a href=\"https:\/\/sdg21.eu\/en\/db\/wohnen-in-holzbauweise\">Show more &gt;&gt; <\/a>\n<div class=\"su-spacer\" style=\"height:20px\"><\/div>\n<span>&#8211; &#8211; &#8211; &#8211; &#8211; &#8211; &#8211; &#8211; &#8211; &#8211; &#8211; &#8211; &#8211; &#8211; &#8211; &#8211; &#8211; &#8211;<\/span>\n\t\t\n\t\t\t<h2><a href=\"https:\/\/sdg21.eu\/en\/db\/vaalser-strasse-aachen\">Aachen - Vaalser Strasse<\/a><\/h2> \n<span style=\"font-size: 8pt;\"><\/span>\n<strong>Size: <\/strong>27 CU . <strong>Plot: <\/strong> Hectare  \n<div class=\"su-spacer\" style=\"height:20px\"><\/div>\n<p><strong>52<span class=\"postal-code\">062<\/span> Aachen: <\/strong>Common living for young and old, 27 flats, completion: 1996<\/p>\n\n<br class=\"clear\" \/>\n<br \/>\n<a href=\"https:\/\/sdg21.eu\/en\/db\/vaalser-strasse-aachen\">Show more &gt;&gt; <\/a>\n<div class=\"su-spacer\" style=\"height:20px\"><\/div>\n<span>&#8211; &#8211; &#8211; &#8211; &#8211; &#8211; &#8211; &#8211; &#8211; &#8211; &#8211; &#8211; &#8211; &#8211; &#8211; &#8211; &#8211; &#8211;<\/span>\n\t\t\n\t\t\t<h2><a href=\"https:\/\/sdg21.eu\/en\/db\/baumhaeuser-von-frei-otto-in-berlin-tiergarten\">Tree houses by Frei Otto in Berlin-Tiergarten<\/a><\/h2> \n<span style=\"font-size: 8pt;\"><\/span>\n<strong>Size: <\/strong>26 CU . <strong>Plot: <\/strong> Hectare  \n<div class=\"su-spacer\" style=\"height:20px\"><\/div>\n<p><a href=\"#gallery-9764\"><img loading=\"lazy\" decoding=\"async\" class=\"alignleft wp-image-7603 size-medium\" src=\"http:\/\/sdg21.eu\/wp-content\/uploads\/2016\/08\/baumhaus_berlin-300x206.jpg\" alt=\"baumhaus_berlin\" width=\"300\" height=\"206\" srcset=\"https:\/\/sdg21.eu\/wp-content\/uploads\/2016\/08\/baumhaus_berlin-300x206.jpg 300w, https:\/\/sdg21.eu\/wp-content\/uploads\/2016\/08\/baumhaus_berlin-560x385.jpg 560w, https:\/\/sdg21.eu\/wp-content\/uploads\/2016\/08\/baumhaus_berlin-250x172.jpg 250w, https:\/\/sdg21.eu\/wp-content\/uploads\/2016\/08\/baumhaus_berlin-768x528.jpg 768w, https:\/\/sdg21.eu\/wp-content\/uploads\/2016\/08\/baumhaus_berlin-160x110.jpg 160w, https:\/\/sdg21.eu\/wp-content\/uploads\/2016\/08\/baumhaus_berlin-1024x705.jpg 1024w, https:\/\/sdg21.eu\/wp-content\/uploads\/2016\/08\/baumhaus_berlin-144x99.jpg 144w, https:\/\/sdg21.eu\/wp-content\/uploads\/2016\/08\/baumhaus_berlin-100x69.jpg 100w, https:\/\/sdg21.eu\/wp-content\/uploads\/2016\/08\/baumhaus_berlin.jpg 1196w\" sizes=\"auto, (max-width: 300px) 100vw, 300px\" \/><\/a><strong>10787 Berlin-Tiergarten:<\/strong> 26 WEs, tree houses by the architect Frei Otto (Stuttgart); built as part of the IBA 1987. The idea of the individual, stacked single-family house is implemented here in a variety of architectural forms. Completion: 1991<\/p>\n\n<br class=\"clear\" \/>\n<br \/>\n<a href=\"https:\/\/sdg21.eu\/en\/db\/baumhaeuser-von-frei-otto-in-berlin-tiergarten\">Show more &gt;&gt; <\/a>\n<div class=\"su-spacer\" style=\"height:20px\"><\/div>\n<span>&#8211; &#8211; &#8211; &#8211; &#8211; &#8211; &#8211; &#8211; &#8211; &#8211; &#8211; &#8211; &#8211; &#8211; &#8211; &#8211; &#8211; &#8211;<\/span>\n\t\t\n\t\t\t<h2><a href=\"https:\/\/sdg21.eu\/en\/db\/quadro-haus-siedlung-moelln\">Quadro house development in M\u00f6lln<\/a><\/h2> \n<span style=\"font-size: 8pt;\"><\/span>\n<strong>Size: <\/strong>26 CU . <strong>Plot: <\/strong> Hectare  \n<div class=\"su-spacer\" style=\"height:20px\"><\/div>\n<p><strong>23881 M\u00f6lln<\/strong>In the Doktorhof area of M\u00f6lln, 26 low-energy houses in timber frame construction with plots of approx. 230 - 410 sqm have been built on a construction area of approx. 8,000 sqm. The aim was to save costs and space with the help of the \"Quadro-Haus\" concept. The housing estate was built with the support of the state subsidy programme \"resource-saving building\". Completion: ~1999<\/p>\n\n<br class=\"clear\" \/>\n<br \/>\n<a href=\"https:\/\/sdg21.eu\/en\/db\/quadro-haus-siedlung-moelln\">Show more &gt;&gt; <\/a>\n<div class=\"su-spacer\" style=\"height:20px\"><\/div>\n<span>&#8211; &#8211; &#8211; &#8211; &#8211; &#8211; &#8211; &#8211; &#8211; &#8211; &#8211; &#8211; &#8211; &#8211; &#8211; &#8211; &#8211; &#8211;<\/span>\n\t\t\n\t\t\t<h2><a href=\"https:\/\/sdg21.eu\/en\/db\/wohnmichel-in-michendorf\">WohnMichel in Michendorf<\/a><\/h2> \n<span style=\"font-size: 8pt;\"><\/span>\n<strong>Size: <\/strong>25 CU . <strong>Plot: <\/strong> Hectare  \n<div class=\"su-spacer\" style=\"height:20px\"><\/div>\n<p><a href=\"http:\/\/sdg21.eu\/wp-content\/uploads\/2018\/08\/20190724_084909.jpg\"><img loading=\"lazy\" decoding=\"async\" class=\"wp-image-16983 size-medium alignleft\" src=\"http:\/\/sdg21.eu\/wp-content\/uploads\/2018\/08\/20190724_084909-300x225.jpg\" alt=\"\" width=\"300\" height=\"225\" srcset=\"https:\/\/sdg21.eu\/wp-content\/uploads\/2018\/08\/20190724_084909-300x225.jpg 300w, https:\/\/sdg21.eu\/wp-content\/uploads\/2018\/08\/20190724_084909-560x420.jpg 560w, https:\/\/sdg21.eu\/wp-content\/uploads\/2018\/08\/20190724_084909-1280x960.jpg 1280w, https:\/\/sdg21.eu\/wp-content\/uploads\/2018\/08\/20190724_084909-250x188.jpg 250w, https:\/\/sdg21.eu\/wp-content\/uploads\/2018\/08\/20190724_084909-768x576.jpg 768w, https:\/\/sdg21.eu\/wp-content\/uploads\/2018\/08\/20190724_084909-1536x1152.jpg 1536w, https:\/\/sdg21.eu\/wp-content\/uploads\/2018\/08\/20190724_084909-2048x1536.jpg 2048w, https:\/\/sdg21.eu\/wp-content\/uploads\/2018\/08\/20190724_084909-1320x990.jpg 1320w, https:\/\/sdg21.eu\/wp-content\/uploads\/2018\/08\/20190724_084909-160x120.jpg 160w, https:\/\/sdg21.eu\/wp-content\/uploads\/2018\/08\/20190724_084909-1024x768.jpg 1024w, https:\/\/sdg21.eu\/wp-content\/uploads\/2018\/08\/20190724_084909-144x108.jpg 144w\" sizes=\"auto, (max-width: 300px) 100vw, 300px\" \/><\/a><strong>14552 Michendorf:<\/strong> Plot: 17,000 m\u00b2, three houses in the 1st construction phase as two-storey apartment buildings and 500 m\u00b2 living space each with eight or nine apartments. Together 25 WEs. Completion: 2019<\/p>\n\n<br class=\"clear\" \/>\n<br \/>\n<a href=\"https:\/\/sdg21.eu\/en\/db\/wohnmichel-in-michendorf\">Show more &gt;&gt; <\/a>\n<div class=\"su-spacer\" style=\"height:20px\"><\/div>\n<span>&#8211; &#8211; &#8211; &#8211; &#8211; &#8211; &#8211; &#8211; &#8211; &#8211; &#8211; &#8211; &#8211; &#8211; &#8211; &#8211; &#8211; &#8211;<\/span>\n\t\t\n\t\t\t<h2><a href=\"https:\/\/sdg21.eu\/en\/db\/wohnen-mit-kindern-wmk4\">Building community \"Laubendorf<\/a><\/h2> \n<span style=\"font-size: 8pt;\"><\/span>\n<strong>Size: <\/strong>25 CU . <strong>Plot: <\/strong>0.4 hectare  \n<div class=\"su-spacer\" style=\"height:20px\"><\/div>\n<p><strong>D - 40625 D\u00fcsseldorf:<\/strong> The initiative \"Wohnen mit Kindern e.V.\" (Living with Children) is planning its fourth community housing project in the D\u00fcsseldorf city area with 23 residential units. The association has already successfully realized a cooperative-oriented project on Otto-Petersen Stra\u00dfe (1995) as well as two condominium projects in Gerresheim, qbus (2013) and wmk<sup>3<\/sup> (2017). The association aims to create attractive and affordable housing for families with children in particular. All projects realized to date have been planned and occupied by residents in different life situations and are thus genuine multigenerational housing projects. In September 2020, the construction group purchased a plot in the Quellenbusch development area in Gerresheim. Planned completion: approx. 2022<\/p>\n\n<br class=\"clear\" \/>\n<br \/>\n<a href=\"https:\/\/sdg21.eu\/en\/db\/wohnen-mit-kindern-wmk4\">Show more &gt;&gt; <\/a>\n<div class=\"su-spacer\" style=\"height:20px\"><\/div>\n<span>&#8211; &#8211; &#8211; &#8211; &#8211; &#8211; &#8211; &#8211; &#8211; &#8211; &#8211; &#8211; &#8211; &#8211; &#8211; &#8211; &#8211; &#8211;<\/span>\n\t\t\n\t\t\t<h2><a href=\"https:\/\/sdg21.eu\/en\/db\/wohnprojekt-am-bornseck\">Housing project at Bornseck<\/a><\/h2> \n<span style=\"font-size: 8pt;\"><\/span>\n<strong>Size: <\/strong>24 CU . <strong>Plot: <\/strong> Hectare  \n<div class=\"su-spacer\" style=\"height:20px\"><\/div>\n<p><strong>22926 Ahrensburg:<\/strong> 24 flats on 7,000 sqm plot, owners' association, KfW 40 standard, wood pellet heating and solar thermal system, ecologically safe building materials (free of asbestos, CFC, PCB and as far as possible PVC). Completion: 2007<\/p>\n\n<br class=\"clear\" \/>\n<br \/>\n<a href=\"https:\/\/sdg21.eu\/en\/db\/wohnprojekt-am-bornseck\">Show more &gt;&gt; <\/a>\n<div class=\"su-spacer\" style=\"height:20px\"><\/div>\n<span>&#8211; &#8211; &#8211; &#8211; &#8211; &#8211; &#8211; &#8211; &#8211; &#8211; &#8211; &#8211; &#8211; &#8211; &#8211; &#8211; &#8211; &#8211;<\/span>\n\t\t\n\t\t\t<h2><a href=\"https:\/\/sdg21.eu\/en\/db\/plusenergiehaus-ausstellung-koeln-frechen\">PlusEnergyHouse exhibition Cologne-Frechen<\/a><\/h2> \n<span style=\"font-size: 8pt;\"><\/span>\n<strong>Size: <\/strong>24 CU . <strong>Plot: <\/strong> Hectare  \n<div class=\"su-spacer\" style=\"height:20px\"><\/div>\n<p><strong><a href=\"#gallery-9873\"><img loading=\"lazy\" decoding=\"async\" class=\"alignleft wp-image-9877 size-medium\" src=\"http:\/\/sdg21.eu\/wp-content\/uploads\/2016\/08\/Fertighauswelt-300x145.jpg\" alt=\"fertighauswelt\" width=\"300\" height=\"145\" srcset=\"https:\/\/sdg21.eu\/wp-content\/uploads\/2016\/08\/Fertighauswelt-300x145.jpg 300w, https:\/\/sdg21.eu\/wp-content\/uploads\/2016\/08\/Fertighauswelt-560x271.jpg 560w, https:\/\/sdg21.eu\/wp-content\/uploads\/2016\/08\/Fertighauswelt-1280x620.jpg 1280w, https:\/\/sdg21.eu\/wp-content\/uploads\/2016\/08\/Fertighauswelt-250x121.jpg 250w, https:\/\/sdg21.eu\/wp-content\/uploads\/2016\/08\/Fertighauswelt-768x372.jpg 768w, https:\/\/sdg21.eu\/wp-content\/uploads\/2016\/08\/Fertighauswelt-1536x744.jpg 1536w, https:\/\/sdg21.eu\/wp-content\/uploads\/2016\/08\/Fertighauswelt-2048x992.jpg 2048w, https:\/\/sdg21.eu\/wp-content\/uploads\/2016\/08\/Fertighauswelt-1320x639.jpg 1320w, https:\/\/sdg21.eu\/wp-content\/uploads\/2016\/08\/Fertighauswelt-160x77.jpg 160w, https:\/\/sdg21.eu\/wp-content\/uploads\/2016\/08\/Fertighauswelt-1024x496.jpg 1024w, https:\/\/sdg21.eu\/wp-content\/uploads\/2016\/08\/Fertighauswelt-144x70.jpg 144w\" sizes=\"auto, (max-width: 300px) 100vw, 300px\" \/><\/a>50226 Frechen<\/strong> (near Cologne)<strong>:<\/strong> 25 PlusEnergy houses can be viewed in the \"Prefabricated House World\" exhibition. According to the German Prefabricated Building Association (BDF), it is \"one of the most modern house exhibitions in Europe\". Completion: 2011<\/p>\n\n<br class=\"clear\" \/>\n<br \/>\n<a href=\"https:\/\/sdg21.eu\/en\/db\/plusenergiehaus-ausstellung-koeln-frechen\">Show more &gt;&gt; <\/a>\n<div class=\"su-spacer\" style=\"height:20px\"><\/div>\n<span>&#8211; &#8211; &#8211; &#8211; &#8211; &#8211; &#8211; &#8211; &#8211; &#8211; &#8211; &#8211; &#8211; &#8211; &#8211; &#8211; &#8211; &#8211;<\/span>\n\t\t\n\t\t\t<h2><a href=\"https:\/\/sdg21.eu\/en\/db\/gartenhofhaeuser-olbrichtstrasse-weimar\">Garden courtyard houses \"Olbrichtstra\u00dfe\" Weimar<\/a><\/h2> \n<span style=\"font-size: 8pt;\"><\/span>\n<strong>Size: <\/strong>24 CU . <strong>Plot: <\/strong> Hectare  \n<div class=\"su-spacer\" style=\"height:20px\"><\/div>\n<p><strong><a href=\"#gallery-5921\"><img loading=\"lazy\" decoding=\"async\" class=\"alignleft wp-image-5925 size-medium\" src=\"http:\/\/sdg21.eu\/wp-content\/uploads\/2016\/08\/IMG_2612-300x225.jpg\" alt=\"IMG_2612\" width=\"300\" height=\"225\" srcset=\"https:\/\/sdg21.eu\/wp-content\/uploads\/2016\/08\/IMG_2612-300x225.jpg 300w, https:\/\/sdg21.eu\/wp-content\/uploads\/2016\/08\/IMG_2612-560x420.jpg 560w, https:\/\/sdg21.eu\/wp-content\/uploads\/2016\/08\/IMG_2612-250x188.jpg 250w, https:\/\/sdg21.eu\/wp-content\/uploads\/2016\/08\/IMG_2612-768x576.jpg 768w, https:\/\/sdg21.eu\/wp-content\/uploads\/2016\/08\/IMG_2612-160x120.jpg 160w, https:\/\/sdg21.eu\/wp-content\/uploads\/2016\/08\/IMG_2612-144x108.jpg 144w, https:\/\/sdg21.eu\/wp-content\/uploads\/2016\/08\/IMG_2612.jpg 800w\" sizes=\"auto, (max-width: 300px) 100vw, 300px\" \/><\/a>99425 Weimar:<\/strong> Garden courtyard houses Lessingstra\u00dfe \/ Ratstannenweg. Planning: Prof. Walter Stamm-Teske, Schettler &amp; Wittenberg, Weimar. Client: Wohngenossenschaft Weimar eG., Construction period: 1996-1997<\/p>\n\n<br class=\"clear\" \/>\n<br \/>\n<a href=\"https:\/\/sdg21.eu\/en\/db\/gartenhofhaeuser-olbrichtstrasse-weimar\">Show more &gt;&gt; <\/a>\n<div class=\"su-spacer\" style=\"height:20px\"><\/div>\n<span>&#8211; &#8211; &#8211; &#8211; &#8211; &#8211; &#8211; &#8211; &#8211; &#8211; &#8211; &#8211; &#8211; &#8211; &#8211; &#8211; &#8211; &#8211;<\/span>\n\t\t\n\t\t\t<h2><a href=\"https:\/\/sdg21.eu\/en\/db\/brettstapel-betonverbund-musterhaus-rieselfeld\">Board stack concrete composite model house Rieselfeld<\/a><\/h2> \n<span style=\"font-size: 8pt;\"><\/span>\n<strong>Size: <\/strong>24 CU . <strong>Plot: <\/strong> Hectare  \n<div class=\"su-spacer\" style=\"height:20px\"><\/div>\n<p><strong><a href=\"http:\/\/sdg21.eu\/wp-content\/uploads\/2016\/08\/Eble_Passivhaus_Frbg_S\u00fcdfassade.jpg\"><img loading=\"lazy\" decoding=\"async\" class=\"alignleft wp-image-10194 size-medium\" title=\"Photo: Joachim Eble Architecture (T\u00fcbingen)\" src=\"http:\/\/sdg21.eu\/wp-content\/uploads\/2016\/08\/Eble_Passivhaus_Frbg_S\u00fcdfassade-300x214.jpg\" alt=\"eble_passivhaus_frbg_suedfassade\" width=\"300\" height=\"214\" srcset=\"https:\/\/sdg21.eu\/wp-content\/uploads\/2016\/08\/Eble_Passivhaus_Frbg_S\u00fcdfassade-300x214.jpg 300w, https:\/\/sdg21.eu\/wp-content\/uploads\/2016\/08\/Eble_Passivhaus_Frbg_S\u00fcdfassade-560x400.jpg 560w, https:\/\/sdg21.eu\/wp-content\/uploads\/2016\/08\/Eble_Passivhaus_Frbg_S\u00fcdfassade-1280x915.jpg 1280w, https:\/\/sdg21.eu\/wp-content\/uploads\/2016\/08\/Eble_Passivhaus_Frbg_S\u00fcdfassade-250x179.jpg 250w, https:\/\/sdg21.eu\/wp-content\/uploads\/2016\/08\/Eble_Passivhaus_Frbg_S\u00fcdfassade-768x549.jpg 768w, https:\/\/sdg21.eu\/wp-content\/uploads\/2016\/08\/Eble_Passivhaus_Frbg_S\u00fcdfassade-1536x1098.jpg 1536w, https:\/\/sdg21.eu\/wp-content\/uploads\/2016\/08\/Eble_Passivhaus_Frbg_S\u00fcdfassade-1320x944.jpg 1320w, https:\/\/sdg21.eu\/wp-content\/uploads\/2016\/08\/Eble_Passivhaus_Frbg_S\u00fcdfassade-160x114.jpg 160w, https:\/\/sdg21.eu\/wp-content\/uploads\/2016\/08\/Eble_Passivhaus_Frbg_S\u00fcdfassade-1024x732.jpg 1024w, https:\/\/sdg21.eu\/wp-content\/uploads\/2016\/08\/Eble_Passivhaus_Frbg_S\u00fcdfassade-144x103.jpg 144w, https:\/\/sdg21.eu\/wp-content\/uploads\/2016\/08\/Eble_Passivhaus_Frbg_S\u00fcdfassade.jpg 1663w\" sizes=\"auto, (max-width: 300px) 100vw, 300px\" \/><\/a> 79111 Freiburg-Rieselfeld <\/strong>(project no. 3): 24 dwelling units, board stack concrete composite system pilot project; Ing. Julius Natterer (Lausanne), Joachim Eble Architektur (T\u00fcbingen), social housing, completion: 1999<\/p>\n\n<br class=\"clear\" \/>\n<br \/>\n<a href=\"https:\/\/sdg21.eu\/en\/db\/brettstapel-betonverbund-musterhaus-rieselfeld\">Show more &gt;&gt; <\/a>\n<div class=\"su-spacer\" style=\"height:20px\"><\/div>\n<span>&#8211; &#8211; &#8211; &#8211; &#8211; &#8211; &#8211; &#8211; &#8211; &#8211; &#8211; &#8211; &#8211; &#8211; &#8211; &#8211; &#8211; &#8211;<\/span>\n\t\t\n\t\t\t<h2><a href=\"https:\/\/sdg21.eu\/en\/db\/oekologische-siedlung-bareneichkoppel\">Ecological settlement \"Baareneichkoppel<\/a><\/h2> \n<span style=\"font-size: 8pt;\"><\/span>\n<strong>Size: <\/strong>24 CU . <strong>Plot: <\/strong> Hectare  \n<div class=\"su-spacer\" style=\"height:20px\"><\/div>\n<p><strong><a href=\"http:\/\/sdg21.eu\/wp-content\/uploads\/2016\/08\/14baaren07.jpg\"><img loading=\"lazy\" decoding=\"async\" class=\"alignleft wp-image-26350\" src=\"http:\/\/sdg21.eu\/wp-content\/uploads\/2016\/08\/14baaren07-560x350.jpg\" alt=\"\" width=\"300\" height=\"188\" srcset=\"https:\/\/sdg21.eu\/wp-content\/uploads\/2016\/08\/14baaren07-560x350.jpg 560w, https:\/\/sdg21.eu\/wp-content\/uploads\/2016\/08\/14baaren07-250x156.jpg 250w, https:\/\/sdg21.eu\/wp-content\/uploads\/2016\/08\/14baaren07-768x480.jpg 768w, https:\/\/sdg21.eu\/wp-content\/uploads\/2016\/08\/14baaren07.jpg 960w\" sizes=\"auto, (max-width: 300px) 100vw, 300px\" \/><\/a>23617 Stockelsdorf:<\/strong> 24 apartments in 13 terraced houses, two semi-detached houses, 1 x detached house (and ... ?). Timber frame construction with solid infill (brick) in the south facade and highly insulated infill (cellulose) in the north facades. Conservatories, combined heat and power unit, rainwater harvesting, PVC-free construction, healthy living materials and paints. Architectural partnership Rolf Zeschke (Bad Schwartau) &amp; Uwe Witaszek. Completion: ~1997<\/p>\n\n<br class=\"clear\" \/>\n<br \/>\n<a href=\"https:\/\/sdg21.eu\/en\/db\/oekologische-siedlung-bareneichkoppel\">Show more &gt;&gt; <\/a>\n<div class=\"su-spacer\" style=\"height:20px\"><\/div>\n<span>&#8211; &#8211; &#8211; &#8211; &#8211; &#8211; &#8211; &#8211; &#8211; &#8211; &#8211; &#8211; &#8211; &#8211; &#8211; &#8211; &#8211; &#8211;<\/span>\n\t\t\n\t\t\t<h2><a href=\"https:\/\/sdg21.eu\/en\/db\/anders-wohnen-e-g-bremen\">Anders Wohnen eG Bremen<\/a><\/h2> \n<span style=\"font-size: 8pt;\"><\/span>\n<strong>Size: <\/strong>23 CU . <strong>Plot: <\/strong> Hectare  \n<div class=\"su-spacer\" style=\"height:20px\"><\/div>\n<p><a href=\"http:\/\/sdg21.eu\/wp-content\/uploads\/2020\/04\/Gruenenstrasse-23.jpg\"><img loading=\"lazy\" decoding=\"async\" class=\"alignleft size-medium wp-image-21719\" src=\"http:\/\/sdg21.eu\/wp-content\/uploads\/2020\/04\/Gruenenstrasse-23-300x202.jpg\" alt=\"\" width=\"300\" height=\"202\" srcset=\"https:\/\/sdg21.eu\/wp-content\/uploads\/2020\/04\/Gruenenstrasse-23-300x202.jpg 300w, https:\/\/sdg21.eu\/wp-content\/uploads\/2020\/04\/Gruenenstrasse-23-560x377.jpg 560w, https:\/\/sdg21.eu\/wp-content\/uploads\/2020\/04\/Gruenenstrasse-23-250x168.jpg 250w, https:\/\/sdg21.eu\/wp-content\/uploads\/2020\/04\/Gruenenstrasse-23-768x518.jpg 768w, https:\/\/sdg21.eu\/wp-content\/uploads\/2020\/04\/Gruenenstrasse-23-1024x690.jpg 1024w, https:\/\/sdg21.eu\/wp-content\/uploads\/2020\/04\/Gruenenstrasse-23-160x108.jpg 160w, https:\/\/sdg21.eu\/wp-content\/uploads\/2020\/04\/Gruenenstrasse-23-144x97.jpg 144w, https:\/\/sdg21.eu\/wp-content\/uploads\/2020\/04\/Gruenenstrasse-23.jpg 1098w\" sizes=\"auto, (max-width: 300px) 100vw, 300px\" \/><\/a><strong>28199 Bremen-Alte Neustadt:<\/strong> Architecture: Joachim Reinig (Hamburg), 23 flats, no parking spaces, common rooms, flexible floor plans, barrier-free development concept, wheelchair accessible flats on the ground floor, completion: 1995<\/p>\n\n<br class=\"clear\" \/>\n<br \/>\n<a href=\"https:\/\/sdg21.eu\/en\/db\/anders-wohnen-e-g-bremen\">Show more &gt;&gt; <\/a>\n<div class=\"su-spacer\" style=\"height:20px\"><\/div>\n<span>&#8211; &#8211; &#8211; &#8211; &#8211; &#8211; &#8211; &#8211; &#8211; &#8211; &#8211; &#8211; &#8211; &#8211; &#8211; &#8211; &#8211; &#8211;<\/span>\n\t\t\n\t\t\t<h2><a href=\"https:\/\/sdg21.eu\/en\/db\/am-rundling\">WEG \"Am Rundling<\/a><\/h2> \n<span style=\"font-size: 8pt;\"><\/span>\n<strong>Size: <\/strong>22 CU . <strong>Plot: <\/strong> Hectare  \n<div class=\"su-spacer\" style=\"height:20px\"><\/div>\n<p><a href=\"http:\/\/sdg21.eu\/wp-content\/uploads\/2016\/08\/lebenstraum.jpg\"><img loading=\"lazy\" decoding=\"async\" class=\"alignleft wp-image-9488 size-medium\" src=\"http:\/\/sdg21.eu\/wp-content\/uploads\/2016\/08\/lebenstraum-300x222.jpg\" alt=\"lebenstraum\" width=\"300\" height=\"222\" srcset=\"https:\/\/sdg21.eu\/wp-content\/uploads\/2016\/08\/lebenstraum-300x222.jpg 300w, https:\/\/sdg21.eu\/wp-content\/uploads\/2016\/08\/lebenstraum-560x415.jpg 560w, https:\/\/sdg21.eu\/wp-content\/uploads\/2016\/08\/lebenstraum-250x185.jpg 250w, https:\/\/sdg21.eu\/wp-content\/uploads\/2016\/08\/lebenstraum-768x569.jpg 768w, https:\/\/sdg21.eu\/wp-content\/uploads\/2016\/08\/lebenstraum-160x119.jpg 160w, https:\/\/sdg21.eu\/wp-content\/uploads\/2016\/08\/lebenstraum-144x107.jpg 144w, https:\/\/sdg21.eu\/wp-content\/uploads\/2016\/08\/lebenstraum.jpg 797w\" sizes=\"auto, (max-width: 300px) 100vw, 300px\" \/><\/a><strong>12487 Berlin-Johannisthal:<\/strong> 20 houses with 22 residential units (KfW 40-60) for 70 small and large people, ecological housing project. Number of parking spaces: 0.3 PkWs\/WE, 100 m\u00b2 solar collectors (50 kW), 23 kW photovoltaic system, 99 kW wood pellet system (with exhaust gas heat exchanger, downstream flue gas scrubber and condensate heat exchanger), 600 m\u00b3 grey water system, completion: 2007<\/p>\n\n<br class=\"clear\" \/>\n<br \/>\n<a href=\"https:\/\/sdg21.eu\/en\/db\/am-rundling\">Show more &gt;&gt; <\/a>\n<div class=\"su-spacer\" style=\"height:20px\"><\/div>\n<span>&#8211; &#8211; &#8211; &#8211; &#8211; &#8211; &#8211; &#8211; &#8211; &#8211; &#8211; &#8211; &#8211; &#8211; &#8211; &#8211; &#8211; &#8211;<\/span>\n\t\t\n\t\t\t<h2><a href=\"https:\/\/sdg21.eu\/en\/db\/oekologisches-baugebiet-an-den-roethen\">Ecological building area \"An den R\u00f6then<\/a><\/h2> \n<span style=\"font-size: 8pt;\"><\/span>\n<strong>Size: <\/strong>22 CU . <strong>Plot: <\/strong> Hectare  \n<div class=\"su-spacer\" style=\"height:20px\"><\/div>\n<p><a href=\"http:\/\/sdg21.eu\/wp-content\/uploads\/2016\/08\/altershausen-an-den-roethen.jpg\"><img loading=\"lazy\" decoding=\"async\" class=\"alignleft wp-image-11219 size-medium\" src=\"http:\/\/sdg21.eu\/wp-content\/uploads\/2016\/08\/altershausen-an-den-roethen-300x218.jpg\" alt=\"Altershausen An den Roethen\" width=\"300\" height=\"218\" srcset=\"https:\/\/sdg21.eu\/wp-content\/uploads\/2016\/08\/altershausen-an-den-roethen-300x218.jpg 300w, https:\/\/sdg21.eu\/wp-content\/uploads\/2016\/08\/altershausen-an-den-roethen-250x181.jpg 250w, https:\/\/sdg21.eu\/wp-content\/uploads\/2016\/08\/altershausen-an-den-roethen-160x116.jpg 160w, https:\/\/sdg21.eu\/wp-content\/uploads\/2016\/08\/altershausen-an-den-roethen-144x104.jpg 144w, https:\/\/sdg21.eu\/wp-content\/uploads\/2016\/08\/altershausen-an-den-roethen.jpg 371w\" sizes=\"auto, (max-width: 300px) 100vw, 300px\" \/><\/a><strong>97486 Altershausen:<\/strong> Architecture: Valier (Bamberg), 22 WE<\/p>\n\n<br class=\"clear\" \/>\n<br \/>\n<a href=\"https:\/\/sdg21.eu\/en\/db\/oekologisches-baugebiet-an-den-roethen\">Show more &gt;&gt; <\/a>\n<div class=\"su-spacer\" style=\"height:20px\"><\/div>\n<span>&#8211; &#8211; &#8211; &#8211; &#8211; &#8211; &#8211; &#8211; &#8211; &#8211; &#8211; &#8211; &#8211; &#8211; &#8211; &#8211; &#8211; &#8211;<\/span>\n\t\t\n\t\t\t<h2><a href=\"https:\/\/sdg21.eu\/en\/db\/matzinger-wohnhof-in-berlin-neukoelln\">Matzinger residential estate in Berlin-Neuk\u00f6lln<\/a><\/h2> \n<span style=\"font-size: 8pt;\"><\/span>\n<strong>Size: <\/strong>21 CU . <strong>Plot: <\/strong> Hectare  \n<div class=\"su-spacer\" style=\"height:20px\"><\/div>\n<p><strong>12351 Berlin-Neuk\u00f6lln<\/strong>: Atrium-Living courts les Pal\u00e9tuviers, 21 WE, Arch. Fritz Matzinger, project address: Ibisweg 19. From originally 600 interested parties, two atrium houses were built for a housing cooperative for 21 people. Construction period: 1990 to 1992<\/p>\n\n<br class=\"clear\" \/>\n<br \/>\n<a href=\"https:\/\/sdg21.eu\/en\/db\/matzinger-wohnhof-in-berlin-neukoelln\">Show more &gt;&gt; <\/a>\n<div class=\"su-spacer\" style=\"height:20px\"><\/div>\n<span>&#8211; &#8211; &#8211; &#8211; &#8211; &#8211; &#8211; &#8211; &#8211; &#8211; &#8211; &#8211; &#8211; &#8211; &#8211; &#8211; &#8211; &#8211;<\/span>\n\t\t\n\t\t\t<h2><a href=\"https:\/\/sdg21.eu\/en\/db\/moorwiesensiedlung-kiel-hassee\">Moor meadow settlement Kiel-Hassee<\/a><\/h2> \n<span style=\"font-size: 8pt;\"><\/span>\n<strong>Size: <\/strong>21 CU . <strong>Plot: <\/strong> Hectare  \n<div class=\"su-spacer\" style=\"height:20px\"><\/div>\n<p><a href=\"http:\/\/sdg21.eu\/wp-content\/uploads\/2019\/08\/moorwiesensiedlung-18.jpg\"><img loading=\"lazy\" decoding=\"async\" class=\"alignleft size-medium wp-image-17428\" src=\"http:\/\/sdg21.eu\/wp-content\/uploads\/2019\/08\/moorwiesensiedlung-18-300x208.jpg\" alt=\"\" width=\"300\" height=\"208\" srcset=\"https:\/\/sdg21.eu\/wp-content\/uploads\/2019\/08\/moorwiesensiedlung-18-300x208.jpg 300w, https:\/\/sdg21.eu\/wp-content\/uploads\/2019\/08\/moorwiesensiedlung-18-560x389.jpg 560w, https:\/\/sdg21.eu\/wp-content\/uploads\/2019\/08\/moorwiesensiedlung-18-250x174.jpg 250w, https:\/\/sdg21.eu\/wp-content\/uploads\/2019\/08\/moorwiesensiedlung-18-768x533.jpg 768w, https:\/\/sdg21.eu\/wp-content\/uploads\/2019\/08\/moorwiesensiedlung-18-160x111.jpg 160w, https:\/\/sdg21.eu\/wp-content\/uploads\/2019\/08\/moorwiesensiedlung-18-144x100.jpg 144w, https:\/\/sdg21.eu\/wp-content\/uploads\/2019\/08\/moorwiesensiedlung-18.jpg 1000w\" sizes=\"auto, (max-width: 300px) 100vw, 300px\" \/><\/a><strong>24113 Kiel-Hassee:<\/strong> Werkgemeinschaft f\u00fcr Architektur und St\u00e4dtebau (Heidrun Buhse, H.Schulze, a.o.), 21 dwelling units, reed sewage treatment plant, compost toilets, BHKW with local heating network, planning by architects, cooperative, participation, community house, kindergarten, architectural office, organic building form. Completion: 1992<\/p>\n\n<br class=\"clear\" \/>\n<br \/>\n<a href=\"https:\/\/sdg21.eu\/en\/db\/moorwiesensiedlung-kiel-hassee\">Show more &gt;&gt; <\/a>\n<div class=\"su-spacer\" style=\"height:20px\"><\/div>\n<span>&#8211; &#8211; &#8211; &#8211; &#8211; &#8211; &#8211; &#8211; &#8211; &#8211; &#8211; &#8211; &#8211; &#8211; &#8211; &#8211; &#8211; &#8211;<\/span>\n\t\t\n\t\t\t<h2><a href=\"https:\/\/sdg21.eu\/en\/db\/baugebiet-itzauen\">Building area Itzauen<\/a><\/h2> \n<span style=\"font-size: 8pt;\"><\/span>\n<strong>Size: <\/strong>21 CU . <strong>Plot: <\/strong> Hectare  \n<div class=\"su-spacer\" style=\"height:20px\"><\/div>\n<p><strong><a href=\"http:\/\/sdg21.eu\/wp-content\/uploads\/2016\/08\/Itzauen-1.jpg\"><img loading=\"lazy\" decoding=\"async\" class=\"alignleft size-thumbnail wp-image-11217\" src=\"http:\/\/sdg21.eu\/wp-content\/uploads\/2016\/08\/Itzauen-1-150x160.jpg\" alt=\"itzauen\" width=\"150\" height=\"160\" srcset=\"https:\/\/sdg21.eu\/wp-content\/uploads\/2016\/08\/Itzauen-1-150x160.jpg 150w, https:\/\/sdg21.eu\/wp-content\/uploads\/2016\/08\/Itzauen-1-234x250.jpg 234w, https:\/\/sdg21.eu\/wp-content\/uploads\/2016\/08\/Itzauen-1-281x300.jpg 281w, https:\/\/sdg21.eu\/wp-content\/uploads\/2016\/08\/Itzauen-1-135x144.jpg 135w, https:\/\/sdg21.eu\/wp-content\/uploads\/2016\/08\/Itzauen-1.jpg 300w\" sizes=\"auto, (max-width: 150px) 100vw, 150px\" \/><\/a><a href=\"http:\/\/sdg21.eu\/wp-content\/uploads\/2016\/09\/In-Entstehung_gr100px_200dpi.jpg\"><img loading=\"lazy\" decoding=\"async\" class=\"alignleft size-full wp-image-9350\" src=\"http:\/\/sdg21.eu\/wp-content\/uploads\/2016\/09\/In-Entstehung_gr100px_200dpi.jpg\" alt=\"In-Entstehung_gr100px_200dpi\" width=\"25\" height=\"100\" \/><\/a>96269 Municipality of Gro\u00dfheirath:<\/strong> 21 realised residential units, 20 further undeveloped plots still available for sale, eco-building price 1997<\/p>\n\n<br class=\"clear\" \/>\n<br \/>\n<a href=\"https:\/\/sdg21.eu\/en\/db\/baugebiet-itzauen\">Show more &gt;&gt; <\/a>\n<div class=\"su-spacer\" style=\"height:20px\"><\/div>\n<span>&#8211; &#8211; &#8211; &#8211; &#8211; &#8211; &#8211; &#8211; &#8211; &#8211; &#8211; &#8211; &#8211; &#8211; &#8211; &#8211; &#8211; &#8211;<\/span>\n\t\t\n\t\t\t<h2><a href=\"https:\/\/sdg21.eu\/en\/db\/oekologische-siedlung-roter-sand\">Ecological settlement \"Red Sand<\/a><\/h2> \n<span style=\"font-size: 8pt;\"><\/span>\n<strong>Size: <\/strong>21 CU . <strong>Plot: <\/strong> Hectare  \n<div class=\"su-spacer\" style=\"height:20px\"><\/div>\n<p><strong>25704 Meldorf, district of Dithmarschen:<\/strong> Ecological settlement \"Roter Sand\". In 3 years an ecological settlement with 21 WEs in single-family houses, semi-detached houses and a 4-family house was built, which is characterized by its diverse exterior design and its multi-layered social structure. Completion: 1995(?)<\/p>\n\n<br class=\"clear\" \/>\n<br \/>\n<a href=\"https:\/\/sdg21.eu\/en\/db\/oekologische-siedlung-roter-sand\">Show more &gt;&gt; <\/a>\n<div class=\"su-spacer\" style=\"height:20px\"><\/div>\n<span>&#8211; &#8211; &#8211; &#8211; &#8211; &#8211; &#8211; &#8211; &#8211; &#8211; &#8211; &#8211; &#8211; &#8211; &#8211; &#8211; &#8211; &#8211;<\/span>\n\t\t\n\t\t\t<h2><a href=\"https:\/\/sdg21.eu\/en\/db\/das-buntstift\">buntStift\" housing project<\/a><\/h2> \n<span style=\"font-size: 8pt;\"><\/span>\n<strong>Size: <\/strong>21 CU . <strong>Plot: <\/strong> Hectare  \n<div class=\"su-spacer\" style=\"height:20px\"><\/div>\n<p><a href=\"http:\/\/sdg21.eu\/wp-content\/uploads\/2017\/11\/buntStift-Bochum.jpg\"><img loading=\"lazy\" decoding=\"async\" class=\"alignleft wp-image-14899 size-medium\" src=\"http:\/\/sdg21.eu\/wp-content\/uploads\/2017\/11\/buntStift-Bochum-300x224.jpg\" alt=\"\" width=\"300\" height=\"224\" srcset=\"https:\/\/sdg21.eu\/wp-content\/uploads\/2017\/11\/buntStift-Bochum-300x224.jpg 300w, https:\/\/sdg21.eu\/wp-content\/uploads\/2017\/11\/buntStift-Bochum-560x418.jpg 560w, https:\/\/sdg21.eu\/wp-content\/uploads\/2017\/11\/buntStift-Bochum-250x187.jpg 250w, https:\/\/sdg21.eu\/wp-content\/uploads\/2017\/11\/buntStift-Bochum-160x119.jpg 160w, https:\/\/sdg21.eu\/wp-content\/uploads\/2017\/11\/buntStift-Bochum-144x108.jpg 144w, https:\/\/sdg21.eu\/wp-content\/uploads\/2017\/11\/buntStift-Bochum.jpg 738w\" sizes=\"auto, (max-width: 300px) 100vw, 300px\" \/><\/a><strong>44892 Bochum:<\/strong> Multi-generation housing project in Bochum<br \/>\nCompletion: 2011<br \/>\nSize: 21 WE<\/p>\n<p>Innovative elements:<br \/>\n- Conversion of a vacant building into a multi-generation house<br \/>\n- Ecologically sustainable structural concept and barrier-free living<br \/>\n- Active promotion of neighbourly coexistence<\/p>\n\n<br class=\"clear\" \/>\n<br \/>\n<a href=\"https:\/\/sdg21.eu\/en\/db\/das-buntstift\">Show more &gt;&gt; <\/a>\n<div class=\"su-spacer\" style=\"height:20px\"><\/div>\n<span>&#8211; &#8211; &#8211; &#8211; &#8211; &#8211; &#8211; &#8211; &#8211; &#8211; &#8211; &#8211; &#8211; &#8211; &#8211; &#8211; &#8211; &#8211;<\/span>\n\t\t\n\t\t\t<h2><a href=\"https:\/\/sdg21.eu\/en\/db\/esa-studierendenwohnheim-kaiserslautern\">ESA student dormitory Kaiserslautern<\/a><\/h2> \n<span style=\"font-size: 8pt;\"><\/span>\n<strong>Size: <\/strong>20 CU . <strong>Plot: <\/strong> Hectare  \n<div class=\"su-spacer\" style=\"height:20px\"><\/div>\n<p><a href=\"#gallery-8713\"><img loading=\"lazy\" decoding=\"async\" class=\"alignleft wp-image-8712 size-medium\" src=\"http:\/\/sdg21.eu\/wp-content\/uploads\/2016\/08\/2-5-300x204.jpg\" alt=\"2\" width=\"300\" height=\"204\" srcset=\"https:\/\/sdg21.eu\/wp-content\/uploads\/2016\/08\/2-5-300x204.jpg 300w, https:\/\/sdg21.eu\/wp-content\/uploads\/2016\/08\/2-5-560x381.jpg 560w, https:\/\/sdg21.eu\/wp-content\/uploads\/2016\/08\/2-5-250x170.jpg 250w, https:\/\/sdg21.eu\/wp-content\/uploads\/2016\/08\/2-5-160x109.jpg 160w, https:\/\/sdg21.eu\/wp-content\/uploads\/2016\/08\/2-5-144x98.jpg 144w, https:\/\/sdg21.eu\/wp-content\/uploads\/2016\/08\/2-5-100x68.jpg 100w, https:\/\/sdg21.eu\/wp-content\/uploads\/2016\/08\/2-5.jpg 600w\" sizes=\"auto, (max-width: 300px) 100vw, 300px\" \/><\/a><strong>67659 Kaiserslautern:<\/strong> ESA (Energy Saving Student Residence): planned and built with students, \"house in a house\" principle (based on Bengt Warn's \"Naturhuset\"), 20 rooms, a kitchen and other common rooms, varied planting of the winter garden, recycled building materials, solar system for hot water, each room also has a private terrace or seating area in the greenhouse.<\/p>\n\n<br class=\"clear\" \/>\n<br \/>\n<a href=\"https:\/\/sdg21.eu\/en\/db\/esa-studierendenwohnheim-kaiserslautern\">Show more &gt;&gt; <\/a>\n<div class=\"su-spacer\" style=\"height:20px\"><\/div>\n<span>&#8211; &#8211; &#8211; &#8211; &#8211; &#8211; &#8211; &#8211; &#8211; &#8211; &#8211; &#8211; &#8211; &#8211; &#8211; &#8211; &#8211; &#8211;<\/span>\n\t\t\n\t\t\t<h2><a href=\"https:\/\/sdg21.eu\/en\/db\/wohnhof-ziegelei\">Residential yard \"Brickyard<\/a><\/h2> \n<span style=\"font-size: 8pt;\"><\/span>\n<strong>Size: <\/strong>20 CU . <strong>Plot: <\/strong> Hectare  \n<div class=\"su-spacer\" style=\"height:20px\"><\/div>\n<p><strong><a href=\"http:\/\/sdg21.eu\/wp-content\/uploads\/2020\/12\/Ziegelei-5.jpg\"><img loading=\"lazy\" decoding=\"async\" class=\"alignleft  wp-image-27182\" src=\"http:\/\/sdg21.eu\/wp-content\/uploads\/2020\/12\/Ziegelei-5-560x378.jpg\" alt=\"\" width=\"300\" height=\"203\" srcset=\"https:\/\/sdg21.eu\/wp-content\/uploads\/2020\/12\/Ziegelei-5-560x378.jpg 560w, https:\/\/sdg21.eu\/wp-content\/uploads\/2020\/12\/Ziegelei-5-250x169.jpg 250w, https:\/\/sdg21.eu\/wp-content\/uploads\/2020\/12\/Ziegelei-5-768x518.jpg 768w, https:\/\/sdg21.eu\/wp-content\/uploads\/2020\/12\/Ziegelei-5.jpg 1130w\" sizes=\"auto, (max-width: 300px) 100vw, 300px\" \/><\/a>79249 Merzhausen:<\/strong> 20 units, architecture: Rolf Disch. Flexible, \"organic\" floor plans, social concept, family-friendly residential courtyard typologies, cost-effective, completion: 1980.<\/p>\n\n<br class=\"clear\" \/>\n<br \/>\n<a href=\"https:\/\/sdg21.eu\/en\/db\/wohnhof-ziegelei\">Show more &gt;&gt; <\/a>\n<div class=\"su-spacer\" style=\"height:20px\"><\/div>\n<span>&#8211; &#8211; &#8211; &#8211; &#8211; &#8211; &#8211; &#8211; &#8211; &#8211; &#8211; &#8211; &#8211; &#8211; &#8211; &#8211; &#8211; &#8211;<\/span>\n\t\t\n\t\t\t<h2><a href=\"https:\/\/sdg21.eu\/en\/db\/nullabwasserhaus\">Living and working<\/a><\/h2> \n<span style=\"font-size: 8pt;\"><\/span>\n<strong>Size: <\/strong>20 CU . <strong>Plot: <\/strong> Hectare  \n<div class=\"su-spacer\" style=\"height:20px\"><\/div>\n<p><strong><a href=\"http:\/\/sdg21.eu\/wp-content\/uploads\/2016\/08\/79_63_Nullabw.jpg\"><img loading=\"lazy\" decoding=\"async\" class=\"alignleft wp-image-7480 size-medium\" title=\"Photo: H. Wolpensinger\" src=\"http:\/\/sdg21.eu\/wp-content\/uploads\/2016\/08\/79_63_Nullabw-300x203.jpg\" alt=\"79_63_Nullabw\" width=\"300\" height=\"203\" srcset=\"https:\/\/sdg21.eu\/wp-content\/uploads\/2016\/08\/79_63_Nullabw-300x203.jpg 300w, https:\/\/sdg21.eu\/wp-content\/uploads\/2016\/08\/79_63_Nullabw-250x169.jpg 250w, https:\/\/sdg21.eu\/wp-content\/uploads\/2016\/08\/79_63_Nullabw-100x68.jpg 100w, https:\/\/sdg21.eu\/wp-content\/uploads\/2016\/08\/79_63_Nullabw-144x98.jpg 144w, https:\/\/sdg21.eu\/wp-content\/uploads\/2016\/08\/79_63_Nullabw.jpg 425w\" sizes=\"auto, (max-width: 300px) 100vw, 300px\" \/><\/a>79100 Freiburg-Vauban<\/strong> (project no. 3): zero wastewater house, passive house standard, 20 WEs, energy saving concept, biogas CHP, solar power system, alternative sanitation concept, completion: 1999<\/p>\n\n<br class=\"clear\" \/>\n<br \/>\n<a href=\"https:\/\/sdg21.eu\/en\/db\/nullabwasserhaus\">Show more &gt;&gt; <\/a>\n<div class=\"su-spacer\" style=\"height:20px\"><\/div>\n<span>&#8211; &#8211; &#8211; &#8211; &#8211; &#8211; &#8211; &#8211; &#8211; &#8211; &#8211; &#8211; &#8211; &#8211; &#8211; &#8211; &#8211; &#8211;<\/span>\n\t\t\n\t\t\t<h2><a href=\"https:\/\/sdg21.eu\/en\/db\/gartenstadt-bornstedter-feld\">Garden City Bornstedter Feld<\/a><\/h2> \n<span style=\"font-size: 8pt;\"><\/span>\n<strong>Size: <\/strong>19 CU . <strong>Plot: <\/strong> Hectare  \n<div class=\"su-spacer\" style=\"height:20px\"><\/div>\n<p><a href=\"http:\/\/sdg21.eu\/wp-content\/uploads\/2016\/08\/bornstedter-feld.jpg\"><img loading=\"lazy\" decoding=\"async\" class=\"alignleft size-medium wp-image-13561\" src=\"http:\/\/sdg21.eu\/wp-content\/uploads\/2016\/08\/bornstedter-feld-300x187.jpg\" alt=\"\" width=\"300\" height=\"187\" srcset=\"https:\/\/sdg21.eu\/wp-content\/uploads\/2016\/08\/bornstedter-feld-300x187.jpg 300w, https:\/\/sdg21.eu\/wp-content\/uploads\/2016\/08\/bornstedter-feld-250x156.jpg 250w, https:\/\/sdg21.eu\/wp-content\/uploads\/2016\/08\/bornstedter-feld-160x100.jpg 160w, https:\/\/sdg21.eu\/wp-content\/uploads\/2016\/08\/bornstedter-feld-144x90.jpg 144w, https:\/\/sdg21.eu\/wp-content\/uploads\/2016\/08\/bornstedter-feld.jpg 518w\" sizes=\"auto, (max-width: 300px) 100vw, 300px\" \/><\/a><strong>14467 Potsdam:<\/strong> 19 terraced houses on the edge of the BUGA site, completion: 2001. Ecological board stack solid timber house, life cycle assessment study. Architect's office Brenne-Eble, Berlin. Client: GSW, Berlin<\/p>\n\n<br class=\"clear\" \/>\n<br \/>\n<a href=\"https:\/\/sdg21.eu\/en\/db\/gartenstadt-bornstedter-feld\">Show more &gt;&gt; <\/a>\n<div class=\"su-spacer\" style=\"height:20px\"><\/div>\n<span>&#8211; &#8211; &#8211; &#8211; &#8211; &#8211; &#8211; &#8211; &#8211; &#8211; &#8211; &#8211; &#8211; &#8211; &#8211; &#8211; &#8211; &#8211;<\/span>\n\t\t\n\t\t\t<h2><a href=\"https:\/\/sdg21.eu\/en\/db\/oekosiedlung-koblenz-asterstein\">Eco-settlement Koblenz-Asterstein<\/a><\/h2> \n<span style=\"font-size: 8pt;\"><\/span>\n<strong>Size: <\/strong>19 CU . <strong>Plot: <\/strong> Hectare  \n<div class=\"su-spacer\" style=\"height:20px\"><\/div>\n<p><strong><a href=\"http:\/\/sdg21.eu\/wp-content\/uploads\/2019\/08\/koblenz-13.jpg\"><img loading=\"lazy\" decoding=\"async\" class=\"alignleft wp-image-17216 size-medium\" src=\"http:\/\/sdg21.eu\/wp-content\/uploads\/2019\/08\/koblenz-13-300x201.jpg\" alt=\"\" width=\"300\" height=\"201\" srcset=\"https:\/\/sdg21.eu\/wp-content\/uploads\/2019\/08\/koblenz-13-300x201.jpg 300w, https:\/\/sdg21.eu\/wp-content\/uploads\/2019\/08\/koblenz-13-560x376.jpg 560w, https:\/\/sdg21.eu\/wp-content\/uploads\/2019\/08\/koblenz-13-250x168.jpg 250w, https:\/\/sdg21.eu\/wp-content\/uploads\/2019\/08\/koblenz-13-768x515.jpg 768w, https:\/\/sdg21.eu\/wp-content\/uploads\/2019\/08\/koblenz-13-160x107.jpg 160w, https:\/\/sdg21.eu\/wp-content\/uploads\/2019\/08\/koblenz-13-144x97.jpg 144w, https:\/\/sdg21.eu\/wp-content\/uploads\/2019\/08\/koblenz-13.jpg 1000w\" sizes=\"auto, (max-width: 300px) 100vw, 300px\" \/><\/a>56077 Koblenz-Asterstein:<\/strong> 19 units, eco-settlement in passive house and timber construction. Occupation: 2001<\/p>\n\n<br class=\"clear\" \/>\n<br \/>\n<a href=\"https:\/\/sdg21.eu\/en\/db\/oekosiedlung-koblenz-asterstein\">Show more &gt;&gt; <\/a>\n<div class=\"su-spacer\" style=\"height:20px\"><\/div>\n<span>&#8211; &#8211; &#8211; &#8211; &#8211; &#8211; &#8211; &#8211; &#8211; &#8211; &#8211; &#8211; &#8211; &#8211; &#8211; &#8211; &#8211; &#8211;<\/span>\n\t\t\n\t\t\t<h2><a href=\"https:\/\/sdg21.eu\/en\/db\/baubiologische-siedlung-friebertshausen\">Building Biology Settlement Friebertshausen<\/a><\/h2> \n<span style=\"font-size: 8pt;\"><\/span>\n<strong>Size: <\/strong>19 CU . <strong>Plot: <\/strong> Hectare  \n<div class=\"su-spacer\" style=\"height:20px\"><\/div>\n<p><strong><a href=\"http:\/\/www.friebertshausen.de\/oekosiedlung\/galerie\/impressionen.html\" target=\"_blank\" rel=\"noopener noreferrer\"><img loading=\"lazy\" decoding=\"async\" class=\"alignleft wp-image-9046 size-medium\" title=\"Photo: http:\/\/www.friebertshausen.de\/oekosiedlung\/galerie\/impressionen.html\" src=\"http:\/\/sdg21.eu\/wp-content\/uploads\/2016\/08\/fribertsh-300x176.jpg\" alt=\"fribertsh\" width=\"300\" height=\"176\" srcset=\"https:\/\/sdg21.eu\/wp-content\/uploads\/2016\/08\/fribertsh-300x176.jpg 300w, https:\/\/sdg21.eu\/wp-content\/uploads\/2016\/08\/fribertsh-250x147.jpg 250w, https:\/\/sdg21.eu\/wp-content\/uploads\/2016\/08\/fribertsh-100x59.jpg 100w, https:\/\/sdg21.eu\/wp-content\/uploads\/2016\/08\/fribertsh-144x85.jpg 144w, https:\/\/sdg21.eu\/wp-content\/uploads\/2016\/08\/fribertsh.jpg 490w\" sizes=\"auto, (max-width: 300px) 100vw, 300px\" \/><\/a>35075 Gladenbach-Friebertshausen:<\/strong> 19 houses, about 29 adults and 34 children. Approx. 18.000 m<sup>2<\/sup> Property. Additional 22.000 m<sup>2<\/sup> leased (playgrounds, orchards, ponds), construction period: 1987-90<\/p>\n\n<br class=\"clear\" \/>\n<br \/>\n<a href=\"https:\/\/sdg21.eu\/en\/db\/baubiologische-siedlung-friebertshausen\">Show more &gt;&gt; <\/a>\n<div class=\"su-spacer\" style=\"height:20px\"><\/div>\n<span>&#8211; &#8211; &#8211; &#8211; &#8211; &#8211; &#8211; &#8211; &#8211; &#8211; &#8211; &#8211; &#8211; &#8211; &#8211; &#8211; &#8211; &#8211;<\/span>\n\t\t\n\t\t\t<h2><a href=\"https:\/\/sdg21.eu\/en\/db\/fertighauswelt-wuppertal\">Plus-Energie-FertighausWelt Wuppertal<\/a><\/h2> \n<span style=\"font-size: 8pt;\"><\/span>\n<strong>Size: <\/strong>19 CU . <strong>Plot: <\/strong>1.8 hectare  \n<div class=\"su-spacer\" style=\"height:20px\"><\/div>\n<p><strong><a href=\"http:\/\/sdg21.eu\/wp-content\/uploads\/2019\/08\/Wuppertal_IMG_7645.jpeg\"><img loading=\"lazy\" decoding=\"async\" class=\"alignleft size-medium wp-image-18041\" src=\"http:\/\/sdg21.eu\/wp-content\/uploads\/2019\/08\/Wuppertal_IMG_7645-300x200.jpeg\" alt=\"\" width=\"300\" height=\"200\" srcset=\"https:\/\/sdg21.eu\/wp-content\/uploads\/2019\/08\/Wuppertal_IMG_7645-300x200.jpeg 300w, https:\/\/sdg21.eu\/wp-content\/uploads\/2019\/08\/Wuppertal_IMG_7645-560x374.jpeg 560w, https:\/\/sdg21.eu\/wp-content\/uploads\/2019\/08\/Wuppertal_IMG_7645-250x167.jpeg 250w, https:\/\/sdg21.eu\/wp-content\/uploads\/2019\/08\/Wuppertal_IMG_7645-768x512.jpeg 768w, https:\/\/sdg21.eu\/wp-content\/uploads\/2019\/08\/Wuppertal_IMG_7645-160x107.jpeg 160w, https:\/\/sdg21.eu\/wp-content\/uploads\/2019\/08\/Wuppertal_IMG_7645-1024x683.jpeg 1024w, https:\/\/sdg21.eu\/wp-content\/uploads\/2019\/08\/Wuppertal_IMG_7645-144x96.jpeg 144w, https:\/\/sdg21.eu\/wp-content\/uploads\/2019\/08\/Wuppertal_IMG_7645.jpeg 1280w\" sizes=\"auto, (max-width: 300px) 100vw, 300px\" \/><\/a>42279 Wuppertal:<\/strong> The exhibition with 19 show houses in the \"Efficiency House Plus\" building standard on the 18,000 square meter site is a model project of the prefabricated construction industry for the development of energy-efficient settlements, sponsored by the BBSR. All model houses are networked with each other and have a central storage battery so that energy can be generated, stored and distributed collectively. Completion: 2013<\/p>\n\n<br class=\"clear\" \/>\n<br \/>\n<a href=\"https:\/\/sdg21.eu\/en\/db\/fertighauswelt-wuppertal\">Show more &gt;&gt; <\/a>\n<div class=\"su-spacer\" style=\"height:20px\"><\/div>\n<span>&#8211; &#8211; &#8211; &#8211; &#8211; &#8211; &#8211; &#8211; &#8211; &#8211; &#8211; &#8211; &#8211; &#8211; &#8211; &#8211; &#8211; &#8211;<\/span>\n\t\t\n\t\t\t<h2><a href=\"https:\/\/sdg21.eu\/en\/db\/matzinger-wohnhof-dresden-coschuetz\">Matzinger residential farm Dresden-Cosch\u00fctz<\/a><\/h2> \n<span style=\"font-size: 8pt;\"><\/span>\n<strong>Size: <\/strong>18 CU . <strong>Plot: <\/strong> Hectare  \n<div class=\"su-spacer\" style=\"height:20px\"><\/div>\n<p><strong><img loading=\"lazy\" decoding=\"async\" class=\"alignleft wp-image-6050 size-medium\" src=\"http:\/\/sdg21.eu\/wp-content\/uploads\/2016\/08\/01_dresden-300x225.jpg\" alt=\"01_dresden\" width=\"300\" height=\"225\" srcset=\"https:\/\/sdg21.eu\/wp-content\/uploads\/2016\/08\/01_dresden-300x225.jpg 300w, https:\/\/sdg21.eu\/wp-content\/uploads\/2016\/08\/01_dresden-250x188.jpg 250w, https:\/\/sdg21.eu\/wp-content\/uploads\/2016\/08\/01_dresden-144x108.jpg 144w, https:\/\/sdg21.eu\/wp-content\/uploads\/2016\/08\/01_dresden.jpg 450w\" sizes=\"auto, (max-width: 300px) 100vw, 300px\" \/>01189 Dresden-Cosch\u00fctz:<\/strong> 18 dwelling units, completion. 1999, residential courtyard according to Fritz Matzinger: especially in Austria there are a number of housing estates that were realized according to the Matzinger residential courtyard concept (see also \"Offenau residential courtyards\"). Wooden panel construction, a lot of own work, inexpensive.<\/p>\n\n<br class=\"clear\" \/>\n<br \/>\n<a href=\"https:\/\/sdg21.eu\/en\/db\/matzinger-wohnhof-dresden-coschuetz\">Show more &gt;&gt; <\/a>\n<div class=\"su-spacer\" style=\"height:20px\"><\/div>\n<span>&#8211; &#8211; &#8211; &#8211; &#8211; &#8211; &#8211; &#8211; &#8211; &#8211; &#8211; &#8211; &#8211; &#8211; &#8211; &#8211; &#8211; &#8211;<\/span>\n\t\t\n\t\t\t<h2><a href=\"https:\/\/sdg21.eu\/en\/db\/auf-den-steinen\">\"On the Stones\"<\/a><\/h2> \n<span style=\"font-size: 8pt;\"><\/span>\n<strong>Size: <\/strong>18 CU . <strong>Plot: <\/strong> Hectare  \n<div class=\"su-spacer\" style=\"height:20px\"><\/div>\n<p><strong><a href=\"http:\/\/sdg21.eu\/wp-content\/uploads\/2016\/08\/auf-den-steinen.jpg\"><img loading=\"lazy\" decoding=\"async\" class=\"alignleft wp-image-9631 size-medium\" src=\"http:\/\/sdg21.eu\/wp-content\/uploads\/2016\/08\/auf-den-steinen-300x225.jpg\" alt=\"auf-den-steinen\" width=\"300\" height=\"225\" srcset=\"https:\/\/sdg21.eu\/wp-content\/uploads\/2016\/08\/auf-den-steinen-300x225.jpg 300w, https:\/\/sdg21.eu\/wp-content\/uploads\/2016\/08\/auf-den-steinen-250x188.jpg 250w, https:\/\/sdg21.eu\/wp-content\/uploads\/2016\/08\/auf-den-steinen-160x120.jpg 160w, https:\/\/sdg21.eu\/wp-content\/uploads\/2016\/08\/auf-den-steinen-144x108.jpg 144w, https:\/\/sdg21.eu\/wp-content\/uploads\/2016\/08\/auf-den-steinen.jpg 400w\" sizes=\"auto, (max-width: 300px) 100vw, 300px\" \/><\/a>53474 Bad Neuenahr-Ahrweiler:<\/strong> Architekturwerkstatt Schmidt, \u00d6kol. Building materials, water concept, own work, 9 dwelling units, construction period: 1986 - 90<\/p>\n\n<br class=\"clear\" \/>\n<br \/>\n<a href=\"https:\/\/sdg21.eu\/en\/db\/auf-den-steinen\">Show more &gt;&gt; <\/a>\n<div class=\"su-spacer\" style=\"height:20px\"><\/div>\n<span>&#8211; &#8211; &#8211; &#8211; &#8211; &#8211; &#8211; &#8211; &#8211; &#8211; &#8211; &#8211; &#8211; &#8211; &#8211; &#8211; &#8211; &#8211;<\/span>\n\t\t\n\t\t\t<h2><a href=\"https:\/\/sdg21.eu\/en\/db\/oekologische-siedlung-osterloh\">Ecological settlement Osterloh<\/a><\/h2> \n<span style=\"font-size: 8pt;\"><\/span>\n<strong>Size: <\/strong>18 CU . <strong>Plot: <\/strong> Hectare  \n<div class=\"su-spacer\" style=\"height:20px\"><\/div>\n<p><strong>25524 Itzehoe:<\/strong> The \"car-free\" settlement consists of 18 flats (12 DHH, 2 RH with 3 flats each), which is organized as a condominium owners' association. Approx. 1\/3 of the total area is used as common property: Paths, Thingplatz, biotope and meadow etc.; Planning office: Christine Appel, Itzehoe. Completion: 1998<\/p>\n\n<br class=\"clear\" \/>\n<br \/>\n<a href=\"https:\/\/sdg21.eu\/en\/db\/oekologische-siedlung-osterloh\">Show more &gt;&gt; <\/a>\n<div class=\"su-spacer\" style=\"height:20px\"><\/div>\n<span>&#8211; &#8211; &#8211; &#8211; &#8211; &#8211; &#8211; &#8211; &#8211; &#8211; &#8211; &#8211; &#8211; &#8211; &#8211; &#8211; &#8211; &#8211;<\/span>\n\t\t\n\t\t\t<h2><a href=\"https:\/\/sdg21.eu\/en\/db\/frankfurt-riedberg-altkoenigblick\">Frankfurt Riedberg \/ Altk\u00f6nigblick<\/a><\/h2> \n<span style=\"font-size: 8pt;\"><\/span>\n<strong>Size: <\/strong>18 CU . <strong>Plot: <\/strong> Hectare  \n<div class=\"su-spacer\" style=\"height:20px\"><\/div>\n<p><strong><a href=\"http:\/\/sdg21.eu\/wp-content\/uploads\/2016\/08\/riedberg.jpg\"><img loading=\"lazy\" decoding=\"async\" class=\"alignleft wp-image-9479 size-medium\" src=\"http:\/\/sdg21.eu\/wp-content\/uploads\/2016\/08\/riedberg-300x150.jpg\" alt=\"riedberg\" width=\"300\" height=\"150\" srcset=\"https:\/\/sdg21.eu\/wp-content\/uploads\/2016\/08\/riedberg-300x150.jpg 300w, https:\/\/sdg21.eu\/wp-content\/uploads\/2016\/08\/riedberg-560x280.jpg 560w, https:\/\/sdg21.eu\/wp-content\/uploads\/2016\/08\/riedberg-1280x640.jpg 1280w, https:\/\/sdg21.eu\/wp-content\/uploads\/2016\/08\/riedberg-250x125.jpg 250w, https:\/\/sdg21.eu\/wp-content\/uploads\/2016\/08\/riedberg-768x384.jpg 768w, https:\/\/sdg21.eu\/wp-content\/uploads\/2016\/08\/riedberg-1536x768.jpg 1536w, https:\/\/sdg21.eu\/wp-content\/uploads\/2016\/08\/riedberg-1320x660.jpg 1320w, https:\/\/sdg21.eu\/wp-content\/uploads\/2016\/08\/riedberg-160x80.jpg 160w, https:\/\/sdg21.eu\/wp-content\/uploads\/2016\/08\/riedberg-1024x512.jpg 1024w, https:\/\/sdg21.eu\/wp-content\/uploads\/2016\/08\/riedberg-144x72.jpg 144w, https:\/\/sdg21.eu\/wp-content\/uploads\/2016\/08\/riedberg.jpg 1600w\" sizes=\"auto, (max-width: 300px) 100vw, 300px\" \/><\/a>60439 Frankfurt Riedberg \/ Altk\u00f6nigblick<\/strong>Building group Riedberg, 18 units, new construction of 9 semi-detached houses<\/p>\n\n<br class=\"clear\" \/>\n<br \/>\n<a href=\"https:\/\/sdg21.eu\/en\/db\/frankfurt-riedberg-altkoenigblick\">Show more &gt;&gt; <\/a>\n<div class=\"su-spacer\" style=\"height:20px\"><\/div>\n<span>&#8211; &#8211; &#8211; &#8211; &#8211; &#8211; &#8211; &#8211; &#8211; &#8211; &#8211; &#8211; &#8211; &#8211; &#8211; &#8211; &#8211; &#8211;<\/span>\n\t\t\n\t\t\t<h2><a href=\"https:\/\/sdg21.eu\/en\/db\/siedlung-lindenwaeldle\">Settlement \"Lindenw\u00e4ldle<\/a><\/h2> \n<span style=\"font-size: 8pt;\"><\/span>\n<strong>Size: <\/strong>18 CU . <strong>Plot: <\/strong> Hectare  \n<div class=\"su-spacer\" style=\"height:20px\"><\/div>\n<p><a href=\"http:\/\/sdg21.eu\/wp-content\/uploads\/2019\/12\/freiburg-18-scaled.jpg\"><img loading=\"lazy\" decoding=\"async\" class=\"alignleft wp-image-20273 size-medium\" src=\"http:\/\/sdg21.eu\/wp-content\/uploads\/2019\/12\/freiburg-18-300x169.jpg\" alt=\"\" width=\"300\" height=\"169\" srcset=\"https:\/\/sdg21.eu\/wp-content\/uploads\/2019\/12\/freiburg-18-300x169.jpg 300w, https:\/\/sdg21.eu\/wp-content\/uploads\/2019\/12\/freiburg-18-560x315.jpg 560w, https:\/\/sdg21.eu\/wp-content\/uploads\/2019\/12\/freiburg-18-1280x721.jpg 1280w, https:\/\/sdg21.eu\/wp-content\/uploads\/2019\/12\/freiburg-18-250x141.jpg 250w, https:\/\/sdg21.eu\/wp-content\/uploads\/2019\/12\/freiburg-18-768x432.jpg 768w, https:\/\/sdg21.eu\/wp-content\/uploads\/2019\/12\/freiburg-18-1536x865.jpg 1536w, https:\/\/sdg21.eu\/wp-content\/uploads\/2019\/12\/freiburg-18-2048x1153.jpg 2048w, https:\/\/sdg21.eu\/wp-content\/uploads\/2019\/12\/freiburg-18-1320x743.jpg 1320w, https:\/\/sdg21.eu\/wp-content\/uploads\/2019\/12\/freiburg-18-1024x576.jpg 1024w, https:\/\/sdg21.eu\/wp-content\/uploads\/2019\/12\/freiburg-18-160x90.jpg 160w, https:\/\/sdg21.eu\/wp-content\/uploads\/2019\/12\/freiburg-18-144x81.jpg 144w\" sizes=\"auto, (max-width: 300px) 100vw, 300px\" \/><\/a><strong>79098 Freiburg:<\/strong> 18 WE. Rolf Disch\/G. Kamps, \"social housing\", completion: 1985<\/p>\n\n<br class=\"clear\" \/>\n<br \/>\n<a href=\"https:\/\/sdg21.eu\/en\/db\/siedlung-lindenwaeldle\">Show more &gt;&gt; <\/a>\n<div class=\"su-spacer\" style=\"height:20px\"><\/div>\n<span>&#8211; &#8211; &#8211; &#8211; &#8211; &#8211; &#8211; &#8211; &#8211; &#8211; &#8211; &#8211; &#8211; &#8211; &#8211; &#8211; &#8211; &#8211;<\/span>\n\t\t\n\t\t\t<h2><a href=\"https:\/\/sdg21.eu\/en\/db\/gemeinschaftssiedlung-alte-gaertnerei-in-kiel\">Community housing estate \"Alte G\u00e4rtnerei\" in Kiel<\/a><\/h2> \n<span style=\"font-size: 8pt;\"><\/span>\n<strong>Size: <\/strong>17 CU . <strong>Plot: <\/strong>0.55 hectare  \n<div class=\"su-spacer\" style=\"height:20px\"><\/div>\n<p><a href=\"http:\/\/sdg21.eu\/wp-content\/uploads\/2019\/08\/alte-gaertnerei-10.jpg\"><img loading=\"lazy\" decoding=\"async\" class=\"size-medium wp-image-17279 alignleft\" src=\"http:\/\/sdg21.eu\/wp-content\/uploads\/2019\/08\/alte-gaertnerei-10-300x199.jpg\" alt=\"\" width=\"300\" height=\"199\" srcset=\"https:\/\/sdg21.eu\/wp-content\/uploads\/2019\/08\/alte-gaertnerei-10-300x199.jpg 300w, https:\/\/sdg21.eu\/wp-content\/uploads\/2019\/08\/alte-gaertnerei-10-560x372.jpg 560w, https:\/\/sdg21.eu\/wp-content\/uploads\/2019\/08\/alte-gaertnerei-10-250x166.jpg 250w, https:\/\/sdg21.eu\/wp-content\/uploads\/2019\/08\/alte-gaertnerei-10-768x510.jpg 768w, https:\/\/sdg21.eu\/wp-content\/uploads\/2019\/08\/alte-gaertnerei-10-160x106.jpg 160w, https:\/\/sdg21.eu\/wp-content\/uploads\/2019\/08\/alte-gaertnerei-10-144x96.jpg 144w, https:\/\/sdg21.eu\/wp-content\/uploads\/2019\/08\/alte-gaertnerei-10.jpg 1000w\" sizes=\"auto, (max-width: 300px) 100vw, 300px\" \/><\/a><strong>24113 Kiel:<\/strong> Follow-up project of the \"Moorwiesensiedlung\". Residential project with 17 building parties in 7 houses in low-energy standard and in consideration of ecological building principles. Occupation: 1999<\/p>\n\n<br class=\"clear\" \/>\n<br \/>\n<a href=\"https:\/\/sdg21.eu\/en\/db\/gemeinschaftssiedlung-alte-gaertnerei-in-kiel\">Show more &gt;&gt; <\/a>\n<div class=\"su-spacer\" style=\"height:20px\"><\/div>\n<span>&#8211; &#8211; &#8211; &#8211; &#8211; &#8211; &#8211; &#8211; &#8211; &#8211; &#8211; &#8211; &#8211; &#8211; &#8211; &#8211; &#8211; &#8211;<\/span>\n\t\t\n\t\t\t<h2><a href=\"https:\/\/sdg21.eu\/en\/db\/oekologische-siedlung-droescheder-feld\">Ecological settlement \"Dr\u00f6scheder Feld<\/a><\/h2> \n<span style=\"font-size: 8pt;\"><\/span>\n<strong>Size: <\/strong>17 CU . <strong>Plot: <\/strong> Hectare  \n<div class=\"su-spacer\" style=\"height:20px\"><\/div>\n<p><strong><a href=\"http:\/\/sdg21.eu\/wp-content\/uploads\/2016\/08\/ref_wohnhof_pic1.jpg\"><img loading=\"lazy\" decoding=\"async\" class=\"alignleft wp-image-11623 size-medium\" title=\"Photo: Leo Schwering\" src=\"http:\/\/sdg21.eu\/wp-content\/uploads\/2016\/08\/ref_wohnhof_pic1-300x214.jpg\" alt=\"ref_wohnhof_pic1\" width=\"300\" height=\"214\" srcset=\"https:\/\/sdg21.eu\/wp-content\/uploads\/2016\/08\/ref_wohnhof_pic1.jpg 300w, https:\/\/sdg21.eu\/wp-content\/uploads\/2016\/08\/ref_wohnhof_pic1-250x178.jpg 250w, https:\/\/sdg21.eu\/wp-content\/uploads\/2016\/08\/ref_wohnhof_pic1-160x114.jpg 160w, https:\/\/sdg21.eu\/wp-content\/uploads\/2016\/08\/ref_wohnhof_pic1-144x103.jpg 144w\" sizes=\"auto, (max-width: 300px) 100vw, 300px\" \/><\/a>58638 Iserlohn:<\/strong> Street: Oestricher Str. 39 to 57. Organisation and structuring of the project: Verein Wohnhof Iserlohn e.V., architecture: energy and environmentally friendly building, Leo Schwering. Approx. 55 persons in 17 flats and 2 offices as terraced, semi-detached and detached houses, grass roof, timber frame construction, parking space-free development (central parking spaces in front), innovative financing concept, legal form \"association\". 3rd prize at the timber construction award 2000 of the M\u00e4rkischer Kreis.<\/p>\n\n<br class=\"clear\" \/>\n<br \/>\n<a href=\"https:\/\/sdg21.eu\/en\/db\/oekologische-siedlung-droescheder-feld\">Show more &gt;&gt; <\/a>\n<div class=\"su-spacer\" style=\"height:20px\"><\/div>\n<span>&#8211; &#8211; &#8211; &#8211; &#8211; &#8211; &#8211; &#8211; &#8211; &#8211; &#8211; &#8211; &#8211; &#8211; &#8211; &#8211; &#8211; &#8211;<\/span>\n\t\t\n\t\t\t<h2><a href=\"https:\/\/sdg21.eu\/en\/db\/wohnsiedlung-oekozentrum-rommelmuehle\">Housing estate \u00d6kozentrum Rommelm\u00fchle<\/a><\/h2> \n<span style=\"font-size: 8pt;\"><\/span>\n<strong>Size: <\/strong>17 CU . <strong>Plot: <\/strong> Hectare  \n<div class=\"su-spacer\" style=\"height:20px\"><\/div>\n<p><strong><a href=\"http:\/\/sdg21.eu\/wp-content\/uploads\/2016\/08\/a47.jpg\"><img loading=\"lazy\" decoding=\"async\" class=\"alignleft wp-image-10160 size-medium\" title=\"Photo: H. Wolpensinger\" src=\"http:\/\/sdg21.eu\/wp-content\/uploads\/2016\/08\/a47-300x201.jpg\" alt=\"a47\" width=\"300\" height=\"201\" srcset=\"https:\/\/sdg21.eu\/wp-content\/uploads\/2016\/08\/a47-300x201.jpg 300w, https:\/\/sdg21.eu\/wp-content\/uploads\/2016\/08\/a47-560x375.jpg 560w, https:\/\/sdg21.eu\/wp-content\/uploads\/2016\/08\/a47-250x168.jpg 250w, https:\/\/sdg21.eu\/wp-content\/uploads\/2016\/08\/a47-768x515.jpg 768w, https:\/\/sdg21.eu\/wp-content\/uploads\/2016\/08\/a47-160x107.jpg 160w, https:\/\/sdg21.eu\/wp-content\/uploads\/2016\/08\/a47-1024x686.jpg 1024w, https:\/\/sdg21.eu\/wp-content\/uploads\/2016\/08\/a47-144x97.jpg 144w, https:\/\/sdg21.eu\/wp-content\/uploads\/2016\/08\/a47.jpg 1195w\" sizes=\"auto, (max-width: 300px) 100vw, 300px\" \/><\/a>74321 Bietigheim-Bissingen<\/strong>Housing estate near the Rommelm\u00fchle eco-centre. Planning by Joachim Eble Architecture. On the area next to the Rommelm\u00fchle 17 apartments of different sizes were built in 10 buildings. The buildings are characterised by the use of healthy building materials and a minimised heating energy requirement. Completion: 1999<\/p>\n\n<br class=\"clear\" \/>\n<br \/>\n<a href=\"https:\/\/sdg21.eu\/en\/db\/wohnsiedlung-oekozentrum-rommelmuehle\">Show more &gt;&gt; <\/a>\n<div class=\"su-spacer\" style=\"height:20px\"><\/div>\n<span>&#8211; &#8211; &#8211; &#8211; &#8211; &#8211; &#8211; &#8211; &#8211; &#8211; &#8211; &#8211; &#8211; &#8211; &#8211; &#8211; &#8211; &#8211;<\/span>\n\t\t\n\t\t\t<h2><a href=\"https:\/\/sdg21.eu\/en\/db\/gruppenbauprojekt-blaues-haus\">Group building project \"Blue House<\/a><\/h2> \n<span style=\"font-size: 8pt;\"><\/span>\n<strong>Size: <\/strong>17 CU . <strong>Plot: <\/strong> Hectare  \n<div class=\"su-spacer\" style=\"height:20px\"><\/div>\n<p><strong><a href=\"http:\/\/sdg21.eu\/wp-content\/uploads\/2016\/08\/blaues-haus-rieselfeld.jpg\"><img loading=\"lazy\" decoding=\"async\" class=\"alignleft wp-image-7936 size-medium\" src=\"http:\/\/sdg21.eu\/wp-content\/uploads\/2016\/08\/blaues-haus-rieselfeld-300x170.jpg\" alt=\"blaues-haus-rieselfeld\" width=\"300\" height=\"170\" srcset=\"https:\/\/sdg21.eu\/wp-content\/uploads\/2016\/08\/blaues-haus-rieselfeld-300x170.jpg 300w, https:\/\/sdg21.eu\/wp-content\/uploads\/2016\/08\/blaues-haus-rieselfeld-560x317.jpg 560w, https:\/\/sdg21.eu\/wp-content\/uploads\/2016\/08\/blaues-haus-rieselfeld-250x142.jpg 250w, https:\/\/sdg21.eu\/wp-content\/uploads\/2016\/08\/blaues-haus-rieselfeld-768x435.jpg 768w, https:\/\/sdg21.eu\/wp-content\/uploads\/2016\/08\/blaues-haus-rieselfeld-160x91.jpg 160w, https:\/\/sdg21.eu\/wp-content\/uploads\/2016\/08\/blaues-haus-rieselfeld-1024x580.jpg 1024w, https:\/\/sdg21.eu\/wp-content\/uploads\/2016\/08\/blaues-haus-rieselfeld-144x82.jpg 144w, https:\/\/sdg21.eu\/wp-content\/uploads\/2016\/08\/blaues-haus-rieselfeld-100x57.jpg 100w, https:\/\/sdg21.eu\/wp-content\/uploads\/2016\/08\/blaues-haus-rieselfeld.jpg 1173w\" sizes=\"auto, (max-width: 300px) 100vw, 300px\" \/><\/a>79111 Freiburg-Rieselfeld<\/strong> (Project No. 1): \"Blaues Haus\" architectural workshop Amman, Burdenski, Harter (Freiburg). First building group in the Rieselfeld district, 89 further building groups followed. Completion: 1996<\/p>\n\n<br class=\"clear\" \/>\n<br \/>\n<a href=\"https:\/\/sdg21.eu\/en\/db\/gruppenbauprojekt-blaues-haus\">Show more &gt;&gt; <\/a>\n<div class=\"su-spacer\" style=\"height:20px\"><\/div>\n<span>&#8211; &#8211; &#8211; &#8211; &#8211; &#8211; &#8211; &#8211; &#8211; &#8211; &#8211; &#8211; &#8211; &#8211; &#8211; &#8211; &#8211; &#8211;<\/span>\n\t\t\n\t\t\t<h2><a href=\"https:\/\/sdg21.eu\/en\/db\/oekosiedlung-huckstorf\">Ecological settlement Huckstorf<\/a><\/h2> \n<span style=\"font-size: 8pt;\"><\/span>\n<strong>Size: <\/strong>16 CU . <strong>Plot: <\/strong> Hectare  \n<div class=\"su-spacer\" style=\"height:20px\"><\/div>\n<p><a href=\"http:\/\/sdg21.eu\/wp-content\/uploads\/2016\/08\/18059_Huckstorf-1.jpg\"><img loading=\"lazy\" decoding=\"async\" class=\"alignleft wp-image-11622 size-medium\" src=\"http:\/\/sdg21.eu\/wp-content\/uploads\/2016\/08\/18059_Huckstorf-1-300x173.jpg\" alt=\"18059_huckstorf\" width=\"300\" height=\"173\" srcset=\"https:\/\/sdg21.eu\/wp-content\/uploads\/2016\/08\/18059_Huckstorf-1-300x173.jpg 300w, https:\/\/sdg21.eu\/wp-content\/uploads\/2016\/08\/18059_Huckstorf-1-250x144.jpg 250w, https:\/\/sdg21.eu\/wp-content\/uploads\/2016\/08\/18059_Huckstorf-1-160x92.jpg 160w, https:\/\/sdg21.eu\/wp-content\/uploads\/2016\/08\/18059_Huckstorf-1-144x83.jpg 144w, https:\/\/sdg21.eu\/wp-content\/uploads\/2016\/08\/18059_Huckstorf-1.jpg 400w\" sizes=\"auto, (max-width: 300px) 100vw, 300px\" \/><\/a><strong>18059 Huckstorf:<\/strong> Healthy living, ecological building materials, green roofs. Architect: Gerd Vogt, Rostock. Environmental Award of the State Parliament 1999\/2000<\/p>\n\n<br class=\"clear\" \/>\n<br \/>\n<a href=\"https:\/\/sdg21.eu\/en\/db\/oekosiedlung-huckstorf\">Show more &gt;&gt; <\/a>\n<div class=\"su-spacer\" style=\"height:20px\"><\/div>\n<span>&#8211; &#8211; &#8211; &#8211; &#8211; &#8211; &#8211; &#8211; &#8211; &#8211; &#8211; &#8211; &#8211; &#8211; &#8211; &#8211; &#8211; &#8211;<\/span>\n\t\t\n\t\t\t<h2><a href=\"https:\/\/sdg21.eu\/en\/db\/holzbausiedlung-kleiner-hirschberg\">Wooden housing estate \"Kleiner Hirschberg<\/a><\/h2> \n<span style=\"font-size: 8pt;\"><\/span>\n<strong>Size: <\/strong>16 CU . <strong>Plot: <\/strong> Hectare  \n<div class=\"su-spacer\" style=\"height:20px\"><\/div>\n<p><a href=\"#gallery-6459\"><img loading=\"lazy\" decoding=\"async\" class=\"alignleft wp-image-9482 size-medium\" src=\"http:\/\/sdg21.eu\/wp-content\/uploads\/2016\/08\/b6-1-300x204.jpg\" alt=\"b6\" width=\"300\" height=\"204\" srcset=\"https:\/\/sdg21.eu\/wp-content\/uploads\/2016\/08\/b6-1-300x204.jpg 300w, https:\/\/sdg21.eu\/wp-content\/uploads\/2016\/08\/b6-1-560x380.jpg 560w, https:\/\/sdg21.eu\/wp-content\/uploads\/2016\/08\/b6-1-250x170.jpg 250w, https:\/\/sdg21.eu\/wp-content\/uploads\/2016\/08\/b6-1-768x521.jpg 768w, https:\/\/sdg21.eu\/wp-content\/uploads\/2016\/08\/b6-1-160x109.jpg 160w, https:\/\/sdg21.eu\/wp-content\/uploads\/2016\/08\/b6-1-1024x695.jpg 1024w, https:\/\/sdg21.eu\/wp-content\/uploads\/2016\/08\/b6-1-144x98.jpg 144w, https:\/\/sdg21.eu\/wp-content\/uploads\/2016\/08\/b6-1.jpg 1196w\" sizes=\"auto, (max-width: 300px) 100vw, 300px\" \/><\/a><strong>66539 Neunkirchen-Kohlhof: <\/strong>16 terraced houses with 140 m\u00b2 each, four identical apartments in four two-storey terraced houses each, construction period: 1991 - 2000<\/p>\n\n<br class=\"clear\" \/>\n<br \/>\n<a href=\"https:\/\/sdg21.eu\/en\/db\/holzbausiedlung-kleiner-hirschberg\">Show more &gt;&gt; <\/a>\n<div class=\"su-spacer\" style=\"height:20px\"><\/div>\n<span>&#8211; &#8211; &#8211; &#8211; &#8211; &#8211; &#8211; &#8211; &#8211; &#8211; &#8211; &#8211; &#8211; &#8211; &#8211; &#8211; &#8211; &#8211;<\/span>\n\t\t\n\t\t\t<h2><a href=\"https:\/\/sdg21.eu\/en\/db\/holzbau-passivhaussiedlung-aalen\">Wooden passive house settlement Aalen<\/a><\/h2> \n<span style=\"font-size: 8pt;\"><\/span>\n<strong>Size: <\/strong>16 CU . <strong>Plot: <\/strong> Hectare  \n<div class=\"su-spacer\" style=\"height:20px\"><\/div>\n<p><strong><a href=\"http:\/\/sdg21.eu\/wp-content\/uploads\/2016\/08\/aalen-luftbild_2005.jpg\"><img loading=\"lazy\" decoding=\"async\" class=\"alignleft wp-image-7919 size-medium\" src=\"http:\/\/sdg21.eu\/wp-content\/uploads\/2016\/08\/aalen-luftbild_2005-300x200.jpg\" alt=\"aalen-luftbild_2005\" width=\"300\" height=\"200\" srcset=\"https:\/\/sdg21.eu\/wp-content\/uploads\/2016\/08\/aalen-luftbild_2005-300x200.jpg 300w, https:\/\/sdg21.eu\/wp-content\/uploads\/2016\/08\/aalen-luftbild_2005-560x373.jpg 560w, https:\/\/sdg21.eu\/wp-content\/uploads\/2016\/08\/aalen-luftbild_2005-250x167.jpg 250w, https:\/\/sdg21.eu\/wp-content\/uploads\/2016\/08\/aalen-luftbild_2005-768x512.jpg 768w, https:\/\/sdg21.eu\/wp-content\/uploads\/2016\/08\/aalen-luftbild_2005-160x107.jpg 160w, https:\/\/sdg21.eu\/wp-content\/uploads\/2016\/08\/aalen-luftbild_2005-144x96.jpg 144w, https:\/\/sdg21.eu\/wp-content\/uploads\/2016\/08\/aalen-luftbild_2005-100x67.jpg 100w, https:\/\/sdg21.eu\/wp-content\/uploads\/2016\/08\/aalen-luftbild_2005.jpg 864w\" sizes=\"auto, (max-width: 300px) 100vw, 300px\" \/><\/a>73430 Aalen<\/strong>Passive house settlement. A settlement with 16 passive houses initiated by committed builders in the Aalen district of Nesslau, building area 1.6 ha, urban planning concept in cooperation with the group of builders from Planungsb\u00fcro ACT Ellwangen. Year of construction: 2004<\/p>\n\n<br class=\"clear\" \/>\n<br \/>\n<a href=\"https:\/\/sdg21.eu\/en\/db\/holzbau-passivhaussiedlung-aalen\">Show more &gt;&gt; <\/a>\n<div class=\"su-spacer\" style=\"height:20px\"><\/div>\n<span>&#8211; &#8211; &#8211; &#8211; &#8211; &#8211; &#8211; &#8211; &#8211; &#8211; &#8211; &#8211; &#8211; &#8211; &#8211; &#8211; &#8211; &#8211;<\/span>\n\t\t\n\t\t\t<h2><a href=\"https:\/\/sdg21.eu\/en\/db\/matzinger-wohnhoefe-offenau\">Matzinger residential homes Offenau<\/a><\/h2> \n<span style=\"font-size: 8pt;\"><\/span>\n<strong>Size: <\/strong>16 CU . <strong>Plot: <\/strong> Hectare  \n<div class=\"su-spacer\" style=\"height:20px\"><\/div>\n<p><strong><a href=\"http:\/\/sdg21.eu\/wp-content\/uploads\/2016\/08\/74254_Offenau.jpg\"><img loading=\"lazy\" decoding=\"async\" class=\"alignleft wp-image-7892 size-medium\" src=\"http:\/\/sdg21.eu\/wp-content\/uploads\/2016\/08\/74254_Offenau-203x300.jpg\" alt=\"74254_Offenau\" width=\"203\" height=\"300\" srcset=\"https:\/\/sdg21.eu\/wp-content\/uploads\/2016\/08\/74254_Offenau-203x300.jpg 203w, https:\/\/sdg21.eu\/wp-content\/uploads\/2016\/08\/74254_Offenau-169x250.jpg 169w, https:\/\/sdg21.eu\/wp-content\/uploads\/2016\/08\/74254_Offenau-108x160.jpg 108w, https:\/\/sdg21.eu\/wp-content\/uploads\/2016\/08\/74254_Offenau-97x144.jpg 97w, https:\/\/sdg21.eu\/wp-content\/uploads\/2016\/08\/74254_Offenau-68x100.jpg 68w, https:\/\/sdg21.eu\/wp-content\/uploads\/2016\/08\/74254_Offenau.jpg 283w\" sizes=\"auto, (max-width: 203px) 100vw, 203px\" \/><\/a>74254 Offenau:<\/strong> Residential courtyards according to the concept of Fritz Matzinger Austria; 2 x 8 dwelling units around two residential courtyards (31 adults\/ 30 children), 200 m\u00b2 residential courtyard with completely opening roof, common rooms: play corner, playground, common winter garden, bicycle storage rooms, visitors' room, sauna, common workshop; naturopathic doctor's practice; architect's office; accounting service; occupation: 1986. Karl K\u00fcbel Prize 1996<\/p>\n\n<br class=\"clear\" \/>\n<br \/>\n<a href=\"https:\/\/sdg21.eu\/en\/db\/matzinger-wohnhoefe-offenau\">Show more &gt;&gt; <\/a>\n<div class=\"su-spacer\" style=\"height:20px\"><\/div>\n<span>&#8211; &#8211; &#8211; &#8211; &#8211; &#8211; &#8211; &#8211; &#8211; &#8211; &#8211; &#8211; &#8211; &#8211; &#8211; &#8211; &#8211; &#8211;<\/span>\n\t\t\n\t\t\t<h2><a href=\"https:\/\/sdg21.eu\/en\/db\/pvc-freie-wohnanlage-norderstedt\">PVC-free residential complex in Norderstedt<\/a><\/h2> \n<span style=\"font-size: 8pt;\"><\/span>\n<strong>Size: <\/strong>16 CU . <strong>Plot: <\/strong> Hectare  \n<div class=\"su-spacer\" style=\"height:20px\"><\/div>\n<p><strong>22844 Norderstedt<\/strong>16 flats as a demonstration project for PVC-free construction in social housing. Completion: ~2002<\/p>\n\n<br class=\"clear\" \/>\n<br \/>\n<a href=\"https:\/\/sdg21.eu\/en\/db\/pvc-freie-wohnanlage-norderstedt\">Show more &gt;&gt; <\/a>\n<div class=\"su-spacer\" style=\"height:20px\"><\/div>\n<span>&#8211; &#8211; &#8211; &#8211; &#8211; &#8211; &#8211; &#8211; &#8211; &#8211; &#8211; &#8211; &#8211; &#8211; &#8211; &#8211; &#8211; &#8211;<\/span>\n\t\t\n\t\t\t<h2><a href=\"https:\/\/sdg21.eu\/en\/db\/wohnbebauung-traenkematte\">Residential development \"Tr\u00e4nkematte<\/a><\/h2> \n<span style=\"font-size: 8pt;\"><\/span>\n<strong>Size: <\/strong>15 CU . <strong>Plot: <\/strong> Hectare  \n<div class=\"su-spacer\" style=\"height:20px\"><\/div>\n<p><a href=\"http:\/\/sdg21.eu\/wp-content\/uploads\/2019\/12\/freiburg-19-scaled.jpg\"><img loading=\"lazy\" decoding=\"async\" class=\"alignleft wp-image-20222 size-medium\" src=\"http:\/\/sdg21.eu\/wp-content\/uploads\/2019\/12\/freiburg-19-300x204.jpg\" alt=\"\" width=\"300\" height=\"204\" srcset=\"https:\/\/sdg21.eu\/wp-content\/uploads\/2019\/12\/freiburg-19-300x204.jpg 300w, https:\/\/sdg21.eu\/wp-content\/uploads\/2019\/12\/freiburg-19-560x381.jpg 560w, https:\/\/sdg21.eu\/wp-content\/uploads\/2019\/12\/freiburg-19-1280x871.jpg 1280w, https:\/\/sdg21.eu\/wp-content\/uploads\/2019\/12\/freiburg-19-250x170.jpg 250w, https:\/\/sdg21.eu\/wp-content\/uploads\/2019\/12\/freiburg-19-768x523.jpg 768w, https:\/\/sdg21.eu\/wp-content\/uploads\/2019\/12\/freiburg-19-1536x1045.jpg 1536w, https:\/\/sdg21.eu\/wp-content\/uploads\/2019\/12\/freiburg-19-2048x1393.jpg 2048w, https:\/\/sdg21.eu\/wp-content\/uploads\/2019\/12\/freiburg-19-1320x898.jpg 1320w, https:\/\/sdg21.eu\/wp-content\/uploads\/2019\/12\/freiburg-19-1024x697.jpg 1024w, https:\/\/sdg21.eu\/wp-content\/uploads\/2019\/12\/freiburg-19-160x109.jpg 160w, https:\/\/sdg21.eu\/wp-content\/uploads\/2019\/12\/freiburg-19-144x98.jpg 144w\" sizes=\"auto, (max-width: 300px) 100vw, 300px\" \/><\/a><strong>79098 Freiburg:<\/strong> \"Lindenmatte\/ Tr\u00e4nkematte\" residential development, 15 units. Freiburg's first building group. Occupation: 1986. Plot in leasehold. Architect: Rainer Probst.<\/p>\n\n<br class=\"clear\" \/>\n<br \/>\n<a href=\"https:\/\/sdg21.eu\/en\/db\/wohnbebauung-traenkematte\">Show more &gt;&gt; <\/a>\n<div class=\"su-spacer\" style=\"height:20px\"><\/div>\n<span>&#8211; &#8211; &#8211; &#8211; &#8211; &#8211; &#8211; &#8211; &#8211; &#8211; &#8211; &#8211; &#8211; &#8211; &#8211; &#8211; &#8211; &#8211;<\/span>\n\t\t\n\t\t\t<h2><a href=\"https:\/\/sdg21.eu\/en\/db\/oekosiedlung-koeln-blumenberg\">Cologne-Blumenberg eco-settlement<\/a><\/h2> \n<span style=\"font-size: 8pt;\"><\/span>\n<strong>Size: <\/strong>14 CU . <strong>Plot: <\/strong> Hectare  \n<div class=\"su-spacer\" style=\"height:20px\"><\/div>\n<p><a href=\"http:\/\/sdg21.eu\/wp-content\/uploads\/2016\/08\/k\u00f6ln_2.jpg\"><img loading=\"lazy\" decoding=\"async\" class=\"alignleft wp-image-7605 size-medium\" src=\"http:\/\/sdg21.eu\/wp-content\/uploads\/2016\/08\/k\u00f6ln_2-205x300.jpg\" alt=\"k\u00f6ln_2\" width=\"205\" height=\"300\" srcset=\"https:\/\/sdg21.eu\/wp-content\/uploads\/2016\/08\/k\u00f6ln_2-205x300.jpg 205w, https:\/\/sdg21.eu\/wp-content\/uploads\/2016\/08\/k\u00f6ln_2-383x560.jpg 383w, https:\/\/sdg21.eu\/wp-content\/uploads\/2016\/08\/k\u00f6ln_2-171x250.jpg 171w, https:\/\/sdg21.eu\/wp-content\/uploads\/2016\/08\/k\u00f6ln_2-768x1122.jpg 768w, https:\/\/sdg21.eu\/wp-content\/uploads\/2016\/08\/k\u00f6ln_2-110x160.jpg 110w, https:\/\/sdg21.eu\/wp-content\/uploads\/2016\/08\/k\u00f6ln_2-701x1024.jpg 701w, https:\/\/sdg21.eu\/wp-content\/uploads\/2016\/08\/k\u00f6ln_2-99x144.jpg 99w, https:\/\/sdg21.eu\/wp-content\/uploads\/2016\/08\/k\u00f6ln_2-68x100.jpg 68w, https:\/\/sdg21.eu\/wp-content\/uploads\/2016\/08\/k\u00f6ln_2.jpg 819w\" sizes=\"auto, (max-width: 205px) 100vw, 205px\" \/><\/a><strong>50<span class=\"postal-code\">827<\/span> Cologne-Blumenberg:<\/strong> Architect: Reimund Stewen, with passive solar use, natural building techniques (timber frame construction with 20% clay and 80% electricity infill), economical use of land, social diversity and cost savings through communal building, use of ecological building services, waste collection, recycling, installation of private gardens. Completion: 1989<\/p>\n\n<br class=\"clear\" \/>\n<br \/>\n<a href=\"https:\/\/sdg21.eu\/en\/db\/oekosiedlung-koeln-blumenberg\">Show more &gt;&gt; <\/a>\n<div class=\"su-spacer\" style=\"height:20px\"><\/div>\n<span>&#8211; &#8211; &#8211; &#8211; &#8211; &#8211; &#8211; &#8211; &#8211; &#8211; &#8211; &#8211; &#8211; &#8211; &#8211; &#8211; &#8211; &#8211;<\/span>\n\t\t\n\t\t\t<h2><a href=\"https:\/\/sdg21.eu\/en\/db\/lehmbausiedlung-bouss\">Clay housing estate Bous<\/a><\/h2> \n<span style=\"font-size: 8pt;\"><\/span>\n<strong>Size: <\/strong>14 CU . <strong>Plot: <\/strong> Hectare  \n<div class=\"su-spacer\" style=\"height:20px\"><\/div>\n<p style=\"text-align: left;\"><a href=\"#gallery-6468\"><img loading=\"lazy\" decoding=\"async\" class=\"alignleft wp-image-9483 size-medium\" src=\"http:\/\/sdg21.eu\/wp-content\/uploads\/2016\/08\/bb9-1-300x204.jpg\" alt=\"bb9\" width=\"300\" height=\"204\" srcset=\"https:\/\/sdg21.eu\/wp-content\/uploads\/2016\/08\/bb9-1-300x204.jpg 300w, https:\/\/sdg21.eu\/wp-content\/uploads\/2016\/08\/bb9-1-560x381.jpg 560w, https:\/\/sdg21.eu\/wp-content\/uploads\/2016\/08\/bb9-1-250x170.jpg 250w, https:\/\/sdg21.eu\/wp-content\/uploads\/2016\/08\/bb9-1-768x522.jpg 768w, https:\/\/sdg21.eu\/wp-content\/uploads\/2016\/08\/bb9-1-160x109.jpg 160w, https:\/\/sdg21.eu\/wp-content\/uploads\/2016\/08\/bb9-1-1024x696.jpg 1024w, https:\/\/sdg21.eu\/wp-content\/uploads\/2016\/08\/bb9-1-144x98.jpg 144w, https:\/\/sdg21.eu\/wp-content\/uploads\/2016\/08\/bb9-1.jpg 1196w\" sizes=\"auto, (max-width: 300px) 100vw, 300px\" \/><\/a><strong>66356 Bous<\/strong> (near Saarbr\u00fccken)<strong>:<\/strong> 14 WE<\/p>\n\n<br class=\"clear\" \/>\n<br \/>\n<a href=\"https:\/\/sdg21.eu\/en\/db\/lehmbausiedlung-bouss\">Show more &gt;&gt; <\/a>\n<div class=\"su-spacer\" style=\"height:20px\"><\/div>\n<span>&#8211; &#8211; &#8211; &#8211; &#8211; &#8211; &#8211; &#8211; &#8211; &#8211; &#8211; &#8211; &#8211; &#8211; &#8211; &#8211; &#8211; &#8211;<\/span>\n\t\t\n\t\t\t<h2><a href=\"https:\/\/sdg21.eu\/en\/db\/lehmbausiedlung-saarbruecken\">Clay housing estate Saarbr\u00fccken<\/a><\/h2> \n<span style=\"font-size: 8pt;\"><\/span>\n<strong>Size: <\/strong>14 CU . <strong>Plot: <\/strong> Hectare  \n<div class=\"su-spacer\" style=\"height:20px\"><\/div>\n<p><a href=\"#gallery-6478\"><img loading=\"lazy\" decoding=\"async\" class=\"alignleft wp-image-6480 size-medium\" src=\"http:\/\/sdg21.eu\/wp-content\/uploads\/2016\/08\/2_saarbruecken-300x206.jpg\" alt=\"Lehmbausiedlung Saarbr\u00fccken\" width=\"300\" height=\"206\" srcset=\"https:\/\/sdg21.eu\/wp-content\/uploads\/2016\/08\/2_saarbruecken-300x206.jpg 300w, https:\/\/sdg21.eu\/wp-content\/uploads\/2016\/08\/2_saarbruecken-560x384.jpg 560w, https:\/\/sdg21.eu\/wp-content\/uploads\/2016\/08\/2_saarbruecken-250x171.jpg 250w, https:\/\/sdg21.eu\/wp-content\/uploads\/2016\/08\/2_saarbruecken-768x527.jpg 768w, https:\/\/sdg21.eu\/wp-content\/uploads\/2016\/08\/2_saarbruecken-160x110.jpg 160w, https:\/\/sdg21.eu\/wp-content\/uploads\/2016\/08\/2_saarbruecken-1024x702.jpg 1024w, https:\/\/sdg21.eu\/wp-content\/uploads\/2016\/08\/2_saarbruecken-144x99.jpg 144w, https:\/\/sdg21.eu\/wp-content\/uploads\/2016\/08\/2_saarbruecken.jpg 1196w\" sizes=\"auto, (max-width: 300px) 100vw, 300px\" \/><\/a><strong>66115 Saarbr\u00fccken: <\/strong>Architect: W. G\u00f6ggelmann (Saarbr\u00fccken), 14 dwelling units, community house, social project, 800- 1000 hours of own work, 1.250 Euro\/sqm, bright yellow natural paint on clay plaster, straw clay walls. Construction time: 1988 - 1994<\/p>\n\n<br class=\"clear\" \/>\n<br \/>\n<a href=\"https:\/\/sdg21.eu\/en\/db\/lehmbausiedlung-saarbruecken\">Show more &gt;&gt; <\/a>\n<div class=\"su-spacer\" style=\"height:20px\"><\/div>\n<span>&#8211; &#8211; &#8211; &#8211; &#8211; &#8211; &#8211; &#8211; &#8211; &#8211; &#8211; &#8211; &#8211; &#8211; &#8211; &#8211; &#8211; &#8211;<\/span>\n\t\t\n\t\t\t<h2><a href=\"https:\/\/sdg21.eu\/en\/db\/oekologische-siedlung-pelzerhaken\">Ecological settlement \"Pelzerwiese 24\" in Pelzerhaken<\/a><\/h2> \n<span style=\"font-size: 8pt;\"><\/span>\n<strong>Size: <\/strong>14 CU . <strong>Plot: <\/strong> Hectare  \n<div class=\"su-spacer\" style=\"height:20px\"><\/div>\n<p>23730 Pelzerhaken: 14 condominiums, boat moorings, a surfing and sailing school, a shop and a caf\u00e9 have been built on the former navy grounds on the Bay of L\u00fcbeck. The centrepiece is the more than 70-year-old telecommunications tower, which was completely gutted and converted with its two side wings. Completion: 2007<\/p>\n\n<br class=\"clear\" \/>\n<br \/>\n<a href=\"https:\/\/sdg21.eu\/en\/db\/oekologische-siedlung-pelzerhaken\">Show more &gt;&gt; <\/a>\n<div class=\"su-spacer\" style=\"height:20px\"><\/div>\n<span>&#8211; &#8211; &#8211; &#8211; &#8211; &#8211; &#8211; &#8211; &#8211; &#8211; &#8211; &#8211; &#8211; &#8211; &#8211; &#8211; &#8211; &#8211;<\/span>\n\t\t\n\t\t\t<h2><a href=\"https:\/\/sdg21.eu\/en\/db\/lehmbausiedlung-schoeneiche\">Clay housing estate Sch\u00f6neiche<\/a><\/h2> \n<span style=\"font-size: 8pt;\"><\/span>\n<strong>Size: <\/strong>13 CU . <strong>Plot: <\/strong> Hectare  \n<div class=\"su-spacer\" style=\"height:20px\"><\/div>\n<p><strong><a href=\"http:\/\/sdg21.eu\/wp-content\/uploads\/2020\/12\/Schoeneiche-1.jpg\"><img loading=\"lazy\" decoding=\"async\" class=\"alignleft wp-image-26602\" src=\"http:\/\/sdg21.eu\/wp-content\/uploads\/2020\/12\/Schoeneiche-1-560x359.jpg\" alt=\"\" width=\"300\" height=\"193\" srcset=\"https:\/\/sdg21.eu\/wp-content\/uploads\/2020\/12\/Schoeneiche-1-560x359.jpg 560w, https:\/\/sdg21.eu\/wp-content\/uploads\/2020\/12\/Schoeneiche-1-250x160.jpg 250w, https:\/\/sdg21.eu\/wp-content\/uploads\/2020\/12\/Schoeneiche-1-768x492.jpg 768w, https:\/\/sdg21.eu\/wp-content\/uploads\/2020\/12\/Schoeneiche-1.jpg 960w\" sizes=\"auto, (max-width: 300px) 100vw, 300px\" \/><\/a>15566 Sch\u00f6neiche:<\/strong> Clay housing estate, 13 flats. Completion: 1998<\/p>\n\n<br class=\"clear\" \/>\n<br \/>\n<a href=\"https:\/\/sdg21.eu\/en\/db\/lehmbausiedlung-schoeneiche\">Show more &gt;&gt; <\/a>\n<div class=\"su-spacer\" style=\"height:20px\"><\/div>\n<span>&#8211; &#8211; &#8211; &#8211; &#8211; &#8211; &#8211; &#8211; &#8211; &#8211; &#8211; &#8211; &#8211; &#8211; &#8211; &#8211; &#8211; &#8211;<\/span>\n\t\t\n\t\t\t<h2><a href=\"https:\/\/sdg21.eu\/en\/db\/gruppenwohnprojekt-am-horn-13\">Group housing project \"Am Horn 13<\/a><\/h2> \n<span style=\"font-size: 8pt;\"><\/span>\n<strong>Size: <\/strong>13 CU . <strong>Plot: <\/strong> Hectare  \n<div class=\"su-spacer\" style=\"height:20px\"><\/div>\n<p><a href=\"http:\/\/sdg21.eu\/wp-content\/uploads\/2016\/08\/Am-Horn-13.jpg\"><img loading=\"lazy\" decoding=\"async\" class=\"alignleft wp-image-5914 size-medium\" src=\"http:\/\/sdg21.eu\/wp-content\/uploads\/2016\/08\/Am-Horn-13-300x225.jpg\" alt=\"Am-Horn-13\" width=\"300\" height=\"225\" srcset=\"https:\/\/sdg21.eu\/wp-content\/uploads\/2016\/08\/Am-Horn-13-300x225.jpg 300w, https:\/\/sdg21.eu\/wp-content\/uploads\/2016\/08\/Am-Horn-13-250x188.jpg 250w, https:\/\/sdg21.eu\/wp-content\/uploads\/2016\/08\/Am-Horn-13-144x108.jpg 144w, https:\/\/sdg21.eu\/wp-content\/uploads\/2016\/08\/Am-Horn-13.jpg 392w\" sizes=\"auto, (max-width: 300px) 100vw, 300px\" \/><\/a><strong>99425 Weimar:<\/strong> Architect: Torsten Brecht, Weimar. 13 apartments, partly maisonettes, 55 m\u00b2 - 135 m\u00b2 living space in 1 old building + 3 new buildings. Completion: 1998<\/p>\n\n<br class=\"clear\" \/>\n<br \/>\n<a href=\"https:\/\/sdg21.eu\/en\/db\/gruppenwohnprojekt-am-horn-13\">Show more &gt;&gt; <\/a>\n<div class=\"su-spacer\" style=\"height:20px\"><\/div>\n<span>&#8211; &#8211; &#8211; &#8211; &#8211; &#8211; &#8211; &#8211; &#8211; &#8211; &#8211; &#8211; &#8211; &#8211; &#8211; &#8211; &#8211; &#8211;<\/span>\n\t\t\n\t\t\t<h2><a href=\"https:\/\/sdg21.eu\/en\/db\/hanfhaussiedlung\">Hemp house settlement in Stutensee<\/a><\/h2> \n<span style=\"font-size: 8pt;\"><\/span>\n<strong>Size: <\/strong>13 CU . <strong>Plot: <\/strong> Hectare  \n<div class=\"su-spacer\" style=\"height:20px\"><\/div>\n<p><strong><a href=\"#gallery-10599\"><img loading=\"lazy\" decoding=\"async\" class=\"alignleft wp-image-7534 size-medium\" src=\"http:\/\/sdg21.eu\/wp-content\/uploads\/2016\/08\/hanfhaussiedlung_01-300x203.jpg\" alt=\"hanfhaussiedlung_01\" width=\"300\" height=\"203\" srcset=\"https:\/\/sdg21.eu\/wp-content\/uploads\/2016\/08\/hanfhaussiedlung_01-300x203.jpg 300w, https:\/\/sdg21.eu\/wp-content\/uploads\/2016\/08\/hanfhaussiedlung_01-250x169.jpg 250w, https:\/\/sdg21.eu\/wp-content\/uploads\/2016\/08\/hanfhaussiedlung_01-100x68.jpg 100w, https:\/\/sdg21.eu\/wp-content\/uploads\/2016\/08\/hanfhaussiedlung_01-144x98.jpg 144w, https:\/\/sdg21.eu\/wp-content\/uploads\/2016\/08\/hanfhaussiedlung_01.jpg 350w\" sizes=\"auto, (max-width: 300px) 100vw, 300px\" \/><\/a>76297 Stutensee-Blankenloch:<\/strong> 13 units, first hemp house settlement in Germany, carpentry Hock-Heil. Completion: 2001<\/p>\n\n<br class=\"clear\" \/>\n<br \/>\n<a href=\"https:\/\/sdg21.eu\/en\/db\/hanfhaussiedlung\">Show more &gt;&gt; <\/a>\n<div class=\"su-spacer\" style=\"height:20px\"><\/div>\n<span>&#8211; &#8211; &#8211; &#8211; &#8211; &#8211; &#8211; &#8211; &#8211; &#8211; &#8211; &#8211; &#8211; &#8211; &#8211; &#8211; &#8211; &#8211;<\/span>\n\t\t\n\t\t\t<h2><a href=\"https:\/\/sdg21.eu\/en\/db\/ufa-fabrik-berlin\">\"Ufa- Factory\" Berlin<\/a><\/h2> \n<span style=\"font-size: 8pt;\"><\/span>\n<strong>Size: <\/strong>12 CU . <strong>Plot: <\/strong> Hectare  \n<div class=\"su-spacer\" style=\"height:20px\"><\/div>\n<p><img loading=\"lazy\" decoding=\"async\" class=\"alignleft wp-image-6341\" src=\"http:\/\/sdg21.eu\/wp-content\/uploads\/2016\/08\/logo-ufa-fabrik-berlin.png\" alt=\"logo-ufa-fabrik-berlin\" width=\"100\" height=\"65\" \/><strong>12105 Berlin-Tempelhof:<\/strong> former hippie commune, today internationally recognized cultural center and large employer in the district. 18,566 sqm, self-managed cultural project, exists since 1979.<\/p>\n\n<br class=\"clear\" \/>\n<br \/>\n<a href=\"https:\/\/sdg21.eu\/en\/db\/ufa-fabrik-berlin\">Show more &gt;&gt; <\/a>\n<div class=\"su-spacer\" style=\"height:20px\"><\/div>\n<span>&#8211; &#8211; &#8211; &#8211; &#8211; &#8211; &#8211; &#8211; &#8211; &#8211; &#8211; &#8211; &#8211; &#8211; &#8211; &#8211; &#8211; &#8211;<\/span>\n\t\t\n\t\t\t<h2><a href=\"https:\/\/sdg21.eu\/en\/db\/studierenden-wohnheim-bauhaeusle\">Student dormitory \"Bauh\u00e4usle<\/a><\/h2> \n<span style=\"font-size: 8pt;\"><\/span>\n<strong>Size: <\/strong>12 CU . <strong>Plot: <\/strong> Hectare  \n<div class=\"su-spacer\" style=\"height:20px\"><\/div>\n<p><a href=\"http:\/\/sdg21.eu\/wp-content\/uploads\/2016\/08\/Bauhaeusle-02.jpg\"><img loading=\"lazy\" decoding=\"async\" class=\"alignleft wp-image-9655 size-medium\" src=\"http:\/\/sdg21.eu\/wp-content\/uploads\/2016\/08\/Bauhaeusle-02-204x300.jpg\" alt=\"Foto: H. Wolpensinger\" width=\"204\" height=\"300\" srcset=\"https:\/\/sdg21.eu\/wp-content\/uploads\/2016\/08\/Bauhaeusle-02-204x300.jpg 204w, https:\/\/sdg21.eu\/wp-content\/uploads\/2016\/08\/Bauhaeusle-02-381x560.jpg 381w, https:\/\/sdg21.eu\/wp-content\/uploads\/2016\/08\/Bauhaeusle-02-170x250.jpg 170w, https:\/\/sdg21.eu\/wp-content\/uploads\/2016\/08\/Bauhaeusle-02-109x160.jpg 109w, https:\/\/sdg21.eu\/wp-content\/uploads\/2016\/08\/Bauhaeusle-02-98x144.jpg 98w, https:\/\/sdg21.eu\/wp-content\/uploads\/2016\/08\/Bauhaeusle-02.jpg 408w\" sizes=\"auto, (max-width: 204px) 100vw, 204px\" \/><\/a><strong>70569 Stuttgart-Vaihingen:<\/strong> Student dormitory planned and built by the students themselves. Prof. Peter H\u00fcbner and Prof. Peter Sulzer, Completion: 1983<\/p>\n\n<br class=\"clear\" \/>\n<br \/>\n<a href=\"https:\/\/sdg21.eu\/en\/db\/studierenden-wohnheim-bauhaeusle\">Show more &gt;&gt; <\/a>\n<div class=\"su-spacer\" style=\"height:20px\"><\/div>\n<span>&#8211; &#8211; &#8211; &#8211; &#8211; &#8211; &#8211; &#8211; &#8211; &#8211; &#8211; &#8211; &#8211; &#8211; &#8211; &#8211; &#8211; &#8211;<\/span>\n\t\t\n\t\t\t<h2><a href=\"https:\/\/sdg21.eu\/en\/db\/oekosiedlung-meldorf\">Eco-settlement Meldorf<\/a><\/h2> \n<span style=\"font-size: 8pt;\"><\/span>\n<strong>Size: <\/strong>12 CU . <strong>Plot: <\/strong> Hectare  \n<div class=\"su-spacer\" style=\"height:20px\"><\/div>\n<p><img loading=\"lazy\" decoding=\"async\" class=\"alignleft size-full wp-image-9350\" src=\"http:\/\/sdg21.eu\/wp-content\/uploads\/2016\/09\/In-Entstehung_gr100px_200dpi.jpg\" alt=\"\" width=\"25\" height=\"100\" \/><strong>25704 Meldorf: <\/strong>5 ecological detached and semi-detached houses are being built in the immediate vicinity of Naturbau Meldorf's depot. In addition, there is the possibility for a construction\/residential group to help design a cross-generational project on a plot for a further 5 to 8 apartments.<\/p>\n\n<br class=\"clear\" \/>\n<br \/>\n<a href=\"https:\/\/sdg21.eu\/en\/db\/oekosiedlung-meldorf\">Show more &gt;&gt; <\/a>\n<div class=\"su-spacer\" style=\"height:20px\"><\/div>\n<span>&#8211; &#8211; &#8211; &#8211; &#8211; &#8211; &#8211; &#8211; &#8211; &#8211; &#8211; &#8211; &#8211; &#8211; &#8211; &#8211; &#8211; &#8211;<\/span>\n\t\t\n\t\t\t<h2><a href=\"https:\/\/sdg21.eu\/en\/db\/oekosiedlung-moldenhauer-hof\">Eco-settlement Moldenhauer Hof<\/a><\/h2> \n<span style=\"font-size: 8pt;\"><\/span>\n<strong>Size: <\/strong>12 CU . <strong>Plot: <\/strong> Hectare  \n<div class=\"su-spacer\" style=\"height:20px\"><\/div>\n<p><a href=\"http:\/\/sdg21.eu\/wp-content\/uploads\/2016\/08\/Suedfluegel2.jpg\"><img loading=\"lazy\" decoding=\"async\" class=\"alignleft wp-image-14871 size-medium\" src=\"http:\/\/sdg21.eu\/wp-content\/uploads\/2016\/08\/Suedfluegel2-300x148.jpg\" alt=\"Foto: moldenhauer-hof.de\" width=\"300\" height=\"148\" srcset=\"https:\/\/sdg21.eu\/wp-content\/uploads\/2016\/08\/Suedfluegel2-300x148.jpg 300w, https:\/\/sdg21.eu\/wp-content\/uploads\/2016\/08\/Suedfluegel2-560x277.jpg 560w, https:\/\/sdg21.eu\/wp-content\/uploads\/2016\/08\/Suedfluegel2-250x124.jpg 250w, https:\/\/sdg21.eu\/wp-content\/uploads\/2016\/08\/Suedfluegel2-160x79.jpg 160w, https:\/\/sdg21.eu\/wp-content\/uploads\/2016\/08\/Suedfluegel2-144x71.jpg 144w, https:\/\/sdg21.eu\/wp-content\/uploads\/2016\/08\/Suedfluegel2.jpg 578w\" sizes=\"auto, (max-width: 300px) 100vw, 300px\" \/><\/a><strong>16766 Kremmen-Hohenbruch:<\/strong> 8 residential parties in eco-settlement as a middle way between suburban terraced housing development and rural commune on 57 ha of land.<\/p>\n\n<br class=\"clear\" \/>\n<br \/>\n<a href=\"https:\/\/sdg21.eu\/en\/db\/oekosiedlung-moldenhauer-hof\">Show more &gt;&gt; <\/a>\n<div class=\"su-spacer\" style=\"height:20px\"><\/div>\n<span>&#8211; &#8211; &#8211; &#8211; &#8211; &#8211; &#8211; &#8211; &#8211; &#8211; &#8211; &#8211; &#8211; &#8211; &#8211; &#8211; &#8211; &#8211;<\/span>\n\t\t\n\t\t\t<h2><a href=\"https:\/\/sdg21.eu\/en\/db\/st-gereons-hof-wachtberg\">St. Gereons-Hof Wachtberg<\/a><\/h2> \n<span style=\"font-size: 8pt;\"><\/span>\n<strong>Size: <\/strong>11 CU . <strong>Plot: <\/strong> Hectare  \n<div class=\"su-spacer\" style=\"height:20px\"><\/div>\n<p><strong><img loading=\"lazy\" decoding=\"async\" class=\"alignleft wp-image-8026 size-medium\" src=\"http:\/\/sdg21.eu\/wp-content\/uploads\/2016\/08\/stgereonshof-300x201.jpg\" alt=\"stgereonshof\" width=\"300\" height=\"201\" srcset=\"https:\/\/sdg21.eu\/wp-content\/uploads\/2016\/08\/stgereonshof.jpg 300w, https:\/\/sdg21.eu\/wp-content\/uploads\/2016\/08\/stgereonshof-250x168.jpg 250w, https:\/\/sdg21.eu\/wp-content\/uploads\/2016\/08\/stgereonshof-160x107.jpg 160w, https:\/\/sdg21.eu\/wp-content\/uploads\/2016\/08\/stgereonshof-144x96.jpg 144w, https:\/\/sdg21.eu\/wp-content\/uploads\/2016\/08\/stgereonshof-100x67.jpg 100w\" sizes=\"auto, (max-width: 300px) 100vw, 300px\" \/>53343 Wachtberg-Niederbachem:<\/strong> 11 houses with a living area between 130 and 170 sqm in timber and passive house construction. Architecture: <a href=\"http:\/\/raum-fuer-architektur.de\/\" target=\"_blank\" rel=\"noopener noreferrer\">Kay K\u00fcnzel<\/a>. Completion: 2004\/2005<\/p>\n\n<br class=\"clear\" \/>\n<br \/>\n<a href=\"https:\/\/sdg21.eu\/en\/db\/st-gereons-hof-wachtberg\">Show more &gt;&gt; <\/a>\n<div class=\"su-spacer\" style=\"height:20px\"><\/div>\n<span>&#8211; &#8211; &#8211; &#8211; &#8211; &#8211; &#8211; &#8211; &#8211; &#8211; &#8211; &#8211; &#8211; &#8211; &#8211; &#8211; &#8211; &#8211;<\/span>\n\t\t\n\t\t\t<h2><a href=\"https:\/\/sdg21.eu\/en\/db\/blauer-wohnhof-in-wiesbaden\">Blue Living Yard in Wiesbaden<\/a><\/h2> \n<span style=\"font-size: 8pt;\"><\/span>\n<strong>Size: <\/strong>11 CU . <strong>Plot: <\/strong> Hectare  \n<div class=\"su-spacer\" style=\"height:20px\"><\/div>\n<p><strong><a href=\"http:\/\/sdg21.eu\/wp-content\/uploads\/2016\/08\/Wiesbaden-Ratsherren.jpg\"><img loading=\"lazy\" decoding=\"async\" class=\"alignleft wp-image-10349 size-medium\" title=\"Photo: H. Pohlmeyer\" src=\"http:\/\/sdg21.eu\/wp-content\/uploads\/2016\/08\/Wiesbaden-Ratsherren-300x200.jpg\" alt=\"wiesbaden-ratsherren\" width=\"300\" height=\"200\" srcset=\"https:\/\/sdg21.eu\/wp-content\/uploads\/2016\/08\/Wiesbaden-Ratsherren-300x200.jpg 300w, https:\/\/sdg21.eu\/wp-content\/uploads\/2016\/08\/Wiesbaden-Ratsherren-560x374.jpg 560w, https:\/\/sdg21.eu\/wp-content\/uploads\/2016\/08\/Wiesbaden-Ratsherren-250x167.jpg 250w, https:\/\/sdg21.eu\/wp-content\/uploads\/2016\/08\/Wiesbaden-Ratsherren-160x107.jpg 160w, https:\/\/sdg21.eu\/wp-content\/uploads\/2016\/08\/Wiesbaden-Ratsherren-144x96.jpg 144w, https:\/\/sdg21.eu\/wp-content\/uploads\/2016\/08\/Wiesbaden-Ratsherren.jpg 640w\" sizes=\"auto, (max-width: 300px) 100vw, 300px\" \/><\/a>55252 Wiesbaden:<\/strong> 11 apartments in 8 residential buildings. Mixed construction. Completion: 1996<\/p>\n\n<br class=\"clear\" \/>\n<br \/>\n<a href=\"https:\/\/sdg21.eu\/en\/db\/blauer-wohnhof-in-wiesbaden\">Show more &gt;&gt; <\/a>\n<div class=\"su-spacer\" style=\"height:20px\"><\/div>\n<span>&#8211; &#8211; &#8211; &#8211; &#8211; &#8211; &#8211; &#8211; &#8211; &#8211; &#8211; &#8211; &#8211; &#8211; &#8211; &#8211; &#8211; &#8211;<\/span>\n\t\t\n\t\t\t<h2><a href=\"https:\/\/sdg21.eu\/en\/db\/familienhotel-weimar\">Family hotel Weimar<\/a><\/h2> \n<span style=\"font-size: 8pt;\"><\/span>\n<strong>Size: <\/strong>11 CU . <strong>Plot: <\/strong> Hectare  \n<div class=\"su-spacer\" style=\"height:20px\"><\/div>\n<p><strong><a href=\"http:\/\/sdg21.eu\/wp-content\/uploads\/2016\/08\/Familienhotel_Weimar_Aussenansicht_1208.jpg\"><img loading=\"lazy\" decoding=\"async\" class=\"alignleft wp-image-11747 size-medium\" title=\"Photo: hamishjohnappleby.com\" src=\"http:\/\/sdg21.eu\/wp-content\/uploads\/2016\/08\/Familienhotel_Weimar_Aussenansicht_1208-300x200.jpg\" alt=\"Familienhotel Stra\u00dfenansicht (2012)\" width=\"300\" height=\"200\" srcset=\"https:\/\/sdg21.eu\/wp-content\/uploads\/2016\/08\/Familienhotel_Weimar_Aussenansicht_1208-300x200.jpg 300w, https:\/\/sdg21.eu\/wp-content\/uploads\/2016\/08\/Familienhotel_Weimar_Aussenansicht_1208-560x373.jpg 560w, https:\/\/sdg21.eu\/wp-content\/uploads\/2016\/08\/Familienhotel_Weimar_Aussenansicht_1208-1280x852.jpg 1280w, https:\/\/sdg21.eu\/wp-content\/uploads\/2016\/08\/Familienhotel_Weimar_Aussenansicht_1208-250x166.jpg 250w, https:\/\/sdg21.eu\/wp-content\/uploads\/2016\/08\/Familienhotel_Weimar_Aussenansicht_1208-768x511.jpg 768w, https:\/\/sdg21.eu\/wp-content\/uploads\/2016\/08\/Familienhotel_Weimar_Aussenansicht_1208-1536x1022.jpg 1536w, https:\/\/sdg21.eu\/wp-content\/uploads\/2016\/08\/Familienhotel_Weimar_Aussenansicht_1208-1320x878.jpg 1320w, https:\/\/sdg21.eu\/wp-content\/uploads\/2016\/08\/Familienhotel_Weimar_Aussenansicht_1208-160x106.jpg 160w, https:\/\/sdg21.eu\/wp-content\/uploads\/2016\/08\/Familienhotel_Weimar_Aussenansicht_1208-1024x681.jpg 1024w, https:\/\/sdg21.eu\/wp-content\/uploads\/2016\/08\/Familienhotel_Weimar_Aussenansicht_1208-144x96.jpg 144w, https:\/\/sdg21.eu\/wp-content\/uploads\/2016\/08\/Familienhotel_Weimar_Aussenansicht_1208.jpg 1623w\" sizes=\"auto, (max-width: 300px) 100vw, 300px\" \/><\/a>99423 Weimar:<\/strong> New building with 11 holiday apartments, each with kitchen and balcony in sizes from 22 to 75 m\u00b2, as well as a restaurant and roof garden. Solid wood construction, clay interior plaster, clay paints and block heating plant. Completion: 2012<\/p>\n\n<br class=\"clear\" \/>\n<br \/>\n<a href=\"https:\/\/sdg21.eu\/en\/db\/familienhotel-weimar\">Show more &gt;&gt; <\/a>\n<div class=\"su-spacer\" style=\"height:20px\"><\/div>\n<span>&#8211; &#8211; &#8211; &#8211; &#8211; &#8211; &#8211; &#8211; &#8211; &#8211; &#8211; &#8211; &#8211; &#8211; &#8211; &#8211; &#8211; &#8211;<\/span>\n\t\t\n\t\t\t<h2><a href=\"https:\/\/sdg21.eu\/en\/db\/gemeinschaftsiedlung-neumuehlen\">Neum\u00fchlen community housing estate<\/a><\/h2> \n<span style=\"font-size: 8pt;\"><\/span>\n<strong>Size: <\/strong>10 CU . <strong>Plot: <\/strong> Hectare  \n<div class=\"su-spacer\" style=\"height:20px\"><\/div>\n<p><strong><a href=\"http:\/\/sdg21.eu\/wp-content\/uploads\/2016\/08\/neumuehlen.jpg\"><img loading=\"lazy\" decoding=\"async\" class=\"alignleft wp-image-11707 size-medium\" src=\"http:\/\/sdg21.eu\/wp-content\/uploads\/2016\/08\/neumuehlen-300x88.jpg\" alt=\"neumuehlen\" width=\"300\" height=\"88\" srcset=\"https:\/\/sdg21.eu\/wp-content\/uploads\/2016\/08\/neumuehlen-300x88.jpg 300w, https:\/\/sdg21.eu\/wp-content\/uploads\/2016\/08\/neumuehlen-250x74.jpg 250w, https:\/\/sdg21.eu\/wp-content\/uploads\/2016\/08\/neumuehlen-160x47.jpg 160w, https:\/\/sdg21.eu\/wp-content\/uploads\/2016\/08\/neumuehlen-144x42.jpg 144w, https:\/\/sdg21.eu\/wp-content\/uploads\/2016\/08\/neumuehlen.jpg 407w\" sizes=\"auto, (max-width: 300px) 100vw, 300px\" \/><\/a><a href=\"http:\/\/sdg21.eu\/wp-content\/uploads\/2016\/09\/In-Entstehung_gr100px_200dpi.jpg\"><img loading=\"lazy\" decoding=\"async\" class=\"alignleft size-full wp-image-9350\" src=\"http:\/\/sdg21.eu\/wp-content\/uploads\/2016\/09\/In-Entstehung_gr100px_200dpi.jpg\" alt=\"In-Entstehung_gr100px_200dpi\" width=\"25\" height=\"100\" \/><\/a>27283 Verden:<\/strong> In 2016, there are 18 adults and 9 children aged 4 to 16 living in 9 houses on the Community Estate site. There is still room for one more house.<\/p>\n\n<br class=\"clear\" \/>\n<br \/>\n<a href=\"https:\/\/sdg21.eu\/en\/db\/gemeinschaftsiedlung-neumuehlen\">Show more &gt;&gt; <\/a>\n<div class=\"su-spacer\" style=\"height:20px\"><\/div>\n<span>&#8211; &#8211; &#8211; &#8211; &#8211; &#8211; &#8211; &#8211; &#8211; &#8211; &#8211; &#8211; &#8211; &#8211; &#8211; &#8211; &#8211; &#8211;<\/span>\n\t\t\n\t\t\t<h2><a href=\"https:\/\/sdg21.eu\/en\/db\/hermannsdorfer-landwerkstaetten-kronsberg\">Hermannsdorfer Landwerkst\u00e4tten (Kronsberg)<\/a><\/h2> \n<span style=\"font-size: 8pt;\"><\/span>\n<strong>Size: <\/strong>10 CU . <strong>Plot: <\/strong> Hectare  \n<div class=\"su-spacer\" style=\"height:20px\"><\/div>\n<p><strong><span class=\"postal-code\">30539<\/span> Hanover-Kronsberg:<\/strong> Sub-project \"Hermannsdorfer Landwerkst\u00e4tten\", Expo model farm for sustainable agriculture and regional marketing methods. Completion: 2000<\/p>\n\n<br class=\"clear\" \/>\n<br \/>\n<a href=\"https:\/\/sdg21.eu\/en\/db\/hermannsdorfer-landwerkstaetten-kronsberg\">Show more &gt;&gt; <\/a>\n<div class=\"su-spacer\" style=\"height:20px\"><\/div>\n<span>&#8211; &#8211; &#8211; &#8211; &#8211; &#8211; &#8211; &#8211; &#8211; &#8211; &#8211; &#8211; &#8211; &#8211; &#8211; &#8211; &#8211; &#8211;<\/span>\n\t\t\n\t\t\t<h2><a href=\"https:\/\/sdg21.eu\/en\/db\/haeusergruppe-olbeschhof-trier\">Group of houses \"Olbeschhof\" Trier<\/a><\/h2> \n<span style=\"font-size: 8pt;\"><\/span>\n<strong>Size: <\/strong>10 CU . <strong>Plot: <\/strong> Hectare  \n<div class=\"su-spacer\" style=\"height:20px\"><\/div>\n<p style=\"text-align: left;\"><strong>54290 Trier:<\/strong> Houses<a href=\"http:\/\/sdg21.eu\/wp-content\/uploads\/2016\/08\/DSC_2938.jpg\"><img loading=\"lazy\" decoding=\"async\" class=\"alignleft wp-image-6075 size-medium\" src=\"http:\/\/sdg21.eu\/wp-content\/uploads\/2016\/08\/DSC_2938-300x200.jpg\" alt=\"DSC_2938\" width=\"300\" height=\"200\" srcset=\"https:\/\/sdg21.eu\/wp-content\/uploads\/2016\/08\/DSC_2938-300x200.jpg 300w, https:\/\/sdg21.eu\/wp-content\/uploads\/2016\/08\/DSC_2938-560x373.jpg 560w, https:\/\/sdg21.eu\/wp-content\/uploads\/2016\/08\/DSC_2938-250x167.jpg 250w, https:\/\/sdg21.eu\/wp-content\/uploads\/2016\/08\/DSC_2938-144x96.jpg 144w, https:\/\/sdg21.eu\/wp-content\/uploads\/2016\/08\/DSC_2938.jpg 692w\" sizes=\"auto, (max-width: 300px) 100vw, 300px\" \/><\/a>group \"Olbeschhof\". Ten plots. Planning: Architects Prof. Dipl.-Ing. Gerhard Freising and Dipl.-Ing. Ursula Freising, Trier. Project sponsor: Building owner group Gesellschaft f\u00fcr naturnahes Bauen und Leben. Completion: 1994<\/p>\n<p style=\"text-align: left;\">\n\n<br class=\"clear\" \/>\n<br \/>\n<a href=\"https:\/\/sdg21.eu\/en\/db\/haeusergruppe-olbeschhof-trier\">Show more &gt;&gt; <\/a>\n<div class=\"su-spacer\" style=\"height:20px\"><\/div>\n<span>&#8211; &#8211; &#8211; &#8211; &#8211; &#8211; &#8211; &#8211; &#8211; &#8211; &#8211; &#8211; &#8211; &#8211; &#8211; &#8211; &#8211; &#8211;<\/span>\n\t\t\n\t\t\t<h2><a href=\"https:\/\/sdg21.eu\/en\/db\/tuebinger-baugruppe-dreiklang\">T\u00fcbingen building group \"Dreiklang<\/a><\/h2> \n<span style=\"font-size: 8pt;\"><\/span>\n<strong>Size: <\/strong>10 CU . <strong>Plot: <\/strong> Hectare  \n<div class=\"su-spacer\" style=\"height:20px\"><\/div>\n<p><strong><a href=\"http:\/\/sdg21.eu\/wp-content\/uploads\/2016\/08\/Dreiklang_S\u00fcdwestansicht2.jpg\"><img loading=\"lazy\" decoding=\"async\" class=\"alignleft wp-image-11909 size-medium\" title=\"Photo: Joachim Eble Architecture\" src=\"http:\/\/sdg21.eu\/wp-content\/uploads\/2016\/08\/Dreiklang_S\u00fcdwestansicht2-240x300.jpg\" alt=\"Dreiklang S\u00fcdwestansicht\" width=\"240\" height=\"300\" srcset=\"https:\/\/sdg21.eu\/wp-content\/uploads\/2016\/08\/Dreiklang_S\u00fcdwestansicht2-240x300.jpg 240w, https:\/\/sdg21.eu\/wp-content\/uploads\/2016\/08\/Dreiklang_S\u00fcdwestansicht2-448x560.jpg 448w, https:\/\/sdg21.eu\/wp-content\/uploads\/2016\/08\/Dreiklang_S\u00fcdwestansicht2-1024x1280.jpg 1024w, https:\/\/sdg21.eu\/wp-content\/uploads\/2016\/08\/Dreiklang_S\u00fcdwestansicht2-200x250.jpg 200w, https:\/\/sdg21.eu\/wp-content\/uploads\/2016\/08\/Dreiklang_S\u00fcdwestansicht2-768x960.jpg 768w, https:\/\/sdg21.eu\/wp-content\/uploads\/2016\/08\/Dreiklang_S\u00fcdwestansicht2-1229x1536.jpg 1229w, https:\/\/sdg21.eu\/wp-content\/uploads\/2016\/08\/Dreiklang_S\u00fcdwestansicht2-1638x2048.jpg 1638w, https:\/\/sdg21.eu\/wp-content\/uploads\/2016\/08\/Dreiklang_S\u00fcdwestansicht2-1320x1650.jpg 1320w, https:\/\/sdg21.eu\/wp-content\/uploads\/2016\/08\/Dreiklang_S\u00fcdwestansicht2-128x160.jpg 128w, https:\/\/sdg21.eu\/wp-content\/uploads\/2016\/08\/Dreiklang_S\u00fcdwestansicht2-819x1024.jpg 819w, https:\/\/sdg21.eu\/wp-content\/uploads\/2016\/08\/Dreiklang_S\u00fcdwestansicht2-115x144.jpg 115w, https:\/\/sdg21.eu\/wp-content\/uploads\/2016\/08\/Dreiklang_S\u00fcdwestansicht2-scaled.jpg 2048w\" sizes=\"auto, (max-width: 240px) 100vw, 240px\" \/><\/a>72074 T\u00fcbingen-Lustnau<\/strong>: Naturally ventilated KfW Efficiency House 55 in timber construction in the new <a href=\"http:\/\/sdg21.eu\/db\/alte-weberei-tuebingen-lustnau\">Old Weaving Mill\" Quarter<\/a>, T\u00fcbingen. 9 apartments and 1 commercial unit on the ground floor. Architecture: Joachim Eble Architektur. Local heat supply from biogas plant. Completion: 2014<\/p>\n\n<br class=\"clear\" \/>\n<br \/>\n<a href=\"https:\/\/sdg21.eu\/en\/db\/tuebinger-baugruppe-dreiklang\">Show more &gt;&gt; <\/a>\n<div class=\"su-spacer\" style=\"height:20px\"><\/div>\n<span>&#8211; &#8211; &#8211; &#8211; &#8211; &#8211; &#8211; &#8211; &#8211; &#8211; &#8211; &#8211; &#8211; &#8211; &#8211; &#8211; &#8211; &#8211;<\/span>\n\t\t\n\t\t\t<h2><a href=\"https:\/\/sdg21.eu\/en\/db\/wohnprojekt-nestwerk\">Housing project \"Nestwerk<\/a><\/h2> \n<span style=\"font-size: 8pt;\"><\/span>\n<strong>Size: <\/strong>9 CU . <strong>Plot: <\/strong> Hectare  \n<div class=\"su-spacer\" style=\"height:20px\"><\/div>\n<p><strong>01<span >326<\/span> Dresden-Pillnitz:<\/strong> 9 residential units, 40 residents. Ecological apartment buildings according to passive house standard. Architectural partnership Reiter and Rentzsch, Dresden. Occupation: 2001<\/p>\n\n<br class=\"clear\" \/>\n<br \/>\n<a href=\"https:\/\/sdg21.eu\/en\/db\/wohnprojekt-nestwerk\">Show more &gt;&gt; <\/a>\n<div class=\"su-spacer\" style=\"height:20px\"><\/div>\n<span>&#8211; &#8211; &#8211; &#8211; &#8211; &#8211; &#8211; &#8211; &#8211; &#8211; &#8211; &#8211; &#8211; &#8211; &#8211; &#8211; &#8211; &#8211;<\/span>\n\t\t\n\t\t\t<h2><a href=\"https:\/\/sdg21.eu\/en\/db\/holz-achtgeschosser-h8-in-bad-aibling\">Wooden eight-storey building \"H8\" in Bad Aibling<\/a><\/h2> \n<span style=\"font-size: 8pt;\"><\/span>\n<strong>Size: <\/strong>9 CU . <strong>Plot: <\/strong> Hectare  \n<div class=\"su-spacer\" style=\"height:20px\"><\/div>\n<p><strong><a href=\"http:\/\/sdg21.eu\/wp-content\/uploads\/2016\/09\/H8_Building.jpg\"><img loading=\"lazy\" decoding=\"async\" class=\"alignleft wp-image-8756 size-medium\" title=\"Photo: https:\/\/de.wikipedia.org\/wiki\/H8_(high-rise)\" src=\"http:\/\/sdg21.eu\/wp-content\/uploads\/2016\/09\/H8_Building-300x225.jpg\" alt=\"H8_Building\" width=\"300\" height=\"225\" srcset=\"https:\/\/sdg21.eu\/wp-content\/uploads\/2016\/09\/H8_Building-300x225.jpg 300w, https:\/\/sdg21.eu\/wp-content\/uploads\/2016\/09\/H8_Building-560x420.jpg 560w, https:\/\/sdg21.eu\/wp-content\/uploads\/2016\/09\/H8_Building-250x188.jpg 250w, https:\/\/sdg21.eu\/wp-content\/uploads\/2016\/09\/H8_Building-768x576.jpg 768w, https:\/\/sdg21.eu\/wp-content\/uploads\/2016\/09\/H8_Building-100x75.jpg 100w, https:\/\/sdg21.eu\/wp-content\/uploads\/2016\/09\/H8_Building-1024x768.jpg 1024w, https:\/\/sdg21.eu\/wp-content\/uploads\/2016\/09\/H8_Building-144x108.jpg 144w, https:\/\/sdg21.eu\/wp-content\/uploads\/2016\/09\/H8_Building.jpg 1280w\" sizes=\"auto, (max-width: 300px) 100vw, 300px\" \/><\/a>83043 Bad Aibling:<\/strong> The \"H8\" building is the first eight-story wooden high-rise in Germany. It was built in 2011 in the Upper Bavarian town of Bad Aibling. Together with the building <a href=\"https:\/\/www.siedlungen.eu\/de\/e3\">E3<\/a> in Berlin, it is currently one of the tallest wooden buildings in Germany. 9 WEs and offices. Usable area: 803 m<sup>2<\/sup>, Architect: Architekturb\u00fcro Schankula. Client: B&amp;O Wohnungswirtschaft, the building is located in a zero-energy quarter, completion: 2011<\/p>\n\n<br class=\"clear\" \/>\n<br \/>\n<a href=\"https:\/\/sdg21.eu\/en\/db\/holz-achtgeschosser-h8-in-bad-aibling\">Show more &gt;&gt; <\/a>\n<div class=\"su-spacer\" style=\"height:20px\"><\/div>\n<span>&#8211; &#8211; &#8211; &#8211; &#8211; &#8211; &#8211; &#8211; &#8211; &#8211; &#8211; &#8211; &#8211; &#8211; &#8211; &#8211; &#8211; &#8211;<\/span>\n\t\t\n\t\t\t<h2><a href=\"https:\/\/sdg21.eu\/en\/db\/wohnanlage-bodelschwinghweg\">Bodelschwinghweg residential complex<\/a><\/h2> \n<span style=\"font-size: 8pt;\"><\/span>\n<strong>Size: <\/strong>9 CU . <strong>Plot: <\/strong> Hectare  \n<div class=\"su-spacer\" style=\"height:20px\"><\/div>\n<p><a href=\"#gallery-8931\"><img loading=\"lazy\" decoding=\"async\" class=\"alignleft wp-image-8939 size-medium\" src=\"http:\/\/sdg21.eu\/wp-content\/uploads\/2016\/09\/Bodelschwighweg-09-300x225.jpg\" alt=\"Bodelschwighweg-09\" width=\"300\" height=\"225\" srcset=\"https:\/\/sdg21.eu\/wp-content\/uploads\/2016\/09\/Bodelschwighweg-09-300x225.jpg 300w, https:\/\/sdg21.eu\/wp-content\/uploads\/2016\/09\/Bodelschwighweg-09-560x420.jpg 560w, https:\/\/sdg21.eu\/wp-content\/uploads\/2016\/09\/Bodelschwighweg-09-1280x960.jpg 1280w, https:\/\/sdg21.eu\/wp-content\/uploads\/2016\/09\/Bodelschwighweg-09-250x188.jpg 250w, https:\/\/sdg21.eu\/wp-content\/uploads\/2016\/09\/Bodelschwighweg-09-768x576.jpg 768w, https:\/\/sdg21.eu\/wp-content\/uploads\/2016\/09\/Bodelschwighweg-09-1536x1152.jpg 1536w, https:\/\/sdg21.eu\/wp-content\/uploads\/2016\/09\/Bodelschwighweg-09-1320x990.jpg 1320w, https:\/\/sdg21.eu\/wp-content\/uploads\/2016\/09\/Bodelschwighweg-09-160x120.jpg 160w, https:\/\/sdg21.eu\/wp-content\/uploads\/2016\/09\/Bodelschwighweg-09-1024x768.jpg 1024w, https:\/\/sdg21.eu\/wp-content\/uploads\/2016\/09\/Bodelschwighweg-09-144x108.jpg 144w, https:\/\/sdg21.eu\/wp-content\/uploads\/2016\/09\/Bodelschwighweg-09-100x75.jpg 100w, https:\/\/sdg21.eu\/wp-content\/uploads\/2016\/09\/Bodelschwighweg-09.jpg 2048w\" sizes=\"auto, (max-width: 300px) 100vw, 300px\" \/><\/a><strong>64297 Darmstadt-Eberstadt:<\/strong> 9 units, \u00d6kumenische Wohnhilfe Darmstadt, planning: pfeifer. kuhn. architekten (Freiburg), completion: 1998<\/p>\n\n<br class=\"clear\" \/>\n<br \/>\n<a href=\"https:\/\/sdg21.eu\/en\/db\/wohnanlage-bodelschwinghweg\">Show more &gt;&gt; <\/a>\n<div class=\"su-spacer\" style=\"height:20px\"><\/div>\n<span>&#8211; &#8211; &#8211; &#8211; &#8211; &#8211; &#8211; &#8211; &#8211; &#8211; &#8211; &#8211; &#8211; &#8211; &#8211; &#8211; &#8211; &#8211;<\/span>\n\t\t\n\t\t\t<h2><a href=\"https:\/\/sdg21.eu\/en\/db\/alte-windkunst\">Old wind art<\/a><\/h2> \n<span style=\"font-size: 8pt;\"><\/span>\n<strong>Size: <\/strong>9 CU . <strong>Plot: <\/strong> Hectare  \n<div class=\"su-spacer\" style=\"height:20px\"><\/div>\n<p><a href=\"#gallery-6560\"><img loading=\"lazy\" decoding=\"async\" class=\"alignleft wp-image-6563 size-medium\" title=\"Photo: Holger Wolpensinger\" src=\"http:\/\/sdg21.eu\/wp-content\/uploads\/2016\/08\/3-1-205x300.jpg\" alt=\"3\" width=\"205\" height=\"300\" srcset=\"https:\/\/sdg21.eu\/wp-content\/uploads\/2016\/08\/3-1-205x300.jpg 205w, https:\/\/sdg21.eu\/wp-content\/uploads\/2016\/08\/3-1-383x560.jpg 383w, https:\/\/sdg21.eu\/wp-content\/uploads\/2016\/08\/3-1-171x250.jpg 171w, https:\/\/sdg21.eu\/wp-content\/uploads\/2016\/08\/3-1-768x1122.jpg 768w, https:\/\/sdg21.eu\/wp-content\/uploads\/2016\/08\/3-1-110x160.jpg 110w, https:\/\/sdg21.eu\/wp-content\/uploads\/2016\/08\/3-1-701x1024.jpg 701w, https:\/\/sdg21.eu\/wp-content\/uploads\/2016\/08\/3-1-99x144.jpg 99w, https:\/\/sdg21.eu\/wp-content\/uploads\/2016\/08\/3-1.jpg 819w\" sizes=\"auto, (max-width: 205px) 100vw, 205px\" \/><\/a><strong>52134 Herzogenrath-Kohlscheid<\/strong>: Architecture: Birgit Siebenmorgen, one of the first \"eco\" housing estates in Germany, on average 150 m\u00b2 living space, grass roofs, timber frame construction, sand-lime brick firewalls as bulkheads<\/p>\n\n<br class=\"clear\" \/>\n<br \/>\n<a href=\"https:\/\/sdg21.eu\/en\/db\/alte-windkunst\">Show more &gt;&gt; <\/a>\n<div class=\"su-spacer\" style=\"height:20px\"><\/div>\n<span>&#8211; &#8211; &#8211; &#8211; &#8211; &#8211; &#8211; &#8211; &#8211; &#8211; &#8211; &#8211; &#8211; &#8211; &#8211; &#8211; &#8211; &#8211;<\/span>\n\t\t\n\t\t\t<h2><a href=\"https:\/\/sdg21.eu\/en\/db\/oekologisches-baugebiet-unterneuses\">Ecological building area Unterneuses<\/a><\/h2> \n<span style=\"font-size: 8pt;\"><\/span>\n<strong>Size: <\/strong>9 CU . <strong>Plot: <\/strong> Hectare  \n<div class=\"su-spacer\" style=\"height:20px\"><\/div>\n<p><a href=\"http:\/\/sdg21.eu\/wp-content\/uploads\/2016\/08\/Unterneuses-2.jpg\"><img loading=\"lazy\" decoding=\"async\" class=\"alignleft wp-image-11214 size-medium\" src=\"http:\/\/sdg21.eu\/wp-content\/uploads\/2016\/08\/Unterneuses-2-300x104.jpg\" alt=\"unterneuses-2\" width=\"300\" height=\"104\" srcset=\"https:\/\/sdg21.eu\/wp-content\/uploads\/2016\/08\/Unterneuses-2-300x104.jpg 300w, https:\/\/sdg21.eu\/wp-content\/uploads\/2016\/08\/Unterneuses-2-250x87.jpg 250w, https:\/\/sdg21.eu\/wp-content\/uploads\/2016\/08\/Unterneuses-2-160x56.jpg 160w, https:\/\/sdg21.eu\/wp-content\/uploads\/2016\/08\/Unterneuses-2-144x50.jpg 144w, https:\/\/sdg21.eu\/wp-content\/uploads\/2016\/08\/Unterneuses-2.jpg 500w\" sizes=\"auto, (max-width: 300px) 100vw, 300px\" \/><\/a><strong>96250 Unterneuses, municipality of Ebensfeld (district of Lichtenfels):<\/strong> 9 dwelling units, planning in consideration of the goals of Agenda 21. Raab Baugesellschaft mbH &amp; Co KG<\/p>\n\n<br class=\"clear\" \/>\n<br \/>\n<a href=\"https:\/\/sdg21.eu\/en\/db\/oekologisches-baugebiet-unterneuses\">Show more &gt;&gt; <\/a>\n<div class=\"su-spacer\" style=\"height:20px\"><\/div>\n<span>&#8211; &#8211; &#8211; &#8211; &#8211; &#8211; &#8211; &#8211; &#8211; &#8211; &#8211; &#8211; &#8211; &#8211; &#8211; &#8211; &#8211; &#8211;<\/span>\n\t\t\n\t\t\t<h2><a href=\"https:\/\/sdg21.eu\/en\/db\/wohndorfprojekt-burscheid\">Burscheid residential village project<\/a><\/h2> \n<span style=\"font-size: 8pt;\"><\/span>\n<strong>Size: <\/strong>9 CU . <strong>Plot: <\/strong> Hectare  \n<div class=\"su-spacer\" style=\"height:20px\"><\/div>\n<p><strong><a href=\"http:\/\/sdg21.eu\/wp-content\/uploads\/2016\/08\/DSC_2702.jpg\"><img loading=\"lazy\" decoding=\"async\" class=\"alignleft wp-image-7674 size-medium\" src=\"http:\/\/sdg21.eu\/wp-content\/uploads\/2016\/08\/DSC_2702-300x200.jpg\" alt=\"DSC_2702\" width=\"300\" height=\"200\" srcset=\"https:\/\/sdg21.eu\/wp-content\/uploads\/2016\/08\/DSC_2702-300x200.jpg 300w, https:\/\/sdg21.eu\/wp-content\/uploads\/2016\/08\/DSC_2702-560x373.jpg 560w, https:\/\/sdg21.eu\/wp-content\/uploads\/2016\/08\/DSC_2702-1280x853.jpg 1280w, https:\/\/sdg21.eu\/wp-content\/uploads\/2016\/08\/DSC_2702-250x167.jpg 250w, https:\/\/sdg21.eu\/wp-content\/uploads\/2016\/08\/DSC_2702-768x512.jpg 768w, https:\/\/sdg21.eu\/wp-content\/uploads\/2016\/08\/DSC_2702-1320x880.jpg 1320w, https:\/\/sdg21.eu\/wp-content\/uploads\/2016\/08\/DSC_2702-160x107.jpg 160w, https:\/\/sdg21.eu\/wp-content\/uploads\/2016\/08\/DSC_2702-1024x683.jpg 1024w, https:\/\/sdg21.eu\/wp-content\/uploads\/2016\/08\/DSC_2702-144x96.jpg 144w, https:\/\/sdg21.eu\/wp-content\/uploads\/2016\/08\/DSC_2702-100x67.jpg 100w, https:\/\/sdg21.eu\/wp-content\/uploads\/2016\/08\/DSC_2702.jpg 1500w\" sizes=\"auto, (max-width: 300px) 100vw, 300px\" \/><\/a><a href=\"http:\/\/sdg21.eu\/wp-content\/uploads\/2016\/09\/In-Entstehung_gr100px_200dpi.jpg\"><img loading=\"lazy\" decoding=\"async\" class=\"alignleft size-full wp-image-9350\" src=\"http:\/\/sdg21.eu\/wp-content\/uploads\/2016\/09\/In-Entstehung_gr100px_200dpi.jpg\" alt=\"In-Entstehung_gr100px_200dpi\" width=\"25\" height=\"100\" \/><\/a>51399 Burscheid:<\/strong> 7 out of 9 houses are realized in ecological timber construction so far. Architecture: Gabor Schneider (son of architect Prof. Schneider-Wessling). BDA recognition 2010<\/p>\n\n<br class=\"clear\" \/>\n<br \/>\n<a href=\"https:\/\/sdg21.eu\/en\/db\/wohndorfprojekt-burscheid\">Show more &gt;&gt; <\/a>\n<div class=\"su-spacer\" style=\"height:20px\"><\/div>\n<span>&#8211; &#8211; &#8211; &#8211; &#8211; &#8211; &#8211; &#8211; &#8211; &#8211; &#8211; &#8211; &#8211; &#8211; &#8211; &#8211; &#8211; &#8211;<\/span>\n\t\t\n\t\t\t<h2><a href=\"https:\/\/sdg21.eu\/en\/db\/erdhuegelhaeuser-auf-der-staig\">Earth mound houses \"Auf der Staig<\/a><\/h2> \n<span style=\"font-size: 8pt;\"><\/span>\n<strong>Size: <\/strong>9 CU . <strong>Plot: <\/strong> Hectare  \n<div class=\"su-spacer\" style=\"height:20px\"><\/div>\n<p><a href=\"http:\/\/sdg21.eu\/wp-content\/uploads\/2016\/08\/donaueschingen_erdh\u00fcgelh\u00e4user.jpg\"><img loading=\"lazy\" decoding=\"async\" class=\"alignleft wp-image-7580 size-medium\" src=\"http:\/\/sdg21.eu\/wp-content\/uploads\/2016\/08\/donaueschingen_erdh\u00fcgelh\u00e4user-300x205.jpg\" alt=\"donaueschingen_erdh\u00fcgelh\u00e4user\" width=\"300\" height=\"205\" srcset=\"https:\/\/sdg21.eu\/wp-content\/uploads\/2016\/08\/donaueschingen_erdh\u00fcgelh\u00e4user-300x205.jpg 300w, https:\/\/sdg21.eu\/wp-content\/uploads\/2016\/08\/donaueschingen_erdh\u00fcgelh\u00e4user-560x383.jpg 560w, https:\/\/sdg21.eu\/wp-content\/uploads\/2016\/08\/donaueschingen_erdh\u00fcgelh\u00e4user-250x171.jpg 250w, https:\/\/sdg21.eu\/wp-content\/uploads\/2016\/08\/donaueschingen_erdh\u00fcgelh\u00e4user-768x526.jpg 768w, https:\/\/sdg21.eu\/wp-content\/uploads\/2016\/08\/donaueschingen_erdh\u00fcgelh\u00e4user-100x68.jpg 100w, https:\/\/sdg21.eu\/wp-content\/uploads\/2016\/08\/donaueschingen_erdh\u00fcgelh\u00e4user-1024x701.jpg 1024w, https:\/\/sdg21.eu\/wp-content\/uploads\/2016\/08\/donaueschingen_erdh\u00fcgelh\u00e4user-144x99.jpg 144w, https:\/\/sdg21.eu\/wp-content\/uploads\/2016\/08\/donaueschingen_erdh\u00fcgelh\u00e4user.jpg 1196w\" sizes=\"auto, (max-width: 300px) 100vw, 300px\" \/><\/a><strong>78166 Donaueschingen: <\/strong>ArchiNova, B\u00f6nnigheim 9 units, completion: 1993<\/p>\n\n<br class=\"clear\" \/>\n<br \/>\n<a href=\"https:\/\/sdg21.eu\/en\/db\/erdhuegelhaeuser-auf-der-staig\">Show more &gt;&gt; <\/a>\n<div class=\"su-spacer\" style=\"height:20px\"><\/div>\n<span>&#8211; &#8211; &#8211; &#8211; &#8211; &#8211; &#8211; &#8211; &#8211; &#8211; &#8211; &#8211; &#8211; &#8211; &#8211; &#8211; &#8211; &#8211;<\/span>\n\t\t\n\t\t\t<h2><a href=\"https:\/\/sdg21.eu\/en\/db\/e3\">Building society \"e3<\/a><\/h2> \n<span style=\"font-size: 8pt;\"><\/span>\n<strong>Size: <\/strong>8 CU . <strong>Plot: <\/strong> Hectare  \n<div class=\"su-spacer\" style=\"height:20px\"><\/div>\n<p><strong><a href=\"http:\/\/sdg21.eu\/wp-content\/uploads\/2016\/08\/csm_E3_0_da0a697ad3.jpg\"><img loading=\"lazy\" decoding=\"async\" class=\"alignleft wp-image-8754 size-medium\" title=\"Photo: Wood Information Service\" src=\"http:\/\/sdg21.eu\/wp-content\/uploads\/2016\/08\/csm_E3_0_da0a697ad3-300x223.jpg\" alt=\"\" width=\"300\" height=\"223\" srcset=\"https:\/\/sdg21.eu\/wp-content\/uploads\/2016\/08\/csm_E3_0_da0a697ad3-300x223.jpg 300w, https:\/\/sdg21.eu\/wp-content\/uploads\/2016\/08\/csm_E3_0_da0a697ad3-560x416.jpg 560w, https:\/\/sdg21.eu\/wp-content\/uploads\/2016\/08\/csm_E3_0_da0a697ad3-250x186.jpg 250w, https:\/\/sdg21.eu\/wp-content\/uploads\/2016\/08\/csm_E3_0_da0a697ad3-100x74.jpg 100w, https:\/\/sdg21.eu\/wp-content\/uploads\/2016\/08\/csm_E3_0_da0a697ad3-144x107.jpg 144w, https:\/\/sdg21.eu\/wp-content\/uploads\/2016\/08\/csm_E3_0_da0a697ad3.jpg 635w\" sizes=\"auto, (max-width: 300px) 100vw, 300px\" \/><\/a>10407 Berlin-Prenzlauer Berg:<\/strong> 8 flats, living space: 987 m\u00b2, first 7-storey wooden building in Germany, architecture: Kaden Klingbeil Architekten, clients: e3 Bau GbR, built: 2008<\/p>\n\n<br class=\"clear\" \/>\n<br \/>\n<a href=\"https:\/\/sdg21.eu\/en\/db\/e3\">Show more &gt;&gt; <\/a>\n<div class=\"su-spacer\" style=\"height:20px\"><\/div>\n<span>&#8211; &#8211; &#8211; &#8211; &#8211; &#8211; &#8211; &#8211; &#8211; &#8211; &#8211; &#8211; &#8211; &#8211; &#8211; &#8211; &#8211; &#8211;<\/span>\n\t\t\n\t\t\t<h2><a href=\"https:\/\/sdg21.eu\/en\/db\/haus-heyden-hof\">House-Heyden-Hof<\/a><\/h2> \n<span style=\"font-size: 8pt;\"><\/span>\n<strong>Size: <\/strong>8 CU . <strong>Plot: <\/strong> Hectare  \n<div class=\"su-spacer\" style=\"height:20px\"><\/div>\n<p><a href=\"#gallery-9409\"><img loading=\"lazy\" decoding=\"async\" class=\"alignleft wp-image-7601 size-medium\" src=\"http:\/\/sdg21.eu\/wp-content\/uploads\/2016\/08\/oekosiedlung_haus_heydenhof-300x205.jpg\" alt=\"oekosiedlung_haus_heydenhof\" width=\"300\" height=\"205\" srcset=\"https:\/\/sdg21.eu\/wp-content\/uploads\/2016\/08\/oekosiedlung_haus_heydenhof-300x205.jpg 300w, https:\/\/sdg21.eu\/wp-content\/uploads\/2016\/08\/oekosiedlung_haus_heydenhof-560x383.jpg 560w, https:\/\/sdg21.eu\/wp-content\/uploads\/2016\/08\/oekosiedlung_haus_heydenhof-250x171.jpg 250w, https:\/\/sdg21.eu\/wp-content\/uploads\/2016\/08\/oekosiedlung_haus_heydenhof-768x525.jpg 768w, https:\/\/sdg21.eu\/wp-content\/uploads\/2016\/08\/oekosiedlung_haus_heydenhof-160x109.jpg 160w, https:\/\/sdg21.eu\/wp-content\/uploads\/2016\/08\/oekosiedlung_haus_heydenhof-1024x700.jpg 1024w, https:\/\/sdg21.eu\/wp-content\/uploads\/2016\/08\/oekosiedlung_haus_heydenhof-144x98.jpg 144w, https:\/\/sdg21.eu\/wp-content\/uploads\/2016\/08\/oekosiedlung_haus_heydenhof-100x68.jpg 100w, https:\/\/sdg21.eu\/wp-content\/uploads\/2016\/08\/oekosiedlung_haus_heydenhof.jpg 1196w\" sizes=\"auto, (max-width: 300px) 100vw, 300px\" \/><\/a><strong>52134 Herzogenrath-Kohlscheid:<\/strong> at the same time as the building biology settlement \"<a href=\"https:\/\/www.siedlungen.eu\/galerien\/schafbruehl\">Sheep's Broth<\/a>\" in T\u00fcbingen, these two settlements are considered the first ecological settlements in Germany. Haus Heydenhof\" is located in the direct vicinity of the \"<a href=\"http:\/\/sdg21.eu\/db\/alte-windkunst\">Old wind art<\/a>\u201e. Completion: 1985<\/p>\n\n<br class=\"clear\" \/>\n<br \/>\n<a href=\"https:\/\/sdg21.eu\/en\/db\/haus-heyden-hof\">Show more &gt;&gt; <\/a>\n<div class=\"su-spacer\" style=\"height:20px\"><\/div>\n<span>&#8211; &#8211; &#8211; &#8211; &#8211; &#8211; &#8211; &#8211; &#8211; &#8211; &#8211; &#8211; &#8211; &#8211; &#8211; &#8211; &#8211; &#8211;<\/span>\n\t\t\n\t\t\t<h2><a href=\"https:\/\/sdg21.eu\/en\/db\/sos-dorfgemeinschaft-grimmen\">SOS Village Community Grimmen<\/a><\/h2> \n<span style=\"font-size: 8pt;\"><\/span>\n<strong>Size: <\/strong>8 CU . <strong>Plot: <\/strong> Hectare  \n<div class=\"su-spacer\" style=\"height:20px\"><\/div>\n<p><strong>18507 Grimmen-Hohenwieden:<\/strong> Living, working and spending leisure time together - this is the concept of the SOS Village Community Grimmen-Hohenwieden. In four house communities with a total of 32 places, in the external training living with 25 places in eight apartments, in the outpatient assisted living as well as in the nine working areas of the workshop for disabled people (WfbM), people with learning and thinking impairments are welcome and are accompanied and supported.<\/p>\n\n<br class=\"clear\" \/>\n<br \/>\n<a href=\"https:\/\/sdg21.eu\/en\/db\/sos-dorfgemeinschaft-grimmen\">Show more &gt;&gt; <\/a>\n<div class=\"su-spacer\" style=\"height:20px\"><\/div>\n<span>&#8211; &#8211; &#8211; &#8211; &#8211; &#8211; &#8211; &#8211; &#8211; &#8211; &#8211; &#8211; &#8211; &#8211; &#8211; &#8211; &#8211; &#8211;<\/span>\n\t\t\n\t\t\t<h2><a href=\"https:\/\/sdg21.eu\/en\/db\/solargarten-munzingen\">Munzingen solar garden<\/a><\/h2> \n<span style=\"font-size: 8pt;\"><\/span>\n<strong>Size: <\/strong>8 CU . <strong>Plot: <\/strong> Hectare  \n<div class=\"su-spacer\" style=\"height:20px\"><\/div>\n<p><a href=\"http:\/\/sdg21.eu\/wp-content\/uploads\/2016\/08\/791_5_Munz.jpg\"><img loading=\"lazy\" decoding=\"async\" class=\"alignleft wp-image-6879 size-medium\" src=\"http:\/\/sdg21.eu\/wp-content\/uploads\/2016\/08\/791_5_Munz-300x201.jpg\" alt=\"791_5_Munz\" width=\"300\" height=\"201\" srcset=\"https:\/\/sdg21.eu\/wp-content\/uploads\/2016\/08\/791_5_Munz-300x201.jpg 300w, https:\/\/sdg21.eu\/wp-content\/uploads\/2016\/08\/791_5_Munz-250x168.jpg 250w, https:\/\/sdg21.eu\/wp-content\/uploads\/2016\/08\/791_5_Munz-144x97.jpg 144w, https:\/\/sdg21.eu\/wp-content\/uploads\/2016\/08\/791_5_Munz.jpg 425w\" sizes=\"auto, (max-width: 300px) 100vw, 300px\" \/><\/a><strong>79112 Freiburg-Munzingen:<\/strong> Solar garden, 8 units. Rolf Disch (Freiburg), Year of construction: 1993-1994<\/p>\n\n<br class=\"clear\" \/>\n<br \/>\n<a href=\"https:\/\/sdg21.eu\/en\/db\/solargarten-munzingen\">Show more &gt;&gt; <\/a>\n<div class=\"su-spacer\" style=\"height:20px\"><\/div>\n<span>&#8211; &#8211; &#8211; &#8211; &#8211; &#8211; &#8211; &#8211; &#8211; &#8211; &#8211; &#8211; &#8211; &#8211; &#8211; &#8211; &#8211; &#8211;<\/span>\n\t\t\n\t\t\t<h2><a href=\"https:\/\/sdg21.eu\/en\/db\/solarsiedlung-engen\">Solar settlement Engen<\/a><\/h2> \n<span style=\"font-size: 8pt;\"><\/span>\n<strong>Size: <\/strong>8 CU . <strong>Plot: <\/strong> Hectare  \n<div class=\"su-spacer\" style=\"height:20px\"><\/div>\n<p><strong><a href=\"http:\/\/sdg21.eu\/wp-content\/uploads\/2016\/08\/perspektive-1.jpg\"><img loading=\"lazy\" decoding=\"async\" class=\"alignleft wp-image-7500\" src=\"http:\/\/sdg21.eu\/wp-content\/uploads\/2016\/08\/perspektive-1-300x213.jpg\" alt=\"perspektive\" width=\"160\" height=\"113\" srcset=\"https:\/\/sdg21.eu\/wp-content\/uploads\/2016\/08\/perspektive-1-300x213.jpg 300w, https:\/\/sdg21.eu\/wp-content\/uploads\/2016\/08\/perspektive-1-560x397.jpg 560w, https:\/\/sdg21.eu\/wp-content\/uploads\/2016\/08\/perspektive-1-250x177.jpg 250w, https:\/\/sdg21.eu\/wp-content\/uploads\/2016\/08\/perspektive-1-100x71.jpg 100w, https:\/\/sdg21.eu\/wp-content\/uploads\/2016\/08\/perspektive-1-144x102.jpg 144w, https:\/\/sdg21.eu\/wp-content\/uploads\/2016\/08\/perspektive-1.jpg 680w\" sizes=\"auto, (max-width: 160px) 100vw, 160px\" \/><\/a><a href=\"http:\/\/sdg21.eu\/wp-content\/uploads\/2016\/09\/In-Entstehung_gr100px_200dpi.jpg\"><img loading=\"lazy\" decoding=\"async\" class=\"alignleft size-full wp-image-9350\" src=\"http:\/\/sdg21.eu\/wp-content\/uploads\/2016\/09\/In-Entstehung_gr100px_200dpi.jpg\" alt=\"In-Entstehung_gr100px_200dpi\" width=\"25\" height=\"100\" \/><\/a>78234 Engen:<\/strong> Passive house development in the \"Hugenberg 2\" building area. Wooden houses made of healthy building materials, photovoltaic modules, central wood pellet system. Architecture: Mahler office (Engen) and 'architektur-werkstatt' (Singen). So far, 8 apartments have been built in 6 residential buildings. <strong>A plot for a double or EFH is still available. <\/strong>(as of 8.2016)<\/p>\n\n<br class=\"clear\" \/>\n<br \/>\n<a href=\"https:\/\/sdg21.eu\/en\/db\/solarsiedlung-engen\">Show more &gt;&gt; <\/a>\n<div class=\"su-spacer\" style=\"height:20px\"><\/div>\n<span>&#8211; &#8211; &#8211; &#8211; &#8211; &#8211; &#8211; &#8211; &#8211; &#8211; &#8211; &#8211; &#8211; &#8211; &#8211; &#8211; &#8211; &#8211;<\/span>\n\t\t\n\t\t\t<h2><a href=\"https:\/\/sdg21.eu\/en\/db\/solarhaeuser-oekosiedlung-auf-der-staig\">Solar houses \"Auf der Staig<\/a><\/h2> \n<span style=\"font-size: 8pt;\"><\/span>\n<strong>Size: <\/strong>8 CU . <strong>Plot: <\/strong> Hectare  \n<div class=\"su-spacer\" style=\"height:20px\"><\/div>\n<p style=\"text-align: left;\"><strong><a href=\"http:\/\/sdg21.eu\/wp-content\/uploads\/2016\/08\/solarh\u00e4user_donaueschingen.jpg\"><img loading=\"lazy\" decoding=\"async\" class=\"alignleft wp-image-7582 size-medium\" src=\"http:\/\/sdg21.eu\/wp-content\/uploads\/2016\/08\/solarh\u00e4user_donaueschingen-300x205.jpg\" alt=\"solarh\u00e4user_donaueschingen\" width=\"300\" height=\"205\" srcset=\"https:\/\/sdg21.eu\/wp-content\/uploads\/2016\/08\/solarh\u00e4user_donaueschingen-300x205.jpg 300w, https:\/\/sdg21.eu\/wp-content\/uploads\/2016\/08\/solarh\u00e4user_donaueschingen-560x382.jpg 560w, https:\/\/sdg21.eu\/wp-content\/uploads\/2016\/08\/solarh\u00e4user_donaueschingen-250x171.jpg 250w, https:\/\/sdg21.eu\/wp-content\/uploads\/2016\/08\/solarh\u00e4user_donaueschingen-768x524.jpg 768w, https:\/\/sdg21.eu\/wp-content\/uploads\/2016\/08\/solarh\u00e4user_donaueschingen-160x109.jpg 160w, https:\/\/sdg21.eu\/wp-content\/uploads\/2016\/08\/solarh\u00e4user_donaueschingen-1024x698.jpg 1024w, https:\/\/sdg21.eu\/wp-content\/uploads\/2016\/08\/solarh\u00e4user_donaueschingen-144x98.jpg 144w, https:\/\/sdg21.eu\/wp-content\/uploads\/2016\/08\/solarh\u00e4user_donaueschingen-100x68.jpg 100w, https:\/\/sdg21.eu\/wp-content\/uploads\/2016\/08\/solarh\u00e4user_donaueschingen.jpg 1195w\" sizes=\"auto, (max-width: 300px) 100vw, 300px\" \/><\/a>78166 Donaueschingen:<\/strong> \u00d6ko-Siedlung \u201eAuf der Staig\u201c, Architektur: Harry Ludszuweit (Donaueschingen), Solararchitektur mit Wintergarten, Transparente W\u00e4rmed\u00e4mmung, 8 WE, Fertigstellung: 1993<\/p>\n\n<br class=\"clear\" \/>\n<br \/>\n<a href=\"https:\/\/sdg21.eu\/en\/db\/solarhaeuser-oekosiedlung-auf-der-staig\">Show more &gt;&gt; <\/a>\n<div class=\"su-spacer\" style=\"height:20px\"><\/div>\n<span>&#8211; &#8211; &#8211; &#8211; &#8211; &#8211; &#8211; &#8211; &#8211; &#8211; &#8211; &#8211; &#8211; &#8211; &#8211; &#8211; &#8211; &#8211;<\/span>\n\t\t\n\t\t\t<h2><a href=\"https:\/\/sdg21.eu\/en\/db\/tannenhof\">Passive house residential complex Tannenhof-S\u00fcd<\/a><\/h2> \n<span style=\"font-size: 8pt;\"><\/span>\n<strong>Size: <\/strong>8 CU . <strong>Plot: <\/strong> Hectare  \n<div class=\"su-spacer\" style=\"height:20px\"><\/div>\n<p><strong><a href=\"#gallery-7488\"><img loading=\"lazy\" decoding=\"async\" class=\"alignleft wp-image-7490 size-medium\" src=\"http:\/\/sdg21.eu\/wp-content\/uploads\/2016\/08\/image004-300x180.jpg\" alt=\"image004\" width=\"300\" height=\"180\" srcset=\"https:\/\/sdg21.eu\/wp-content\/uploads\/2016\/08\/image004-300x180.jpg 300w, https:\/\/sdg21.eu\/wp-content\/uploads\/2016\/08\/image004-250x150.jpg 250w, https:\/\/sdg21.eu\/wp-content\/uploads\/2016\/08\/image004-160x96.jpg 160w, https:\/\/sdg21.eu\/wp-content\/uploads\/2016\/08\/image004-144x86.jpg 144w, https:\/\/sdg21.eu\/wp-content\/uploads\/2016\/08\/image004-100x60.jpg 100w, https:\/\/sdg21.eu\/wp-content\/uploads\/2016\/08\/image004.jpg 472w\" sizes=\"auto, (max-width: 300px) 100vw, 300px\" \/><\/a>78464 Constance:<\/strong> Architekturb\u00fcro Wamsler, Baugruppe Tannenhof S\u00fcd GbR, passive houses with central pellet heating and community room. 8 Client<span style=\"display: inline-block; width: 0px; overflow: hidden; line-height: 0;\" data-mce-type=\"bookmark\" class=\"mce_SELRES_start\"><\/span>en, 1,184 m<sup>2<\/sup>, Completion: 2002-2003<\/p>\n\n<br class=\"clear\" \/>\n<br \/>\n<a href=\"https:\/\/sdg21.eu\/en\/db\/tannenhof\">Show more &gt;&gt; <\/a>\n<div class=\"su-spacer\" style=\"height:20px\"><\/div>\n<span>&#8211; &#8211; &#8211; &#8211; &#8211; &#8211; &#8211; &#8211; &#8211; &#8211; &#8211; &#8211; &#8211; &#8211; &#8211; &#8211; &#8211; &#8211;<\/span>\n\t\t\n\t\t\t<h2><a href=\"https:\/\/sdg21.eu\/en\/db\/grasdach-reihenhaeuser-koendringen\">Grass roof row houses K\u00f6ndringen<\/a><\/h2> \n<span style=\"font-size: 8pt;\"><\/span>\n<strong>Size: <\/strong>8 CU . <strong>Plot: <\/strong> Hectare  \n<div class=\"su-spacer\" style=\"height:20px\"><\/div>\n<p><strong><a href=\"http:\/\/sdg21.eu\/wp-content\/uploads\/2016\/08\/79_1_Koendr.jpg\"><img loading=\"lazy\" decoding=\"async\" class=\"alignleft wp-image-7445 size-medium\" src=\"http:\/\/sdg21.eu\/wp-content\/uploads\/2016\/08\/79_1_Koendr-300x201.jpg\" alt=\"79_1_Koendr\" width=\"300\" height=\"201\" srcset=\"https:\/\/sdg21.eu\/wp-content\/uploads\/2016\/08\/79_1_Koendr-300x201.jpg 300w, https:\/\/sdg21.eu\/wp-content\/uploads\/2016\/08\/79_1_Koendr-250x168.jpg 250w, https:\/\/sdg21.eu\/wp-content\/uploads\/2016\/08\/79_1_Koendr-100x67.jpg 100w, https:\/\/sdg21.eu\/wp-content\/uploads\/2016\/08\/79_1_Koendr-144x97.jpg 144w, https:\/\/sdg21.eu\/wp-content\/uploads\/2016\/08\/79_1_Koendr.jpg 425w\" sizes=\"auto, (max-width: 300px) 100vw, 300px\" \/><\/a>79331 K\u00f6ndringen:<\/strong> Eco-row houses, architect's office Horbach, (Freiburg), roof greening as noise protection, working and living, good connection to railway. 8 units<\/p>\n\n<br class=\"clear\" \/>\n<br \/>\n<a href=\"https:\/\/sdg21.eu\/en\/db\/grasdach-reihenhaeuser-koendringen\">Show more &gt;&gt; <\/a>\n<div class=\"su-spacer\" style=\"height:20px\"><\/div>\n<span>&#8211; &#8211; &#8211; &#8211; &#8211; &#8211; &#8211; &#8211; &#8211; &#8211; &#8211; &#8211; &#8211; &#8211; &#8211; &#8211; &#8211; &#8211;<\/span>\n\t\t\n\t\t\t<h2><a href=\"https:\/\/sdg21.eu\/en\/db\/biosolare-reihenhausgruppe-ziegelgrund\">Biosolar terraced house group \"Ziegelgrund<\/a><\/h2> \n<span style=\"font-size: 8pt;\"><\/span>\n<strong>Size: <\/strong>8 CU . <strong>Plot: <\/strong> Hectare  \n<div class=\"su-spacer\" style=\"height:20px\"><\/div>\n<p><a href=\"http:\/\/sdg21.eu\/wp-content\/uploads\/2016\/08\/72_2_Reihenh.jpg\"><img loading=\"lazy\" decoding=\"async\" class=\"alignleft wp-image-8047 size-medium\" title=\"Photo: Holger Wolpensinger\" src=\"http:\/\/sdg21.eu\/wp-content\/uploads\/2016\/08\/72_2_Reihenh-300x196.jpg\" alt=\"72_2_Reihenh\" width=\"300\" height=\"196\" srcset=\"https:\/\/sdg21.eu\/wp-content\/uploads\/2016\/08\/72_2_Reihenh-300x196.jpg 300w, https:\/\/sdg21.eu\/wp-content\/uploads\/2016\/08\/72_2_Reihenh-560x366.jpg 560w, https:\/\/sdg21.eu\/wp-content\/uploads\/2016\/08\/72_2_Reihenh-250x163.jpg 250w, https:\/\/sdg21.eu\/wp-content\/uploads\/2016\/08\/72_2_Reihenh-160x104.jpg 160w, https:\/\/sdg21.eu\/wp-content\/uploads\/2016\/08\/72_2_Reihenh-144x94.jpg 144w, https:\/\/sdg21.eu\/wp-content\/uploads\/2016\/08\/72_2_Reihenh-100x65.jpg 100w, https:\/\/sdg21.eu\/wp-content\/uploads\/2016\/08\/72_2_Reihenh.jpg 743w\" sizes=\"auto, (max-width: 300px) 100vw, 300px\" \/><\/a><strong>72076 T\u00fcbingen: <\/strong>Architecture: Eble + Sambeth (T\u00fcbingen)<\/p>\n\n<br class=\"clear\" \/>\n<br \/>\n<a href=\"https:\/\/sdg21.eu\/en\/db\/biosolare-reihenhausgruppe-ziegelgrund\">Show more &gt;&gt; <\/a>\n<div class=\"su-spacer\" style=\"height:20px\"><\/div>\n<span>&#8211; &#8211; &#8211; &#8211; &#8211; &#8211; &#8211; &#8211; &#8211; &#8211; &#8211; &#8211; &#8211; &#8211; &#8211; &#8211; &#8211; &#8211;<\/span>\n\t\t\n\t\t\t<h2><a href=\"https:\/\/sdg21.eu\/en\/db\/7-geschossiger-holzbau-c13\">7-storey wooden building \"c13<\/a><\/h2> \n<span style=\"font-size: 8pt;\"><\/span>\n<strong>Size: <\/strong>7 CU . <strong>Plot: <\/strong> Hectare  \n<div class=\"su-spacer\" style=\"height:20px\"><\/div>\n<p><strong><a href=\"#gallery-7686\"><img loading=\"lazy\" decoding=\"async\" class=\"alignleft wp-image-7687 size-medium\" src=\"http:\/\/sdg21.eu\/wp-content\/uploads\/2016\/08\/c13_1-225x300.jpg\" alt=\"c13_1\" width=\"225\" height=\"300\" srcset=\"https:\/\/sdg21.eu\/wp-content\/uploads\/2016\/08\/c13_1-225x300.jpg 225w, https:\/\/sdg21.eu\/wp-content\/uploads\/2016\/08\/c13_1-420x560.jpg 420w, https:\/\/sdg21.eu\/wp-content\/uploads\/2016\/08\/c13_1-188x250.jpg 188w, https:\/\/sdg21.eu\/wp-content\/uploads\/2016\/08\/c13_1-120x160.jpg 120w, https:\/\/sdg21.eu\/wp-content\/uploads\/2016\/08\/c13_1-108x144.jpg 108w, https:\/\/sdg21.eu\/wp-content\/uploads\/2016\/08\/c13_1-75x100.jpg 75w, https:\/\/sdg21.eu\/wp-content\/uploads\/2016\/08\/c13_1.jpg 720w\" sizes=\"auto, (max-width: 225px) 100vw, 225px\" \/><\/a>10405 Berlin Prenzlauer Berg:<\/strong> Family, education and health centre. Usable area: 3,295 sqm (including basement), living area: 2,350 sqm. 7 WEs, other uses: Student housing, therapy and medical practices, painting studio, office space, family centre, restaurant, two event areas and KiTa. Construction costs: 6.5 million euros, architecture: Kaden Klingbeil Architekten. Client: Foundation for Christian Education, Values and Way of Life. Year of construction: 2013<\/p>\n\n<br class=\"clear\" \/>\n<br \/>\n<a href=\"https:\/\/sdg21.eu\/en\/db\/7-geschossiger-holzbau-c13\">Show more &gt;&gt; <\/a>\n<div class=\"su-spacer\" style=\"height:20px\"><\/div>\n<span>&#8211; &#8211; &#8211; &#8211; &#8211; &#8211; &#8211; &#8211; &#8211; &#8211; &#8211; &#8211; &#8211; &#8211; &#8211; &#8211; &#8211; &#8211;<\/span>\n\t\t\n\t\t\t<h2><a href=\"https:\/\/sdg21.eu\/en\/db\/oekologisches-mehrgenerationenwohnen\">Ecological multigenerational living<\/a><\/h2> \n<span style=\"font-size: 8pt;\"><\/span>\n<strong>Size: <\/strong>7 CU . <strong>Plot: <\/strong> Hectare  \n<div class=\"su-spacer\" style=\"height:20px\"><\/div>\n<p><a href=\"http:\/\/sdg21.eu\/wp-content\/uploads\/2016\/08\/muenchen-Fasanerie.jpg\"><img loading=\"lazy\" decoding=\"async\" class=\"alignleft wp-image-11211 size-medium\" src=\"http:\/\/sdg21.eu\/wp-content\/uploads\/2016\/08\/muenchen-Fasanerie-300x84.jpg\" alt=\"M\u00fcnchen Fasanerie\" width=\"300\" height=\"84\" srcset=\"https:\/\/sdg21.eu\/wp-content\/uploads\/2016\/08\/muenchen-Fasanerie-300x84.jpg 300w, https:\/\/sdg21.eu\/wp-content\/uploads\/2016\/08\/muenchen-Fasanerie-560x157.jpg 560w, https:\/\/sdg21.eu\/wp-content\/uploads\/2016\/08\/muenchen-Fasanerie-1280x360.jpg 1280w, https:\/\/sdg21.eu\/wp-content\/uploads\/2016\/08\/muenchen-Fasanerie-250x70.jpg 250w, https:\/\/sdg21.eu\/wp-content\/uploads\/2016\/08\/muenchen-Fasanerie-768x216.jpg 768w, https:\/\/sdg21.eu\/wp-content\/uploads\/2016\/08\/muenchen-Fasanerie-1536x432.jpg 1536w, https:\/\/sdg21.eu\/wp-content\/uploads\/2016\/08\/muenchen-Fasanerie-2048x576.jpg 2048w, https:\/\/sdg21.eu\/wp-content\/uploads\/2016\/08\/muenchen-Fasanerie-1320x371.jpg 1320w, https:\/\/sdg21.eu\/wp-content\/uploads\/2016\/08\/muenchen-Fasanerie-160x45.jpg 160w, https:\/\/sdg21.eu\/wp-content\/uploads\/2016\/08\/muenchen-Fasanerie-1024x288.jpg 1024w, https:\/\/sdg21.eu\/wp-content\/uploads\/2016\/08\/muenchen-Fasanerie-144x40.jpg 144w\" sizes=\"auto, (max-width: 300px) 100vw, 300px\" \/><\/a><strong>80995 Munich:<\/strong> 2 semi-detached houses and 1 triple<\/p>\n\n<br class=\"clear\" \/>\n<br \/>\n<a href=\"https:\/\/sdg21.eu\/en\/db\/oekologisches-mehrgenerationenwohnen\">Show more &gt;&gt; <\/a>\n<div class=\"su-spacer\" style=\"height:20px\"><\/div>\n<span>&#8211; &#8211; &#8211; &#8211; &#8211; &#8211; &#8211; &#8211; &#8211; &#8211; &#8211; &#8211; &#8211; &#8211; &#8211; &#8211; &#8211; &#8211;<\/span>\n\t\t\n\t\t\t<h2><a href=\"https:\/\/sdg21.eu\/en\/db\/mehrfamilienhausgruppe-aglasterhausen\">Group of multi-family houses Aglasterhausen<\/a><\/h2> \n<span style=\"font-size: 8pt;\"><\/span>\n<strong>Size: <\/strong>7 CU . <strong>Plot: <\/strong> Hectare  \n<div class=\"su-spacer\" style=\"height:20px\"><\/div>\n<p><strong>74858 Aglasterhausen:<\/strong> Group of multi-family houses in timber frame construction. 3-liter house, 7 WE, year of construction: 2001\/2002<\/p>\n\n<br class=\"clear\" \/>\n<br \/>\n<a href=\"https:\/\/sdg21.eu\/en\/db\/mehrfamilienhausgruppe-aglasterhausen\">Show more &gt;&gt; <\/a>\n<div class=\"su-spacer\" style=\"height:20px\"><\/div>\n<span>&#8211; &#8211; &#8211; &#8211; &#8211; &#8211; &#8211; &#8211; &#8211; &#8211; &#8211; &#8211; &#8211; &#8211; &#8211; &#8211; &#8211; &#8211;<\/span>\n\t\t\n\t\t\t<h2><a href=\"https:\/\/sdg21.eu\/en\/db\/oekologische-siedlung-clever-brise\">Ecological settlement \"Clever Brise<\/a><\/h2> \n<span style=\"font-size: 8pt;\"><\/span>\n<strong>Size: <\/strong>7 CU . <strong>Plot: <\/strong> Hectare  \n<div class=\"su-spacer\" style=\"height:20px\"><\/div>\n<p><a href=\"http:\/\/sdg21.eu\/wp-content\/uploads\/2016\/08\/Clever_Brise.jpg\"><img loading=\"lazy\" decoding=\"async\" class=\"alignleft size-medium wp-image-21903\" src=\"http:\/\/sdg21.eu\/wp-content\/uploads\/2016\/08\/Clever_Brise-300x208.jpg\" alt=\"\" width=\"300\" height=\"208\" srcset=\"https:\/\/sdg21.eu\/wp-content\/uploads\/2016\/08\/Clever_Brise-300x208.jpg 300w, https:\/\/sdg21.eu\/wp-content\/uploads\/2016\/08\/Clever_Brise-250x173.jpg 250w, https:\/\/sdg21.eu\/wp-content\/uploads\/2016\/08\/Clever_Brise-160x111.jpg 160w, https:\/\/sdg21.eu\/wp-content\/uploads\/2016\/08\/Clever_Brise-144x100.jpg 144w, https:\/\/sdg21.eu\/wp-content\/uploads\/2016\/08\/Clever_Brise.jpg 400w\" sizes=\"auto, (max-width: 300px) 100vw, 300px\" \/><\/a><strong>23611 Bad Schwartau: s<\/strong>Seven terraced houses in timber frame construction with communal house and an office unit.Ecological and building biology materials, rainwater utilisation and combined heat and power plant. Completion: 1992<\/p>\n\n<br class=\"clear\" \/>\n<br \/>\n<a href=\"https:\/\/sdg21.eu\/en\/db\/oekologische-siedlung-clever-brise\">Show more &gt;&gt; <\/a>\n<div class=\"su-spacer\" style=\"height:20px\"><\/div>\n<span>&#8211; &#8211; &#8211; &#8211; &#8211; &#8211; &#8211; &#8211; &#8211; &#8211; &#8211; &#8211; &#8211; &#8211; &#8211; &#8211; &#8211; &#8211;<\/span>\n\t\t\n\t\t\t<h2><a href=\"https:\/\/sdg21.eu\/en\/db\/coop-leutkirch\">COOP Leutkirch<\/a><\/h2> \n<span style=\"font-size: 8pt;\"><\/span>\n<strong>Size: <\/strong>6 CU . <strong>Plot: <\/strong> Hectare  \n<div class=\"su-spacer\" style=\"height:20px\"><\/div>\n<p><a href=\"#gallery-6820\"><img loading=\"lazy\" decoding=\"async\" class=\"alignleft wp-image-6827 size-medium\" src=\"http:\/\/sdg21.eu\/wp-content\/uploads\/2016\/08\/88212_Leutkirch-300x205.jpg\" alt=\"88212_Leutkirch\" width=\"300\" height=\"205\" srcset=\"https:\/\/sdg21.eu\/wp-content\/uploads\/2016\/08\/88212_Leutkirch-300x205.jpg 300w, https:\/\/sdg21.eu\/wp-content\/uploads\/2016\/08\/88212_Leutkirch-250x171.jpg 250w, https:\/\/sdg21.eu\/wp-content\/uploads\/2016\/08\/88212_Leutkirch-160x109.jpg 160w, https:\/\/sdg21.eu\/wp-content\/uploads\/2016\/08\/88212_Leutkirch-144x98.jpg 144w, https:\/\/sdg21.eu\/wp-content\/uploads\/2016\/08\/88212_Leutkirch.jpg 425w\" sizes=\"auto, (max-width: 300px) 100vw, 300px\" \/><\/a><strong>88299 Leutkirch:<\/strong> Architecture: Lichtblick-COOP Arnold Dransfeld, 6 individual houses, thermal insulation made of Kali water glass compressed wood chips, wood chip individual stoves, solar collectors, prefabricated wooden panel construction, 950 Euro\/sqm living space (incl. land) Occupation: 1995<\/p>\n\n<br class=\"clear\" \/>\n<br \/>\n<a href=\"https:\/\/sdg21.eu\/en\/db\/coop-leutkirch\">Show more &gt;&gt; <\/a>\n<div class=\"su-spacer\" style=\"height:20px\"><\/div>\n<span>&#8211; &#8211; &#8211; &#8211; &#8211; &#8211; &#8211; &#8211; &#8211; &#8211; &#8211; &#8211; &#8211; &#8211; &#8211; &#8211; &#8211; &#8211;<\/span>\n\t\t\n\t\t\t<h2><a href=\"https:\/\/sdg21.eu\/en\/db\/niedrigenergiehaus-siedlung-stangenmoor\">Low-energy house development \"Stangenmoor<\/a><\/h2> \n<span style=\"font-size: 8pt;\"><\/span>\n<strong>Size: <\/strong>6 CU . <strong>Plot: <\/strong> Hectare  \n<div class=\"su-spacer\" style=\"height:20px\"><\/div>\n<p><strong><a href=\"http:\/\/sdg21.eu\/wp-content\/uploads\/2016\/08\/Heiligenhafen.jpg\"><img loading=\"lazy\" decoding=\"async\" class=\"alignleft size-medium wp-image-21904\" src=\"http:\/\/sdg21.eu\/wp-content\/uploads\/2016\/08\/Heiligenhafen-300x258.jpg\" alt=\"\" width=\"300\" height=\"258\" srcset=\"https:\/\/sdg21.eu\/wp-content\/uploads\/2016\/08\/Heiligenhafen-300x258.jpg 300w, https:\/\/sdg21.eu\/wp-content\/uploads\/2016\/08\/Heiligenhafen-250x215.jpg 250w, https:\/\/sdg21.eu\/wp-content\/uploads\/2016\/08\/Heiligenhafen-160x138.jpg 160w, https:\/\/sdg21.eu\/wp-content\/uploads\/2016\/08\/Heiligenhafen-144x124.jpg 144w, https:\/\/sdg21.eu\/wp-content\/uploads\/2016\/08\/Heiligenhafen.jpg 350w\" sizes=\"auto, (max-width: 300px) 100vw, 300px\" \/><\/a>23774 Heiligenhafen:<\/strong>the 6 low-energy houses are around 50% below the average value of subsidised low-energy houses in Schleswig-Holstein at the time in terms of heating energy consumption values. The construction costs were between 875 and 1,600 euros per m\u00b2 of living space. Completion: 1994<\/p>\n\n<br class=\"clear\" \/>\n<br \/>\n<a href=\"https:\/\/sdg21.eu\/en\/db\/niedrigenergiehaus-siedlung-stangenmoor\">Show more &gt;&gt; <\/a>\n<div class=\"su-spacer\" style=\"height:20px\"><\/div>\n<span>&#8211; &#8211; &#8211; &#8211; &#8211; &#8211; &#8211; &#8211; &#8211; &#8211; &#8211; &#8211; &#8211; &#8211; &#8211; &#8211; &#8211; &#8211;<\/span>\n\t\t\n\t\t\t<h2><a href=\"https:\/\/sdg21.eu\/en\/db\/reihenhausgruppe-jungerhalde\">Row house group \"Jungerhalde<\/a><\/h2> \n<span style=\"font-size: 8pt;\"><\/span>\n<strong>Size: <\/strong>6 CU . <strong>Plot: <\/strong> Hectare  \n<div class=\"su-spacer\" style=\"height:20px\"><\/div>\n<p><strong><a href=\"http:\/\/sdg21.eu\/wp-content\/uploads\/2018\/05\/Konstanz-2018-23.jpg\"><img loading=\"lazy\" decoding=\"async\" class=\"alignleft wp-image-15504 size-medium\" src=\"http:\/\/sdg21.eu\/wp-content\/uploads\/2018\/05\/Konstanz-2018-23-300x199.jpg\" alt=\"\" width=\"300\" height=\"199\" srcset=\"https:\/\/sdg21.eu\/wp-content\/uploads\/2018\/05\/Konstanz-2018-23-300x199.jpg 300w, https:\/\/sdg21.eu\/wp-content\/uploads\/2018\/05\/Konstanz-2018-23-560x372.jpg 560w, https:\/\/sdg21.eu\/wp-content\/uploads\/2018\/05\/Konstanz-2018-23-1280x849.jpg 1280w, https:\/\/sdg21.eu\/wp-content\/uploads\/2018\/05\/Konstanz-2018-23-250x166.jpg 250w, https:\/\/sdg21.eu\/wp-content\/uploads\/2018\/05\/Konstanz-2018-23-768x510.jpg 768w, https:\/\/sdg21.eu\/wp-content\/uploads\/2018\/05\/Konstanz-2018-23-1320x876.jpg 1320w, https:\/\/sdg21.eu\/wp-content\/uploads\/2018\/05\/Konstanz-2018-23-160x106.jpg 160w, https:\/\/sdg21.eu\/wp-content\/uploads\/2018\/05\/Konstanz-2018-23-1024x680.jpg 1024w, https:\/\/sdg21.eu\/wp-content\/uploads\/2018\/05\/Konstanz-2018-23-144x96.jpg 144w, https:\/\/sdg21.eu\/wp-content\/uploads\/2018\/05\/Konstanz-2018-23.jpg 1427w\" sizes=\"auto, (max-width: 300px) 100vw, 300px\" \/><\/a>78464 Constance-Jungerhalde:<\/strong> Architecture: Schaudt Architekten. Client: Wobak Konstanz. Skeleton construction. Completion: 1993. Award: German Building Award 1995<\/p>\n\n<br class=\"clear\" \/>\n<br \/>\n<a href=\"https:\/\/sdg21.eu\/en\/db\/reihenhausgruppe-jungerhalde\">Show more &gt;&gt; <\/a>\n<div class=\"su-spacer\" style=\"height:20px\"><\/div>\n<span>&#8211; &#8211; &#8211; &#8211; &#8211; &#8211; &#8211; &#8211; &#8211; &#8211; &#8211; &#8211; &#8211; &#8211; &#8211; &#8211; &#8211; &#8211;<\/span>\n\t\t\n\t\t\t<h2><a href=\"https:\/\/sdg21.eu\/en\/db\/holzhaeuser-auf-der-staig\">Wooden houses \"Auf der Staig<\/a><\/h2> \n<span style=\"font-size: 8pt;\"><\/span>\n<strong>Size: <\/strong>5 WE . <strong>Plot: <\/strong> Hectare  \n<div class=\"su-spacer\" style=\"height:20px\"><\/div>\n<p><strong><a href=\"http:\/\/sdg21.eu\/wp-content\/uploads\/2016\/08\/HoWo_03-1.jpg\"><img loading=\"lazy\" decoding=\"async\" class=\"alignleft wp-image-7528 size-medium\" title=\"Photo: H. Wolpensinger\" src=\"http:\/\/sdg21.eu\/wp-content\/uploads\/2016\/08\/HoWo_03-1-300x204.jpg\" alt=\"HoWo_03\" width=\"300\" height=\"204\" srcset=\"https:\/\/sdg21.eu\/wp-content\/uploads\/2016\/08\/HoWo_03-1-300x204.jpg 300w, https:\/\/sdg21.eu\/wp-content\/uploads\/2016\/08\/HoWo_03-1-250x170.jpg 250w, https:\/\/sdg21.eu\/wp-content\/uploads\/2016\/08\/HoWo_03-1-100x68.jpg 100w, https:\/\/sdg21.eu\/wp-content\/uploads\/2016\/08\/HoWo_03-1-144x98.jpg 144w, https:\/\/sdg21.eu\/wp-content\/uploads\/2016\/08\/HoWo_03-1.jpg 350w\" sizes=\"auto, (max-width: 300px) 100vw, 300px\" \/><\/a>78166 Donaueschingen:<\/strong> Wooden houses: U. Weber (Tuttlingen) 5 terraced houses. Completion: 1993<\/p>\n\n<br class=\"clear\" \/>\n<br \/>\n<a href=\"https:\/\/sdg21.eu\/en\/db\/holzhaeuser-auf-der-staig\">Show more &gt;&gt; <\/a>\n<div class=\"su-spacer\" style=\"height:20px\"><\/div>\n<span>&#8211; &#8211; &#8211; &#8211; &#8211; &#8211; &#8211; &#8211; &#8211; &#8211; &#8211; &#8211; &#8211; &#8211; &#8211; &#8211; &#8211; &#8211;<\/span>\n\t\t\n\t\t\t<h2><a href=\"https:\/\/sdg21.eu\/en\/db\/reihenhaeuser-gruene-solararchitektur\">Row houses \"Green Solar Architecture<\/a><\/h2> \n<span style=\"font-size: 8pt;\"><\/span>\n<strong>Size: <\/strong>5 WE . <strong>Plot: <\/strong> Hectare  \n<div class=\"su-spacer\" style=\"height:20px\"><\/div>\n<p><strong><a href=\"http:\/\/sdg21.eu\/wp-content\/uploads\/2016\/08\/72_LogID.jpg\"><img loading=\"lazy\" decoding=\"async\" class=\"alignleft wp-image-8043 size-medium\" src=\"http:\/\/sdg21.eu\/wp-content\/uploads\/2016\/08\/72_LogID-300x202.jpg\" alt=\"72_LogID\" width=\"300\" height=\"202\" srcset=\"https:\/\/sdg21.eu\/wp-content\/uploads\/2016\/08\/72_LogID-300x202.jpg 300w, https:\/\/sdg21.eu\/wp-content\/uploads\/2016\/08\/72_LogID-560x378.jpg 560w, https:\/\/sdg21.eu\/wp-content\/uploads\/2016\/08\/72_LogID-250x169.jpg 250w, https:\/\/sdg21.eu\/wp-content\/uploads\/2016\/08\/72_LogID-160x108.jpg 160w, https:\/\/sdg21.eu\/wp-content\/uploads\/2016\/08\/72_LogID-144x97.jpg 144w, https:\/\/sdg21.eu\/wp-content\/uploads\/2016\/08\/72_LogID-100x67.jpg 100w, https:\/\/sdg21.eu\/wp-content\/uploads\/2016\/08\/72_LogID.jpg 715w\" sizes=\"auto, (max-width: 300px) 100vw, 300px\" \/><\/a>72121T\u00fcbingen:<\/strong> Architecture: LogID (Dieter Schempp). The conservatories are a central element of the four terraced houses, as well as the \"green solar architecture\". The window panes have a k-value of 1.4. The heated air from the conservatories can enter the living spaces via folding elements or via temperature-controlled fans. The houses are also supplied with district heating. Completion: 1988<\/p>\n\n<br class=\"clear\" \/>\n<br \/>\n<a href=\"https:\/\/sdg21.eu\/en\/db\/reihenhaeuser-gruene-solararchitektur\">Show more &gt;&gt; <\/a>\n<div class=\"su-spacer\" style=\"height:20px\"><\/div>\n<span>&#8211; &#8211; &#8211; &#8211; &#8211; &#8211; &#8211; &#8211; &#8211; &#8211; &#8211; &#8211; &#8211; &#8211; &#8211; &#8211; &#8211; &#8211;<\/span>\n\t\t\n\t\t\t<h2><a href=\"https:\/\/sdg21.eu\/en\/db\/baumhaussiedlung-waldbroehl\">Tree house settlement, Waldbr\u00f6hl<\/a><\/h2> \n<span style=\"font-size: 8pt;\"><\/span>\n<strong>Size: <\/strong>5 WE . <strong>Plot: <\/strong> Hectare  \n<div class=\"su-spacer\" style=\"height:20px\"><\/div>\n<p><strong><a href=\"http:\/\/sdg21.eu\/wp-content\/uploads\/2019\/08\/Baumhaussiedlung-Waldbroehl.jpg\"><img loading=\"lazy\" decoding=\"async\" class=\"alignleft size-medium wp-image-17832\" src=\"http:\/\/sdg21.eu\/wp-content\/uploads\/2019\/08\/Baumhaussiedlung-Waldbroehl-300x146.jpg\" alt=\"\" width=\"300\" height=\"146\" srcset=\"https:\/\/sdg21.eu\/wp-content\/uploads\/2019\/08\/Baumhaussiedlung-Waldbroehl-300x146.jpg 300w, https:\/\/sdg21.eu\/wp-content\/uploads\/2019\/08\/Baumhaussiedlung-Waldbroehl-560x272.jpg 560w, https:\/\/sdg21.eu\/wp-content\/uploads\/2019\/08\/Baumhaussiedlung-Waldbroehl-1280x622.jpg 1280w, https:\/\/sdg21.eu\/wp-content\/uploads\/2019\/08\/Baumhaussiedlung-Waldbroehl-250x121.jpg 250w, https:\/\/sdg21.eu\/wp-content\/uploads\/2019\/08\/Baumhaussiedlung-Waldbroehl-768x373.jpg 768w, https:\/\/sdg21.eu\/wp-content\/uploads\/2019\/08\/Baumhaussiedlung-Waldbroehl-1536x746.jpg 1536w, https:\/\/sdg21.eu\/wp-content\/uploads\/2019\/08\/Baumhaussiedlung-Waldbroehl-2048x995.jpg 2048w, https:\/\/sdg21.eu\/wp-content\/uploads\/2019\/08\/Baumhaussiedlung-Waldbroehl-1320x641.jpg 1320w, https:\/\/sdg21.eu\/wp-content\/uploads\/2019\/08\/Baumhaussiedlung-Waldbroehl-160x78.jpg 160w, https:\/\/sdg21.eu\/wp-content\/uploads\/2019\/08\/Baumhaussiedlung-Waldbroehl-1024x497.jpg 1024w, https:\/\/sdg21.eu\/wp-content\/uploads\/2019\/08\/Baumhaussiedlung-Waldbroehl-144x70.jpg 144w\" sizes=\"auto, (max-width: 300px) 100vw, 300px\" \/><\/a>51545 Waldbr\u00f6hl:<\/strong> the wooden house settlement on the Panarbora site has five tree houses, which are located at a height of up to seven metres. The tree-top apartments offer overnight accommodation with 6, 4, or 2 single beds. Overnight stays can be booked through the German Youth Hostel Association. Completion: 2015<\/p>\n\n<br class=\"clear\" \/>\n<br \/>\n<a href=\"https:\/\/sdg21.eu\/en\/db\/baumhaussiedlung-waldbroehl\">Show more &gt;&gt; <\/a>\n<div class=\"su-spacer\" style=\"height:20px\"><\/div>\n<span>&#8211; &#8211; &#8211; &#8211; &#8211; &#8211; &#8211; &#8211; &#8211; &#8211; &#8211; &#8211; &#8211; &#8211; &#8211; &#8211; &#8211; &#8211;<\/span>\n\t\t\n\t\t\t<h2><a href=\"https:\/\/sdg21.eu\/en\/db\/mehrfamilienhausgruppe-kirchintellinsfurth\">Apartment house group Kirchintellinsfurth<\/a><\/h2> \n<span style=\"font-size: 8pt;\"><\/span>\n<strong>Size: <\/strong>4 WE . <strong>Plot: <\/strong> Hectare  \n<div class=\"su-spacer\" style=\"height:20px\"><\/div>\n<p><a href=\"http:\/\/sdg21.eu\/wp-content\/uploads\/2016\/08\/721_Kirchintellins.jpg\"><img loading=\"lazy\" decoding=\"async\" class=\"alignleft wp-image-8033 size-medium\" title=\"Photo: Rolf Messerschmidt, T\u00fcbingen\" src=\"http:\/\/sdg21.eu\/wp-content\/uploads\/2016\/08\/721_Kirchintellins-205x300.jpg\" alt=\"721_Kirchintellins\" width=\"205\" height=\"300\" srcset=\"https:\/\/sdg21.eu\/wp-content\/uploads\/2016\/08\/721_Kirchintellins-205x300.jpg 205w, https:\/\/sdg21.eu\/wp-content\/uploads\/2016\/08\/721_Kirchintellins-170x250.jpg 170w, https:\/\/sdg21.eu\/wp-content\/uploads\/2016\/08\/721_Kirchintellins-109x160.jpg 109w, https:\/\/sdg21.eu\/wp-content\/uploads\/2016\/08\/721_Kirchintellins-98x144.jpg 98w, https:\/\/sdg21.eu\/wp-content\/uploads\/2016\/08\/721_Kirchintellins-68x100.jpg 68w, https:\/\/sdg21.eu\/wp-content\/uploads\/2016\/08\/721_Kirchintellins.jpg 283w\" sizes=\"auto, (max-width: 205px) 100vw, 205px\" \/><\/a><strong>72138 Kirchintellinsfurth:<\/strong> Architecture: <a href=\"http:\/\/www.baumhaus-architekturbuero.de\/\" target=\"_blank\" rel=\"noopener noreferrer\">Tree house - <span class=\"standart\">Architectural office for ecological building, living environment planning, research<\/span><\/a><\/p>\n\n<br class=\"clear\" \/>\n<br \/>\n<a href=\"https:\/\/sdg21.eu\/en\/db\/mehrfamilienhausgruppe-kirchintellinsfurth\">Show more &gt;&gt; <\/a>\n<div class=\"su-spacer\" style=\"height:20px\"><\/div>\n<span>&#8211; &#8211; &#8211; &#8211; &#8211; &#8211; &#8211; &#8211; &#8211; &#8211; &#8211; &#8211; &#8211; &#8211; &#8211; &#8211; &#8211; &#8211;<\/span>\n\t\t\n\t\t\t<h2><a href=\"https:\/\/sdg21.eu\/en\/db\/passivhaus-darmstadt-kranichstein\">\"1st passive house\" Darmstadt-Kranichstein<\/a><\/h2> \n<span style=\"font-size: 8pt;\"><\/span>\n<strong>Size: <\/strong>4 WE . <strong>Plot: <\/strong> Hectare  \n<div class=\"su-spacer\" style=\"height:20px\"><\/div>\n<p style=\"text-align: left;\"><a href=\"http:\/\/sdg21.eu\/wp-content\/uploads\/2016\/08\/54_2_Passivhaus.jpg\"><img loading=\"lazy\" decoding=\"async\" class=\"alignleft wp-image-6244 size-medium\" src=\"http:\/\/sdg21.eu\/wp-content\/uploads\/2016\/08\/54_2_Passivhaus-201x300.jpg\" alt=\"Foto: Holger Wolpensinger\" width=\"201\" height=\"300\" srcset=\"https:\/\/sdg21.eu\/wp-content\/uploads\/2016\/08\/54_2_Passivhaus-201x300.jpg 201w, https:\/\/sdg21.eu\/wp-content\/uploads\/2016\/08\/54_2_Passivhaus-168x250.jpg 168w, https:\/\/sdg21.eu\/wp-content\/uploads\/2016\/08\/54_2_Passivhaus-97x144.jpg 97w, https:\/\/sdg21.eu\/wp-content\/uploads\/2016\/08\/54_2_Passivhaus.jpg 283w\" sizes=\"auto, (max-width: 201px) 100vw, 201px\" \/><\/a><strong>64289 Darmstadt-Kranichstein:<\/strong> \"Passive House\", Passive House IWU (Inst. for Living and Environment) Darmstadt; Prof. Bott\/ Ridder\/ Westermeyer, exact north-south orientation. Completion: 1991<\/p>\n\n<br class=\"clear\" \/>\n<br \/>\n<a href=\"https:\/\/sdg21.eu\/en\/db\/passivhaus-darmstadt-kranichstein\">Show more &gt;&gt; <\/a>\n<div class=\"su-spacer\" style=\"height:20px\"><\/div>\n<span>&#8211; &#8211; &#8211; &#8211; &#8211; &#8211; &#8211; &#8211; &#8211; &#8211; &#8211; &#8211; &#8211; &#8211; &#8211; &#8211; &#8211; &#8211;<\/span>\n\t\t\n\t\t\t<h2><a href=\"https:\/\/sdg21.eu\/en\/db\/siedlung-mit-domespace-haeusern\">Settlement with \"Domespace\" houses<\/a><\/h2> \n<span style=\"font-size: 8pt;\"><\/span>\n<strong>Size: <\/strong>3 WE . <strong>Plot: <\/strong> Hectare  \n<div class=\"su-spacer\" style=\"height:20px\"><\/div>\n<p><a href=\"http:\/\/sdg21.eu\/wp-content\/uploads\/2016\/09\/Mannheim_Domespace.jpg\"><img loading=\"lazy\" decoding=\"async\" class=\"alignleft wp-image-9666 size-medium\" src=\"http:\/\/sdg21.eu\/wp-content\/uploads\/2016\/09\/Mannheim_Domespace-300x200.jpg\" alt=\"mannheim_domespace\" width=\"300\" height=\"200\" srcset=\"https:\/\/sdg21.eu\/wp-content\/uploads\/2016\/09\/Mannheim_Domespace-300x200.jpg 300w, https:\/\/sdg21.eu\/wp-content\/uploads\/2016\/09\/Mannheim_Domespace-560x373.jpg 560w, https:\/\/sdg21.eu\/wp-content\/uploads\/2016\/09\/Mannheim_Domespace-250x167.jpg 250w, https:\/\/sdg21.eu\/wp-content\/uploads\/2016\/09\/Mannheim_Domespace-768x512.jpg 768w, https:\/\/sdg21.eu\/wp-content\/uploads\/2016\/09\/Mannheim_Domespace-160x107.jpg 160w, https:\/\/sdg21.eu\/wp-content\/uploads\/2016\/09\/Mannheim_Domespace-1024x682.jpg 1024w, https:\/\/sdg21.eu\/wp-content\/uploads\/2016\/09\/Mannheim_Domespace-144x96.jpg 144w, https:\/\/sdg21.eu\/wp-content\/uploads\/2016\/09\/Mannheim_Domespace.jpg 1040w\" sizes=\"auto, (max-width: 300px) 100vw, 300px\" \/><\/a><strong>68199 Mannheim: <\/strong>Small housing estate with three Domespace houses. Completion: approx. 1998<\/p>\n\n<br class=\"clear\" \/>\n<br \/>\n<a href=\"https:\/\/sdg21.eu\/en\/db\/siedlung-mit-domespace-haeusern\">Show more &gt;&gt; <\/a>\n<div class=\"su-spacer\" style=\"height:20px\"><\/div>\n<span>&#8211; &#8211; &#8211; &#8211; &#8211; &#8211; &#8211; &#8211; &#8211; &#8211; &#8211; &#8211; &#8211; &#8211; &#8211; &#8211; &#8211; &#8211;<\/span>\n\t\t\n\t<\/ul>\n\t\n\t\n\t\n<\/div>","protected":false},"excerpt":{"rendered":"<p>3 - 29 WE<\/p>","protected":false},"author":1,"featured_media":0,"parent":16820,"menu_order":0,"comment_status":"closed","ping_status":"closed","template":"","meta":{"footnotes":""},"categories":[],"class_list":{"0":"post-16823","1":"page","2":"type-page","3":"status-publish","5":"gallery-content-unit","6":"czr-hentry"},"aioseo_notices":[],"_links":{"self":[{"href":"https:\/\/sdg21.eu\/en\/wp-json\/wp\/v2\/pages\/16823","targetHints":{"allow":["GET"]}}],"collection":[{"href":"https:\/\/sdg21.eu\/en\/wp-json\/wp\/v2\/pages"}],"about":[{"href":"https:\/\/sdg21.eu\/en\/wp-json\/wp\/v2\/types\/page"}],"author":[{"embeddable":true,"href":"https:\/\/sdg21.eu\/en\/wp-json\/wp\/v2\/users\/1"}],"replies":[{"embeddable":true,"href":"https:\/\/sdg21.eu\/en\/wp-json\/wp\/v2\/comments?post=16823"}],"version-history":[{"count":0,"href":"https:\/\/sdg21.eu\/en\/wp-json\/wp\/v2\/pages\/16823\/revisions"}],"up":[{"embeddable":true,"href":"https:\/\/sdg21.eu\/en\/wp-json\/wp\/v2\/pages\/16820"}],"wp:attachment":[{"href":"https:\/\/sdg21.eu\/en\/wp-json\/wp\/v2\/media?parent=16823"}],"wp:term":[{"taxonomy":"category","embeddable":true,"href":"https:\/\/sdg21.eu\/en\/wp-json\/wp\/v2\/categories?post=16823"}],"curies":[{"name":"wp","href":"https:\/\/api.w.org\/{rel}","templated":true}]}}